{"id":6325,"date":"2023-07-03T12:48:14","date_gmt":"2023-07-03T10:48:14","guid":{"rendered":"https:\/\/festivaldemusicavisualdelanzarote.com\/beispielseite\/"},"modified":"2024-06-24T20:21:16","modified_gmt":"2024-06-24T18:21:16","slug":"beispielseite","status":"publish","type":"page","link":"https:\/\/festivaldemusicavisualdelanzarote.com\/de\/beispielseite\/","title":{"rendered":"Beispielseite"},"content":{"rendered":"\n<p>Dies ist eine Beispielseite. Er unterscheidet sich von einem Blogbeitrag, da er an einem Ort verbleibt und in der Navigation Ihrer Website erscheint (in den meisten Themes). Die meisten beginnen mit einer &#8222;\u00dcber&#8220;-Seite, auf der sie sich den potenziellen Besuchern der Website vorstellen. Sie k\u00f6nnten etwas in dieser Art sagen:<\/p>\n\n<blockquote class=\"wp-block-quote is-layout-flow wp-block-quote-is-layout-flow\"><p>Hallo! Tags\u00fcber bin ich Kellner, nachts ein aufstrebender Schauspieler und dies ist meine Website. Ich wohne in Mairena del Alcor, ich habe einen Hund namens Firulais und ich mag Rebujito. (Und lange Nachmittage mit Kaffee).<\/p><\/blockquote>\n\n<p>&#8230;oder so \u00e4hnlich:<\/p>\n\n<blockquote class=\"wp-block-quote is-layout-flow wp-block-quote-is-layout-flow\"><p>Das Unternehmen &#8222;Mariscos Recio&#8220; wurde von Antonio Recio Mata gegr\u00fcndet. Es begann als kleines Unternehmen, das Hotels und Restaurants mit Meeresfr\u00fcchten belieferte, hat sich aber nach und nach zu einem riesigen Imperium entwickelt. Mariscos Recio, das Meer zum besten Preis.<\/p><\/blockquote>\n\n<p>Als neuer WordPress-Benutzer sollten Sie zu <a href=\"https:\/\/festivaldemusicavisualdelanzarote.com\/wp-admin\/\">Ihrem Desktop<\/a> gehen, um diese Seite zu l\u00f6schen und neue Seiten f\u00fcr Ihre Inhalte zu erstellen. Viel Spa\u00df!<\/p>\n","protected":false},"excerpt":{"rendered":"<p>Dies ist eine Beispielseite. Er unterscheidet sich von einem Blogbeitrag, da er an einem Ort verbleibt und in der Navigation Ihrer Website erscheint (in den meisten Themes). Die meisten beginnen mit einer &#8222;\u00dcber&#8220;-Seite, auf der sie sich den potenziellen Besuchern der Website vorstellen. Sie k\u00f6nnten etwas in dieser Art sagen: Hallo! Tags\u00fcber bin ich Kellner, [&hellip;]<\/p>\n","protected":false},"author":1,"featured_media":0,"parent":0,"menu_order":0,"comment_status":"closed","ping_status":"open","template":"","meta":{"_et_pb_use_builder":"","_et_pb_old_content":"","_et_gb_content_width":"","footnotes":""},"class_list":["post-6325","page","type-page","status-publish","hentry"],"yoast_head":"<!-- This site is optimized with the Yoast SEO plugin v25.3.1 - https:\/\/yoast.com\/wordpress\/plugins\/seo\/ -->\n<title>Beispielseite - Festival de M\u00fasica de Lanzarote<\/title>\n<meta name=\"robots\" content=\"index, follow, max-snippet:-1, max-image-preview:large, max-video-preview:-1\" \/>\n<link rel=\"canonical\" href=\"https:\/\/festivaldemusicavisualdelanzarote.com\/de\/beispielseite\/\" \/>\n<meta property=\"og:locale\" content=\"de_DE\" \/>\n<meta property=\"og:type\" content=\"article\" \/>\n<meta property=\"og:title\" content=\"Beispielseite - Festival de M\u00fasica de Lanzarote\" \/>\n<meta property=\"og:description\" content=\"Dies ist eine Beispielseite. Er unterscheidet sich von einem Blogbeitrag, da er an einem Ort verbleibt und in der Navigation Ihrer Website erscheint (in den meisten Themes). Die meisten beginnen mit einer &#8222;\u00dcber&#8220;-Seite, auf der sie sich den potenziellen Besuchern der Website vorstellen. Sie k\u00f6nnten etwas in dieser Art sagen: Hallo! Tags\u00fcber bin ich Kellner, [&hellip;]\" \/>\n<meta property=\"og:url\" content=\"https:\/\/festivaldemusicavisualdelanzarote.com\/de\/beispielseite\/\" \/>\n<meta property=\"og:site_name\" content=\"Festival de M\u00fasica de Lanzarote\" \/>\n<meta property=\"article:publisher\" content=\"https:\/\/www.facebook.com\/FestivaldeMusicaVisualdeLanzarote\" \/>\n<meta property=\"article:modified_time\" content=\"2024-06-24T18:21:16+00:00\" \/>\n<meta name=\"twitter:card\" content=\"summary_large_image\" \/>\n<meta name=\"twitter:label1\" content=\"Gesch\u00e4tzte Lesezeit\" \/>\n\t<meta name=\"twitter:data1\" content=\"1\u00a0Minute\" \/>\n<script type=\"application\/ld+json\" class=\"yoast-schema-graph\">{\"@context\":\"https:\/\/schema.org\",\"@graph\":[{\"@type\":\"WebPage\",\"@id\":\"https:\/\/festivaldemusicavisualdelanzarote.com\/de\/beispielseite\/\",\"url\":\"https:\/\/festivaldemusicavisualdelanzarote.com\/de\/beispielseite\/\",\"name\":\"Beispielseite - Festival de M\u00fasica de Lanzarote\",\"isPartOf\":{\"@id\":\"https:\/\/festivaldemusicavisualdelanzarote.com\/de\/#website\"},\"datePublished\":\"2023-07-03T10:48:14+00:00\",\"dateModified\":\"2024-06-24T18:21:16+00:00\",\"breadcrumb\":{\"@id\":\"https:\/\/festivaldemusicavisualdelanzarote.com\/de\/beispielseite\/#breadcrumb\"},\"inLanguage\":\"de\",\"potentialAction\":[{\"@type\":\"ReadAction\",\"target\":[\"https:\/\/festivaldemusicavisualdelanzarote.com\/de\/beispielseite\/\"]}]},{\"@type\":\"BreadcrumbList\",\"@id\":\"https:\/\/festivaldemusicavisualdelanzarote.com\/de\/beispielseite\/#breadcrumb\",\"itemListElement\":[{\"@type\":\"ListItem\",\"position\":1,\"name\":\"Portada\",\"item\":\"https:\/\/festivaldemusicavisualdelanzarote.com\/de\/\"},{\"@type\":\"ListItem\",\"position\":2,\"name\":\"Beispielseite\"}]},{\"@type\":\"WebSite\",\"@id\":\"https:\/\/festivaldemusicavisualdelanzarote.com\/de\/#website\",\"url\":\"https:\/\/festivaldemusicavisualdelanzarote.com\/de\/\",\"name\":\"Festival de M\u00fasica de Lanzarote\",\"description\":\"Festival de m\u00fasica contempor\u00e1nea en Lanzarote\",\"publisher\":{\"@id\":\"https:\/\/festivaldemusicavisualdelanzarote.com\/de\/#organization\"},\"potentialAction\":[{\"@type\":\"SearchAction\",\"target\":{\"@type\":\"EntryPoint\",\"urlTemplate\":\"https:\/\/festivaldemusicavisualdelanzarote.com\/de\/?s={search_term_string}\"},\"query-input\":{\"@type\":\"PropertyValueSpecification\",\"valueRequired\":true,\"valueName\":\"search_term_string\"}}],\"inLanguage\":\"de\"},{\"@type\":\"Organization\",\"@id\":\"https:\/\/festivaldemusicavisualdelanzarote.com\/de\/#organization\",\"name\":\"Festival de M\u00fasica de Lanzarote\",\"url\":\"https:\/\/festivaldemusicavisualdelanzarote.com\/de\/\",\"logo\":{\"@type\":\"ImageObject\",\"inLanguage\":\"de\",\"@id\":\"https:\/\/festivaldemusicavisualdelanzarote.com\/de\/#\/schema\/logo\/image\/\",\"url\":\"https:\/\/festivaldemusicavisualdelanzarote.com\/wp-content\/uploads\/2023\/07\/ELEMENTOS-WEB-1-34.png\",\"contentUrl\":\"https:\/\/festivaldemusicavisualdelanzarote.com\/wp-content\/uploads\/2023\/07\/ELEMENTOS-WEB-1-34.png\",\"width\":481,\"height\":477,\"caption\":\"Festival de M\u00fasica de Lanzarote\"},\"image\":{\"@id\":\"https:\/\/festivaldemusicavisualdelanzarote.com\/de\/#\/schema\/logo\/image\/\"},\"sameAs\":[\"https:\/\/www.facebook.com\/FestivaldeMusicaVisualdeLanzarote\",\"https:\/\/www.instagram.com\/festivalmusicavisuallzt\/\"]}]}<\/script>\n<!-- \/ Yoast SEO plugin. -->","yoast_head_json":{"title":"Beispielseite - Festival de M\u00fasica de Lanzarote","robots":{"index":"index","follow":"follow","max-snippet":"max-snippet:-1","max-image-preview":"max-image-preview:large","max-video-preview":"max-video-preview:-1"},"canonical":"https:\/\/festivaldemusicavisualdelanzarote.com\/de\/beispielseite\/","og_locale":"de_DE","og_type":"article","og_title":"Beispielseite - Festival de M\u00fasica de Lanzarote","og_description":"Dies ist eine Beispielseite. Er unterscheidet sich von einem Blogbeitrag, da er an einem Ort verbleibt und in der Navigation Ihrer Website erscheint (in den meisten Themes). Die meisten beginnen mit einer &#8222;\u00dcber&#8220;-Seite, auf der sie sich den potenziellen Besuchern der Website vorstellen. Sie k\u00f6nnten etwas in dieser Art sagen: Hallo! Tags\u00fcber bin ich Kellner, [&hellip;]","og_url":"https:\/\/festivaldemusicavisualdelanzarote.com\/de\/beispielseite\/","og_site_name":"Festival de M\u00fasica de Lanzarote","article_publisher":"https:\/\/www.facebook.com\/FestivaldeMusicaVisualdeLanzarote","article_modified_time":"2024-06-24T18:21:16+00:00","twitter_card":"summary_large_image","twitter_misc":{"Gesch\u00e4tzte Lesezeit":"1\u00a0Minute"},"schema":{"@context":"https:\/\/schema.org","@graph":[{"@type":"WebPage","@id":"https:\/\/festivaldemusicavisualdelanzarote.com\/de\/beispielseite\/","url":"https:\/\/festivaldemusicavisualdelanzarote.com\/de\/beispielseite\/","name":"Beispielseite - Festival de M\u00fasica de Lanzarote","isPartOf":{"@id":"https:\/\/festivaldemusicavisualdelanzarote.com\/de\/#website"},"datePublished":"2023-07-03T10:48:14+00:00","dateModified":"2024-06-24T18:21:16+00:00","breadcrumb":{"@id":"https:\/\/festivaldemusicavisualdelanzarote.com\/de\/beispielseite\/#breadcrumb"},"inLanguage":"de","potentialAction":[{"@type":"ReadAction","target":["https:\/\/festivaldemusicavisualdelanzarote.com\/de\/beispielseite\/"]}]},{"@type":"BreadcrumbList","@id":"https:\/\/festivaldemusicavisualdelanzarote.com\/de\/beispielseite\/#breadcrumb","itemListElement":[{"@type":"ListItem","position":1,"name":"Portada","item":"https:\/\/festivaldemusicavisualdelanzarote.com\/de\/"},{"@type":"ListItem","position":2,"name":"Beispielseite"}]},{"@type":"WebSite","@id":"https:\/\/festivaldemusicavisualdelanzarote.com\/de\/#website","url":"https:\/\/festivaldemusicavisualdelanzarote.com\/de\/","name":"Festival de M\u00fasica de Lanzarote","description":"Festival de m\u00fasica contempor\u00e1nea en Lanzarote","publisher":{"@id":"https:\/\/festivaldemusicavisualdelanzarote.com\/de\/#organization"},"potentialAction":[{"@type":"SearchAction","target":{"@type":"EntryPoint","urlTemplate":"https:\/\/festivaldemusicavisualdelanzarote.com\/de\/?s={search_term_string}"},"query-input":{"@type":"PropertyValueSpecification","valueRequired":true,"valueName":"search_term_string"}}],"inLanguage":"de"},{"@type":"Organization","@id":"https:\/\/festivaldemusicavisualdelanzarote.com\/de\/#organization","name":"Festival de M\u00fasica de Lanzarote","url":"https:\/\/festivaldemusicavisualdelanzarote.com\/de\/","logo":{"@type":"ImageObject","inLanguage":"de","@id":"https:\/\/festivaldemusicavisualdelanzarote.com\/de\/#\/schema\/logo\/image\/","url":"https:\/\/festivaldemusicavisualdelanzarote.com\/wp-content\/uploads\/2023\/07\/ELEMENTOS-WEB-1-34.png","contentUrl":"https:\/\/festivaldemusicavisualdelanzarote.com\/wp-content\/uploads\/2023\/07\/ELEMENTOS-WEB-1-34.png","width":481,"height":477,"caption":"Festival de M\u00fasica de Lanzarote"},"image":{"@id":"https:\/\/festivaldemusicavisualdelanzarote.com\/de\/#\/schema\/logo\/image\/"},"sameAs":["https:\/\/www.facebook.com\/FestivaldeMusicaVisualdeLanzarote","https:\/\/www.instagram.com\/festivalmusicavisuallzt\/"]}]}},"_links":{"self":[{"href":"https:\/\/festivaldemusicavisualdelanzarote.com\/de\/wp-json\/wp\/v2\/pages\/6325","targetHints":{"allow":["GET"]}}],"collection":[{"href":"https:\/\/festivaldemusicavisualdelanzarote.com\/de\/wp-json\/wp\/v2\/pages"}],"about":[{"href":"https:\/\/festivaldemusicavisualdelanzarote.com\/de\/wp-json\/wp\/v2\/types\/page"}],"author":[{"embeddable":true,"href":"https:\/\/festivaldemusicavisualdelanzarote.com\/de\/wp-json\/wp\/v2\/users\/1"}],"replies":[{"embeddable":true,"href":"https:\/\/festivaldemusicavisualdelanzarote.com\/de\/wp-json\/wp\/v2\/comments?post=6325"}],"version-history":[{"count":2,"href":"https:\/\/festivaldemusicavisualdelanzarote.com\/de\/wp-json\/wp\/v2\/pages\/6325\/revisions"}],"predecessor-version":[{"id":6329,"href":"https:\/\/festivaldemusicavisualdelanzarote.com\/de\/wp-json\/wp\/v2\/pages\/6325\/revisions\/6329"}],"wp:attachment":[{"href":"https:\/\/festivaldemusicavisualdelanzarote.com\/de\/wp-json\/wp\/v2\/media?parent=6325"}],"curies":[{"name":"wp","href":"https:\/\/api.w.org\/{rel}","templated":true}]}}