{"id":6357,"date":"2024-06-24T17:56:38","date_gmt":"2024-06-24T15:56:38","guid":{"rendered":"https:\/\/festivaldemusicavisualdelanzarote.com\/programmierung-2024\/"},"modified":"2025-10-24T19:57:37","modified_gmt":"2025-10-24T17:57:37","slug":"programmierung-2024","status":"publish","type":"page","link":"https:\/\/festivaldemusicavisualdelanzarote.com\/de\/programmierung-2024\/","title":{"rendered":"EDITION 2024"},"content":{"rendered":"<p>[et_pb_section fb_built=&#8220;1&#8243; fullwidth=&#8220;on&#8220; admin_label=&#8220;Section&#8220; _builder_version=&#8220;4.27.0&#8243; _module_preset=&#8220;default&#8220; da_disable_devices=&#8220;off|off|off&#8220; global_colors_info=&#8220;{}&#8220; da_is_popup=&#8220;off&#8220; da_exit_intent=&#8220;off&#8220; da_has_close=&#8220;on&#8220; da_alt_close=&#8220;off&#8220; da_dark_close=&#8220;off&#8220; da_not_modal=&#8220;on&#8220; da_is_singular=&#8220;off&#8220; da_with_loader=&#8220;off&#8220; da_has_shadow=&#8220;on&#8220;][et_pb_fullwidth_image src=&#8220;https:\/\/festivaldemusicavisualdelanzarote.com\/wp-content\/uploads\/2024\/06\/PORTADA-WEB-2024_Prancheta-1-scaled.jpg&#8220; title_text=&#8220;STARTSEITE 2024-02&#8243; src_tablet=&#8220;https:\/\/festivaldemusicavisualdelanzarote.com\/wp-content\/uploads\/2024\/06\/PORTADA-WEB-2024-02-scaled.jpg&#8220; src_phone=&#8220;https:\/\/festivaldemusicavisualdelanzarote.com\/wp-content\/uploads\/2024\/06\/PORTADA-WEB-2024-02-scaled.jpg&#8220; src_last_edited=&#8220;on|phone&#8220; _builder_version=&#8220;4.27.0&#8243; _module_preset=&#8220;default&#8220; box_shadow_style=&#8220;preset6&#8243; box_shadow_horizontal=&#8220;-18px&#8220; box_shadow_vertical=&#8220;-1px&#8220; box_shadow_blur=&#8220;73px&#8220; box_shadow_spread=&#8220;52px&#8220; box_shadow_color=&#8220;#0e1322&#8243; global_colors_info=&#8220;{}&#8220;][\/et_pb_fullwidth_image][\/et_pb_section][et_pb_section fb_built=&#8220;1&#8243; _builder_version=&#8220;4.27.0&#8243; _module_preset=&#8220;default&#8220; background_image=&#8220;https:\/\/festivaldemusicavisualdelanzarote.com\/wp-content\/uploads\/2024\/07\/bg.jpg&#8220; background_position=&#8220;top_left&#8220; custom_padding=&#8220;||0px|||&#8220; da_disable_devices=&#8220;off|off|off&#8220; global_colors_info=&#8220;{}&#8220; da_is_popup=&#8220;off&#8220; da_exit_intent=&#8220;off&#8220; da_has_close=&#8220;on&#8220; da_alt_close=&#8220;off&#8220; da_dark_close=&#8220;off&#8220; da_not_modal=&#8220;on&#8220; da_is_singular=&#8220;off&#8220; da_with_loader=&#8220;off&#8220; da_has_shadow=&#8220;on&#8220;][et_pb_row _builder_version=&#8220;4.27.0&#8243; _module_preset=&#8220;default&#8220; global_colors_info=&#8220;{}&#8220;][et_pb_column type=&#8220;4_4&#8243; _builder_version=&#8220;4.27.0&#8243; _module_preset=&#8220;default&#8220; global_colors_info=&#8220;{}&#8220;][et_pb_text _builder_version=&#8220;4.27.0&#8243; _module_preset=&#8220;default&#8220; text_font=&#8220;Along Black|||on|||||&#8220; text_text_color=&#8220;#FFFFFF&#8220; text_font_size=&#8220;23px&#8220; text_orientation=&#8220;right&#8220; global_colors_info=&#8220;{}&#8220;]<\/p>\n<p>Von 9 bis 19 Oktober<\/p>\n<p>[\/et_pb_text][\/et_pb_column][\/et_pb_row][\/et_pb_section][et_pb_section fb_built=&#8220;1&#8243; admin_label=&#8220;Section&#8220; _builder_version=&#8220;4.27.0&#8243; _module_preset=&#8220;default&#8220; background_image=&#8220;https:\/\/festivaldemusicavisualdelanzarote.com\/wp-content\/uploads\/2024\/07\/bg.jpg&#8220; background_position=&#8220;top_left&#8220; custom_padding=&#8220;||0px|||&#8220; da_disable_devices=&#8220;off|off|off&#8220; global_colors_info=&#8220;{}&#8220; da_is_popup=&#8220;off&#8220; da_exit_intent=&#8220;off&#8220; da_has_close=&#8220;on&#8220; da_alt_close=&#8220;off&#8220; da_dark_close=&#8220;off&#8220; da_not_modal=&#8220;on&#8220; da_is_singular=&#8220;off&#8220; da_with_loader=&#8220;off&#8220; da_has_shadow=&#8220;on&#8220;][et_pb_row column_structure=&#8220;1_2,1_2&#8243; _builder_version=&#8220;4.27.0&#8243; _module_preset=&#8220;default&#8220; global_colors_info=&#8220;{}&#8220;][et_pb_column type=&#8220;1_2&#8243; _builder_version=&#8220;4.27.0&#8243; _module_preset=&#8220;default&#8220; link_option_url=&#8220;#carson&#8220; global_colors_info=&#8220;{}&#8220;][et_pb_image src=&#8220;https:\/\/festivaldemusicavisualdelanzarote.com\/wp-content\/uploads\/2024\/07\/CABIN-MUSIC.jpg&#8220; title_text=&#8220;CABIN-MUSIC&#8220; url=&#8220;#carson&#8220; use_overlay=&#8220;on&#8220; overlay_icon_color=&#8220;#FFFFFF&#8220; _builder_version=&#8220;4.27.0&#8243; _module_preset=&#8220;default&#8220; background_enable_color=&#8220;off&#8220; filter_brightness_last_edited=&#8220;off|desktop&#8220; global_colors_info=&#8220;{}&#8220; filter_brightness__hover_enabled=&#8220;off|hover&#8220;][\/et_pb_image][et_pb_text _builder_version=&#8220;4.27.0&#8243; _module_preset=&#8220;default&#8220; text_font=&#8220;|300|||||||&#8220; text_text_color=&#8220;#FFFFFF&#8220; text_font_size=&#8220;16px&#8220; text_letter_spacing=&#8220;1px&#8220; custom_margin=&#8220;||15px|||&#8220; global_colors_info=&#8220;{}&#8220;]<\/p>\n<p><strong>9 Okt<\/strong> | 20.00h  <img loading=\"lazy\" decoding=\"async\" src=\"https:\/\/festivaldemusicavisualdelanzarote.com\/wp-content\/uploads\/2024\/07\/cine-1-300x29.jpg\" width=\"145\" height=\"14\" alt=\"\" class=\"wp-image-6669 alignnone size-medium\" srcset=\"https:\/\/festivaldemusicavisualdelanzarote.com\/wp-content\/uploads\/2024\/07\/cine-1-300x29.jpg 300w, https:\/\/festivaldemusicavisualdelanzarote.com\/wp-content\/uploads\/2024\/07\/cine-1.jpg 351w\" sizes=\"(max-width: 145px) 100vw, 145px\" \/><\/p>\n<p>[\/et_pb_text][et_pb_text _builder_version=&#8220;4.27.0&#8243; _module_preset=&#8220;default&#8220; text_font=&#8220;Along Black|800||on|||||&#8220; text_text_color=&#8220;#FFFFFF&#8220; text_font_size=&#8220;50px&#8220; text_letter_spacing=&#8220;1px&#8220; text_line_height=&#8220;1.1em&#8220; header_2_font=&#8220;Along Black||||||||&#8220; header_2_text_color=&#8220;#FFFFFF&#8220; header_2_font_size=&#8220;50px&#8220; custom_margin=&#8220;||8px|||&#8220; header_2_font_size_tablet=&#8220;50px&#8220; header_2_font_size_phone=&#8220;35px&#8220; header_2_font_size_last_edited=&#8220;on|phone&#8220; global_colors_info=&#8220;{}&#8220;]<\/p>\n<h2>CABIN MUSIC<\/h2>\n<p>[\/et_pb_text][et_pb_text _builder_version=&#8220;4.27.0&#8243; _module_preset=&#8220;default&#8220; text_font=&#8220;Along Black|800||on|||||&#8220; text_text_color=&#8220;#FFFFFF&#8220; text_font_size=&#8220;50px&#8220; text_letter_spacing=&#8220;1px&#8220; text_line_height=&#8220;1.1em&#8220; header_2_font=&#8220;Along Black||||||||&#8220; header_2_text_color=&#8220;#FFFFFF&#8220; header_2_font_size=&#8220;50px&#8220; header_3_font=&#8220;Along Black||||||||&#8220; header_3_text_color=&#8220;#FFFFFF&#8220; header_3_font_size=&#8220;30px&#8220; custom_margin=&#8220;||17px|||&#8220; header_3_font_size_tablet=&#8220;30px&#8220; header_3_font_size_phone=&#8220;20px&#8220; header_3_font_size_last_edited=&#8220;on|phone&#8220; global_colors_info=&#8220;{}&#8220;]<\/p>\n<h3>von James Carson<\/h3>\n<p>[\/et_pb_text][et_pb_text _builder_version=&#8220;4.27.0&#8243; _module_preset=&#8220;default&#8220; text_font=&#8220;|300|||||||&#8220; text_text_color=&#8220;#FFFFFF&#8220; text_letter_spacing=&#8220;1px&#8220; text_font_size_tablet=&#8220;&#8220; text_font_size_phone=&#8220;10px&#8220; text_font_size_last_edited=&#8220;on|phone&#8220; global_colors_info=&#8220;{}&#8220;]<\/p>\n<p><img loading=\"lazy\" decoding=\"async\" src=\"https:\/\/festivaldemusicavisualdelanzarote.com\/wp-content\/uploads\/2024\/07\/point-225x300.png\" width=\"15\" height=\"20\" alt=\"\" class=\"wp-image-6673 alignnone size-medium\" srcset=\"https:\/\/festivaldemusicavisualdelanzarote.com\/wp-content\/uploads\/2024\/07\/point-225x300.png 225w, https:\/\/festivaldemusicavisualdelanzarote.com\/wp-content\/uploads\/2024\/07\/point.png 384w\" sizes=\"(max-width: 15px) 100vw, 15px\" \/>  <img loading=\"lazy\" decoding=\"async\" src=\"https:\/\/festivaldemusicavisualdelanzarote.com\/wp-content\/uploads\/2024\/07\/ticket.png\" width=\"14\" height=\"21\" alt=\"\" class=\"wp-image-6677 alignnone size-full\"> B<strong>u\u00f1uel-Saal :<\/strong> CIC El Almac\u00e9n 3 <span>.00\u20ac<\/span>.<\/p>\n<p>[\/et_pb_text][\/et_pb_column][et_pb_column type=&#8220;1_2&#8243; _builder_version=&#8220;4.27.0&#8243; _module_preset=&#8220;default&#8220; link_option_url=&#8220;#alonso&#8220; global_colors_info=&#8220;{}&#8220;][et_pb_image src=&#8220;https:\/\/festivaldemusicavisualdelanzarote.com\/wp-content\/uploads\/2024\/07\/Hara-Alonso.jpg&#8220; title_text=&#8220;Hara-Alonso&#8220; url=&#8220;#&#8220; use_overlay=&#8220;on&#8220; overlay_icon_color=&#8220;#FFFFFF&#8220; _builder_version=&#8220;4.27.0&#8243; _module_preset=&#8220;default&#8220; background_enable_color=&#8220;off&#8220; filter_brightness_last_edited=&#8220;off|desktop&#8220; global_colors_info=&#8220;{}&#8220; filter_brightness__hover_enabled=&#8220;off|hover&#8220;][\/et_pb_image][et_pb_text _builder_version=&#8220;4.27.0&#8243; _module_preset=&#8220;default&#8220; text_font=&#8220;|300|||||||&#8220; text_text_color=&#8220;#FFFFFF&#8220; text_font_size=&#8220;16px&#8220; text_letter_spacing=&#8220;1px&#8220; custom_margin=&#8220;||15px|||&#8220; global_colors_info=&#8220;{}&#8220;]<\/p>\n<p><strong>10 Okt<\/strong> | 20.00h  <\/p>\n<p>[\/et_pb_text][et_pb_text _builder_version=&#8220;4.27.0&#8243; _module_preset=&#8220;default&#8220; text_font=&#8220;Along Black|800||on|||||&#8220; text_text_color=&#8220;#FFFFFF&#8220; text_font_size=&#8220;50px&#8220; text_letter_spacing=&#8220;1px&#8220; text_line_height=&#8220;1.1em&#8220; header_2_font=&#8220;Along Black||||||||&#8220; header_2_text_color=&#8220;#FFFFFF&#8220; header_2_font_size=&#8220;30px&#8220; custom_margin=&#8220;||8px|||&#8220; header_2_font_size_tablet=&#8220;30px&#8220; header_2_font_size_phone=&#8220;35px&#8220; header_2_font_size_last_edited=&#8220;on|phone&#8220; global_colors_info=&#8220;{}&#8220;]<\/p>\n<h2>TOUCH-ME-NOT<\/h2>\n<p>[\/et_pb_text][et_pb_text _builder_version=&#8220;4.27.0&#8243; _module_preset=&#8220;default&#8220; text_font=&#8220;Along Black|800||on|||||&#8220; text_text_color=&#8220;#FFFFFF&#8220; text_font_size=&#8220;50px&#8220; text_letter_spacing=&#8220;1px&#8220; text_line_height=&#8220;1.1em&#8220; header_2_font=&#8220;Along Black||||||||&#8220; header_2_text_color=&#8220;#FFFFFF&#8220; header_2_font_size=&#8220;50px&#8220; header_3_font=&#8220;Along Black||||||||&#8220; header_3_text_color=&#8220;#FFFFFF&#8220; header_3_font_size=&#8220;30px&#8220; custom_margin=&#8220;||-1px|||&#8220; header_3_font_size_tablet=&#8220;30px&#8220; header_3_font_size_phone=&#8220;20px&#8220; header_3_font_size_last_edited=&#8220;on|phone&#8220; global_colors_info=&#8220;{}&#8220;]<\/p>\n<h3>(alias Hara Alonso)<\/h3>\n<p>[\/et_pb_text][et_pb_text _builder_version=&#8220;4.27.0&#8243; _module_preset=&#8220;default&#8220; text_font=&#8220;Along Black|800||on|||||&#8220; text_text_color=&#8220;#FFFFFF&#8220; text_font_size=&#8220;50px&#8220; text_letter_spacing=&#8220;1px&#8220; text_line_height=&#8220;1.1em&#8220; header_2_font=&#8220;Along Black||||||||&#8220; header_2_text_color=&#8220;#FFFFFF&#8220; header_2_font_size=&#8220;50px&#8220; header_3_font=&#8220;Along Black||||||||&#8220; header_3_text_color=&#8220;#FFFFFF&#8220; header_3_font_size=&#8220;25px&#8220; custom_margin=&#8220;||17px|||&#8220; header_3_font_size_tablet=&#8220;25px&#8220; header_3_font_size_phone=&#8220;20px&#8220; header_3_font_size_last_edited=&#8220;on|phone&#8220; global_colors_info=&#8220;{}&#8220;]<\/p>\n<h3>Bildmaterial von Miguel G. Morales<\/h3>\n<p>[\/et_pb_text][et_pb_text _builder_version=&#8220;4.27.0&#8243; _module_preset=&#8220;default&#8220; text_font=&#8220;|300|||||||&#8220; text_text_color=&#8220;#FFFFFF&#8220; text_letter_spacing=&#8220;1px&#8220; text_font_size_tablet=&#8220;&#8220; text_font_size_phone=&#8220;10px&#8220; text_font_size_last_edited=&#8220;on|phone&#8220; global_colors_info=&#8220;{}&#8220;]<\/p>\n<p><img loading=\"lazy\" decoding=\"async\" src=\"https:\/\/festivaldemusicavisualdelanzarote.com\/wp-content\/uploads\/2024\/07\/point-225x300.png\" width=\"15\" height=\"20\" alt=\"\" class=\"wp-image-6673 alignnone size-medium\" srcset=\"https:\/\/festivaldemusicavisualdelanzarote.com\/wp-content\/uploads\/2024\/07\/point-225x300.png 225w, https:\/\/festivaldemusicavisualdelanzarote.com\/wp-content\/uploads\/2024\/07\/point.png 384w\" sizes=\"(max-width: 15px) 100vw, 15px\" \/>  <img loading=\"lazy\" decoding=\"async\" src=\"https:\/\/festivaldemusicavisualdelanzarote.com\/wp-content\/uploads\/2024\/07\/ticket.png\" width=\"14\" height=\"21\" alt=\"\" class=\"wp-image-6677 alignnone size-full\"> B<strong>u\u00f1uel-Saal :<\/strong> CIC El Almac\u00e9n 10 <span>.00\u20ac<\/span>.<\/p>\n<p>[\/et_pb_text][\/et_pb_column][\/et_pb_row][et_pb_row column_structure=&#8220;1_2,1_2&#8243; _builder_version=&#8220;4.27.0&#8243; _module_preset=&#8220;default&#8220; global_colors_info=&#8220;{}&#8220;][et_pb_column type=&#8220;1_2&#8243; _builder_version=&#8220;4.27.0&#8243; _module_preset=&#8220;default&#8220; link_option_url=&#8220;#mario&#8220; global_colors_info=&#8220;{}&#8220;][et_pb_image src=&#8220;https:\/\/festivaldemusicavisualdelanzarote.com\/wp-content\/uploads\/2024\/07\/mario.jpg&#8220; title_text=&#8220;mario&#8220; url=&#8220;#&#8220; use_overlay=&#8220;on&#8220; overlay_icon_color=&#8220;#FFFFFF&#8220; _builder_version=&#8220;4.27.0&#8243; _module_preset=&#8220;default&#8220; background_enable_color=&#8220;off&#8220; filter_brightness_last_edited=&#8220;off|desktop&#8220; global_colors_info=&#8220;{}&#8220; filter_brightness__hover_enabled=&#8220;off|hover&#8220;][\/et_pb_image][et_pb_text _builder_version=&#8220;4.27.0&#8243; _module_preset=&#8220;default&#8220; text_font=&#8220;|300|||||||&#8220; text_text_color=&#8220;#FFFFFF&#8220; text_font_size=&#8220;16px&#8220; text_letter_spacing=&#8220;1px&#8220; custom_margin=&#8220;||15px|||&#8220; global_colors_info=&#8220;{}&#8220;]<\/p>\n<p><strong>12 Okt<\/strong> | 20.00h  <\/p>\n<p>[\/et_pb_text][et_pb_text _builder_version=&#8220;4.27.0&#8243; _module_preset=&#8220;default&#8220; text_font=&#8220;Along Black|800||on|||||&#8220; text_text_color=&#8220;#FFFFFF&#8220; text_font_size=&#8220;50px&#8220; text_letter_spacing=&#8220;1px&#8220; text_line_height=&#8220;1.1em&#8220; header_2_font=&#8220;Along Black||||||||&#8220; header_2_text_color=&#8220;#FFFFFF&#8220; header_2_font_size=&#8220;50px&#8220; custom_margin=&#8220;||8px|||&#8220; header_2_font_size_tablet=&#8220;50px&#8220; header_2_font_size_phone=&#8220;35px&#8220; header_2_font_size_last_edited=&#8220;on|phone&#8220; global_colors_info=&#8220;{}&#8220;]<\/p>\n<h2><strong>MARIO BATKOVIC<\/strong><\/h2>\n<p>[\/et_pb_text][et_pb_text _builder_version=&#8220;4.27.0&#8243; _module_preset=&#8220;default&#8220; text_font=&#8220;Along Black|800||on|||||&#8220; text_text_color=&#8220;#FFFFFF&#8220; text_font_size=&#8220;50px&#8220; text_letter_spacing=&#8220;1px&#8220; text_line_height=&#8220;1.1em&#8220; header_2_font=&#8220;Along Black||||||||&#8220; header_2_text_color=&#8220;#FFFFFF&#8220; header_2_font_size=&#8220;50px&#8220; header_3_font=&#8220;Along Black||||||||&#8220; header_3_text_color=&#8220;#FFFFFF&#8220; header_3_font_size=&#8220;30px&#8220; custom_margin=&#8220;||17px|||&#8220; header_3_font_size_tablet=&#8220;30px&#8220; header_3_font_size_phone=&#8220;20px&#8220; header_3_font_size_last_edited=&#8220;on|phone&#8220; global_colors_info=&#8220;{}&#8220;]<\/p>\n<h3>nur<\/h3>\n<p>[\/et_pb_text][et_pb_text _builder_version=&#8220;4.27.0&#8243; _module_preset=&#8220;default&#8220; text_font=&#8220;|300|||||||&#8220; text_text_color=&#8220;#FFFFFF&#8220; text_letter_spacing=&#8220;1px&#8220; text_font_size_tablet=&#8220;&#8220; text_font_size_phone=&#8220;10px&#8220; text_font_size_last_edited=&#8220;on|phone&#8220; global_colors_info=&#8220;{}&#8220;]<\/p>\n<p><img loading=\"lazy\" decoding=\"async\" src=\"https:\/\/festivaldemusicavisualdelanzarote.com\/wp-content\/uploads\/2024\/07\/point-225x300.png\" width=\"15\" height=\"20\" alt=\"\" class=\"wp-image-6673 alignnone size-medium\" srcset=\"https:\/\/festivaldemusicavisualdelanzarote.com\/wp-content\/uploads\/2024\/07\/point-225x300.png 225w, https:\/\/festivaldemusicavisualdelanzarote.com\/wp-content\/uploads\/2024\/07\/point.png 384w\" sizes=\"(max-width: 15px) 100vw, 15px\" \/> <img loading=\"lazy\" decoding=\"async\" src=\"https:\/\/festivaldemusicavisualdelanzarote.com\/wp-content\/uploads\/2024\/07\/ticket.png\" width=\"14\" height=\"21\" alt=\"\" class=\"wp-image-6677 alignnone size-full\"> Auditorium Cueva de los Verdes 15 <span>.00\u20ac<\/span>.<\/p>\n<p>[\/et_pb_text][\/et_pb_column][et_pb_column type=&#8220;1_2&#8243; _builder_version=&#8220;4.27.0&#8243; _module_preset=&#8220;default&#8220; link_option_url=&#8220;#neo&#8220; global_colors_info=&#8220;{}&#8220;][et_pb_image src=&#8220;https:\/\/festivaldemusicavisualdelanzarote.com\/wp-content\/uploads\/2024\/07\/neo.jpg&#8220; title_text=&#8220;Neo&#8220; url=&#8220;#&#8220; use_overlay=&#8220;on&#8220; overlay_icon_color=&#8220;#FFFFFF&#8220; _builder_version=&#8220;4.27.0&#8243; _module_preset=&#8220;default&#8220; background_enable_color=&#8220;off&#8220; filter_brightness_last_edited=&#8220;off|desktop&#8220; global_colors_info=&#8220;{}&#8220; filter_brightness__hover_enabled=&#8220;off|hover&#8220;][\/et_pb_image][et_pb_text _builder_version=&#8220;4.27.0&#8243; _module_preset=&#8220;default&#8220; text_font=&#8220;|300|||||||&#8220; text_text_color=&#8220;#FFFFFF&#8220; text_font_size=&#8220;16px&#8220; text_letter_spacing=&#8220;1px&#8220; custom_margin=&#8220;||15px|||&#8220; global_colors_info=&#8220;{}&#8220;]<\/p>\n<p><strong>15 Okt<\/strong> | 20.00h  <img loading=\"lazy\" decoding=\"async\" src=\"https:\/\/festivaldemusicavisualdelanzarote.com\/wp-content\/uploads\/2024\/07\/cine-1-300x29.jpg\" width=\"155\" height=\"15\" alt=\"\" class=\"wp-image-6669 alignnone size-medium\" srcset=\"https:\/\/festivaldemusicavisualdelanzarote.com\/wp-content\/uploads\/2024\/07\/cine-1-300x29.jpg 300w, https:\/\/festivaldemusicavisualdelanzarote.com\/wp-content\/uploads\/2024\/07\/cine-1.jpg 351w\" sizes=\"(max-width: 155px) 100vw, 155px\" \/><\/p>\n<p>[\/et_pb_text][et_pb_text _builder_version=&#8220;4.27.0&#8243; _module_preset=&#8220;default&#8220; text_font=&#8220;Along Black|800||on|||||&#8220; text_text_color=&#8220;#FFFFFF&#8220; text_font_size=&#8220;50px&#8220; text_letter_spacing=&#8220;1px&#8220; text_line_height=&#8220;1.1em&#8220; header_2_font=&#8220;Along Black||||||||&#8220; header_2_text_color=&#8220;#FFFFFF&#8220; header_2_font_size=&#8220;48px&#8220; custom_margin=&#8220;||8px|||&#8220; header_2_font_size_tablet=&#8220;50px&#8220; header_2_font_size_phone=&#8220;35px&#8220; header_2_font_size_last_edited=&#8220;on|phone&#8220; global_colors_info=&#8220;{}&#8220;]<\/p>\n<h2><strong>RY\u016aICHI SAKAMOTO<\/strong><\/h2>\n<p>[\/et_pb_text][et_pb_text _builder_version=&#8220;4.27.0&#8243; _module_preset=&#8220;default&#8220; text_font=&#8220;Along Black|800||on|||||&#8220; text_text_color=&#8220;#FFFFFF&#8220; text_font_size=&#8220;50px&#8220; text_letter_spacing=&#8220;1px&#8220; text_line_height=&#8220;1.1em&#8220; header_2_font=&#8220;Along Black||||||||&#8220; header_2_text_color=&#8220;#FFFFFF&#8220; header_2_font_size=&#8220;50px&#8220; header_3_font=&#8220;Along Black||||||||&#8220; header_3_text_color=&#8220;#FFFFFF&#8220; header_3_font_size=&#8220;25px&#8220; custom_margin=&#8220;||17px|||&#8220; header_3_font_size_tablet=&#8220;25px&#8220; header_3_font_size_phone=&#8220;20px&#8220; header_3_font_size_last_edited=&#8220;on|phone&#8220; global_colors_info=&#8220;{}&#8220;]<\/p>\n<h3>OPUS, von Neo Sora<\/h3>\n<p>[\/et_pb_text][et_pb_text _builder_version=&#8220;4.27.0&#8243; _module_preset=&#8220;default&#8220; text_font=&#8220;|300|||||||&#8220; text_text_color=&#8220;#FFFFFF&#8220; text_letter_spacing=&#8220;1px&#8220; text_font_size_tablet=&#8220;&#8220; text_font_size_phone=&#8220;10px&#8220; text_font_size_last_edited=&#8220;on|phone&#8220; global_colors_info=&#8220;{}&#8220;]<\/p>\n<p><img loading=\"lazy\" decoding=\"async\" src=\"https:\/\/festivaldemusicavisualdelanzarote.com\/wp-content\/uploads\/2024\/07\/point-225x300.png\" width=\"15\" height=\"20\" alt=\"\" class=\"wp-image-6673 alignnone size-medium\" srcset=\"https:\/\/festivaldemusicavisualdelanzarote.com\/wp-content\/uploads\/2024\/07\/point-225x300.png 225w, https:\/\/festivaldemusicavisualdelanzarote.com\/wp-content\/uploads\/2024\/07\/point.png 384w\" sizes=\"(max-width: 15px) 100vw, 15px\" \/>  <img loading=\"lazy\" decoding=\"async\" src=\"https:\/\/festivaldemusicavisualdelanzarote.com\/wp-content\/uploads\/2024\/07\/ticket.png\" width=\"14\" height=\"21\" alt=\"\" class=\"wp-image-6677 alignnone size-full\"> B<strong>u\u00f1uel-Saal :<\/strong> CIC El Almac\u00e9n 3 <span>.00\u20ac<\/span>.<\/p>\n<p>[\/et_pb_text][\/et_pb_column][\/et_pb_row][et_pb_row column_structure=&#8220;1_2,1_2&#8243; _builder_version=&#8220;4.27.0&#8243; _module_preset=&#8220;default&#8220; global_colors_info=&#8220;{}&#8220;][et_pb_column type=&#8220;1_2&#8243; _builder_version=&#8220;4.27.0&#8243; _module_preset=&#8220;default&#8220; link_option_url=&#8220;#quartet&#8220; global_colors_info=&#8220;{}&#8220;][et_pb_image src=&#8220;https:\/\/festivaldemusicavisualdelanzarote.com\/wp-content\/uploads\/2024\/07\/QUARTET.jpg&#8220; title_text=&#8220;QUARTETT&#8220; url=&#8220;#&#8220; use_overlay=&#8220;on&#8220; overlay_icon_color=&#8220;#FFFFFF&#8220; _builder_version=&#8220;4.27.0&#8243; _module_preset=&#8220;default&#8220; background_enable_color=&#8220;off&#8220; filter_brightness_last_edited=&#8220;off|desktop&#8220; global_colors_info=&#8220;{}&#8220; filter_brightness__hover_enabled=&#8220;off|hover&#8220;][\/et_pb_image][et_pb_text _builder_version=&#8220;4.27.0&#8243; _module_preset=&#8220;default&#8220; text_font=&#8220;|300|||||||&#8220; text_text_color=&#8220;#FFFFFF&#8220; text_font_size=&#8220;16px&#8220; text_letter_spacing=&#8220;1px&#8220; custom_margin=&#8220;||15px|||&#8220; global_colors_info=&#8220;{}&#8220;]<\/p>\n<p><strong>16 Okt<\/strong> | 20.00h<\/p>\n<p>[\/et_pb_text][et_pb_text _builder_version=&#8220;4.27.0&#8243; _module_preset=&#8220;default&#8220; text_font=&#8220;Along Black|800||on|||||&#8220; text_text_color=&#8220;#FFFFFF&#8220; text_font_size=&#8220;50px&#8220; text_letter_spacing=&#8220;1px&#8220; text_line_height=&#8220;1.1em&#8220; header_2_font=&#8220;Along Black||||||||&#8220; header_2_text_color=&#8220;#FFFFFF&#8220; header_2_font_size=&#8220;50px&#8220; custom_margin=&#8220;||8px|||&#8220; header_2_font_size_tablet=&#8220;50px&#8220; header_2_font_size_phone=&#8220;35px&#8220; header_2_font_size_last_edited=&#8220;on|phone&#8220; global_colors_info=&#8220;{}&#8220;]<\/p>\n<h2><strong>ANOUAR BRAHEM<\/strong><\/h2>\n<p>[\/et_pb_text][et_pb_text _builder_version=&#8220;4.27.0&#8243; _module_preset=&#8220;default&#8220; text_font=&#8220;Along Black|800||on|||||&#8220; text_text_color=&#8220;#FFFFFF&#8220; text_font_size=&#8220;50px&#8220; text_letter_spacing=&#8220;1px&#8220; text_line_height=&#8220;1.1em&#8220; header_2_font=&#8220;Along Black||||||||&#8220; header_2_text_color=&#8220;#FFFFFF&#8220; header_2_font_size=&#8220;50px&#8220; header_3_font=&#8220;Along Black||||||||&#8220; header_3_text_color=&#8220;#FFFFFF&#8220; header_3_font_size=&#8220;30px&#8220; custom_margin=&#8220;||17px|||&#8220; header_3_font_size_tablet=&#8220;30px&#8220; header_3_font_size_phone=&#8220;20px&#8220; header_3_font_size_last_edited=&#8220;on|phone&#8220; global_colors_info=&#8220;{}&#8220;]<\/p>\n<h3>QUARTETT<\/h3>\n<p>[\/et_pb_text][et_pb_text _builder_version=&#8220;4.27.0&#8243; _module_preset=&#8220;default&#8220; text_font=&#8220;|300|||||||&#8220; text_text_color=&#8220;#FFFFFF&#8220; text_letter_spacing=&#8220;1px&#8220; text_font_size_tablet=&#8220;&#8220; text_font_size_phone=&#8220;10px&#8220; text_font_size_last_edited=&#8220;on|phone&#8220; global_colors_info=&#8220;{}&#8220;]<\/p>\n<p><img loading=\"lazy\" decoding=\"async\" src=\"https:\/\/festivaldemusicavisualdelanzarote.com\/wp-content\/uploads\/2024\/07\/point-225x300.png\" width=\"15\" height=\"20\" alt=\"\" class=\"wp-image-6673 alignnone size-medium\" srcset=\"https:\/\/festivaldemusicavisualdelanzarote.com\/wp-content\/uploads\/2024\/07\/point-225x300.png 225w, https:\/\/festivaldemusicavisualdelanzarote.com\/wp-content\/uploads\/2024\/07\/point.png 384w\" sizes=\"(max-width: 15px) 100vw, 15px\" \/> <img loading=\"lazy\" decoding=\"async\" src=\"https:\/\/festivaldemusicavisualdelanzarote.com\/wp-content\/uploads\/2024\/07\/ticket.png\" width=\"14\" height=\"21\" alt=\"\" class=\"wp-image-6677 alignnone size-full\"> Jameos del Agua Auditorium 20 <span>.00\u20ac<\/span>.<\/p>\n<p>[\/et_pb_text][\/et_pb_column][et_pb_column type=&#8220;1_2&#8243; _builder_version=&#8220;4.27.0&#8243; _module_preset=&#8220;default&#8220; link_option_url=&#8220;#meyer&#8220; global_colors_info=&#8220;{}&#8220;][et_pb_image src=&#8220;https:\/\/festivaldemusicavisualdelanzarote.com\/wp-content\/uploads\/2024\/07\/MEYER.jpg&#8220; title_text=&#8220;MEYER&#8220; url=&#8220;#&#8220; use_overlay=&#8220;on&#8220; overlay_icon_color=&#8220;#FFFFFF&#8220; _builder_version=&#8220;4.27.0&#8243; _module_preset=&#8220;default&#8220; background_enable_color=&#8220;off&#8220; filter_brightness_last_edited=&#8220;off|desktop&#8220; global_colors_info=&#8220;{}&#8220; filter_brightness__hover_enabled=&#8220;off|hover&#8220;][\/et_pb_image][et_pb_text _builder_version=&#8220;4.27.0&#8243; _module_preset=&#8220;default&#8220; text_font=&#8220;|300|||||||&#8220; text_text_color=&#8220;#FFFFFF&#8220; text_font_size=&#8220;16px&#8220; text_letter_spacing=&#8220;1px&#8220; custom_margin=&#8220;||15px|||&#8220; global_colors_info=&#8220;{}&#8220;]<\/p>\n<p><strong>17 Okt<\/strong> | 20.00h  <\/p>\n<p>[\/et_pb_text][et_pb_text _builder_version=&#8220;4.27.0&#8243; _module_preset=&#8220;default&#8220; text_font=&#8220;Along Black|800||on|||||&#8220; text_text_color=&#8220;#FFFFFF&#8220; text_font_size=&#8220;50px&#8220; text_letter_spacing=&#8220;1px&#8220; text_line_height=&#8220;1.1em&#8220; header_2_font=&#8220;Along Black||||||||&#8220; header_2_text_color=&#8220;#FFFFFF&#8220; header_2_font_size=&#8220;48px&#8220; custom_margin=&#8220;||8px|||&#8220; header_2_font_size_tablet=&#8220;50px&#8220; header_2_font_size_phone=&#8220;35px&#8220; header_2_font_size_last_edited=&#8220;on|phone&#8220; global_colors_info=&#8220;{}&#8220;]<\/p>\n<h2><strong>BJ\u00d6RN MEYER<\/strong><\/h2>\n<p>[\/et_pb_text][et_pb_text _builder_version=&#8220;4.27.0&#8243; _module_preset=&#8220;default&#8220; text_font=&#8220;Along Black|800||on|||||&#8220; text_text_color=&#8220;#FFFFFF&#8220; text_font_size=&#8220;50px&#8220; text_letter_spacing=&#8220;1px&#8220; text_line_height=&#8220;1.1em&#8220; header_2_font=&#8220;Along Black||||||||&#8220; header_2_text_color=&#8220;#FFFFFF&#8220; header_2_font_size=&#8220;50px&#8220; header_3_font=&#8220;Along Black||||||||&#8220; header_3_text_color=&#8220;#FFFFFF&#8220; header_3_font_size=&#8220;25px&#8220; custom_margin=&#8220;||17px|||&#8220; header_3_font_size_tablet=&#8220;25px&#8220; header_3_font_size_phone=&#8220;20px&#8220; header_3_font_size_last_edited=&#8220;on|phone&#8220; global_colors_info=&#8220;{}&#8220;]<\/p>\n<h3>Provenienz<\/h3>\n<p>[\/et_pb_text][et_pb_text _builder_version=&#8220;4.27.0&#8243; _module_preset=&#8220;default&#8220; text_font=&#8220;|300|||||||&#8220; text_text_color=&#8220;#FFFFFF&#8220; text_letter_spacing=&#8220;1px&#8220; text_font_size_tablet=&#8220;&#8220; text_font_size_phone=&#8220;10px&#8220; text_font_size_last_edited=&#8220;on|phone&#8220; global_colors_info=&#8220;{}&#8220;]<\/p>\n<p><img loading=\"lazy\" decoding=\"async\" src=\"https:\/\/festivaldemusicavisualdelanzarote.com\/wp-content\/uploads\/2024\/07\/point-225x300.png\" width=\"15\" height=\"20\" alt=\"\" class=\"wp-image-6673 alignnone size-medium\" srcset=\"https:\/\/festivaldemusicavisualdelanzarote.com\/wp-content\/uploads\/2024\/07\/point-225x300.png 225w, https:\/\/festivaldemusicavisualdelanzarote.com\/wp-content\/uploads\/2024\/07\/point.png 384w\" sizes=\"(max-width: 15px) 100vw, 15px\" \/><img loading=\"lazy\" decoding=\"async\" src=\"https:\/\/festivaldemusicavisualdelanzarote.com\/wp-content\/uploads\/2024\/07\/ticket.png\" width=\"14\" height=\"21\" alt=\"\" class=\"wp-image-6677 alignnone size-full\"> Auditorium Cueva de los Verdes 15 <span>.00\u20ac<\/span>.<\/p>\n<p>[\/et_pb_text][\/et_pb_column][\/et_pb_row][et_pb_row column_structure=&#8220;1_2,1_2&#8243; _builder_version=&#8220;4.27.0&#8243; _module_preset=&#8220;default&#8220; global_colors_info=&#8220;{}&#8220;][et_pb_column type=&#8220;1_2&#8243; _builder_version=&#8220;4.27.0&#8243; _module_preset=&#8220;default&#8220; link_option_url=&#8220;#urho&#8220; global_colors_info=&#8220;{}&#8220;][et_pb_image src=&#8220;https:\/\/festivaldemusicavisualdelanzarote.com\/wp-content\/uploads\/2024\/07\/urho.jpg&#8220; title_text=&#8220;urho&#8220; url=&#8220;#&#8220; use_overlay=&#8220;on&#8220; overlay_icon_color=&#8220;#FFFFFF&#8220; _builder_version=&#8220;4.27.0&#8243; _module_preset=&#8220;default&#8220; background_enable_color=&#8220;off&#8220; filter_brightness_last_edited=&#8220;off|desktop&#8220; global_colors_info=&#8220;{}&#8220; filter_brightness__hover_enabled=&#8220;off|hover&#8220;][\/et_pb_image][et_pb_text _builder_version=&#8220;4.27.0&#8243; _module_preset=&#8220;default&#8220; text_font=&#8220;|300|||||||&#8220; text_text_color=&#8220;#FFFFFF&#8220; text_font_size=&#8220;16px&#8220; text_letter_spacing=&#8220;1px&#8220; custom_margin=&#8220;||15px|||&#8220; global_colors_info=&#8220;{}&#8220;]<\/p>\n<p><strong>18 Okt<\/strong> | 20.00h<\/p>\n<p>[\/et_pb_text][et_pb_text _builder_version=&#8220;4.27.0&#8243; _module_preset=&#8220;default&#8220; text_font=&#8220;Along Black|800||on|||||&#8220; text_text_color=&#8220;#FFFFFF&#8220; text_font_size=&#8220;50px&#8220; text_letter_spacing=&#8220;1px&#8220; text_line_height=&#8220;1.1em&#8220; header_2_font=&#8220;Along Black||||||||&#8220; header_2_text_color=&#8220;#FFFFFF&#8220; header_2_font_size=&#8220;50px&#8220; custom_margin=&#8220;||8px|||&#8220; header_2_font_size_tablet=&#8220;50px&#8220; header_2_font_size_phone=&#8220;35px&#8220; header_2_font_size_last_edited=&#8220;on|phone&#8220; global_colors_info=&#8220;{}&#8220;]<\/p>\n<h2><strong>URHO<\/strong><\/h2>\n<p>[\/et_pb_text][et_pb_text _builder_version=&#8220;4.27.0&#8243; _module_preset=&#8220;default&#8220; text_font=&#8220;Along Black|800||on|||||&#8220; text_text_color=&#8220;#FFFFFF&#8220; text_font_size=&#8220;50px&#8220; text_letter_spacing=&#8220;1px&#8220; text_line_height=&#8220;1.1em&#8220; header_2_font=&#8220;Along Black||||||||&#8220; header_2_text_color=&#8220;#FFFFFF&#8220; header_2_font_size=&#8220;50px&#8220; header_3_font=&#8220;Along Black||||||||&#8220; header_3_text_color=&#8220;#FFFFFF&#8220; header_3_font_size=&#8220;30px&#8220; custom_margin=&#8220;||17px|||&#8220; header_3_font_size_tablet=&#8220;30px&#8220; header_3_font_size_phone=&#8220;20px&#8220; header_3_font_size_last_edited=&#8220;on|phone&#8220; global_colors_info=&#8220;{}&#8220;]<\/p>\n<h3>Live A\/V<\/h3>\n<p>[\/et_pb_text][et_pb_text _builder_version=&#8220;4.27.0&#8243; _module_preset=&#8220;default&#8220; text_font=&#8220;|300|||||||&#8220; text_text_color=&#8220;#FFFFFF&#8220; text_letter_spacing=&#8220;1px&#8220; text_font_size_tablet=&#8220;&#8220; text_font_size_phone=&#8220;10px&#8220; text_font_size_last_edited=&#8220;on|phone&#8220; global_colors_info=&#8220;{}&#8220;]<\/p>\n<p><img loading=\"lazy\" decoding=\"async\" src=\"https:\/\/festivaldemusicavisualdelanzarote.com\/wp-content\/uploads\/2024\/07\/point-225x300.png\" width=\"15\" height=\"20\" alt=\"\" class=\"wp-image-6673 alignnone size-medium\" srcset=\"https:\/\/festivaldemusicavisualdelanzarote.com\/wp-content\/uploads\/2024\/07\/point-225x300.png 225w, https:\/\/festivaldemusicavisualdelanzarote.com\/wp-content\/uploads\/2024\/07\/point.png 384w\" sizes=\"(max-width: 15px) 100vw, 15px\" \/> <img loading=\"lazy\" decoding=\"async\" src=\"https:\/\/festivaldemusicavisualdelanzarote.com\/wp-content\/uploads\/2024\/07\/ticket.png\" width=\"14\" height=\"21\" alt=\"\" class=\"wp-image-6677 alignnone size-full\"> B<strong>u\u00f1uel-Saal<\/strong>: CIC El Almac\u00e9n 10 <span>.00\u20ac<\/span>.<\/p>\n<p>[\/et_pb_text][\/et_pb_column][et_pb_column type=&#8220;1_2&#8243; _builder_version=&#8220;4.27.0&#8243; _module_preset=&#8220;default&#8220; link_option_url=&#8220;#echo&#8220; global_colors_info=&#8220;{}&#8220;][et_pb_image src=&#8220;https:\/\/festivaldemusicavisualdelanzarote.com\/wp-content\/uploads\/2024\/07\/echo.jpg&#8220; title_text=&#8220;echo&#8220; url=&#8220;#&#8220; use_overlay=&#8220;on&#8220; overlay_icon_color=&#8220;#FFFFFF&#8220; _builder_version=&#8220;4.27.0&#8243; _module_preset=&#8220;default&#8220; background_enable_color=&#8220;off&#8220; filter_brightness_last_edited=&#8220;off|desktop&#8220; global_colors_info=&#8220;{}&#8220; filter_brightness__hover_enabled=&#8220;off|hover&#8220;][\/et_pb_image][et_pb_text _builder_version=&#8220;4.27.0&#8243; _module_preset=&#8220;default&#8220; text_font=&#8220;|300|||||||&#8220; text_text_color=&#8220;#FFFFFF&#8220; text_font_size=&#8220;16px&#8220; text_letter_spacing=&#8220;1px&#8220; custom_margin=&#8220;||15px|||&#8220; global_colors_info=&#8220;{}&#8220;]<\/p>\n<p><strong>19 Okt<\/strong> | 20.00h<\/p>\n<p>[\/et_pb_text][et_pb_text _builder_version=&#8220;4.27.0&#8243; _module_preset=&#8220;default&#8220; text_font=&#8220;Along Black|800||on|||||&#8220; text_text_color=&#8220;#FFFFFF&#8220; text_font_size=&#8220;50px&#8220; text_letter_spacing=&#8220;1px&#8220; text_line_height=&#8220;1.1em&#8220; header_2_font=&#8220;Along Black||||||||&#8220; header_2_text_color=&#8220;#FFFFFF&#8220; header_2_font_size=&#8220;48px&#8220; custom_margin=&#8220;||8px|||&#8220; header_2_font_size_tablet=&#8220;50px&#8220; header_2_font_size_phone=&#8220;35px&#8220; header_2_font_size_last_edited=&#8220;on|phone&#8220; global_colors_info=&#8220;{}&#8220;]<\/p>\n<h2><strong>ECHO-KOLLEKTIV<\/strong><\/h2>\n<p>[\/et_pb_text][et_pb_text _builder_version=&#8220;4.27.0&#8243; _module_preset=&#8220;default&#8220; text_font=&#8220;Along Black|800||on|||||&#8220; text_text_color=&#8220;#FFFFFF&#8220; text_font_size=&#8220;50px&#8220; text_letter_spacing=&#8220;1px&#8220; text_line_height=&#8220;1.1em&#8220; header_2_font=&#8220;Along Black||||||||&#8220; header_2_text_color=&#8220;#FFFFFF&#8220; header_2_font_size=&#8220;50px&#8220; header_3_font=&#8220;Along Black||||||||&#8220; header_3_text_color=&#8220;#FFFFFF&#8220; header_3_font_size=&#8220;25px&#8220; custom_margin=&#8220;||17px|||&#8220; header_3_font_size_tablet=&#8220;25px&#8220; header_3_font_size_phone=&#8220;20px&#8220; header_3_font_size_last_edited=&#8220;on|phone&#8220; global_colors_info=&#8220;{}&#8220;]<\/p>\n<h3>spielt Amnesiac<\/h3>\n<p>[\/et_pb_text][et_pb_text _builder_version=&#8220;4.27.0&#8243; _module_preset=&#8220;default&#8220; text_font=&#8220;|300|||||||&#8220; text_text_color=&#8220;#FFFFFF&#8220; text_letter_spacing=&#8220;1px&#8220; text_font_size_tablet=&#8220;&#8220; text_font_size_phone=&#8220;10px&#8220; text_font_size_last_edited=&#8220;on|phone&#8220; global_colors_info=&#8220;{}&#8220;]<\/p>\n<p><img loading=\"lazy\" decoding=\"async\" src=\"https:\/\/festivaldemusicavisualdelanzarote.com\/wp-content\/uploads\/2024\/07\/point-225x300.png\" width=\"15\" height=\"20\" alt=\"\" class=\"wp-image-6673 alignnone size-medium\" srcset=\"https:\/\/festivaldemusicavisualdelanzarote.com\/wp-content\/uploads\/2024\/07\/point-225x300.png 225w, https:\/\/festivaldemusicavisualdelanzarote.com\/wp-content\/uploads\/2024\/07\/point.png 384w\" sizes=\"(max-width: 15px) 100vw, 15px\" \/><img loading=\"lazy\" decoding=\"async\" src=\"https:\/\/festivaldemusicavisualdelanzarote.com\/wp-content\/uploads\/2024\/07\/ticket.png\" width=\"14\" height=\"21\" alt=\"\" class=\"wp-image-6677 alignnone size-full\"> Jameos del Agua Auditorium 15 <span>.00\u20ac<\/span>.<\/p>\n<p>[\/et_pb_text][\/et_pb_column][\/et_pb_row][et_pb_row _builder_version=&#8220;4.27.0&#8243; _module_preset=&#8220;default&#8220; global_colors_info=&#8220;{}&#8220;][et_pb_column type=&#8220;4_4&#8243; _builder_version=&#8220;4.27.0&#8243; _module_preset=&#8220;default&#8220; global_colors_info=&#8220;{}&#8220;][et_pb_image src=&#8220;https:\/\/festivaldemusicavisualdelanzarote.com\/wp-content\/uploads\/2024\/09\/logos-FMVL-2.png&#8220; title_text=&#8220;Logos&#8220; _builder_version=&#8220;4.27.0&#8243; _module_preset=&#8220;default&#8220; hover_enabled=&#8220;0&#8243; global_colors_info=&#8220;{}&#8220; sticky_enabled=&#8220;0&#8243;][\/et_pb_image][\/et_pb_column][\/et_pb_row][\/et_pb_section][et_pb_section fb_built=&#8220;1&#8243; admin_label=&#8220;Popup &#8211; #carson&#8220; module_id=&#8220;carson&#8220; module_class=&#8220;popup single&#8220; _builder_version=&#8220;4.27.0&#8243; _module_preset=&#8220;default&#8220; width=&#8220;65%&#8220; width_tablet=&#8220;100%&#8220; width_phone=&#8220;100%&#8220; width_last_edited=&#8220;on|phone&#8220; da_is_popup=&#8220;on&#8220; da_popup_slug=&#8220;carson&#8220; da_is_singular=&#8220;on&#8220; da_disable_devices=&#8220;off|off|off&#8220; border_radii=&#8220;on|26px|26px|26px|26px&#8220; global_colors_info=&#8220;{}&#8220; da_exit_intent=&#8220;off&#8220; da_has_close=&#8220;on&#8220; da_alt_close=&#8220;off&#8220; da_dark_close=&#8220;off&#8220; da_not_modal=&#8220;on&#8220; da_with_loader=&#8220;off&#8220; da_has_shadow=&#8220;on&#8220;][et_pb_row column_structure=&#8220;3_4,1_4&#8243; use_custom_gutter=&#8220;on&#8220; gutter_width=&#8220;2&#8243; _builder_version=&#8220;4.21.0&#8243; _module_preset=&#8220;default&#8220; width=&#8220;90%&#8220; max_width=&#8220;100%&#8220; global_colors_info=&#8220;{}&#8220;][et_pb_column type=&#8220;3_4&#8243; _builder_version=&#8220;4.21.0&#8243; _module_preset=&#8220;default&#8220; global_colors_info=&#8220;{}&#8220;][et_pb_image src=&#8220;https:\/\/festivaldemusicavisualdelanzarote.com\/wp-content\/uploads\/2024\/07\/CABIN-MUSIC.jpg&#8220; title_text=&#8220;CABIN-MUSIC&#8220; _builder_version=&#8220;4.27.0&#8243; _module_preset=&#8220;default&#8220; global_colors_info=&#8220;{}&#8220;][\/et_pb_image][et_pb_text _builder_version=&#8220;4.27.0&#8243; _module_preset=&#8220;default&#8220; text_font=&#8220;|300|||||||&#8220; text_text_color=&#8220;#000000&#8243; text_font_size=&#8220;22px&#8220; text_letter_spacing=&#8220;1px&#8220; global_colors_info=&#8220;{}&#8220;]<\/p>\n<p><strong>9 OKT |<\/strong> 20:00HS <strong>KINO<\/strong><\/p>\n<p>[\/et_pb_text][et_pb_text _builder_version=&#8220;4.27.0&#8243; _module_preset=&#8220;default&#8220; text_font=&#8220;Along Black|800||on|||||&#8220; text_text_color=&#8220;#FFFFFF&#8220; text_font_size=&#8220;50px&#8220; text_letter_spacing=&#8220;1px&#8220; text_line_height=&#8220;1.1em&#8220; header_2_font=&#8220;Along Black||||||||&#8220; header_2_text_color=&#8220;#102736&#8243; header_2_font_size=&#8220;50px&#8220; custom_margin=&#8220;||8px|||&#8220; header_2_font_size_tablet=&#8220;50px&#8220; header_2_font_size_phone=&#8220;35px&#8220; header_2_font_size_last_edited=&#8220;on|phone&#8220; global_colors_info=&#8220;{}&#8220;]<\/p>\n<h2>CABIN MUSIC<\/h2>\n<p>[\/et_pb_text][et_pb_text _builder_version=&#8220;4.27.0&#8243; _module_preset=&#8220;default&#8220; text_font=&#8220;Along Black|800||on|||||&#8220; text_text_color=&#8220;#FFFFFF&#8220; text_font_size=&#8220;50px&#8220; text_letter_spacing=&#8220;1px&#8220; text_line_height=&#8220;1.1em&#8220; header_2_font=&#8220;Along Black||||||||&#8220; header_2_text_color=&#8220;#FFFFFF&#8220; header_2_font_size=&#8220;50px&#8220; header_3_font=&#8220;Along Black||||||||&#8220; header_3_text_color=&#8220;#102736&#8243; header_3_font_size=&#8220;30px&#8220; custom_margin=&#8220;||2px|||&#8220; header_3_font_size_tablet=&#8220;30px&#8220; header_3_font_size_phone=&#8220;20px&#8220; header_3_font_size_last_edited=&#8220;on|phone&#8220; global_colors_info=&#8220;{}&#8220;]<\/p>\n<h3>von James Carson<\/h3>\n<p>[\/et_pb_text][et_pb_text _builder_version=&#8220;4.27.0&#8243; _module_preset=&#8220;default&#8220; text_font=&#8220;Along Regular|||on|||||&#8220; text_text_color=&#8220;#102736&#8243; text_font_size=&#8220;22px&#8220; text_letter_spacing=&#8220;1px&#8220; text_line_height=&#8220;1.1em&#8220; header_2_font=&#8220;Along Black||||||||&#8220; header_2_text_color=&#8220;#FFFFFF&#8220; header_2_font_size=&#8220;50px&#8220; header_3_font=&#8220;Along Black||||||||&#8220; header_3_text_color=&#8220;#102736&#8243; header_3_font_size=&#8220;30px&#8220; custom_margin=&#8220;||17px|||&#8220; text_font_size_tablet=&#8220;22px&#8220; text_font_size_phone=&#8220;14px&#8220; text_font_size_last_edited=&#8220;on|phone&#8220; header_3_font_size_tablet=&#8220;30px&#8220; header_3_font_size_phone=&#8220;20px&#8220; header_3_font_size_last_edited=&#8220;on|phone&#8220; global_colors_info=&#8220;{}&#8220;]<\/p>\n<p>2022 \/ USA-Kanada \/ 74 Minuten<\/p>\n<p>[\/et_pb_text][et_pb_text content_tablet=&#8220;<\/p>\n<p><img src=%22https:\/\/festivaldemusicavisualdelanzarote.com\/wp-content\/uploads\/2024\/07\/point2-225x300.png%22 width=%2218%22 height=%2224%22 alt=%22%22 class=%22wp-image-6696 alignnone size-medium%22> <img src=%22https:\/\/festivaldemusicavisualdelanzarote.com\/wp-content\/uploads\/2024\/07\/ticket2.png%22 width=%2216%22 height=%2224%22 alt=%22%22 class=%22wp-image-6692 alignnone size-full%22> B<strong>u\u00f1uel-Saal :<\/strong> CIC El Almac\u00e9n 3.00\u20ac.<\/p>\n<p>&#8220; content_phone=&#8220;<\/p>\n<p><img src=%22https:\/\/festivaldemusicavisualdelanzarote.com\/wp-content\/uploads\/2024\/07\/point2-225x300.png%22 width=%2218%22 height=%2224%22 alt=%22%22 class=%22wp-image-6696 alignnone size-medium%22> <strong>Bu\u00f1uel-Saal |<\/strong> CIC El Almac\u00e9n  <\/p>\n<p> <img src=%22https:\/\/festivaldemusicavisualdelanzarote.com\/wp-content\/uploads\/2024\/07\/ticket2.png%22 width=%2216%22 height=%2224%22 alt=%22%22 class=%22wp-image-6692 alignnone size-full%22>  3.00\u20ac<\/p>\n<p>&#8220; content_last_edited=&#8220;off|desktop&#8220; _builder_version=&#8220;4.27.0&#8243; _module_preset=&#8220;default&#8220; text_font=&#8220;|300|||||||&#8220; text_text_color=&#8220;#102736&#8243; text_font_size=&#8220;20px&#8220; text_letter_spacing=&#8220;1px&#8220; text_font_size_tablet=&#8220;20px&#8220; text_font_size_phone=&#8220;15px&#8220; text_font_size_last_edited=&#8220;on|phone&#8220; global_colors_info=&#8220;{}&#8220;]<\/p>\n<p><img loading=\"lazy\" decoding=\"async\" src=\"https:\/\/festivaldemusicavisualdelanzarote.com\/wp-content\/uploads\/2024\/07\/point2-225x300.png\" width=\"18\" height=\"24\" alt=\"\" class=\"wp-image-6696 alignnone size-medium\" srcset=\"https:\/\/festivaldemusicavisualdelanzarote.com\/wp-content\/uploads\/2024\/07\/point2-225x300.png 225w, https:\/\/festivaldemusicavisualdelanzarote.com\/wp-content\/uploads\/2024\/07\/point2.png 384w\" sizes=\"(max-width: 18px) 100vw, 18px\" \/>  <strong>Bu\u00f1uel-Saal |<\/strong> CIC El Almac\u00e9n  <\/p>\n<p><img loading=\"lazy\" decoding=\"async\" src=\"https:\/\/festivaldemusicavisualdelanzarote.com\/wp-content\/uploads\/2024\/07\/ticket2.png\" width=\"16\" height=\"24\" alt=\"\" class=\"wp-image-6692 alignnone size-full\">  3.00\u20ac<\/p>\n<p>[\/et_pb_text][et_pb_text _builder_version=&#8220;4.27.0&#8243; _module_preset=&#8220;default&#8220; text_font=&#8220;Montserrat||||||||&#8220; text_text_color=&#8220;#000000&#8243; global_colors_info=&#8220;{}&#8220;]<\/p>\n<p>Als eine spirituelle Krise ihn dazu veranlasst, die Zw\u00e4nge des Konservatoriums zu verlassen, begibt sich der Pianist und Filmemacher James Carson auf eine Reise der Evolution und entdeckt neue Verbindungen zwischen der Musik und der nat\u00fcrlichen Welt. Seine Reisen von Spanien bis Japan gipfeln in einer H\u00fctte, die er in der kanadischen Wildnis baut, wo seine Erfahrungen zu einer neuen Form verschmelzen. Hier, weit weg von allem, entsteht eine neue Form der Musik.  <\/p>\n<p>Cabin Music ist ein genre\u00fcbergreifendes, lyrisches Fest f\u00fcr die Sinne, ein Zeugnis der doppelten, transzendenten Kraft von Musik und Natur.<\/p>\n<p><strong>Preis f\u00fcr den besten Schnitt &#8211; Salem Film Fest 2023<\/strong><\/p>\n<p>[\/et_pb_text][et_pb_text _builder_version=&#8220;4.27.0&#8243; _module_preset=&#8220;default&#8220; text_font=&#8220;&#8211;et_global_body_font||||||||&#8220; text_text_color=&#8220;#000000&#8243; text_font_size=&#8220;16px&#8220; global_colors_info=&#8220;{}&#8220;]<\/p>\n<p><strong>Offizieller Trailer<\/strong><\/p>\n<p><span><a href=\"https:\/\/www.youtube.com\/watch?v=pbICUyK_VIk\"><em>https:\/\/www.youtube.com\/watch?v=pbICUyK_VIk<\/em><\/a><\/span><\/p>\n<p><strong><em>Kabinenmusik<\/em> anh\u00f6ren<\/strong><\/p>\n<p><iframe title=\"Spotify Embed: Cabin Music\" style=\"border-radius: 12px\" width=\"100%\" height=\"352\" frameborder=\"0\" allowfullscreen allow=\"autoplay; clipboard-write; encrypted-media; fullscreen; picture-in-picture\" loading=\"lazy\" src=\"https:\/\/open.spotify.com\/embed\/artist\/2HjGmp3Iih5uU0CxTp2TYr?si=An_fbNMFScC4J_xvFi9P5Q&#038;utm_source=oembed\"><\/iframe><\/p>\n<p>[\/et_pb_text][\/et_pb_column][et_pb_column type=&#8220;1_4&#8243; _builder_version=&#8220;4.21.0&#8243; _module_preset=&#8220;default&#8220; global_colors_info=&#8220;{}&#8220;][et_pb_image src=&#8220;https:\/\/festivaldemusicavisualdelanzarote.com\/wp-content\/uploads\/2024\/07\/logo-vertical.png&#8220; title_text=&#8220;vertikales Logo&#8220; disabled_on=&#8220;on|on|off&#8220; _builder_version=&#8220;4.27.0&#8243; _module_preset=&#8220;default&#8220; width=&#8220;46%&#8220; width_tablet=&#8220;&#8220; width_phone=&#8220;40%&#8220; width_last_edited=&#8220;on|phone&#8220; module_alignment=&#8220;right&#8220; global_colors_info=&#8220;{}&#8220;][\/et_pb_image][\/et_pb_column][\/et_pb_row][et_pb_row column_structure=&#8220;1_3,1_3,1_3&#8243; use_custom_gutter=&#8220;on&#8220; gutter_width=&#8220;2&#8243; make_equal=&#8220;on&#8220; _builder_version=&#8220;4.27.0&#8243; _module_preset=&#8220;default&#8220; width=&#8220;90%&#8220; max_width=&#8220;100%&#8220; global_colors_info=&#8220;{}&#8220;][et_pb_column type=&#8220;1_3&#8243; module_class=&#8220;ds-vertical-align&#8220; _builder_version=&#8220;4.27.0&#8243; _module_preset=&#8220;default&#8220; global_colors_info=&#8220;{}&#8220;][et_pb_button button_url=&#8220;https:\/\/culturalanzarote.sacatuentrada.es\/es\/entradas\/cabin-music\/2024-10-09&#8243; url_new_window=&#8220;on&#8220; button_text=&#8220;TICKET KAUFEN&#8220; _builder_version=&#8220;4.27.0&#8243; _module_preset=&#8220;default&#8220; custom_button=&#8220;on&#8220; button_text_size=&#8220;16px&#8220; button_text_color=&#8220;#FFFFFF&#8220; button_bg_color=&#8220;#102736&#8243; button_border_width=&#8220;0px&#8220; button_border_radius=&#8220;0px&#8220; button_letter_spacing=&#8220;1px&#8220; button_font=&#8220;|700|||||||&#8220; global_colors_info=&#8220;{}&#8220;][\/et_pb_button][\/et_pb_column][et_pb_column type=&#8220;1_3&#8243; module_class=&#8220;ds-vertical-align&#8220; _builder_version=&#8220;4.27.0&#8243; _module_preset=&#8220;default&#8220; global_colors_info=&#8220;{}&#8220;][et_pb_social_media_follow icon_color=&#8220;#102736&#8243; use_icon_font_size=&#8220;on&#8220; icon_font_size=&#8220;14px&#8220; _builder_version=&#8220;4.27.0&#8243; _module_preset=&#8220;default&#8220; global_colors_info=&#8220;{}&#8220;][et_pb_social_media_follow_network social_network=&#8220;facebook&#8220; url=&#8220;https:\/\/web.facebook.com\/FestivaldeMusicaVisualdeLanzarote\/?_rdc=1&amp;_rdr&#8220; icon_color=&#8220;#102736&#8243; _builder_version=&#8220;4.27.0&#8243; _module_preset=&#8220;default&#8220; background_color=&#8220;#FFFFFF&#8220; background_enable_color=&#8220;on&#8220; border_radii=&#8220;on|497px|497px|497px|497px&#8220; border_width_all=&#8220;2px&#8220; border_color_all=&#8220;#102736&#8243; global_colors_info=&#8220;{}&#8220; follow_button=&#8220;off&#8220; url_new_window=&#8220;on&#8220;]Facebook[\/et_pb_social_media_follow_network][et_pb_social_media_follow_network social_network=&#8220;instagram&#8220; url=&#8220;https:\/\/www.instagram.com\/festivalmusicavisuallzt\/&#8220; icon_color=&#8220;#102736&#8243; _builder_version=&#8220;4.27.0&#8243; _module_preset=&#8220;default&#8220; background_color=&#8220;#FFFFFF&#8220; background_enable_color=&#8220;on&#8220; border_radii=&#8220;on|497px|497px|497px|497px&#8220; border_width_all=&#8220;2px&#8220; border_color_all=&#8220;#102736&#8243; global_colors_info=&#8220;{}&#8220; follow_button=&#8220;off&#8220; url_new_window=&#8220;on&#8220;]instagram[\/et_pb_social_media_follow_network][\/et_pb_social_media_follow][\/et_pb_column][et_pb_column type=&#8220;1_3&#8243; module_class=&#8220;ds-vertical-align&#8220; _builder_version=&#8220;4.27.0&#8243; _module_preset=&#8220;default&#8220; global_colors_info=&#8220;{}&#8220;][et_pb_icon font_icon=&#8220;&#x45;||divi||400&#8243; icon_color=&#8220;#102736&#8243; url=&#8220;#alonso&#8220; align=&#8220;right&#8220; _builder_version=&#8220;4.27.0&#8243; _module_preset=&#8220;default&#8220; position_origin_a=&#8220;bottom_right&#8220; position_origin_f=&#8220;top_center&#8220; position_origin_r=&#8220;bottom_right&#8220; global_colors_info=&#8220;{}&#8220;][\/et_pb_icon][\/et_pb_column][\/et_pb_row][\/et_pb_section][et_pb_section fb_built=&#8220;1&#8243; admin_label=&#8220;Popup &#8211; #alonso&#8220; module_id=&#8220;alonso&#8220; module_class=&#8220;popup single&#8220; _builder_version=&#8220;4.27.0&#8243; _module_preset=&#8220;default&#8220; width=&#8220;65%&#8220; width_tablet=&#8220;100%&#8220; width_phone=&#8220;100%&#8220; width_last_edited=&#8220;on|phone&#8220; da_is_popup=&#8220;on&#8220; da_popup_slug=&#8220;alonso&#8220; da_is_singular=&#8220;on&#8220; da_disable_devices=&#8220;off|off|off&#8220; border_radii=&#8220;on|26px|26px|26px|26px&#8220; global_colors_info=&#8220;{}&#8220; da_exit_intent=&#8220;off&#8220; da_has_close=&#8220;on&#8220; da_alt_close=&#8220;off&#8220; da_dark_close=&#8220;off&#8220; da_not_modal=&#8220;on&#8220; da_with_loader=&#8220;off&#8220; da_has_shadow=&#8220;on&#8220;][et_pb_row column_structure=&#8220;3_4,1_4&#8243; use_custom_gutter=&#8220;on&#8220; gutter_width=&#8220;2&#8243; _builder_version=&#8220;4.21.0&#8243; _module_preset=&#8220;default&#8220; width=&#8220;90%&#8220; max_width=&#8220;100%&#8220; global_colors_info=&#8220;{}&#8220;][et_pb_column type=&#8220;3_4&#8243; _builder_version=&#8220;4.21.0&#8243; _module_preset=&#8220;default&#8220; global_colors_info=&#8220;{}&#8220;][et_pb_image src=&#8220;https:\/\/festivaldemusicavisualdelanzarote.com\/wp-content\/uploads\/2024\/07\/Hara-Alonso.jpg&#8220; title_text=&#8220;Hara-Alonso&#8220; _builder_version=&#8220;4.27.0&#8243; _module_preset=&#8220;default&#8220; global_colors_info=&#8220;{}&#8220;][\/et_pb_image][et_pb_text _builder_version=&#8220;4.27.0&#8243; _module_preset=&#8220;default&#8220; text_font=&#8220;|300|||||||&#8220; text_text_color=&#8220;#000000&#8243; text_font_size=&#8220;22px&#8220; text_letter_spacing=&#8220;1px&#8220; global_colors_info=&#8220;{}&#8220;]<\/p>\n<p><strong>10 OKT |<\/strong> 20:00H<\/p>\n<p>[\/et_pb_text][et_pb_text _builder_version=&#8220;4.27.0&#8243; _module_preset=&#8220;default&#8220; text_font=&#8220;Along Black|800||on|||||&#8220; text_text_color=&#8220;#FFFFFF&#8220; text_font_size=&#8220;50px&#8220; text_letter_spacing=&#8220;1px&#8220; text_line_height=&#8220;1.1em&#8220; header_2_font=&#8220;Along Black||||||||&#8220; header_2_text_color=&#8220;#102736&#8243; header_2_font_size=&#8220;50px&#8220; custom_margin=&#8220;||8px|||&#8220; header_2_font_size_tablet=&#8220;50px&#8220; header_2_font_size_phone=&#8220;35px&#8220; header_2_font_size_last_edited=&#8220;on|phone&#8220; global_colors_info=&#8220;{}&#8220;]<\/p>\n<h2><strong>TOUCH-ME-NOT  <\/strong><\/h2>\n<p>[\/et_pb_text][et_pb_text _builder_version=&#8220;4.27.0&#8243; _module_preset=&#8220;default&#8220; text_font=&#8220;Along Black|800||on|||||&#8220; text_text_color=&#8220;#FFFFFF&#8220; text_font_size=&#8220;50px&#8220; text_letter_spacing=&#8220;1px&#8220; text_line_height=&#8220;1.1em&#8220; header_2_font=&#8220;Along Black||||||||&#8220; header_2_text_color=&#8220;#FFFFFF&#8220; header_2_font_size=&#8220;50px&#8220; header_3_font=&#8220;Along Black||||||||&#8220; header_3_text_color=&#8220;#102736&#8243; header_3_font_size=&#8220;30px&#8220; custom_margin=&#8220;||2px|||&#8220; header_3_font_size_tablet=&#8220;30px&#8220; header_3_font_size_phone=&#8220;20px&#8220; header_3_font_size_last_edited=&#8220;on|phone&#8220; global_colors_info=&#8220;{}&#8220;]<\/p>\n<h3><strong>(alias Hara Alonso)<\/strong><\/h3>\n<h3><strong>Bildmaterial von Miguel G. Morales<\/strong><\/h3>\n<p>[\/et_pb_text][et_pb_text _builder_version=&#8220;4.27.0&#8243; _module_preset=&#8220;default&#8220; text_font=&#8220;Along Regular|||on|||||&#8220; text_text_color=&#8220;#102736&#8243; text_font_size=&#8220;22px&#8220; text_letter_spacing=&#8220;1px&#8220; text_line_height=&#8220;1.1em&#8220; header_2_font=&#8220;Along Black||||||||&#8220; header_2_text_color=&#8220;#FFFFFF&#8220; header_2_font_size=&#8220;50px&#8220; header_3_font=&#8220;Along Black||||||||&#8220; header_3_text_color=&#8220;#102736&#8243; header_3_font_size=&#8220;30px&#8220; custom_margin=&#8220;||17px|||&#8220; text_font_size_tablet=&#8220;22px&#8220; text_font_size_phone=&#8220;14px&#8220; text_font_size_last_edited=&#8220;on|phone&#8220; header_3_font_size_tablet=&#8220;30px&#8220; header_3_font_size_phone=&#8220;20px&#8220; header_3_font_size_last_edited=&#8220;on|phone&#8220; global_colors_info=&#8220;{}&#8220;]<\/p>\n<p>[&#8230;] elektrisiert vom Verlangen, so dass sie sich nicht ber\u00fchren&#8220;.<\/p>\n<p>Anne Carson, Das Bitters\u00fc\u00dfe<\/p>\n<p>[\/et_pb_text][et_pb_text content_tablet=&#8220;<\/p>\n<p><img src=%22https:\/\/festivaldemusicavisualdelanzarote.com\/wp-content\/uploads\/2024\/07\/point2-225x300.png%22 width=%2218%22 height=%2224%22 alt=%22%22 class=%22wp-image-6696 alignnone size-medium%22> <img src=%22https:\/\/festivaldemusicavisualdelanzarote.com\/wp-content\/uploads\/2024\/07\/ticket2.png%22 width=%2216%22 height=%2224%22 alt=%22%22 class=%22wp-image-6692 alignnone size-full%22> B<strong>u\u00f1uel-Saal :<\/strong> CIC El Almac\u00e9n 10.00\u20ac.<\/p>\n<p>&#8220; content_phone=&#8220;<\/p>\n<p><img src=%22https:\/\/festivaldemusicavisualdelanzarote.com\/wp-content\/uploads\/2024\/07\/point2-225x300.png%22 width=%2218%22 height=%2224%22 alt=%22%22 class=%22wp-image-6696 alignnone size-medium%22> <strong>Bu\u00f1uel-Saal |<\/strong> CIC El Almac\u00e9n  <\/p>\n<p> <img src=%22https:\/\/festivaldemusicavisualdelanzarote.com\/wp-content\/uploads\/2024\/07\/ticket2.png%22 width=%2216%22 height=%2224%22 alt=%22%22 class=%22wp-image-6692 alignnone size-full%22>  3.00\u20ac<\/p>\n<p>&#8220; content_last_edited=&#8220;off|desktop&#8220; _builder_version=&#8220;4.27.0&#8243; _module_preset=&#8220;default&#8220; text_font=&#8220;|300|||||||&#8220; text_text_color=&#8220;#102736&#8243; text_font_size=&#8220;20px&#8220; text_letter_spacing=&#8220;1px&#8220; text_font_size_tablet=&#8220;20px&#8220; text_font_size_phone=&#8220;15px&#8220; text_font_size_last_edited=&#8220;on|phone&#8220; global_colors_info=&#8220;{}&#8220;]<\/p>\n<p><img loading=\"lazy\" decoding=\"async\" src=\"https:\/\/festivaldemusicavisualdelanzarote.com\/wp-content\/uploads\/2024\/07\/point2-225x300.png\" width=\"18\" height=\"24\" alt=\"\" class=\"wp-image-6696 alignnone size-medium\" srcset=\"https:\/\/festivaldemusicavisualdelanzarote.com\/wp-content\/uploads\/2024\/07\/point2-225x300.png 225w, https:\/\/festivaldemusicavisualdelanzarote.com\/wp-content\/uploads\/2024\/07\/point2.png 384w\" sizes=\"(max-width: 18px) 100vw, 18px\" \/>  <strong>Bu\u00f1uel-Saal |<\/strong> CIC El Almac\u00e9n  <\/p>\n<p><img loading=\"lazy\" decoding=\"async\" src=\"https:\/\/festivaldemusicavisualdelanzarote.com\/wp-content\/uploads\/2024\/07\/ticket2.png\" width=\"16\" height=\"24\" alt=\"\" class=\"wp-image-6692 alignnone size-full\">  10.00\u20ac<\/p>\n<p>[\/et_pb_text][et_pb_text _builder_version=&#8220;4.27.0&#8243; _module_preset=&#8220;default&#8220; text_font=&#8220;Montserrat||||||||&#8220; text_text_color=&#8220;#000000&#8243; global_colors_info=&#8220;{}&#8220;]<\/p>\n<p><strong><em>ber\u00fchren<\/em><\/strong><strong><em>-me-not<\/em><\/strong> entsteht als Reflexion \u00fcber die Beziehung zwischen der Haut und dem, was sie umgibt: eine Oberfl\u00e4che, das Meer, eine getrocknete Blume. Indem sie Klang als Materie erf\u00e4hrt, die den K\u00f6rper als Gewicht und Textur durchdringt, wird die Haut zum Wandler. Durch eine tiefe H\u00f6rerfahrung f\u00fchrt Hara Alonso das Publikum in eine Collage aus Feldaufnahmen, ASMR, Klavier und nostalgischen Synthesizern ein, die zwischen hypersensibler Intimit\u00e4t und dichten emotionalen Schichten oszilliert.  <\/p>\n<p><strong>Hara Alonso<\/strong> ist eine in Stockholm lebende Pianistin, Komponistin und Klangk\u00fcnstlerin. Ihr kompositorischer Prozess basiert auf K\u00f6rpererfahrungen, wobei sie multisensorische Praktiken, Erinnerung, Raum und Vorstellungskraft als Instrumente f\u00fcr die Klanggestaltung erforscht. Ihre Musik wurde auf vielen Festivals als Ensemble, Solistin, Klanginstallation und elektroakustische Musik pr\u00e4sentiert.  <\/p>\n<p><strong>Miguel G. Morales<\/strong> ist ein unabh\u00e4ngiger Filmemacher. Seine Arbeit bewegt sich am Rande der Sachliteratur und hat einen starken dokumentarischen, investigativen und essayistischen Charakter. <\/p>\n<p><strong>Hara Alonso<\/strong>: Klavier und Elektronik<\/p>\n<p><strong>Miguel G. Morales<\/strong>: Bildmaterial<\/p>\n<p><strong>Ellen Soderhult:<\/strong> Stimme<\/p>\n<p><em><\/em><\/p>\n<p>[\/et_pb_text][et_pb_text _builder_version=&#8220;4.27.0&#8243; _module_preset=&#8220;default&#8220; text_font=&#8220;&#8211;et_global_body_font||||||||&#8220; text_text_color=&#8220;#000000&#8243; text_font_size=&#8220;16px&#8220; global_colors_info=&#8220;{}&#8220;]<\/p>\n<p><strong>Webseite<\/strong><\/p>\n<p><span><a href=\"https:\/\/haraalonso.com\/\">https:\/\/haraalonso.com\/<\/a><\/span><\/p>\n<p><strong>Videos<\/strong><\/p>\n<p><span><a href=\"https:\/\/www.youtube.com\/watch?v=mDVLr93p4os\">https:\/\/www.youtube.com\/watch?v=mDVLr93p4os<\/a><\/span><\/p>\n<p><strong>H\u00f6ren Sie<\/strong> <em>Hara Alonso<\/em><\/p>\n<p><span><a href=\"https:\/\/open.spotify.com\/artist\/4eQRBa0rDiIn1qsWegcM1i?si=BacaTCH8SWmNnA7LPh5Dvw\">https:\/\/open.spotify.com\/artist\/4eQRBa0rDiIn1qsWegcM1i?si=BacaTCH8SWmNnA7LPh5Dvw<\/a><\/span><\/p>\n<p>[\/et_pb_text][\/et_pb_column][et_pb_column type=&#8220;1_4&#8243; _builder_version=&#8220;4.21.0&#8243; _module_preset=&#8220;default&#8220; global_colors_info=&#8220;{}&#8220;][et_pb_image src=&#8220;https:\/\/festivaldemusicavisualdelanzarote.com\/wp-content\/uploads\/2024\/07\/logo-vertical.png&#8220; title_text=&#8220;vertikales Logo&#8220; disabled_on=&#8220;on|on|off&#8220; _builder_version=&#8220;4.27.0&#8243; _module_preset=&#8220;default&#8220; width=&#8220;46%&#8220; width_tablet=&#8220;&#8220; width_phone=&#8220;40%&#8220; width_last_edited=&#8220;on|phone&#8220; module_alignment=&#8220;right&#8220; global_colors_info=&#8220;{}&#8220;][\/et_pb_image][\/et_pb_column][\/et_pb_row][et_pb_row column_structure=&#8220;1_3,1_3,1_3&#8243; use_custom_gutter=&#8220;on&#8220; gutter_width=&#8220;2&#8243; make_equal=&#8220;on&#8220; _builder_version=&#8220;4.27.0&#8243; _module_preset=&#8220;default&#8220; width=&#8220;90%&#8220; max_width=&#8220;100%&#8220; global_colors_info=&#8220;{}&#8220;][et_pb_column type=&#8220;1_3&#8243; module_class=&#8220;ds-vertical-align&#8220; _builder_version=&#8220;4.27.0&#8243; _module_preset=&#8220;default&#8220; global_colors_info=&#8220;{}&#8220;][et_pb_button button_url=&#8220;https:\/\/culturalanzarote.sacatuentrada.es\/es\/entradas\/touch-me-not-aka-hara-alonso-\/2024-10-10&#8243; url_new_window=&#8220;on&#8220; button_text=&#8220;TICKET KAUFEN&#8220; _builder_version=&#8220;4.27.0&#8243; _module_preset=&#8220;default&#8220; custom_button=&#8220;on&#8220; button_text_size=&#8220;16px&#8220; button_text_color=&#8220;#FFFFFF&#8220; button_bg_color=&#8220;#102736&#8243; button_border_width=&#8220;0px&#8220; button_border_radius=&#8220;0px&#8220; button_letter_spacing=&#8220;1px&#8220; button_font=&#8220;|700|||||||&#8220; global_colors_info=&#8220;{}&#8220;][\/et_pb_button][\/et_pb_column][et_pb_column type=&#8220;1_3&#8243; module_class=&#8220;ds-vertical-align&#8220; _builder_version=&#8220;4.27.0&#8243; _module_preset=&#8220;default&#8220; global_colors_info=&#8220;{}&#8220;][et_pb_social_media_follow icon_color=&#8220;#102736&#8243; use_icon_font_size=&#8220;on&#8220; icon_font_size=&#8220;14px&#8220; _builder_version=&#8220;4.27.0&#8243; _module_preset=&#8220;default&#8220; global_colors_info=&#8220;{}&#8220;][et_pb_social_media_follow_network social_network=&#8220;facebook&#8220; url=&#8220;https:\/\/web.facebook.com\/FestivaldeMusicaVisualdeLanzarote\/?_rdc=1&amp;_rdr&#8220; icon_color=&#8220;#102736&#8243; _builder_version=&#8220;4.27.0&#8243; _module_preset=&#8220;default&#8220; background_color=&#8220;#FFFFFF&#8220; background_enable_color=&#8220;on&#8220; border_radii=&#8220;on|497px|497px|497px|497px&#8220; border_width_all=&#8220;2px&#8220; border_color_all=&#8220;#102736&#8243; global_colors_info=&#8220;{}&#8220; follow_button=&#8220;off&#8220; url_new_window=&#8220;on&#8220;]Facebook[\/et_pb_social_media_follow_network][et_pb_social_media_follow_network social_network=&#8220;instagram&#8220; url=&#8220;https:\/\/www.instagram.com\/festivalmusicavisuallzt\/&#8220; icon_color=&#8220;#102736&#8243; _builder_version=&#8220;4.27.0&#8243; _module_preset=&#8220;default&#8220; background_color=&#8220;#FFFFFF&#8220; background_enable_color=&#8220;on&#8220; border_radii=&#8220;on|497px|497px|497px|497px&#8220; border_width_all=&#8220;2px&#8220; border_color_all=&#8220;#102736&#8243; global_colors_info=&#8220;{}&#8220; follow_button=&#8220;off&#8220; url_new_window=&#8220;on&#8220;]instagram[\/et_pb_social_media_follow_network][\/et_pb_social_media_follow][\/et_pb_column][et_pb_column type=&#8220;1_3&#8243; module_class=&#8220;ds-vertical-align&#8220; _builder_version=&#8220;4.27.0&#8243; _module_preset=&#8220;default&#8220; global_colors_info=&#8220;{}&#8220;][et_pb_icon font_icon=&#8220;&#x45;||divi||400&#8243; icon_color=&#8220;#102736&#8243; url=&#8220;#mario&#8220; align=&#8220;right&#8220; _builder_version=&#8220;4.27.0&#8243; _module_preset=&#8220;default&#8220; position_origin_a=&#8220;bottom_right&#8220; position_origin_f=&#8220;top_center&#8220; position_origin_r=&#8220;bottom_right&#8220; global_colors_info=&#8220;{}&#8220;][\/et_pb_icon][\/et_pb_column][\/et_pb_row][\/et_pb_section][et_pb_section fb_built=&#8220;1&#8243; admin_label=&#8220;Popup &#8211; #mario&#8220; module_id=&#8220;mario&#8220; module_class=&#8220;popup single&#8220; _builder_version=&#8220;4.27.0&#8243; _module_preset=&#8220;default&#8220; width=&#8220;65%&#8220; width_tablet=&#8220;100%&#8220; width_phone=&#8220;100%&#8220; width_last_edited=&#8220;on|phone&#8220; da_is_popup=&#8220;on&#8220; da_popup_slug=&#8220;mario&#8220; da_is_singular=&#8220;on&#8220; da_disable_devices=&#8220;off|off|off&#8220; border_radii=&#8220;on|26px|26px|26px|26px&#8220; global_colors_info=&#8220;{}&#8220; da_exit_intent=&#8220;off&#8220; da_has_close=&#8220;on&#8220; da_alt_close=&#8220;off&#8220; da_dark_close=&#8220;off&#8220; da_not_modal=&#8220;on&#8220; da_with_loader=&#8220;off&#8220; da_has_shadow=&#8220;on&#8220;][et_pb_row column_structure=&#8220;3_4,1_4&#8243; use_custom_gutter=&#8220;on&#8220; gutter_width=&#8220;2&#8243; _builder_version=&#8220;4.21.0&#8243; _module_preset=&#8220;default&#8220; width=&#8220;90%&#8220; max_width=&#8220;100%&#8220; global_colors_info=&#8220;{}&#8220;][et_pb_column type=&#8220;3_4&#8243; _builder_version=&#8220;4.21.0&#8243; _module_preset=&#8220;default&#8220; global_colors_info=&#8220;{}&#8220;][et_pb_image src=&#8220;https:\/\/festivaldemusicavisualdelanzarote.com\/wp-content\/uploads\/2024\/07\/mario-1.jpg&#8220; title_text=&#8220;mario&#8220; _builder_version=&#8220;4.27.0&#8243; _module_preset=&#8220;default&#8220; global_colors_info=&#8220;{}&#8220;][\/et_pb_image][et_pb_text _builder_version=&#8220;4.27.0&#8243; _module_preset=&#8220;default&#8220; text_font=&#8220;|300|||||||&#8220; text_text_color=&#8220;#000000&#8243; text_font_size=&#8220;22px&#8220; text_letter_spacing=&#8220;1px&#8220; global_colors_info=&#8220;{}&#8220;]<\/p>\n<p><strong>12 OKT |<\/strong> 20:00H<\/p>\n<p>[\/et_pb_text][et_pb_text _builder_version=&#8220;4.27.0&#8243; _module_preset=&#8220;default&#8220; text_font=&#8220;Along Black|800||on|||||&#8220; text_text_color=&#8220;#FFFFFF&#8220; text_font_size=&#8220;50px&#8220; text_letter_spacing=&#8220;1px&#8220; text_line_height=&#8220;1.1em&#8220; header_2_font=&#8220;Along Black||||||||&#8220; header_2_text_color=&#8220;#102736&#8243; header_2_font_size=&#8220;50px&#8220; custom_margin=&#8220;||8px|||&#8220; header_2_font_size_tablet=&#8220;50px&#8220; header_2_font_size_phone=&#8220;35px&#8220; header_2_font_size_last_edited=&#8220;on|phone&#8220; global_colors_info=&#8220;{}&#8220;]<\/p>\n<h2><strong>MARIO BATKOVIC<\/strong><\/h2>\n<p>[\/et_pb_text][et_pb_text _builder_version=&#8220;4.27.0&#8243; _module_preset=&#8220;default&#8220; text_font=&#8220;Along Black|800||on|||||&#8220; text_text_color=&#8220;#FFFFFF&#8220; text_font_size=&#8220;50px&#8220; text_letter_spacing=&#8220;1px&#8220; text_line_height=&#8220;1.1em&#8220; header_2_font=&#8220;Along Black||||||||&#8220; header_2_text_color=&#8220;#FFFFFF&#8220; header_2_font_size=&#8220;50px&#8220; header_3_font=&#8220;Along Black||||||||&#8220; header_3_text_color=&#8220;#102736&#8243; header_3_font_size=&#8220;30px&#8220; custom_margin=&#8220;||2px|||&#8220; header_3_font_size_tablet=&#8220;30px&#8220; header_3_font_size_phone=&#8220;20px&#8220; header_3_font_size_last_edited=&#8220;on|phone&#8220; global_colors_info=&#8220;{}&#8220;]<\/p>\n<h3>nur<\/h3>\n<p>[\/et_pb_text][et_pb_text content_tablet=&#8220;<\/p>\n<p><img src=%22https:\/\/festivaldemusicavisualdelanzarote.com\/wp-content\/uploads\/2024\/07\/point2-225x300.png%22 width=%2218%22 height=%2224%22 alt=%22%22 class=%22wp-image-6696 alignnone size-medium%22> <img src=%22https:\/\/festivaldemusicavisualdelanzarote.com\/wp-content\/uploads\/2024\/07\/ticket2.png%22 width=%2216%22 height=%2224%22 alt=%22%22 class=%22wp-image-6692 alignnone size-full%22> B<strong>u\u00f1uel-Saal :<\/strong> CIC El Almac\u00e9n 10.00\u20ac.<\/p>\n<p>&#8220; content_phone=&#8220;<\/p>\n<p><img src=%22https:\/\/festivaldemusicavisualdelanzarote.com\/wp-content\/uploads\/2024\/07\/point2-225x300.png%22 width=%2218%22 height=%2224%22 alt=%22%22 class=%22wp-image-6696 alignnone size-medium%22> <strong>Bu\u00f1uel-Saal |<\/strong> CIC El Almac\u00e9n  <\/p>\n<p> <img src=%22https:\/\/festivaldemusicavisualdelanzarote.com\/wp-content\/uploads\/2024\/07\/ticket2.png%22 width=%2216%22 height=%2224%22 alt=%22%22 class=%22wp-image-6692 alignnone size-full%22>  3.00\u20ac<\/p>\n<p>&#8220; content_last_edited=&#8220;off|desktop&#8220; _builder_version=&#8220;4.27.0&#8243; _module_preset=&#8220;default&#8220; text_font=&#8220;|300|||||||&#8220; text_text_color=&#8220;#102736&#8243; text_font_size=&#8220;20px&#8220; text_letter_spacing=&#8220;1px&#8220; text_font_size_tablet=&#8220;20px&#8220; text_font_size_phone=&#8220;15px&#8220; text_font_size_last_edited=&#8220;on|phone&#8220; global_colors_info=&#8220;{}&#8220;]<\/p>\n<p><img loading=\"lazy\" decoding=\"async\" src=\"https:\/\/festivaldemusicavisualdelanzarote.com\/wp-content\/uploads\/2024\/07\/point2-225x300.png\" width=\"18\" height=\"24\" alt=\"\" class=\"wp-image-6696 alignnone size-medium\" srcset=\"https:\/\/festivaldemusicavisualdelanzarote.com\/wp-content\/uploads\/2024\/07\/point2-225x300.png 225w, https:\/\/festivaldemusicavisualdelanzarote.com\/wp-content\/uploads\/2024\/07\/point2.png 384w\" sizes=\"(max-width: 18px) 100vw, 18px\" \/>  Cueva de los Verdes Auditorium  <\/p>\n<p><img loading=\"lazy\" decoding=\"async\" src=\"https:\/\/festivaldemusicavisualdelanzarote.com\/wp-content\/uploads\/2024\/07\/ticket2.png\" width=\"16\" height=\"24\" alt=\"\" class=\"wp-image-6692 alignnone size-full\">  15.00\u20ac<\/p>\n<p>[\/et_pb_text][et_pb_text _builder_version=&#8220;4.27.0&#8243; _module_preset=&#8220;default&#8220; text_font=&#8220;Montserrat||||||||&#8220; text_text_color=&#8220;#000000&#8243; global_colors_info=&#8220;{}&#8220;]<\/p>\n<p>Der Komponist Mario Batkovic verbindet klassische und zeitgen\u00f6ssische Kl\u00e4nge und versucht, die klanglichen M\u00f6glichkeiten des Akkordeons zu erforschen, ohne Effekte oder Loops, durch eine wechselseitige symbiotische Beziehung zwischen Mensch und Instrument. Herausfordernd, hypnotisch und grandios: Batkovics symphonische Vision ist einzigartig und wurde von der Kritik hoch gelobt, unter anderem vom Rolling Stone, der sein gleichnamiges Deb\u00fctalbum in die Top 10 der besten Vanguard-Alben des Jahres 2017 aufnahm. <\/p>\n<p>Batkovic ist ein \u00c4sthet, was sich in der Qualit\u00e4t seiner Texte und Arrangements widerspiegelt. Herausfordernd, experimentell und immer fesselnd, \u00fcberschreitet seine Musik die konventionellen Grenzen. Als Komponist, Produzent und Performer kombiniert er verschiedene musikalische Disziplinen und bringt das Akkordeon auf ein neues Niveau.  <\/p>\n<p>Ihr neuestes Album &#8222;INTROSPECTIO&#8220; ist eine Selbstbefragung und Selbstuntersuchung der Gesellschaft und der Bedeutung von Klang und nimmt den H\u00f6rer mit auf eine Reise durch unendliche Klanguniversen. Es beinhaltet die Zusammenarbeit mit dem Elektronik-Zauberer James Holden und dem ehemaligen BEAK-Mitglied&gt; Matthew Williams alias MXLX, sowie dem Schlagzeuger Clive Deamer (Radiohead\/Portishead\/Robert Plant\/Roni Size), dem Saxophonisten Colin Stetson und dem Konzertchor Cantus Domus. <\/p>\n<p>Batkovic tourte um die Welt und trat bei Festivals und Veranstaltungsorten wie Bushfire (S\u00fcdafrika), Supersonic (Gro\u00dfbritannien), Le Guess Who (Niederlande), Montreux Jazz Festival (Schweiz), Elbphilharmonie Hamburg, Foundation Cartier (Paris) und Berghain (Berlin) auf. Er hat Kompositionen f\u00fcr Filme und Videospiele wie Die Schwalbe (2016), Neighbours (2021) und Red Dead Redemption II (2018) beigesteuert. <\/p>\n<p>&nbsp;<\/p>\n<p>Mario Batkovic: Akkordeon  <\/p>\n<p>Ildefonso Aguilar: <em>visuelle Effekte<\/em> <\/p>\n<p><em><\/em><\/p>\n<p>[\/et_pb_text][et_pb_text _builder_version=&#8220;4.27.0&#8243; _module_preset=&#8220;default&#8220; text_font=&#8220;&#8211;et_global_body_font||||||||&#8220; text_text_color=&#8220;#000000&#8243; text_font_size=&#8220;16px&#8220; global_colors_info=&#8220;{}&#8220;]<\/p>\n<p><strong>Webseite<\/strong><\/p>\n<p><span><a href=\"https:\/\/www.batkovic.com\/\">https:\/\/www.batkovic.com\/<\/a><\/span><\/p>\n<p><strong>Video<\/strong><\/p>\n<p><span><a href=\"https:\/\/www.youtube.com\/watch?v=lDJ6tBkvbh4\">https:\/\/www.youtube.com\/watch?v=lDJ6tBkvbh4<\/a><\/span><\/p>\n<p><strong><em>Mario Batkovic<\/em> anh\u00f6ren<\/strong><\/p>\n<p><span><a href=\"https:\/\/open.spotify.com\/album\/0ZksCv8u4BDFRzKCRyIa3U?si=xiQKbAGSRrOWc8QuRt8V9Q\">https:\/\/open.spotify.com\/album\/0ZksCv8u4BDFRzKCRyIa3U?si=xiQKbAGSRrOWc8QuRt8V9Q<\/a><\/span><\/p>\n<p>[\/et_pb_text][\/et_pb_column][et_pb_column type=&#8220;1_4&#8243; _builder_version=&#8220;4.21.0&#8243; _module_preset=&#8220;default&#8220; global_colors_info=&#8220;{}&#8220;][et_pb_image src=&#8220;https:\/\/festivaldemusicavisualdelanzarote.com\/wp-content\/uploads\/2024\/07\/logo-vertical.png&#8220; title_text=&#8220;vertikales Logo&#8220; disabled_on=&#8220;on|on|off&#8220; _builder_version=&#8220;4.27.0&#8243; _module_preset=&#8220;default&#8220; width=&#8220;46%&#8220; width_tablet=&#8220;&#8220; width_phone=&#8220;40%&#8220; width_last_edited=&#8220;on|phone&#8220; module_alignment=&#8220;right&#8220; global_colors_info=&#8220;{}&#8220;][\/et_pb_image][\/et_pb_column][\/et_pb_row][et_pb_row column_structure=&#8220;1_3,1_3,1_3&#8243; use_custom_gutter=&#8220;on&#8220; gutter_width=&#8220;2&#8243; make_equal=&#8220;on&#8220; _builder_version=&#8220;4.27.0&#8243; _module_preset=&#8220;default&#8220; width=&#8220;90%&#8220; max_width=&#8220;100%&#8220; global_colors_info=&#8220;{}&#8220;][et_pb_column type=&#8220;1_3&#8243; module_class=&#8220;ds-vertical-align&#8220; _builder_version=&#8220;4.27.0&#8243; _module_preset=&#8220;default&#8220; global_colors_info=&#8220;{}&#8220;][et_pb_button button_url=&#8220;https:\/\/culturalanzarote.sacatuentrada.es\/es\/entradas\/mario-batkovic-solo\/2024-10-12&#8243; url_new_window=&#8220;on&#8220; button_text=&#8220;TICKET KAUFEN&#8220; _builder_version=&#8220;4.27.0&#8243; _module_preset=&#8220;default&#8220; custom_button=&#8220;on&#8220; button_text_size=&#8220;16px&#8220; button_text_color=&#8220;#FFFFFF&#8220; button_bg_color=&#8220;#102736&#8243; button_border_width=&#8220;0px&#8220; button_border_radius=&#8220;0px&#8220; button_letter_spacing=&#8220;1px&#8220; button_font=&#8220;|700|||||||&#8220; global_colors_info=&#8220;{}&#8220;][\/et_pb_button][\/et_pb_column][et_pb_column type=&#8220;1_3&#8243; module_class=&#8220;ds-vertical-align&#8220; _builder_version=&#8220;4.27.0&#8243; _module_preset=&#8220;default&#8220; global_colors_info=&#8220;{}&#8220;][et_pb_social_media_follow icon_color=&#8220;#102736&#8243; use_icon_font_size=&#8220;on&#8220; icon_font_size=&#8220;14px&#8220; _builder_version=&#8220;4.27.0&#8243; _module_preset=&#8220;default&#8220; global_colors_info=&#8220;{}&#8220;][et_pb_social_media_follow_network social_network=&#8220;facebook&#8220; url=&#8220;https:\/\/web.facebook.com\/FestivaldeMusicaVisualdeLanzarote\/?_rdc=1&amp;_rdr&#8220; icon_color=&#8220;#102736&#8243; _builder_version=&#8220;4.27.0&#8243; _module_preset=&#8220;default&#8220; background_color=&#8220;#FFFFFF&#8220; background_enable_color=&#8220;on&#8220; border_radii=&#8220;on|497px|497px|497px|497px&#8220; border_width_all=&#8220;2px&#8220; border_color_all=&#8220;#102736&#8243; global_colors_info=&#8220;{}&#8220; follow_button=&#8220;off&#8220; url_new_window=&#8220;on&#8220;]Facebook[\/et_pb_social_media_follow_network][et_pb_social_media_follow_network social_network=&#8220;instagram&#8220; url=&#8220;https:\/\/www.instagram.com\/festivalmusicavisuallzt\/&#8220; icon_color=&#8220;#102736&#8243; _builder_version=&#8220;4.27.0&#8243; _module_preset=&#8220;default&#8220; background_color=&#8220;#FFFFFF&#8220; background_enable_color=&#8220;on&#8220; border_radii=&#8220;on|497px|497px|497px|497px&#8220; border_width_all=&#8220;2px&#8220; border_color_all=&#8220;#102736&#8243; global_colors_info=&#8220;{}&#8220; follow_button=&#8220;off&#8220; url_new_window=&#8220;on&#8220;]instagram[\/et_pb_social_media_follow_network][\/et_pb_social_media_follow][\/et_pb_column][et_pb_column type=&#8220;1_3&#8243; module_class=&#8220;ds-vertical-align&#8220; _builder_version=&#8220;4.27.0&#8243; _module_preset=&#8220;default&#8220; global_colors_info=&#8220;{}&#8220;][et_pb_icon font_icon=&#8220;&#x45;||divi||400&#8243; icon_color=&#8220;#102736&#8243; url=&#8220;#neo&#8220; align=&#8220;right&#8220; _builder_version=&#8220;4.27.0&#8243; _module_preset=&#8220;default&#8220; position_origin_a=&#8220;bottom_right&#8220; position_origin_f=&#8220;top_center&#8220; position_origin_r=&#8220;bottom_right&#8220; global_colors_info=&#8220;{}&#8220;][\/et_pb_icon][\/et_pb_column][\/et_pb_row][\/et_pb_section][et_pb_section fb_built=&#8220;1&#8243; admin_label=&#8220;Popup &#8211; #neo&#8220; module_id=&#8220;Neo&#8220; module_class=&#8220;popup single&#8220; _builder_version=&#8220;4.27.0&#8243; _module_preset=&#8220;default&#8220; width=&#8220;65%&#8220; width_tablet=&#8220;100%&#8220; width_phone=&#8220;100%&#8220; width_last_edited=&#8220;on|phone&#8220; da_is_popup=&#8220;on&#8220; da_popup_slug=&#8220;neo&#8220; da_is_singular=&#8220;on&#8220; da_disable_devices=&#8220;off|off|off&#8220; border_radii=&#8220;on|26px|26px|26px|26px&#8220; global_colors_info=&#8220;{}&#8220; da_exit_intent=&#8220;off&#8220; da_has_close=&#8220;on&#8220; da_alt_close=&#8220;off&#8220; da_dark_close=&#8220;off&#8220; da_not_modal=&#8220;on&#8220; da_with_loader=&#8220;off&#8220; da_has_shadow=&#8220;on&#8220;][et_pb_row column_structure=&#8220;3_4,1_4&#8243; use_custom_gutter=&#8220;on&#8220; gutter_width=&#8220;2&#8243; _builder_version=&#8220;4.21.0&#8243; _module_preset=&#8220;default&#8220; width=&#8220;90%&#8220; max_width=&#8220;100%&#8220; global_colors_info=&#8220;{}&#8220;][et_pb_column type=&#8220;3_4&#8243; _builder_version=&#8220;4.21.0&#8243; _module_preset=&#8220;default&#8220; global_colors_info=&#8220;{}&#8220;][et_pb_image src=&#8220;https:\/\/festivaldemusicavisualdelanzarote.com\/wp-content\/uploads\/2024\/07\/neo.jpg&#8220; title_text=&#8220;Neo&#8220; _builder_version=&#8220;4.27.0&#8243; _module_preset=&#8220;default&#8220; global_colors_info=&#8220;{}&#8220;][\/et_pb_image][et_pb_text _builder_version=&#8220;4.27.0&#8243; _module_preset=&#8220;default&#8220; text_font=&#8220;|300|||||||&#8220; text_text_color=&#8220;#000000&#8243; text_font_size=&#8220;22px&#8220; text_letter_spacing=&#8220;1px&#8220; global_colors_info=&#8220;{}&#8220;]<\/p>\n<p><strong>15 OKT |<\/strong> 20:00HS <strong>KINO<\/strong><\/p>\n<p>[\/et_pb_text][et_pb_text _builder_version=&#8220;4.27.0&#8243; _module_preset=&#8220;default&#8220; text_font=&#8220;Along Black|800||on|||||&#8220; text_text_color=&#8220;#FFFFFF&#8220; text_font_size=&#8220;50px&#8220; text_letter_spacing=&#8220;1px&#8220; text_line_height=&#8220;1.1em&#8220; header_2_font=&#8220;Along Black||||||||&#8220; header_2_text_color=&#8220;#102736&#8243; header_2_font_size=&#8220;50px&#8220; custom_margin=&#8220;||8px|||&#8220; header_2_font_size_tablet=&#8220;50px&#8220; header_2_font_size_phone=&#8220;35px&#8220; header_2_font_size_last_edited=&#8220;on|phone&#8220; global_colors_info=&#8220;{}&#8220;]<\/p>\n<h2><strong>RY\u016aICHI SAKAMOTO<\/strong><\/h2>\n<p>[\/et_pb_text][et_pb_text _builder_version=&#8220;4.27.0&#8243; _module_preset=&#8220;default&#8220; text_font=&#8220;Along Black|800||on|||||&#8220; text_text_color=&#8220;#FFFFFF&#8220; text_font_size=&#8220;50px&#8220; text_letter_spacing=&#8220;1px&#8220; text_line_height=&#8220;1.1em&#8220; header_2_font=&#8220;Along Black||||||||&#8220; header_2_text_color=&#8220;#FFFFFF&#8220; header_2_font_size=&#8220;50px&#8220; header_3_font=&#8220;Along Black||||||||&#8220; header_3_text_color=&#8220;#102736&#8243; header_3_font_size=&#8220;30px&#8220; custom_margin=&#8220;||2px|||&#8220; header_3_font_size_tablet=&#8220;30px&#8220; header_3_font_size_phone=&#8220;20px&#8220; header_3_font_size_last_edited=&#8220;on|phone&#8220; global_colors_info=&#8220;{}&#8220;]<\/p>\n<h3>OPUS, VON NEO SORA<\/h3>\n<p>[\/et_pb_text][et_pb_text _builder_version=&#8220;4.27.0&#8243; _module_preset=&#8220;default&#8220; text_font=&#8220;Along Regular|||on|||||&#8220; text_text_color=&#8220;#102736&#8243; text_font_size=&#8220;22px&#8220; text_letter_spacing=&#8220;1px&#8220; text_line_height=&#8220;1.1em&#8220; header_2_font=&#8220;Along Black||||||||&#8220; header_2_text_color=&#8220;#FFFFFF&#8220; header_2_font_size=&#8220;50px&#8220; header_3_font=&#8220;Along Black||||||||&#8220; header_3_text_color=&#8220;#102736&#8243; header_3_font_size=&#8220;30px&#8220; custom_margin=&#8220;||17px|||&#8220; text_font_size_tablet=&#8220;22px&#8220; text_font_size_phone=&#8220;14px&#8220; text_font_size_last_edited=&#8220;on|phone&#8220; header_3_font_size_tablet=&#8220;30px&#8220; header_3_font_size_phone=&#8220;20px&#8220; header_3_font_size_last_edited=&#8220;on|phone&#8220; global_colors_info=&#8220;{}&#8220;]<\/p>\n<p>2023 \/ Japan \/ 103 Minuten<\/p>\n<p>[\/et_pb_text][et_pb_text content_tablet=&#8220;<\/p>\n<p><img src=%22https:\/\/festivaldemusicavisualdelanzarote.com\/wp-content\/uploads\/2024\/07\/point2-225x300.png%22 width=%2218%22 height=%2224%22 alt=%22%22 class=%22wp-image-6696 alignnone size-medium%22> <img src=%22https:\/\/festivaldemusicavisualdelanzarote.com\/wp-content\/uploads\/2024\/07\/ticket2.png%22 width=%2216%22 height=%2224%22 alt=%22%22 class=%22wp-image-6692 alignnone size-full%22> B<strong>u\u00f1uel-Saal :<\/strong> CIC El Almac\u00e9n 10.00\u20ac.<\/p>\n<p>&#8220; content_phone=&#8220;<\/p>\n<p><img src=%22https:\/\/festivaldemusicavisualdelanzarote.com\/wp-content\/uploads\/2024\/07\/point2-225x300.png%22 width=%2218%22 height=%2224%22 alt=%22%22 class=%22wp-image-6696 alignnone size-medium%22> <strong>Bu\u00f1uel-Saal |<\/strong> CIC El Almac\u00e9n  <\/p>\n<p> <img src=%22https:\/\/festivaldemusicavisualdelanzarote.com\/wp-content\/uploads\/2024\/07\/ticket2.png%22 width=%2216%22 height=%2224%22 alt=%22%22 class=%22wp-image-6692 alignnone size-full%22>  3.00\u20ac<\/p>\n<p>&#8220; content_last_edited=&#8220;off|desktop&#8220; _builder_version=&#8220;4.27.0&#8243; _module_preset=&#8220;default&#8220; text_font=&#8220;|300|||||||&#8220; text_text_color=&#8220;#102736&#8243; text_font_size=&#8220;20px&#8220; text_letter_spacing=&#8220;1px&#8220; text_font_size_tablet=&#8220;20px&#8220; text_font_size_phone=&#8220;15px&#8220; text_font_size_last_edited=&#8220;on|phone&#8220; global_colors_info=&#8220;{}&#8220;]<\/p>\n<p><img loading=\"lazy\" decoding=\"async\" src=\"https:\/\/festivaldemusicavisualdelanzarote.com\/wp-content\/uploads\/2024\/07\/point2-225x300.png\" width=\"18\" height=\"24\" alt=\"\" class=\"wp-image-6696 alignnone size-medium\" srcset=\"https:\/\/festivaldemusicavisualdelanzarote.com\/wp-content\/uploads\/2024\/07\/point2-225x300.png 225w, https:\/\/festivaldemusicavisualdelanzarote.com\/wp-content\/uploads\/2024\/07\/point2.png 384w\" sizes=\"(max-width: 18px) 100vw, 18px\" \/> <strong>Bu\u00f1uel-Saal |<\/strong><span> CIC El Almac\u00e9n<\/span>  <\/p>\n<p><img loading=\"lazy\" decoding=\"async\" src=\"https:\/\/festivaldemusicavisualdelanzarote.com\/wp-content\/uploads\/2024\/07\/ticket2.png\" width=\"16\" height=\"24\" alt=\"\" class=\"wp-image-6692 alignnone size-full\">  3.00\u20ac<\/p>\n<p>[\/et_pb_text][et_pb_text _builder_version=&#8220;4.27.0&#8243; _module_preset=&#8220;default&#8220; text_font=&#8220;Montserrat||||||||&#8220; text_text_color=&#8220;#000000&#8243; global_colors_info=&#8220;{}&#8220;]<\/p>\n<p>Der japanische Komponist Ry\u016bichi Sakamoto, Autor von so denkw\u00fcrdigen Soundtracks wie <em>Der letzte Kaiser<\/em> oder  <em>Frohe Weihnachten, Mr. Lawrence <\/em>gibt in diesem bewegenden Konzert, das von seinem Sohn kurz vor seinem Tod gefilmt wurde, seinen letzten Auftritt. Nur mit seinem Klavier und ohne Publikum l\u00e4sst er seine Karriere anhand von zwanzig speziell ausgew\u00e4hlten St\u00fccken in einem beeindruckenden Film Revue passieren, der den Lauf der Zeit heraufbeschw\u00f6rt. <\/p>\n<p>[\/et_pb_text][et_pb_text _builder_version=&#8220;4.27.0&#8243; _module_preset=&#8220;default&#8220; text_font=&#8220;&#8211;et_global_body_font||||||||&#8220; text_text_color=&#8220;#000000&#8243; text_font_size=&#8220;16px&#8220; global_colors_info=&#8220;{}&#8220;]<\/p>\n<p><strong><em>Offizieller Trailer<\/em><\/strong><\/p>\n<p><span><em><a href=\"https:\/\/www.youtube.com\/watch?v=QepuoHnrO5\">https:\/\/www.youtube.com\/watch?v=QepuoHnrO5<\/a><a href=\"https:\/\/www.youtube.com\/watch?v=QepuoHnrO5Y\"><\/a><\/em><\/span><em> <\/em><\/p>\n<p><strong>H\u00f6ren Sie <\/strong><strong><em>Ry\u016bichi Sakamoto<\/em><\/strong><\/p>\n<p><span><a href=\"https:\/\/open.spotify.com\/artist\/1tcgfoMTT1szjUeaikxRjA?si=OcWdtIYYQEyv06_VeR-cGw\"><em>https:\/\/open.spotify.com\/artist\/1tcgfoMTT1szjUeaikxRjA?si=OcWdtIYYQEyv06_VeR-cGw<\/em><\/a><\/span><\/p>\n<p>[\/et_pb_text][\/et_pb_column][et_pb_column type=&#8220;1_4&#8243; _builder_version=&#8220;4.21.0&#8243; _module_preset=&#8220;default&#8220; global_colors_info=&#8220;{}&#8220;][et_pb_image src=&#8220;https:\/\/festivaldemusicavisualdelanzarote.com\/wp-content\/uploads\/2024\/07\/logo-vertical.png&#8220; title_text=&#8220;vertikales Logo&#8220; disabled_on=&#8220;on|on|off&#8220; _builder_version=&#8220;4.27.0&#8243; _module_preset=&#8220;default&#8220; width=&#8220;46%&#8220; width_tablet=&#8220;&#8220; width_phone=&#8220;40%&#8220; width_last_edited=&#8220;on|phone&#8220; module_alignment=&#8220;right&#8220; global_colors_info=&#8220;{}&#8220;][\/et_pb_image][\/et_pb_column][\/et_pb_row][et_pb_row column_structure=&#8220;1_3,1_3,1_3&#8243; use_custom_gutter=&#8220;on&#8220; gutter_width=&#8220;2&#8243; make_equal=&#8220;on&#8220; _builder_version=&#8220;4.27.0&#8243; _module_preset=&#8220;default&#8220; width=&#8220;90%&#8220; max_width=&#8220;100%&#8220; global_colors_info=&#8220;{}&#8220;][et_pb_column type=&#8220;1_3&#8243; module_class=&#8220;ds-vertical-align&#8220; _builder_version=&#8220;4.27.0&#8243; _module_preset=&#8220;default&#8220; global_colors_info=&#8220;{}&#8220;][et_pb_button button_url=&#8220;https:\/\/culturalanzarote.sacatuentrada.es\/es\/entradas\/ry\u016bichi-sakamoto-opus-3\/2024-10-15&#8243; url_new_window=&#8220;on&#8220; button_text=&#8220;TICKET KAUFEN&#8220; _builder_version=&#8220;4.27.0&#8243; _module_preset=&#8220;default&#8220; custom_button=&#8220;on&#8220; button_text_size=&#8220;16px&#8220; button_text_color=&#8220;#FFFFFF&#8220; button_bg_color=&#8220;#102736&#8243; button_border_width=&#8220;0px&#8220; button_border_radius=&#8220;0px&#8220; button_letter_spacing=&#8220;1px&#8220; button_font=&#8220;|700|||||||&#8220; global_colors_info=&#8220;{}&#8220;][\/et_pb_button][\/et_pb_column][et_pb_column type=&#8220;1_3&#8243; module_class=&#8220;ds-vertical-align&#8220; _builder_version=&#8220;4.27.0&#8243; _module_preset=&#8220;default&#8220; global_colors_info=&#8220;{}&#8220;][et_pb_social_media_follow icon_color=&#8220;#102736&#8243; use_icon_font_size=&#8220;on&#8220; icon_font_size=&#8220;14px&#8220; _builder_version=&#8220;4.27.0&#8243; _module_preset=&#8220;default&#8220; global_colors_info=&#8220;{}&#8220;][et_pb_social_media_follow_network social_network=&#8220;facebook&#8220; url=&#8220;https:\/\/web.facebook.com\/FestivaldeMusicaVisualdeLanzarote\/?_rdc=1&amp;_rdr&#8220; icon_color=&#8220;#102736&#8243; _builder_version=&#8220;4.27.0&#8243; _module_preset=&#8220;default&#8220; background_color=&#8220;#FFFFFF&#8220; background_enable_color=&#8220;on&#8220; border_radii=&#8220;on|497px|497px|497px|497px&#8220; border_width_all=&#8220;2px&#8220; border_color_all=&#8220;#102736&#8243; global_colors_info=&#8220;{}&#8220; follow_button=&#8220;off&#8220; url_new_window=&#8220;on&#8220;]Facebook[\/et_pb_social_media_follow_network][et_pb_social_media_follow_network social_network=&#8220;instagram&#8220; url=&#8220;https:\/\/www.instagram.com\/festivalmusicavisuallzt\/&#8220; icon_color=&#8220;#102736&#8243; _builder_version=&#8220;4.27.0&#8243; _module_preset=&#8220;default&#8220; background_color=&#8220;#FFFFFF&#8220; background_enable_color=&#8220;on&#8220; border_radii=&#8220;on|497px|497px|497px|497px&#8220; border_width_all=&#8220;2px&#8220; border_color_all=&#8220;#102736&#8243; global_colors_info=&#8220;{}&#8220; follow_button=&#8220;off&#8220; url_new_window=&#8220;on&#8220;]instagram[\/et_pb_social_media_follow_network][\/et_pb_social_media_follow][\/et_pb_column][et_pb_column type=&#8220;1_3&#8243; module_class=&#8220;ds-vertical-align&#8220; _builder_version=&#8220;4.27.0&#8243; _module_preset=&#8220;default&#8220; global_colors_info=&#8220;{}&#8220;][et_pb_icon font_icon=&#8220;&#x45;||divi||400&#8243; icon_color=&#8220;#102736&#8243; url=&#8220;#quartet&#8220; align=&#8220;right&#8220; _builder_version=&#8220;4.27.0&#8243; _module_preset=&#8220;default&#8220; position_origin_a=&#8220;bottom_right&#8220; position_origin_f=&#8220;top_center&#8220; position_origin_r=&#8220;bottom_right&#8220; global_colors_info=&#8220;{}&#8220;][\/et_pb_icon][\/et_pb_column][\/et_pb_row][\/et_pb_section][et_pb_section fb_built=&#8220;1&#8243; admin_label=&#8220;Popup &#8211; #quartet&#8220; module_id=&#8220;Quartett&#8220; module_class=&#8220;popup single&#8220; _builder_version=&#8220;4.27.0&#8243; _module_preset=&#8220;default&#8220; width=&#8220;65%&#8220; width_tablet=&#8220;100%&#8220; width_phone=&#8220;100%&#8220; width_last_edited=&#8220;on|phone&#8220; da_is_popup=&#8220;on&#8220; da_popup_slug=&#8220;quartet&#8220; da_is_singular=&#8220;on&#8220; da_disable_devices=&#8220;off|off|off&#8220; border_radii=&#8220;on|26px|26px|26px|26px&#8220; global_colors_info=&#8220;{}&#8220; da_exit_intent=&#8220;off&#8220; da_has_close=&#8220;on&#8220; da_alt_close=&#8220;off&#8220; da_dark_close=&#8220;off&#8220; da_not_modal=&#8220;on&#8220; da_with_loader=&#8220;off&#8220; da_has_shadow=&#8220;on&#8220;][et_pb_row column_structure=&#8220;3_4,1_4&#8243; use_custom_gutter=&#8220;on&#8220; gutter_width=&#8220;2&#8243; _builder_version=&#8220;4.21.0&#8243; _module_preset=&#8220;default&#8220; width=&#8220;90%&#8220; max_width=&#8220;100%&#8220; global_colors_info=&#8220;{}&#8220;][et_pb_column type=&#8220;3_4&#8243; _builder_version=&#8220;4.21.0&#8243; _module_preset=&#8220;default&#8220; global_colors_info=&#8220;{}&#8220;][et_pb_image src=&#8220;https:\/\/festivaldemusicavisualdelanzarote.com\/wp-content\/uploads\/2024\/07\/QUARTET.jpg&#8220; title_text=&#8220;QUARTETT&#8220; _builder_version=&#8220;4.27.0&#8243; _module_preset=&#8220;default&#8220; global_colors_info=&#8220;{}&#8220;][\/et_pb_image][et_pb_text _builder_version=&#8220;4.27.0&#8243; _module_preset=&#8220;default&#8220; text_font=&#8220;|300|||||||&#8220; text_text_color=&#8220;#000000&#8243; text_font_size=&#8220;22px&#8220; text_letter_spacing=&#8220;1px&#8220; global_colors_info=&#8220;{}&#8220;]<\/p>\n<p><strong>16 OKT |<\/strong> 20:00H  <\/p>\n<p>[\/et_pb_text][et_pb_text _builder_version=&#8220;4.27.0&#8243; _module_preset=&#8220;default&#8220; text_font=&#8220;Along Black|800||on|||||&#8220; text_text_color=&#8220;#FFFFFF&#8220; text_font_size=&#8220;50px&#8220; text_letter_spacing=&#8220;1px&#8220; text_line_height=&#8220;1.1em&#8220; header_2_font=&#8220;Along Black||||||||&#8220; header_2_text_color=&#8220;#102736&#8243; header_2_font_size=&#8220;50px&#8220; custom_margin=&#8220;||8px|||&#8220; header_2_font_size_tablet=&#8220;50px&#8220; header_2_font_size_phone=&#8220;35px&#8220; header_2_font_size_last_edited=&#8220;on|phone&#8220; global_colors_info=&#8220;{}&#8220;]<\/p>\n<h2><strong>ANOUAR BRAHEM QUARTETT<\/strong><\/h2>\n<p>[\/et_pb_text][et_pb_text content_tablet=&#8220;<\/p>\n<p><img src=%22https:\/\/festivaldemusicavisualdelanzarote.com\/wp-content\/uploads\/2024\/07\/point2-225x300.png%22 width=%2218%22 height=%2224%22 alt=%22%22 class=%22wp-image-6696 alignnone size-medium%22> <img src=%22https:\/\/festivaldemusicavisualdelanzarote.com\/wp-content\/uploads\/2024\/07\/ticket2.png%22 width=%2216%22 height=%2224%22 alt=%22%22 class=%22wp-image-6692 alignnone size-full%22> B<strong>u\u00f1uel-Saal :<\/strong> CIC El Almac\u00e9n 10.00\u20ac.<\/p>\n<p>&#8220; content_phone=&#8220;<\/p>\n<p><img src=%22https:\/\/festivaldemusicavisualdelanzarote.com\/wp-content\/uploads\/2024\/07\/point2-225x300.png%22 width=%2218%22 height=%2224%22 alt=%22%22 class=%22wp-image-6696 alignnone size-medium%22> <strong>Bu\u00f1uel-Saal |<\/strong> CIC El Almac\u00e9n  <\/p>\n<p> <img src=%22https:\/\/festivaldemusicavisualdelanzarote.com\/wp-content\/uploads\/2024\/07\/ticket2.png%22 width=%2216%22 height=%2224%22 alt=%22%22 class=%22wp-image-6692 alignnone size-full%22>  3.00\u20ac<\/p>\n<p>&#8220; content_last_edited=&#8220;off|desktop&#8220; _builder_version=&#8220;4.27.0&#8243; _module_preset=&#8220;default&#8220; text_font=&#8220;|300|||||||&#8220; text_text_color=&#8220;#102736&#8243; text_font_size=&#8220;20px&#8220; text_letter_spacing=&#8220;1px&#8220; text_font_size_tablet=&#8220;20px&#8220; text_font_size_phone=&#8220;15px&#8220; text_font_size_last_edited=&#8220;on|phone&#8220; global_colors_info=&#8220;{}&#8220;]<\/p>\n<p><img loading=\"lazy\" decoding=\"async\" src=\"https:\/\/festivaldemusicavisualdelanzarote.com\/wp-content\/uploads\/2024\/07\/point2-225x300.png\" width=\"18\" height=\"24\" alt=\"\" class=\"wp-image-6696 alignnone size-medium\" srcset=\"https:\/\/festivaldemusicavisualdelanzarote.com\/wp-content\/uploads\/2024\/07\/point2-225x300.png 225w, https:\/\/festivaldemusicavisualdelanzarote.com\/wp-content\/uploads\/2024\/07\/point2.png 384w\" sizes=\"(max-width: 18px) 100vw, 18px\" \/>  Jameos del Agua Auditorium  <\/p>\n<p><img loading=\"lazy\" decoding=\"async\" src=\"https:\/\/festivaldemusicavisualdelanzarote.com\/wp-content\/uploads\/2024\/07\/ticket2.png\" width=\"16\" height=\"24\" alt=\"\" class=\"wp-image-6692 alignnone size-full\">  20.00\u20ac<\/p>\n<p>[\/et_pb_text][et_pb_text _builder_version=&#8220;4.27.0&#8243; _module_preset=&#8220;default&#8220; text_font=&#8220;Montserrat||||||||&#8220; text_text_color=&#8220;#000000&#8243; global_colors_info=&#8220;{}&#8220;]<\/p>\n<p>Seit fast vierzig Jahren und mit einer reichhaltigen Diskographie, die nicht weniger als 11 Alben bei ECM umfasst, hat Anouar Brahem die uralte Tradition der arabischen Musik durch seine Laute und seine gro\u00dfartige Finesse immer wieder in verschiedene Situationen gebracht, in denen er sie nicht nur mit dem modernen Jazz kontrastiert, sondern auch mit den raffinierten Harmonien der gelehrten Kompositionstradition des Westens und den raffinierten Formen anderer alter kultureller Traditionen des Ostens.<\/p>\n<p>Zu diesem Anlass hat Anouar das Quartett, das 2009 f\u00fcr das Album <em>The Astounding Eyes of Rita<\/em> gegr\u00fcndet wurde, in einem Projekt wiedervereinigt, das seinen alten Klangraum durch ein Repertoire wiederbelebt, das einige der \u00fcblichen Themen dieses Quartetts mit einigen St\u00fccken aus fr\u00fcheren Alben<em>(Conte de l&#8217;incroyable amour<\/em>, <em>Madar<\/em>, <em>Thimar<\/em>, <em>Astrakan Caf\u00e9<\/em>&#8230;) verbindet.<\/p>\n<p>An der Spitze dieser Gruppe, die nach zehn Jahren enger Zusammenarbeit zwischen ihm und seinen Musikern lebendiger und kreativer denn je ist, er\u00f6ffnet Anouar Brahem nun einen neuen Blick auf sein musikalisches Universum und erschlie\u00dft neue Klanghorizonte.<\/p>\n<p>Anouar Brahem ist der K\u00fcnstler, der am h\u00e4ufigsten an unserem Festival teilgenommen hat. Dies ist das dritte Mal, dass der tunesische Musiker Teil des Festivalprogramms ist, nach seiner Teilnahme in den Jahren 1996 und 2000. <\/p>\n<p><strong>Anouar Brahem<\/strong>: Laute<\/p>\n<p><strong>Klaus Gesing<\/strong>: Bassklarinette, Sopransaxophon  <\/p>\n<p><strong>Bj\u00f6rn Meyer<\/strong>: Bass<\/p>\n<p><strong>Khaled Yassine<\/strong>: Percussions<\/p>\n<p><strong>Ildefonso Aguilar<\/strong>: <em>Bildmaterial<\/em><\/p>\n<p><em><\/em><\/p>\n<p>[\/et_pb_text][et_pb_text _builder_version=&#8220;4.27.0&#8243; _module_preset=&#8220;default&#8220; text_font=&#8220;&#8211;et_global_body_font||||||||&#8220; text_text_color=&#8220;#000000&#8243; text_font_size=&#8220;16px&#8220; global_colors_info=&#8220;{}&#8220;]<\/p>\n<p><strong>Webseite<\/strong><\/p>\n<p><span><a href=\"https:\/\/www.anouarbrahem.com\">https:\/\/www.anouarbrahem.com<\/a><\/span><\/p>\n<p><strong>Videos<\/strong><\/p>\n<p><span><a href=\"https:\/\/www.youtube.com\/watch?v=E3KBT8hBSVM\">https:\/\/www.youtube.com\/watch?v=E3KBT8hBSVM<\/a><\/span><\/p>\n<p><span><a href=\"https:\/\/www.youtube.com\/watch?v=s9P_XcotkbI\">https:\/\/www.youtube.com\/watch?v=s9P_XcotkbI<\/a><\/span><\/p>\n<p><strong>H\u00f6ren Sie<\/strong> <em>Anouar Brahem Quartett<\/em><\/p>\n<p><span><a href=\"https:\/\/open.spotify.com\/album\/23xoWiWxu8SmDFXwoBsLLw?si=-3xsOLz1QnyoO4A0Bd-AoA\">https:\/\/open.spotify.com\/album\/23xoWiWxu8SmDFXwoBsLLw?si=-3xsOLz1QnyoO4A0Bd-AoA<\/a><\/span><\/p>\n<p>[\/et_pb_text][\/et_pb_column][et_pb_column type=&#8220;1_4&#8243; _builder_version=&#8220;4.21.0&#8243; _module_preset=&#8220;default&#8220; global_colors_info=&#8220;{}&#8220;][et_pb_image src=&#8220;https:\/\/festivaldemusicavisualdelanzarote.com\/wp-content\/uploads\/2024\/07\/logo-vertical.png&#8220; title_text=&#8220;vertikales Logo&#8220; disabled_on=&#8220;on|on|off&#8220; _builder_version=&#8220;4.27.0&#8243; _module_preset=&#8220;default&#8220; width=&#8220;46%&#8220; width_tablet=&#8220;&#8220; width_phone=&#8220;40%&#8220; width_last_edited=&#8220;on|phone&#8220; module_alignment=&#8220;right&#8220; global_colors_info=&#8220;{}&#8220;][\/et_pb_image][\/et_pb_column][\/et_pb_row][et_pb_row column_structure=&#8220;1_3,1_3,1_3&#8243; use_custom_gutter=&#8220;on&#8220; gutter_width=&#8220;2&#8243; make_equal=&#8220;on&#8220; _builder_version=&#8220;4.27.0&#8243; _module_preset=&#8220;default&#8220; width=&#8220;90%&#8220; max_width=&#8220;100%&#8220; global_colors_info=&#8220;{}&#8220;][et_pb_column type=&#8220;1_3&#8243; module_class=&#8220;ds-vertical-align&#8220; _builder_version=&#8220;4.27.0&#8243; _module_preset=&#8220;default&#8220; global_colors_info=&#8220;{}&#8220;][et_pb_button button_url=&#8220;https:\/\/culturalanzarote.sacatuentrada.es\/es\/entradas\/anouar-brahem-quartet\/2024-10-16&#8243; url_new_window=&#8220;on&#8220; button_text=&#8220;TICKET KAUFEN&#8220; _builder_version=&#8220;4.27.0&#8243; _module_preset=&#8220;default&#8220; custom_button=&#8220;on&#8220; button_text_size=&#8220;16px&#8220; button_text_color=&#8220;#FFFFFF&#8220; button_bg_color=&#8220;#102736&#8243; button_border_width=&#8220;0px&#8220; button_border_radius=&#8220;0px&#8220; button_letter_spacing=&#8220;1px&#8220; button_font=&#8220;|700|||||||&#8220; global_colors_info=&#8220;{}&#8220;][\/et_pb_button][\/et_pb_column][et_pb_column type=&#8220;1_3&#8243; module_class=&#8220;ds-vertical-align&#8220; _builder_version=&#8220;4.27.0&#8243; _module_preset=&#8220;default&#8220; global_colors_info=&#8220;{}&#8220;][et_pb_social_media_follow icon_color=&#8220;#102736&#8243; use_icon_font_size=&#8220;on&#8220; icon_font_size=&#8220;14px&#8220; _builder_version=&#8220;4.27.0&#8243; _module_preset=&#8220;default&#8220; global_colors_info=&#8220;{}&#8220;][et_pb_social_media_follow_network social_network=&#8220;facebook&#8220; url=&#8220;https:\/\/web.facebook.com\/FestivaldeMusicaVisualdeLanzarote\/?_rdc=1&amp;_rdr&#8220; icon_color=&#8220;#102736&#8243; _builder_version=&#8220;4.27.0&#8243; _module_preset=&#8220;default&#8220; background_color=&#8220;#FFFFFF&#8220; background_enable_color=&#8220;on&#8220; border_radii=&#8220;on|497px|497px|497px|497px&#8220; border_width_all=&#8220;2px&#8220; border_color_all=&#8220;#102736&#8243; global_colors_info=&#8220;{}&#8220; follow_button=&#8220;off&#8220; url_new_window=&#8220;on&#8220;]Facebook[\/et_pb_social_media_follow_network][et_pb_social_media_follow_network social_network=&#8220;instagram&#8220; url=&#8220;https:\/\/www.instagram.com\/festivalmusicavisuallzt\/&#8220; icon_color=&#8220;#102736&#8243; _builder_version=&#8220;4.27.0&#8243; _module_preset=&#8220;default&#8220; background_color=&#8220;#FFFFFF&#8220; background_enable_color=&#8220;on&#8220; border_radii=&#8220;on|497px|497px|497px|497px&#8220; border_width_all=&#8220;2px&#8220; border_color_all=&#8220;#102736&#8243; global_colors_info=&#8220;{}&#8220; follow_button=&#8220;off&#8220; url_new_window=&#8220;on&#8220;]instagram[\/et_pb_social_media_follow_network][\/et_pb_social_media_follow][\/et_pb_column][et_pb_column type=&#8220;1_3&#8243; module_class=&#8220;ds-vertical-align&#8220; _builder_version=&#8220;4.27.0&#8243; _module_preset=&#8220;default&#8220; global_colors_info=&#8220;{}&#8220;][et_pb_icon font_icon=&#8220;&#x45;||divi||400&#8243; icon_color=&#8220;#102736&#8243; url=&#8220;#meyer&#8220; align=&#8220;right&#8220; _builder_version=&#8220;4.27.0&#8243; _module_preset=&#8220;default&#8220; position_origin_a=&#8220;bottom_right&#8220; position_origin_f=&#8220;top_center&#8220; position_origin_r=&#8220;bottom_right&#8220; global_colors_info=&#8220;{}&#8220;][\/et_pb_icon][\/et_pb_column][\/et_pb_row][\/et_pb_section][et_pb_section fb_built=&#8220;1&#8243; admin_label=&#8220;Popup &#8211; #meyer&#8220; module_id=&#8220;meyer&#8220; module_class=&#8220;popup single&#8220; _builder_version=&#8220;4.27.0&#8243; _module_preset=&#8220;default&#8220; width=&#8220;65%&#8220; width_tablet=&#8220;100%&#8220; width_phone=&#8220;100%&#8220; width_last_edited=&#8220;on|phone&#8220; da_is_popup=&#8220;on&#8220; da_popup_slug=&#8220;meyer&#8220; da_is_singular=&#8220;on&#8220; da_disable_devices=&#8220;off|off|off&#8220; border_radii=&#8220;on|26px|26px|26px|26px&#8220; global_colors_info=&#8220;{}&#8220; da_exit_intent=&#8220;off&#8220; da_has_close=&#8220;on&#8220; da_alt_close=&#8220;off&#8220; da_dark_close=&#8220;off&#8220; da_not_modal=&#8220;on&#8220; da_with_loader=&#8220;off&#8220; da_has_shadow=&#8220;on&#8220;][et_pb_row column_structure=&#8220;3_4,1_4&#8243; use_custom_gutter=&#8220;on&#8220; gutter_width=&#8220;2&#8243; _builder_version=&#8220;4.21.0&#8243; _module_preset=&#8220;default&#8220; width=&#8220;90%&#8220; max_width=&#8220;100%&#8220; global_colors_info=&#8220;{}&#8220;][et_pb_column type=&#8220;3_4&#8243; _builder_version=&#8220;4.21.0&#8243; _module_preset=&#8220;default&#8220; global_colors_info=&#8220;{}&#8220;][et_pb_image src=&#8220;https:\/\/festivaldemusicavisualdelanzarote.com\/wp-content\/uploads\/2024\/07\/MEYER.jpg&#8220; title_text=&#8220;MEYER&#8220; _builder_version=&#8220;4.27.0&#8243; _module_preset=&#8220;default&#8220; global_colors_info=&#8220;{}&#8220;][\/et_pb_image][et_pb_text _builder_version=&#8220;4.27.0&#8243; _module_preset=&#8220;default&#8220; text_font=&#8220;|300|||||||&#8220; text_text_color=&#8220;#000000&#8243; text_font_size=&#8220;22px&#8220; text_letter_spacing=&#8220;1px&#8220; global_colors_info=&#8220;{}&#8220;]<\/p>\n<p><strong>17 OKT |<\/strong> 20:00H<\/p>\n<p>[\/et_pb_text][et_pb_text _builder_version=&#8220;4.27.0&#8243; _module_preset=&#8220;default&#8220; text_font=&#8220;Along Black|800||on|||||&#8220; text_text_color=&#8220;#FFFFFF&#8220; text_font_size=&#8220;50px&#8220; text_letter_spacing=&#8220;1px&#8220; text_line_height=&#8220;1.1em&#8220; header_2_font=&#8220;Along Black||||||||&#8220; header_2_text_color=&#8220;#102736&#8243; header_2_font_size=&#8220;50px&#8220; custom_margin=&#8220;||8px|||&#8220; header_2_font_size_tablet=&#8220;50px&#8220; header_2_font_size_phone=&#8220;35px&#8220; header_2_font_size_last_edited=&#8220;on|phone&#8220; global_colors_info=&#8220;{}&#8220;]<\/p>\n<h2><strong>BJ\u00d6RN MEYER, Provenienz<\/strong><\/h2>\n<p>[\/et_pb_text][et_pb_text content_tablet=&#8220;<\/p>\n<p><img src=%22https:\/\/festivaldemusicavisualdelanzarote.com\/wp-content\/uploads\/2024\/07\/point2-225x300.png%22 width=%2218%22 height=%2224%22 alt=%22%22 class=%22wp-image-6696 alignnone size-medium%22> <img src=%22https:\/\/festivaldemusicavisualdelanzarote.com\/wp-content\/uploads\/2024\/07\/ticket2.png%22 width=%2216%22 height=%2224%22 alt=%22%22 class=%22wp-image-6692 alignnone size-full%22> B<strong>u\u00f1uel-Saal :<\/strong> CIC El Almac\u00e9n 10.00\u20ac.<\/p>\n<p>&#8220; content_phone=&#8220;<\/p>\n<p><img src=%22https:\/\/festivaldemusicavisualdelanzarote.com\/wp-content\/uploads\/2024\/07\/point2-225x300.png%22 width=%2218%22 height=%2224%22 alt=%22%22 class=%22wp-image-6696 alignnone size-medium%22> <strong>Bu\u00f1uel-Saal |<\/strong> CIC El Almac\u00e9n  <\/p>\n<p> <img src=%22https:\/\/festivaldemusicavisualdelanzarote.com\/wp-content\/uploads\/2024\/07\/ticket2.png%22 width=%2216%22 height=%2224%22 alt=%22%22 class=%22wp-image-6692 alignnone size-full%22>  3.00\u20ac<\/p>\n<p>&#8220; content_last_edited=&#8220;off|desktop&#8220; _builder_version=&#8220;4.27.0&#8243; _module_preset=&#8220;default&#8220; text_font=&#8220;|300|||||||&#8220; text_text_color=&#8220;#102736&#8243; text_font_size=&#8220;20px&#8220; text_letter_spacing=&#8220;1px&#8220; text_font_size_tablet=&#8220;20px&#8220; text_font_size_phone=&#8220;15px&#8220; text_font_size_last_edited=&#8220;on|phone&#8220; global_colors_info=&#8220;{}&#8220;]<\/p>\n<p><img loading=\"lazy\" decoding=\"async\" src=\"https:\/\/festivaldemusicavisualdelanzarote.com\/wp-content\/uploads\/2024\/07\/point2-225x300.png\" width=\"18\" height=\"24\" alt=\"\" class=\"wp-image-6696 alignnone size-medium\" srcset=\"https:\/\/festivaldemusicavisualdelanzarote.com\/wp-content\/uploads\/2024\/07\/point2-225x300.png 225w, https:\/\/festivaldemusicavisualdelanzarote.com\/wp-content\/uploads\/2024\/07\/point2.png 384w\" sizes=\"(max-width: 18px) 100vw, 18px\" \/>  Cueva de los Verdes Auditorium  <\/p>\n<p><img loading=\"lazy\" decoding=\"async\" src=\"https:\/\/festivaldemusicavisualdelanzarote.com\/wp-content\/uploads\/2024\/07\/ticket2.png\" width=\"16\" height=\"24\" alt=\"\" class=\"wp-image-6692 alignnone size-full\">  15.00\u20ac<\/p>\n<p>[\/et_pb_text][et_pb_text _builder_version=&#8220;4.27.0&#8243; _module_preset=&#8220;default&#8220; text_font=&#8220;Montserrat||||||||&#8220; text_text_color=&#8220;#000000&#8243; global_colors_info=&#8220;{}&#8220;]<\/p>\n<p>Eine Soloperformance von Bj\u00f6rn Meyer zu erleben, hat Folgen. Sie sind eingeladen, ein unwiderstehliches Universum von Kl\u00e4ngen zu genie\u00dfen, das neu definiert, wozu ein E-Bass als Soloinstrument f\u00e4hig ist. Tiefe, pulsierende Atmosph\u00e4ren, Kl\u00e4nge aus der Au\u00dfenwelt, nordisch inspirierte Volkslieder, archaisch klingende Hymnen, energiegeladene Ausbr\u00fcche und minimale Musterstrukturen, die alle zu einer soliden Einheit verschmelzen.  <\/p>\n<p>Meyers unverwechselbarer Sound ist ein Zeugnis seiner unaufh\u00f6rlichen Neugierde. Seine Arbeit entzieht sich jeder Kategorisierung, da er akustische und elektrische Musik, komponierte und improvisierte Musik sowie westliche und \u00f6stliche Einfl\u00fcsse miteinander verschmelzen l\u00e4sst. <\/p>\n<p>Neben seiner Solokarriere hat Bj\u00f6rn Meyer wichtige und dauerhafte Kooperationen in verschiedenen Musiklandschaften geschmiedet. Besonders hervorzuheben ist seine Zusammenarbeit mit dem tunesischen Lautenmeister Anouar Brahem, mit dem er auch an dieser Ausgabe des Festivals teilnimmt. <\/p>\n<p>Bj\u00f6rn Meyer begann seine musikalische Reise in den Au\u00dfenbezirken von Stockholm mit Klavier, Chorgesang, Trompete und Grunge-Gitarre, bevor er kurz vor seinem 18. Geburtstag den E-Bass entdeckte. Ein paar T\u00f6ne, gespielt auf einem verlassenen Instrument, entfachten eine lebenslange Leidenschaft, die sein Leben nachhaltig beeinflusste. Seit der Ver\u00f6ffentlichung seines ersten Soloalbums &#8222;Provenance&#8220; bei ECM im Jahr 2017 hat Meyer sein Publikum mit Solokonzerten in ganz Europa, Japan und dem Iran in seinen Bann gezogen. Er ist in Konzerts\u00e4len, Clubs, Festivals, Kirchen und Fernsehstudios aufgetreten. Elbphilharmonie in Hamburg, Ronnie Scott&#8217;s in London, Pit Inn in Tokio, um nur einige zu nennen.    <\/p>\n<p>Bj\u00f6rn Meyer: Sechssaitige elektrische Bassgitarre  <\/p>\n<p>Ildefonso Aguilar: Bildmaterial  <\/p>\n<p>&nbsp;<\/p>\n<p><em><\/em><\/p>\n<p>[\/et_pb_text][et_pb_text _builder_version=&#8220;4.27.0&#8243; _module_preset=&#8220;default&#8220; text_font=&#8220;&#8211;et_global_body_font||||||||&#8220; text_text_color=&#8220;#000000&#8243; text_font_size=&#8220;16px&#8220; global_colors_info=&#8220;{}&#8220;]<\/p>\n<p><strong>Webseite<\/strong><\/p>\n<p><span><a href=\"https:\/\/www.bjornmeyer.com\/\">https:\/\/www.bjornmeyer.com\/<\/a><\/span><\/p>\n<p><strong>Videos<\/strong><\/p>\n<p><span><a href=\"https:\/\/www.youtube.com\/watch?v=oMRwdEqOnG8\">https:\/\/www.youtube.com\/watch?v=oMRwdEqOnG8<\/a><\/span><\/p>\n<p><strong>H\u00f6ren Sie<\/strong><em> Bj\u00f6rn Meyer<\/em><\/p>\n<p><a href=\"https:\/\/open.spotify.com\/intl-es\/album\/4GUldwVIDwkiaTX4jJxNnf?si=IIB9HELFRDeffcfT2t59aw\">https:\/\/open.spotify.com\/intl-es\/album\/4GUldwVIDwkiaTX4jJxNnf?si=IIB9HELFRDeffcfT2t59aw<\/a><\/p>\n<p>[\/et_pb_text][\/et_pb_column][et_pb_column type=&#8220;1_4&#8243; _builder_version=&#8220;4.21.0&#8243; _module_preset=&#8220;default&#8220; global_colors_info=&#8220;{}&#8220;][et_pb_image src=&#8220;https:\/\/festivaldemusicavisualdelanzarote.com\/wp-content\/uploads\/2024\/07\/logo-vertical.png&#8220; title_text=&#8220;vertikales Logo&#8220; disabled_on=&#8220;on|on|off&#8220; _builder_version=&#8220;4.27.0&#8243; _module_preset=&#8220;default&#8220; width=&#8220;46%&#8220; width_tablet=&#8220;&#8220; width_phone=&#8220;40%&#8220; width_last_edited=&#8220;on|phone&#8220; module_alignment=&#8220;right&#8220; global_colors_info=&#8220;{}&#8220;][\/et_pb_image][\/et_pb_column][\/et_pb_row][et_pb_row column_structure=&#8220;1_3,1_3,1_3&#8243; use_custom_gutter=&#8220;on&#8220; gutter_width=&#8220;2&#8243; make_equal=&#8220;on&#8220; _builder_version=&#8220;4.27.0&#8243; _module_preset=&#8220;default&#8220; width=&#8220;90%&#8220; max_width=&#8220;100%&#8220; global_colors_info=&#8220;{}&#8220;][et_pb_column type=&#8220;1_3&#8243; module_class=&#8220;ds-vertical-align&#8220; _builder_version=&#8220;4.27.0&#8243; _module_preset=&#8220;default&#8220; global_colors_info=&#8220;{}&#8220;][et_pb_button button_url=&#8220;https:\/\/culturalanzarote.sacatuentrada.es\/es\/entradas\/bjorn-meyer-provenance\/2024-10-17&#8243; url_new_window=&#8220;on&#8220; button_text=&#8220;TICKET KAUFEN&#8220; _builder_version=&#8220;4.27.0&#8243; _module_preset=&#8220;default&#8220; custom_button=&#8220;on&#8220; button_text_size=&#8220;16px&#8220; button_text_color=&#8220;#FFFFFF&#8220; button_bg_color=&#8220;#102736&#8243; button_border_width=&#8220;0px&#8220; button_border_radius=&#8220;0px&#8220; button_letter_spacing=&#8220;1px&#8220; button_font=&#8220;|700|||||||&#8220; global_colors_info=&#8220;{}&#8220;][\/et_pb_button][\/et_pb_column][et_pb_column type=&#8220;1_3&#8243; module_class=&#8220;ds-vertical-align&#8220; _builder_version=&#8220;4.27.0&#8243; _module_preset=&#8220;default&#8220; global_colors_info=&#8220;{}&#8220;][et_pb_social_media_follow icon_color=&#8220;#102736&#8243; use_icon_font_size=&#8220;on&#8220; icon_font_size=&#8220;14px&#8220; _builder_version=&#8220;4.27.0&#8243; _module_preset=&#8220;default&#8220; global_colors_info=&#8220;{}&#8220;][et_pb_social_media_follow_network social_network=&#8220;facebook&#8220; url=&#8220;https:\/\/web.facebook.com\/FestivaldeMusicaVisualdeLanzarote\/?_rdc=1&amp;_rdr&#8220; icon_color=&#8220;#102736&#8243; _builder_version=&#8220;4.27.0&#8243; _module_preset=&#8220;default&#8220; background_color=&#8220;#FFFFFF&#8220; background_enable_color=&#8220;on&#8220; border_radii=&#8220;on|497px|497px|497px|497px&#8220; border_width_all=&#8220;2px&#8220; border_color_all=&#8220;#102736&#8243; global_colors_info=&#8220;{}&#8220; follow_button=&#8220;off&#8220; url_new_window=&#8220;on&#8220;]Facebook[\/et_pb_social_media_follow_network][et_pb_social_media_follow_network social_network=&#8220;instagram&#8220; url=&#8220;https:\/\/www.instagram.com\/festivalmusicavisuallzt\/&#8220; icon_color=&#8220;#102736&#8243; _builder_version=&#8220;4.27.0&#8243; _module_preset=&#8220;default&#8220; background_color=&#8220;#FFFFFF&#8220; background_enable_color=&#8220;on&#8220; border_radii=&#8220;on|497px|497px|497px|497px&#8220; border_width_all=&#8220;2px&#8220; border_color_all=&#8220;#102736&#8243; global_colors_info=&#8220;{}&#8220; follow_button=&#8220;off&#8220; url_new_window=&#8220;on&#8220;]instagram[\/et_pb_social_media_follow_network][\/et_pb_social_media_follow][\/et_pb_column][et_pb_column type=&#8220;1_3&#8243; module_class=&#8220;ds-vertical-align&#8220; _builder_version=&#8220;4.27.0&#8243; _module_preset=&#8220;default&#8220; global_colors_info=&#8220;{}&#8220;][et_pb_icon font_icon=&#8220;&#x45;||divi||400&#8243; icon_color=&#8220;#102736&#8243; url=&#8220;#urho&#8220; align=&#8220;right&#8220; _builder_version=&#8220;4.27.0&#8243; _module_preset=&#8220;default&#8220; position_origin_a=&#8220;bottom_right&#8220; position_origin_f=&#8220;top_center&#8220; position_origin_r=&#8220;bottom_right&#8220; global_colors_info=&#8220;{}&#8220;][\/et_pb_icon][\/et_pb_column][\/et_pb_row][\/et_pb_section][et_pb_section fb_built=&#8220;1&#8243; admin_label=&#8220;Popup &#8211; #urho&#8220; module_id=&#8220;urho&#8220; module_class=&#8220;popup single&#8220; _builder_version=&#8220;4.27.0&#8243; _module_preset=&#8220;default&#8220; width=&#8220;65%&#8220; width_tablet=&#8220;100%&#8220; width_phone=&#8220;100%&#8220; width_last_edited=&#8220;on|phone&#8220; da_is_popup=&#8220;on&#8220; da_popup_slug=&#8220;urho&#8220; da_is_singular=&#8220;on&#8220; da_disable_devices=&#8220;off|off|off&#8220; border_radii=&#8220;on|26px|26px|26px|26px&#8220; global_colors_info=&#8220;{}&#8220; da_exit_intent=&#8220;off&#8220; da_has_close=&#8220;on&#8220; da_alt_close=&#8220;off&#8220; da_dark_close=&#8220;off&#8220; da_not_modal=&#8220;on&#8220; da_with_loader=&#8220;off&#8220; da_has_shadow=&#8220;on&#8220;][et_pb_row column_structure=&#8220;3_4,1_4&#8243; use_custom_gutter=&#8220;on&#8220; gutter_width=&#8220;2&#8243; _builder_version=&#8220;4.21.0&#8243; _module_preset=&#8220;default&#8220; width=&#8220;90%&#8220; max_width=&#8220;100%&#8220; global_colors_info=&#8220;{}&#8220;][et_pb_column type=&#8220;3_4&#8243; _builder_version=&#8220;4.21.0&#8243; _module_preset=&#8220;default&#8220; global_colors_info=&#8220;{}&#8220;][et_pb_image src=&#8220;https:\/\/festivaldemusicavisualdelanzarote.com\/wp-content\/uploads\/2024\/07\/urho.jpg&#8220; title_text=&#8220;urho&#8220; _builder_version=&#8220;4.27.0&#8243; _module_preset=&#8220;default&#8220; global_colors_info=&#8220;{}&#8220;][\/et_pb_image][et_pb_text _builder_version=&#8220;4.27.0&#8243; _module_preset=&#8220;default&#8220; text_font=&#8220;|300|||||||&#8220; text_text_color=&#8220;#000000&#8243; text_font_size=&#8220;22px&#8220; text_letter_spacing=&#8220;1px&#8220; global_colors_info=&#8220;{}&#8220;]<\/p>\n<p><strong>18 OKT |<\/strong> 20:00H<\/p>\n<p>[\/et_pb_text][et_pb_text _builder_version=&#8220;4.27.0&#8243; _module_preset=&#8220;default&#8220; text_font=&#8220;Along Black|800||on|||||&#8220; text_text_color=&#8220;#FFFFFF&#8220; text_font_size=&#8220;50px&#8220; text_letter_spacing=&#8220;1px&#8220; text_line_height=&#8220;1.1em&#8220; header_2_font=&#8220;Along Black||||||||&#8220; header_2_text_color=&#8220;#102736&#8243; header_2_font_size=&#8220;50px&#8220; custom_margin=&#8220;||8px|||&#8220; header_2_font_size_tablet=&#8220;50px&#8220; header_2_font_size_phone=&#8220;35px&#8220; header_2_font_size_last_edited=&#8220;on|phone&#8220; global_colors_info=&#8220;{}&#8220;]<\/p>\n<h2><strong>URHO<br \/>\nLive A\/V<\/strong><\/h2>\n<p>[\/et_pb_text][et_pb_text content_tablet=&#8220;<\/p>\n<p><img src=%22https:\/\/festivaldemusicavisualdelanzarote.com\/wp-content\/uploads\/2024\/07\/point2-225x300.png%22 width=%2218%22 height=%2224%22 alt=%22%22 class=%22wp-image-6696 alignnone size-medium%22> <img src=%22https:\/\/festivaldemusicavisualdelanzarote.com\/wp-content\/uploads\/2024\/07\/ticket2.png%22 width=%2216%22 height=%2224%22 alt=%22%22 class=%22wp-image-6692 alignnone size-full%22> B<strong>u\u00f1uel-Saal :<\/strong> CIC El Almac\u00e9n 10.00\u20ac.<\/p>\n<p>&#8220; content_phone=&#8220;<\/p>\n<p><img src=%22https:\/\/festivaldemusicavisualdelanzarote.com\/wp-content\/uploads\/2024\/07\/point2-225x300.png%22 width=%2218%22 height=%2224%22 alt=%22%22 class=%22wp-image-6696 alignnone size-medium%22> <strong>Bu\u00f1uel-Saal |<\/strong> CIC El Almac\u00e9n  <\/p>\n<p> <img src=%22https:\/\/festivaldemusicavisualdelanzarote.com\/wp-content\/uploads\/2024\/07\/ticket2.png%22 width=%2216%22 height=%2224%22 alt=%22%22 class=%22wp-image-6692 alignnone size-full%22>  3.00\u20ac<\/p>\n<p>&#8220; content_last_edited=&#8220;off|desktop&#8220; _builder_version=&#8220;4.27.0&#8243; _module_preset=&#8220;default&#8220; text_font=&#8220;|300|||||||&#8220; text_text_color=&#8220;#102736&#8243; text_font_size=&#8220;20px&#8220; text_letter_spacing=&#8220;1px&#8220; text_font_size_tablet=&#8220;20px&#8220; text_font_size_phone=&#8220;15px&#8220; text_font_size_last_edited=&#8220;on|phone&#8220; global_colors_info=&#8220;{}&#8220;]<\/p>\n<p><img loading=\"lazy\" decoding=\"async\" src=\"https:\/\/festivaldemusicavisualdelanzarote.com\/wp-content\/uploads\/2024\/07\/point2-225x300.png\" width=\"18\" height=\"24\" alt=\"\" class=\"wp-image-6696 alignnone size-medium\" srcset=\"https:\/\/festivaldemusicavisualdelanzarote.com\/wp-content\/uploads\/2024\/07\/point2-225x300.png 225w, https:\/\/festivaldemusicavisualdelanzarote.com\/wp-content\/uploads\/2024\/07\/point2.png 384w\" sizes=\"(max-width: 18px) 100vw, 18px\" \/> <strong>Bu\u00f1uel-Saal<\/strong> | CIC El Almac\u00e9n  <\/p>\n<p><img loading=\"lazy\" decoding=\"async\" src=\"https:\/\/festivaldemusicavisualdelanzarote.com\/wp-content\/uploads\/2024\/07\/ticket2.png\" width=\"16\" height=\"24\" alt=\"\" class=\"wp-image-6692 alignnone size-full\">  10.00\u20ac<\/p>\n<p>[\/et_pb_text][et_pb_text _builder_version=&#8220;4.27.0&#8243; _module_preset=&#8220;default&#8220; text_font=&#8220;Montserrat||||||||&#8220; text_text_color=&#8220;#000000&#8243; global_colors_info=&#8220;{}&#8220;]<\/p>\n<p>URHO ist ein performatives Projekt, das auf den Klang- und Bildaufnahmen des audiovisuellen K\u00fcnstlers Iv\u00e1n Torres Hdez an Bord des gleichnamigen Eisbrechers, dem Flaggschiff der finnischen Flotte, basiert. Der komplexe und tiefgr\u00fcndige Klang der Feldaufnahmen bildet die Grundlage f\u00fcr eine Klanglandschaft, die von dem Musiker und Klangk\u00fcnstler Xo\u00e1n-Xil L\u00f3pez und von Iv\u00e1n Torres selbst live mit Synthesizern und Funksystemen gespielt wird, zu denen von Xo\u00e1n-Xil gebaute Instrumente hinzugef\u00fcgt werden. Das St\u00fcck hat den Charakter einer Improvisation und eines Dialogs zwischen den beiden K\u00fcnstlern, die auf das Bildmaterial reagieren, in dem sich Bilder im Dokumentarstil mit Zelluloid-Animationen vermischen.  <\/p>\n<p>Die teilnahmslose Pr\u00e4senz der Besatzung kontrastiert mit der st\u00e4ndigen Bewegung und dem ohrenbet\u00e4ubenden L\u00e4rm, w\u00e4hrend sich der Eisbrecher seinen Weg durch die eisige Ostsee bahnt, umgeben von einer fast mond\u00e4hnlichen Landschaft.<\/p>\n<p><strong><em>Ivan Torres<\/em><\/strong><em>  Hdez ist ein audiovisueller K\u00fcnstler, der zwischen Finnland und Galizien lebt. In seiner performativen Arbeit mischt er Bilder aus seinen Filmprojekten mit experimenteller Musik und Klangkunst. <\/em><\/p>\n<p><strong><em>Xo\u00e1n-Xil<\/em><\/strong><em> ist eine Klangk\u00fcnstlerin und Forscherin, deren Arbeit sich um phonographische Praxis (Feldaufnahmen) und Klangexperimente in Form von Installationen, immersiven H\u00f6rsituationen, Kompositionen, Performances und Texten dreht.<\/em><\/p>\n<p><strong>Iv\u00e1n Torres<\/strong>: Electr\u00f3nica y visuales \/ <em>Elektronik und Bildmaterial<\/em><\/p>\n<p><strong>Xo\u00e1n-Xil L\u00f3pez<\/strong>: Sintes y electr\u00f3nica \/ <em>Synthesizer und Elektronik<\/em><\/p>\n<p><strong> <\/strong><\/p>\n<p>[\/et_pb_text][et_pb_text _builder_version=&#8220;4.27.0&#8243; _module_preset=&#8220;default&#8220; text_font=&#8220;&#8211;et_global_body_font||||||||&#8220; text_text_color=&#8220;#000000&#8243; text_font_size=&#8220;16px&#8220; global_colors_info=&#8220;{}&#8220;]<\/p>\n<p><strong>Webseite<\/strong><\/p>\n<p><span><a href=\"https:\/\/ivantorreshdez.com\/Urho\">https:\/\/ivantorreshdez.com\/Urho<\/a><\/span><\/p>\n<p><strong>Videos<\/strong><\/p>\n<p><span><a href=\"https:\/\/vimeo.com\/832231716\">https:\/\/vimeo.com\/832231716<\/a><\/span><\/p>\n<p>[\/et_pb_text][\/et_pb_column][et_pb_column type=&#8220;1_4&#8243; _builder_version=&#8220;4.21.0&#8243; _module_preset=&#8220;default&#8220; global_colors_info=&#8220;{}&#8220;][et_pb_image src=&#8220;https:\/\/festivaldemusicavisualdelanzarote.com\/wp-content\/uploads\/2024\/07\/logo-vertical.png&#8220; title_text=&#8220;vertikales Logo&#8220; disabled_on=&#8220;on|on|off&#8220; _builder_version=&#8220;4.27.0&#8243; _module_preset=&#8220;default&#8220; width=&#8220;46%&#8220; width_tablet=&#8220;&#8220; width_phone=&#8220;40%&#8220; width_last_edited=&#8220;on|phone&#8220; module_alignment=&#8220;right&#8220; global_colors_info=&#8220;{}&#8220;][\/et_pb_image][\/et_pb_column][\/et_pb_row][et_pb_row column_structure=&#8220;1_3,1_3,1_3&#8243; use_custom_gutter=&#8220;on&#8220; gutter_width=&#8220;2&#8243; make_equal=&#8220;on&#8220; _builder_version=&#8220;4.27.0&#8243; _module_preset=&#8220;default&#8220; width=&#8220;90%&#8220; max_width=&#8220;100%&#8220; global_colors_info=&#8220;{}&#8220;][et_pb_column type=&#8220;1_3&#8243; module_class=&#8220;ds-vertical-align&#8220; _builder_version=&#8220;4.27.0&#8243; _module_preset=&#8220;default&#8220; global_colors_info=&#8220;{}&#8220;][et_pb_button button_url=&#8220;https:\/\/culturalanzarote.sacatuentrada.es\/es\/entradas\/urho-live-a-v\/2024-10-18&#8243; url_new_window=&#8220;on&#8220; button_text=&#8220;TICKET KAUFEN&#8220; _builder_version=&#8220;4.27.0&#8243; _module_preset=&#8220;default&#8220; custom_button=&#8220;on&#8220; button_text_size=&#8220;16px&#8220; button_text_color=&#8220;#FFFFFF&#8220; button_bg_color=&#8220;#102736&#8243; button_border_width=&#8220;0px&#8220; button_border_radius=&#8220;0px&#8220; button_letter_spacing=&#8220;1px&#8220; button_font=&#8220;|700|||||||&#8220; global_colors_info=&#8220;{}&#8220;][\/et_pb_button][\/et_pb_column][et_pb_column type=&#8220;1_3&#8243; module_class=&#8220;ds-vertical-align&#8220; _builder_version=&#8220;4.27.0&#8243; _module_preset=&#8220;default&#8220; global_colors_info=&#8220;{}&#8220;][et_pb_social_media_follow icon_color=&#8220;#102736&#8243; use_icon_font_size=&#8220;on&#8220; icon_font_size=&#8220;14px&#8220; _builder_version=&#8220;4.27.0&#8243; _module_preset=&#8220;default&#8220; global_colors_info=&#8220;{}&#8220;][et_pb_social_media_follow_network social_network=&#8220;facebook&#8220; url=&#8220;https:\/\/web.facebook.com\/FestivaldeMusicaVisualdeLanzarote\/?_rdc=1&amp;_rdr&#8220; icon_color=&#8220;#102736&#8243; _builder_version=&#8220;4.27.0&#8243; _module_preset=&#8220;default&#8220; background_color=&#8220;#FFFFFF&#8220; background_enable_color=&#8220;on&#8220; border_radii=&#8220;on|497px|497px|497px|497px&#8220; border_width_all=&#8220;2px&#8220; border_color_all=&#8220;#102736&#8243; global_colors_info=&#8220;{}&#8220; follow_button=&#8220;off&#8220; url_new_window=&#8220;on&#8220;]Facebook[\/et_pb_social_media_follow_network][et_pb_social_media_follow_network social_network=&#8220;instagram&#8220; url=&#8220;https:\/\/www.instagram.com\/festivalmusicavisuallzt\/&#8220; icon_color=&#8220;#102736&#8243; _builder_version=&#8220;4.27.0&#8243; _module_preset=&#8220;default&#8220; background_color=&#8220;#FFFFFF&#8220; background_enable_color=&#8220;on&#8220; border_radii=&#8220;on|497px|497px|497px|497px&#8220; border_width_all=&#8220;2px&#8220; border_color_all=&#8220;#102736&#8243; global_colors_info=&#8220;{}&#8220; follow_button=&#8220;off&#8220; url_new_window=&#8220;on&#8220;]instagram[\/et_pb_social_media_follow_network][\/et_pb_social_media_follow][\/et_pb_column][et_pb_column type=&#8220;1_3&#8243; module_class=&#8220;ds-vertical-align&#8220; _builder_version=&#8220;4.27.0&#8243; _module_preset=&#8220;default&#8220; global_colors_info=&#8220;{}&#8220;][et_pb_icon font_icon=&#8220;&#x45;||divi||400&#8243; icon_color=&#8220;#102736&#8243; url=&#8220;#echo&#8220; align=&#8220;right&#8220; _builder_version=&#8220;4.27.0&#8243; _module_preset=&#8220;default&#8220; position_origin_a=&#8220;bottom_right&#8220; position_origin_f=&#8220;top_center&#8220; position_origin_r=&#8220;bottom_right&#8220; global_colors_info=&#8220;{}&#8220;][\/et_pb_icon][\/et_pb_column][\/et_pb_row][\/et_pb_section][et_pb_section fb_built=&#8220;1&#8243; admin_label=&#8220;Popup &#8211; #echo&#8220; module_id=&#8220;echo&#8220; module_class=&#8220;popup single&#8220; _builder_version=&#8220;4.27.0&#8243; _module_preset=&#8220;default&#8220; width=&#8220;65%&#8220; width_tablet=&#8220;100%&#8220; width_phone=&#8220;100%&#8220; width_last_edited=&#8220;on|phone&#8220; da_is_popup=&#8220;on&#8220; da_popup_slug=&#8220;echo&#8220; da_is_singular=&#8220;on&#8220; da_disable_devices=&#8220;off|off|off&#8220; border_radii=&#8220;on|26px|26px|26px|26px&#8220; global_colors_info=&#8220;{}&#8220; da_exit_intent=&#8220;off&#8220; da_has_close=&#8220;on&#8220; da_alt_close=&#8220;off&#8220; da_dark_close=&#8220;off&#8220; da_not_modal=&#8220;on&#8220; da_with_loader=&#8220;off&#8220; da_has_shadow=&#8220;on&#8220;][et_pb_row column_structure=&#8220;3_4,1_4&#8243; use_custom_gutter=&#8220;on&#8220; gutter_width=&#8220;2&#8243; _builder_version=&#8220;4.21.0&#8243; _module_preset=&#8220;default&#8220; width=&#8220;90%&#8220; max_width=&#8220;100%&#8220; global_colors_info=&#8220;{}&#8220;][et_pb_column type=&#8220;3_4&#8243; _builder_version=&#8220;4.21.0&#8243; _module_preset=&#8220;default&#8220; global_colors_info=&#8220;{}&#8220;][et_pb_image src=&#8220;https:\/\/festivaldemusicavisualdelanzarote.com\/wp-content\/uploads\/2024\/07\/echo.jpg&#8220; title_text=&#8220;echo&#8220; _builder_version=&#8220;4.27.0&#8243; _module_preset=&#8220;default&#8220; global_colors_info=&#8220;{}&#8220;][\/et_pb_image][et_pb_text _builder_version=&#8220;4.27.0&#8243; _module_preset=&#8220;default&#8220; text_font=&#8220;|300|||||||&#8220; text_text_color=&#8220;#000000&#8243; text_font_size=&#8220;22px&#8220; text_letter_spacing=&#8220;1px&#8220; global_colors_info=&#8220;{}&#8220;]<\/p>\n<p><strong>19 OKT |<\/strong> 20:00H<\/p>\n<p>[\/et_pb_text][et_pb_text _builder_version=&#8220;4.27.0&#8243; _module_preset=&#8220;default&#8220; text_font=&#8220;Along Black|800||on|||||&#8220; text_text_color=&#8220;#FFFFFF&#8220; text_font_size=&#8220;50px&#8220; text_letter_spacing=&#8220;1px&#8220; text_line_height=&#8220;1.1em&#8220; header_2_font=&#8220;Along Black||||||||&#8220; header_2_text_color=&#8220;#102736&#8243; header_2_font_size=&#8220;50px&#8220; custom_margin=&#8220;||8px|||&#8220; header_2_font_size_tablet=&#8220;50px&#8220; header_2_font_size_phone=&#8220;35px&#8220; header_2_font_size_last_edited=&#8220;on|phone&#8220; global_colors_info=&#8220;{}&#8220;]<\/p>\n<h2><strong>ECHO COLLECTIVE<br \/>\nspielt Amnesiac<\/strong><\/h2>\n<p>[\/et_pb_text][et_pb_text content_tablet=&#8220;<\/p>\n<p><img src=%22https:\/\/festivaldemusicavisualdelanzarote.com\/wp-content\/uploads\/2024\/07\/point2-225x300.png%22 width=%2218%22 height=%2224%22 alt=%22%22 class=%22wp-image-6696 alignnone size-medium%22>Auditorium Jameos del Agua<\/p>\n<p> <img src=%22https:\/\/festivaldemusicavisualdelanzarote.com\/wp-content\/uploads\/2024\/07\/ticket2.png%22 width=%2216%22 height=%2224%22 alt=%22%22 class=%22wp-image-6692 alignnone size-full%22>  15.00\u20ac<\/p>\n<p>&#8220; content_phone=&#8220;<\/p>\n<p><img src=%22https:\/\/festivaldemusicavisualdelanzarote.com\/wp-content\/uploads\/2024\/07\/point2-225x300.png%22 width=%2218%22 height=%2224%22 alt=%22%22 class=%22wp-image-6696 alignnone size-medium%22>Auditorium Jameos del Agua<\/p>\n<p><img src=%22https:\/\/festivaldemusicavisualdelanzarote.com\/wp-content\/uploads\/2024\/07\/ticket2.png%22 width=%2216%22 height=%2224%22 alt=%22%22 class=%22wp-image-6692 alignnone size-full%22>  15.00\u20ac<\/p>\n<p>&#8220; content_last_edited=&#8220;on|desktop&#8220; _builder_version=&#8220;4.27.0&#8243; _module_preset=&#8220;default&#8220; text_font=&#8220;|300|||||||&#8220; text_text_color=&#8220;#102736&#8243; text_font_size=&#8220;20px&#8220; text_letter_spacing=&#8220;1px&#8220; text_font_size_tablet=&#8220;20px&#8220; text_font_size_phone=&#8220;15px&#8220; text_font_size_last_edited=&#8220;on|phone&#8220; global_colors_info=&#8220;{}&#8220; content__hover_enabled=&#8220;off|desktop&#8220;]<\/p>\n<p><img loading=\"lazy\" decoding=\"async\" src=\"https:\/\/festivaldemusicavisualdelanzarote.com\/wp-content\/uploads\/2024\/07\/point2-225x300.png\" width=\"18\" height=\"24\" alt=\"\" class=\"wp-image-6696 alignnone size-medium\" srcset=\"https:\/\/festivaldemusicavisualdelanzarote.com\/wp-content\/uploads\/2024\/07\/point2-225x300.png 225w, https:\/\/festivaldemusicavisualdelanzarote.com\/wp-content\/uploads\/2024\/07\/point2.png 384w\" sizes=\"(max-width: 18px) 100vw, 18px\" \/>  Jameos del Agua Auditorium<\/p>\n<p><img loading=\"lazy\" decoding=\"async\" src=\"https:\/\/festivaldemusicavisualdelanzarote.com\/wp-content\/uploads\/2024\/07\/ticket2.png\" width=\"16\" height=\"24\" alt=\"\" class=\"wp-image-6692 alignnone size-full\">  15.00\u20ac<\/p>\n<p>[\/et_pb_text][et_pb_text _builder_version=&#8220;4.27.0&#8243; _module_preset=&#8220;default&#8220; text_font=&#8220;Montserrat||||||||&#8220; text_text_color=&#8220;#000000&#8243; global_colors_info=&#8220;{}&#8220;]In Zusammenarbeit mit dem Festival Contempor\u00e1neo del Festival Internacional de M\u00fasica de Canarias der Regierung der Kanarischen Inseln wird die diesj\u00e4hrige Ausgabe von der Orchestergruppe Echo Collective abgeschlossen, die ihre ganz pers\u00f6nliche Version von Radioheads gefeiertem Projekt Amnesiac auff\u00fchren wird.<\/p>\n<p>Es ist nicht leicht, ein Album neu und anders zu interpretieren, ohne dabei das Original zu vernachl\u00e4ssigen. Noch weniger, wenn es sich um ein so ber\u00fchmtes und geliebtes Album wie Amnesiac von den gefeierten Radiohead handelt. Aber der belgischen neoklassischen Gruppe Echo Collective sind derartige Herausforderungen nicht fremd. Die Orchestergruppe um Neil Leiter und Margaret Hermant, die regelm\u00e4\u00dfig bei A Winged Victory For The Sullen, Stars Of The Lid, Dustin O&#8217;Halloran und J\u00f3hann J\u00f3hannsson (den sie bei ihrem Auftritt 2017 auf eben diesem Festival begleiteten) zusammenarbeiten, \u00fcberraschte mit ihrer Neubearbeitung eines Black Metal-Albums der ber\u00fcchtigten Burzum. Der k\u00fcnstlerische Leiter von Br\u00fcssels wichtigstem Konzertsaal, Ancienne Belgique, beauftragte die &#8222;Hausband&#8220; kurzerhand, auch Amnesiac zu covern.    <\/p>\n<p>Das Ergebnis \u00fcbertraf alle Erwartungen. Eines der gr\u00f6\u00dften Alben aller Zeiten, arrangiert f\u00fcr Streichtrio, Harfe, Klavier, Fagott\/Kontrafagott, Klarinette\/Bassklarinette\/Baritonsaxophon und orchestrales Schlagzeug, wurde zu neuem Leben erweckt. Die virtuose Gruppe hat die Nuancen und die Zartheit des Originals bewahrt und es mit klassischem Renommee und Grandezza versehen. Echo Collective wird auf Lanzarote einmal mehr beweisen, dass es weit davon entfernt ist, ein blasses Echo oder eine billige Kopie zu sein, sondern vielmehr ein spektakul\u00e4res, eigenst\u00e4ndiges postklassisches Projekt.   <\/p>\n<p>Margaret Hermant: Geige und Harfe<\/p>\n<p>Amalija Kokeza: Bratsche<\/p>\n<p>Corentin Dellicoiur: Cello<\/p>\n<p>Gary De Cart: Klavier<\/p>\n<p>Helene Elst: Fagott<\/p>\n<p>Antoine Dandoy: Schlagzeug<\/p>\n<p>Yann Lecollaire: Klarinette und Saxophon<\/p>\n<p>Ildefonso Aguilar: visuelle Effekte<\/p>\n<p>&nbsp;[\/et_pb_text][et_pb_text _builder_version=&#8220;4.27.0&#8243; _module_preset=&#8220;default&#8220; text_font=&#8220;&#8211;et_global_body_font||||||||&#8220; text_text_color=&#8220;#000000&#8243; text_font_size=&#8220;16px&#8220; global_colors_info=&#8220;{}&#8220;]<\/p>\n<p><strong>Webseite<\/strong><\/p>\n<p><span><a href=\"https:\/\/www.echocollective.be\/\">https:\/\/www.echocollective.be\/<\/a><\/span><\/p>\n<p><strong>Videos<\/strong><\/p>\n<p><span><a href=\"https:\/\/www.youtube.com\/watch?v=9jhRqNbm4Bo\">https:\/\/www.youtube.com\/watch?v=9jhRqNbm4Bo<\/a><\/span><\/p>\n<p><span><a href=\"https:\/\/youtu.be\/CM6cAEVAiMA\">https:\/\/youtu.be\/CM6cAEVAiMA<\/a><\/span><\/p>\n<p><strong>Anh\u00f6ren <\/strong><strong><em>Echo Collective spielt Amnesiac<\/em><\/strong><\/p>\n<p><span><a href=\"https:\/\/open.spotify.com\/album\/6ny0Z5uEQtUdNYPmvHCNAI?si=Ey05p5hpRBCQxeaKhcnkkw\">https:\/\/open.spotify.com\/album\/6ny0Z5uEQtUdNYPmvHCNAI?si=Ey05p5hpRBCQxeaKhcnkkw<\/a><\/span><\/p>\n<p>[\/et_pb_text][\/et_pb_column][et_pb_column type=&#8220;1_4&#8243; _builder_version=&#8220;4.21.0&#8243; _module_preset=&#8220;default&#8220; global_colors_info=&#8220;{}&#8220;][et_pb_image src=&#8220;https:\/\/festivaldemusicavisualdelanzarote.com\/wp-content\/uploads\/2024\/07\/logo-vertical.png&#8220; title_text=&#8220;vertikales Logo&#8220; disabled_on=&#8220;on|on|off&#8220; _builder_version=&#8220;4.27.0&#8243; _module_preset=&#8220;default&#8220; width=&#8220;46%&#8220; width_tablet=&#8220;&#8220; width_phone=&#8220;40%&#8220; width_last_edited=&#8220;on|phone&#8220; module_alignment=&#8220;right&#8220; global_colors_info=&#8220;{}&#8220;][\/et_pb_image][\/et_pb_column][\/et_pb_row][et_pb_row column_structure=&#8220;1_3,1_3,1_3&#8243; use_custom_gutter=&#8220;on&#8220; gutter_width=&#8220;2&#8243; make_equal=&#8220;on&#8220; _builder_version=&#8220;4.27.0&#8243; _module_preset=&#8220;default&#8220; width=&#8220;90%&#8220; max_width=&#8220;100%&#8220; global_colors_info=&#8220;{}&#8220;][et_pb_column type=&#8220;1_3&#8243; module_class=&#8220;ds-vertical-align&#8220; _builder_version=&#8220;4.27.0&#8243; _module_preset=&#8220;default&#8220; global_colors_info=&#8220;{}&#8220;][et_pb_button button_url=&#8220;https:\/\/culturalanzarote.sacatuentrada.es\/es\/entradas\/echo-collective-plays-amnesiac\/2024-10-19&#8243; url_new_window=&#8220;on&#8220; button_text=&#8220;TICKET KAUFEN&#8220; _builder_version=&#8220;4.27.0&#8243; _module_preset=&#8220;default&#8220; custom_button=&#8220;on&#8220; button_text_size=&#8220;16px&#8220; button_text_color=&#8220;#FFFFFF&#8220; button_bg_color=&#8220;#102736&#8243; button_border_width=&#8220;0px&#8220; button_border_radius=&#8220;0px&#8220; button_letter_spacing=&#8220;1px&#8220; button_font=&#8220;|700|||||||&#8220; global_colors_info=&#8220;{}&#8220;][\/et_pb_button][\/et_pb_column][et_pb_column type=&#8220;1_3&#8243; module_class=&#8220;ds-vertical-align&#8220; _builder_version=&#8220;4.27.0&#8243; _module_preset=&#8220;default&#8220; global_colors_info=&#8220;{}&#8220;][et_pb_social_media_follow icon_color=&#8220;#102736&#8243; use_icon_font_size=&#8220;on&#8220; icon_font_size=&#8220;14px&#8220; _builder_version=&#8220;4.27.0&#8243; _module_preset=&#8220;default&#8220; global_colors_info=&#8220;{}&#8220;][et_pb_social_media_follow_network social_network=&#8220;facebook&#8220; url=&#8220;https:\/\/web.facebook.com\/FestivaldeMusicaVisualdeLanzarote\/?_rdc=1&amp;_rdr&#8220; icon_color=&#8220;#102736&#8243; _builder_version=&#8220;4.27.0&#8243; _module_preset=&#8220;default&#8220; background_color=&#8220;#FFFFFF&#8220; background_enable_color=&#8220;on&#8220; border_radii=&#8220;on|497px|497px|497px|497px&#8220; border_width_all=&#8220;2px&#8220; border_color_all=&#8220;#102736&#8243; global_colors_info=&#8220;{}&#8220; follow_button=&#8220;off&#8220; url_new_window=&#8220;on&#8220;]Facebook[\/et_pb_social_media_follow_network][et_pb_social_media_follow_network social_network=&#8220;instagram&#8220; url=&#8220;https:\/\/www.instagram.com\/festivalmusicavisuallzt\/&#8220; icon_color=&#8220;#102736&#8243; _builder_version=&#8220;4.27.0&#8243; _module_preset=&#8220;default&#8220; background_color=&#8220;#FFFFFF&#8220; background_enable_color=&#8220;on&#8220; border_radii=&#8220;on|497px|497px|497px|497px&#8220; border_width_all=&#8220;2px&#8220; border_color_all=&#8220;#102736&#8243; global_colors_info=&#8220;{}&#8220; follow_button=&#8220;off&#8220; url_new_window=&#8220;on&#8220;]instagram[\/et_pb_social_media_follow_network][\/et_pb_social_media_follow][\/et_pb_column][et_pb_column type=&#8220;1_3&#8243; module_class=&#8220;ds-vertical-align&#8220; _builder_version=&#8220;4.27.0&#8243; _module_preset=&#8220;default&#8220; global_colors_info=&#8220;{}&#8220;][et_pb_icon font_icon=&#8220;&#x45;||divi||400&#8243; icon_color=&#8220;#102736&#8243; url=&#8220;#carson&#8220; align=&#8220;right&#8220; _builder_version=&#8220;4.27.0&#8243; _module_preset=&#8220;default&#8220; position_origin_a=&#8220;bottom_right&#8220; position_origin_f=&#8220;top_center&#8220; position_origin_r=&#8220;bottom_right&#8220; global_colors_info=&#8220;{}&#8220;][\/et_pb_icon][\/et_pb_column][\/et_pb_row][\/et_pb_section]<\/p>\n","protected":false},"excerpt":{"rendered":"<p>Von 9 bis 19 Oktober9 Okt | 20.00h CABIN MUSICvon James Carson Bu\u00f1uel-Saal : CIC El Almac\u00e9n 3 .00\u20ac.10 Okt | 20.00h TOUCH-ME-NOT(alias Hara Alonso)Bildmaterial von Miguel G. Morales Bu\u00f1uel-Saal : CIC El Almac\u00e9n 10 .00\u20ac.12 Okt | 20.00h MARIO BATKOVICnur Auditorium Cueva de los Verdes 15 .00\u20ac.15 Okt | 20.00h RY\u016aICHI SAKAMOTOOPUS, von Neo [&hellip;]<\/p>\n","protected":false},"author":2,"featured_media":0,"parent":0,"menu_order":0,"comment_status":"closed","ping_status":"closed","template":"","meta":{"_et_pb_use_builder":"on","_et_pb_old_content":"","_et_gb_content_width":"","footnotes":""},"class_list":["post-6357","page","type-page","status-publish","hentry"],"yoast_head":"<!-- This site is optimized with the Yoast SEO plugin v25.3.1 - https:\/\/yoast.com\/wordpress\/plugins\/seo\/ -->\n<title>EDITION 2024 - Festival de M\u00fasica de Lanzarote<\/title>\n<meta name=\"description\" content=\"19. Ausgabe des Lanzarote Visual Music Festival: Lanzarotes einzigartiges Festival kehrt auf die einzigartigen B\u00fchnen des CACT zur\u00fcck.\" \/>\n<meta name=\"robots\" content=\"index, follow, max-snippet:-1, max-image-preview:large, max-video-preview:-1\" \/>\n<link rel=\"canonical\" href=\"https:\/\/festivaldemusicavisualdelanzarote.com\/de\/programmierung-2024\/\" \/>\n<meta property=\"og:locale\" content=\"de_DE\" \/>\n<meta property=\"og:type\" content=\"article\" \/>\n<meta property=\"og:title\" content=\"EDITION 2024 - Festival de M\u00fasica de Lanzarote\" \/>\n<meta property=\"og:description\" content=\"19. Ausgabe des Lanzarote Visual Music Festival: Lanzarotes einzigartiges Festival kehrt auf die einzigartigen B\u00fchnen des CACT zur\u00fcck.\" \/>\n<meta property=\"og:url\" content=\"https:\/\/festivaldemusicavisualdelanzarote.com\/de\/programmierung-2024\/\" \/>\n<meta property=\"og:site_name\" content=\"Festival de M\u00fasica de Lanzarote\" \/>\n<meta property=\"article:publisher\" content=\"https:\/\/www.facebook.com\/FestivaldeMusicaVisualdeLanzarote\" \/>\n<meta property=\"article:modified_time\" content=\"2025-10-24T17:57:37+00:00\" \/>\n<meta property=\"og:image\" content=\"https:\/\/festivaldemusicavisualdelanzarote.com\/wp-content\/uploads\/2024\/07\/cine-1.jpg\" \/>\n\t<meta property=\"og:image:width\" content=\"351\" \/>\n\t<meta property=\"og:image:height\" content=\"34\" \/>\n\t<meta property=\"og:image:type\" content=\"image\/jpeg\" \/>\n<meta name=\"twitter:card\" content=\"summary_large_image\" \/>\n<meta name=\"twitter:label1\" content=\"Gesch\u00e4tzte Lesezeit\" \/>\n\t<meta name=\"twitter:data1\" content=\"57\u00a0Minuten\" \/>\n<script type=\"application\/ld+json\" class=\"yoast-schema-graph\">{\"@context\":\"https:\/\/schema.org\",\"@graph\":[{\"@type\":\"WebPage\",\"@id\":\"https:\/\/festivaldemusicavisualdelanzarote.com\/de\/programmierung-2024\/\",\"url\":\"https:\/\/festivaldemusicavisualdelanzarote.com\/de\/programmierung-2024\/\",\"name\":\"EDITION 2024 - Festival de M\u00fasica de Lanzarote\",\"isPartOf\":{\"@id\":\"https:\/\/festivaldemusicavisualdelanzarote.com\/de\/#website\"},\"primaryImageOfPage\":{\"@id\":\"https:\/\/festivaldemusicavisualdelanzarote.com\/de\/programmierung-2024\/#primaryimage\"},\"image\":{\"@id\":\"https:\/\/festivaldemusicavisualdelanzarote.com\/de\/programmierung-2024\/#primaryimage\"},\"thumbnailUrl\":\"https:\/\/festivaldemusicavisualdelanzarote.com\/wp-content\/uploads\/2024\/07\/cine-1-300x29.jpg\",\"datePublished\":\"2024-06-24T15:56:38+00:00\",\"dateModified\":\"2025-10-24T17:57:37+00:00\",\"description\":\"19. Ausgabe des Lanzarote Visual Music Festival: Lanzarotes einzigartiges Festival kehrt auf die einzigartigen B\u00fchnen des CACT zur\u00fcck.\",\"breadcrumb\":{\"@id\":\"https:\/\/festivaldemusicavisualdelanzarote.com\/de\/programmierung-2024\/#breadcrumb\"},\"inLanguage\":\"de\",\"potentialAction\":[{\"@type\":\"ReadAction\",\"target\":[\"https:\/\/festivaldemusicavisualdelanzarote.com\/de\/programmierung-2024\/\"]}]},{\"@type\":\"ImageObject\",\"inLanguage\":\"de\",\"@id\":\"https:\/\/festivaldemusicavisualdelanzarote.com\/de\/programmierung-2024\/#primaryimage\",\"url\":\"https:\/\/festivaldemusicavisualdelanzarote.com\/wp-content\/uploads\/2024\/07\/cine-1-300x29.jpg\",\"contentUrl\":\"https:\/\/festivaldemusicavisualdelanzarote.com\/wp-content\/uploads\/2024\/07\/cine-1-300x29.jpg\"},{\"@type\":\"BreadcrumbList\",\"@id\":\"https:\/\/festivaldemusicavisualdelanzarote.com\/de\/programmierung-2024\/#breadcrumb\",\"itemListElement\":[{\"@type\":\"ListItem\",\"position\":1,\"name\":\"Portada\",\"item\":\"https:\/\/festivaldemusicavisualdelanzarote.com\/de\/\"},{\"@type\":\"ListItem\",\"position\":2,\"name\":\"EDITION 2024\"}]},{\"@type\":\"WebSite\",\"@id\":\"https:\/\/festivaldemusicavisualdelanzarote.com\/de\/#website\",\"url\":\"https:\/\/festivaldemusicavisualdelanzarote.com\/de\/\",\"name\":\"Festival de M\u00fasica de Lanzarote\",\"description\":\"Festival de m\u00fasica contempor\u00e1nea en Lanzarote\",\"publisher\":{\"@id\":\"https:\/\/festivaldemusicavisualdelanzarote.com\/de\/#organization\"},\"potentialAction\":[{\"@type\":\"SearchAction\",\"target\":{\"@type\":\"EntryPoint\",\"urlTemplate\":\"https:\/\/festivaldemusicavisualdelanzarote.com\/de\/?s={search_term_string}\"},\"query-input\":{\"@type\":\"PropertyValueSpecification\",\"valueRequired\":true,\"valueName\":\"search_term_string\"}}],\"inLanguage\":\"de\"},{\"@type\":\"Organization\",\"@id\":\"https:\/\/festivaldemusicavisualdelanzarote.com\/de\/#organization\",\"name\":\"Festival de M\u00fasica de Lanzarote\",\"url\":\"https:\/\/festivaldemusicavisualdelanzarote.com\/de\/\",\"logo\":{\"@type\":\"ImageObject\",\"inLanguage\":\"de\",\"@id\":\"https:\/\/festivaldemusicavisualdelanzarote.com\/de\/#\/schema\/logo\/image\/\",\"url\":\"https:\/\/festivaldemusicavisualdelanzarote.com\/wp-content\/uploads\/2023\/07\/ELEMENTOS-WEB-1-34.png\",\"contentUrl\":\"https:\/\/festivaldemusicavisualdelanzarote.com\/wp-content\/uploads\/2023\/07\/ELEMENTOS-WEB-1-34.png\",\"width\":481,\"height\":477,\"caption\":\"Festival de M\u00fasica de Lanzarote\"},\"image\":{\"@id\":\"https:\/\/festivaldemusicavisualdelanzarote.com\/de\/#\/schema\/logo\/image\/\"},\"sameAs\":[\"https:\/\/www.facebook.com\/FestivaldeMusicaVisualdeLanzarote\",\"https:\/\/www.instagram.com\/festivalmusicavisuallzt\/\"]}]}<\/script>\n<!-- \/ Yoast SEO plugin. -->","yoast_head_json":{"title":"EDITION 2024 - Festival de M\u00fasica de Lanzarote","description":"19. Ausgabe des Lanzarote Visual Music Festival: Lanzarotes einzigartiges Festival kehrt auf die einzigartigen B\u00fchnen des CACT zur\u00fcck.","robots":{"index":"index","follow":"follow","max-snippet":"max-snippet:-1","max-image-preview":"max-image-preview:large","max-video-preview":"max-video-preview:-1"},"canonical":"https:\/\/festivaldemusicavisualdelanzarote.com\/de\/programmierung-2024\/","og_locale":"de_DE","og_type":"article","og_title":"EDITION 2024 - Festival de M\u00fasica de Lanzarote","og_description":"19. Ausgabe des Lanzarote Visual Music Festival: Lanzarotes einzigartiges Festival kehrt auf die einzigartigen B\u00fchnen des CACT zur\u00fcck.","og_url":"https:\/\/festivaldemusicavisualdelanzarote.com\/de\/programmierung-2024\/","og_site_name":"Festival de M\u00fasica de Lanzarote","article_publisher":"https:\/\/www.facebook.com\/FestivaldeMusicaVisualdeLanzarote","article_modified_time":"2025-10-24T17:57:37+00:00","og_image":[{"width":351,"height":34,"url":"https:\/\/festivaldemusicavisualdelanzarote.com\/wp-content\/uploads\/2024\/07\/cine-1.jpg","type":"image\/jpeg"}],"twitter_card":"summary_large_image","twitter_misc":{"Gesch\u00e4tzte Lesezeit":"57\u00a0Minuten"},"schema":{"@context":"https:\/\/schema.org","@graph":[{"@type":"WebPage","@id":"https:\/\/festivaldemusicavisualdelanzarote.com\/de\/programmierung-2024\/","url":"https:\/\/festivaldemusicavisualdelanzarote.com\/de\/programmierung-2024\/","name":"EDITION 2024 - Festival de M\u00fasica de Lanzarote","isPartOf":{"@id":"https:\/\/festivaldemusicavisualdelanzarote.com\/de\/#website"},"primaryImageOfPage":{"@id":"https:\/\/festivaldemusicavisualdelanzarote.com\/de\/programmierung-2024\/#primaryimage"},"image":{"@id":"https:\/\/festivaldemusicavisualdelanzarote.com\/de\/programmierung-2024\/#primaryimage"},"thumbnailUrl":"https:\/\/festivaldemusicavisualdelanzarote.com\/wp-content\/uploads\/2024\/07\/cine-1-300x29.jpg","datePublished":"2024-06-24T15:56:38+00:00","dateModified":"2025-10-24T17:57:37+00:00","description":"19. Ausgabe des Lanzarote Visual Music Festival: Lanzarotes einzigartiges Festival kehrt auf die einzigartigen B\u00fchnen des CACT zur\u00fcck.","breadcrumb":{"@id":"https:\/\/festivaldemusicavisualdelanzarote.com\/de\/programmierung-2024\/#breadcrumb"},"inLanguage":"de","potentialAction":[{"@type":"ReadAction","target":["https:\/\/festivaldemusicavisualdelanzarote.com\/de\/programmierung-2024\/"]}]},{"@type":"ImageObject","inLanguage":"de","@id":"https:\/\/festivaldemusicavisualdelanzarote.com\/de\/programmierung-2024\/#primaryimage","url":"https:\/\/festivaldemusicavisualdelanzarote.com\/wp-content\/uploads\/2024\/07\/cine-1-300x29.jpg","contentUrl":"https:\/\/festivaldemusicavisualdelanzarote.com\/wp-content\/uploads\/2024\/07\/cine-1-300x29.jpg"},{"@type":"BreadcrumbList","@id":"https:\/\/festivaldemusicavisualdelanzarote.com\/de\/programmierung-2024\/#breadcrumb","itemListElement":[{"@type":"ListItem","position":1,"name":"Portada","item":"https:\/\/festivaldemusicavisualdelanzarote.com\/de\/"},{"@type":"ListItem","position":2,"name":"EDITION 2024"}]},{"@type":"WebSite","@id":"https:\/\/festivaldemusicavisualdelanzarote.com\/de\/#website","url":"https:\/\/festivaldemusicavisualdelanzarote.com\/de\/","name":"Festival de M\u00fasica de Lanzarote","description":"Festival de m\u00fasica contempor\u00e1nea en Lanzarote","publisher":{"@id":"https:\/\/festivaldemusicavisualdelanzarote.com\/de\/#organization"},"potentialAction":[{"@type":"SearchAction","target":{"@type":"EntryPoint","urlTemplate":"https:\/\/festivaldemusicavisualdelanzarote.com\/de\/?s={search_term_string}"},"query-input":{"@type":"PropertyValueSpecification","valueRequired":true,"valueName":"search_term_string"}}],"inLanguage":"de"},{"@type":"Organization","@id":"https:\/\/festivaldemusicavisualdelanzarote.com\/de\/#organization","name":"Festival de M\u00fasica de Lanzarote","url":"https:\/\/festivaldemusicavisualdelanzarote.com\/de\/","logo":{"@type":"ImageObject","inLanguage":"de","@id":"https:\/\/festivaldemusicavisualdelanzarote.com\/de\/#\/schema\/logo\/image\/","url":"https:\/\/festivaldemusicavisualdelanzarote.com\/wp-content\/uploads\/2023\/07\/ELEMENTOS-WEB-1-34.png","contentUrl":"https:\/\/festivaldemusicavisualdelanzarote.com\/wp-content\/uploads\/2023\/07\/ELEMENTOS-WEB-1-34.png","width":481,"height":477,"caption":"Festival de M\u00fasica de Lanzarote"},"image":{"@id":"https:\/\/festivaldemusicavisualdelanzarote.com\/de\/#\/schema\/logo\/image\/"},"sameAs":["https:\/\/www.facebook.com\/FestivaldeMusicaVisualdeLanzarote","https:\/\/www.instagram.com\/festivalmusicavisuallzt\/"]}]}},"_links":{"self":[{"href":"https:\/\/festivaldemusicavisualdelanzarote.com\/de\/wp-json\/wp\/v2\/pages\/6357","targetHints":{"allow":["GET"]}}],"collection":[{"href":"https:\/\/festivaldemusicavisualdelanzarote.com\/de\/wp-json\/wp\/v2\/pages"}],"about":[{"href":"https:\/\/festivaldemusicavisualdelanzarote.com\/de\/wp-json\/wp\/v2\/types\/page"}],"author":[{"embeddable":true,"href":"https:\/\/festivaldemusicavisualdelanzarote.com\/de\/wp-json\/wp\/v2\/users\/2"}],"replies":[{"embeddable":true,"href":"https:\/\/festivaldemusicavisualdelanzarote.com\/de\/wp-json\/wp\/v2\/comments?post=6357"}],"version-history":[{"count":47,"href":"https:\/\/festivaldemusicavisualdelanzarote.com\/de\/wp-json\/wp\/v2\/pages\/6357\/revisions"}],"predecessor-version":[{"id":8775,"href":"https:\/\/festivaldemusicavisualdelanzarote.com\/de\/wp-json\/wp\/v2\/pages\/6357\/revisions\/8775"}],"wp:attachment":[{"href":"https:\/\/festivaldemusicavisualdelanzarote.com\/de\/wp-json\/wp\/v2\/media?parent=6357"}],"curies":[{"name":"wp","href":"https:\/\/api.w.org\/{rel}","templated":true}]}}