{"id":6363,"date":"2024-06-24T17:56:38","date_gmt":"2024-06-24T15:56:38","guid":{"rendered":"https:\/\/festivaldemusicavisualdelanzarote.com\/2024-programming\/"},"modified":"2025-10-24T19:57:37","modified_gmt":"2025-10-24T17:57:37","slug":"2024-programming","status":"publish","type":"page","link":"https:\/\/festivaldemusicavisualdelanzarote.com\/en\/2024-programming\/","title":{"rendered":"EDITION 2024"},"content":{"rendered":"<p>[et_pb_section fb_built=&#8221;1&#8243; fullwidth=&#8221;on&#8221; admin_label=&#8221;Section&#8221; _builder_version=&#8221;4.27.0&#8243; _module_preset=&#8221;default&#8221; da_disable_devices=&#8221;off|off|off&#8221; global_colors_info=&#8221;{}&#8221; da_is_popup=&#8221;off&#8221; da_exit_intent=&#8221;off&#8221; da_has_close=&#8221;on&#8221; da_alt_close=&#8221;off&#8221; da_dark_close=&#8221;off&#8221; da_not_modal=&#8221;on&#8221; da_is_singular=&#8221;off&#8221; da_with_loader=&#8221;off&#8221; da_has_shadow=&#8221;on&#8221;][et_pb_fullwidth_image src=&#8221;https:\/\/festivaldemusicavisualdelanzarote.com\/wp-content\/uploads\/2024\/06\/PORTADA-WEB-2024_Prancheta-1-scaled.jpg&#8221; title_text=&#8221;WEB COVER 2024-02&#8243; src_tablet=&#8221;https:\/\/festivaldemusicavisualdelanzarote.com\/wp-content\/uploads\/2024\/06\/PORTADA-WEB-2024-02-scaled.jpg&#8221; src_phone=&#8221;https:\/\/festivaldemusicavisualdelanzarote.com\/wp-content\/uploads\/2024\/06\/PORTADA-WEB-2024-02-scaled.jpg&#8221; src_last_edited=&#8221;on|phone&#8221; _builder_version=&#8221;4.27.0&#8243; _module_preset=&#8221;default&#8221; box_shadow_style=&#8221;preset6&#8243; box_shadow_horizontal=&#8221;-18px&#8221; box_shadow_vertical=&#8221;-1px&#8221; box_shadow_blur=&#8221;73px&#8221; box_shadow_spread=&#8221;52px&#8221; box_shadow_color=&#8221;#0e1322&#8243; global_colors_info=&#8221;{}&#8221;][\/et_pb_fullwidth_image][\/et_pb_section][et_pb_section fb_built=&#8221;1&#8243; _builder_version=&#8221;4.27.0&#8243; _module_preset=&#8221;default&#8221; background_image=&#8221;https:\/\/festivaldemusicavisualdelanzarote.com\/wp-content\/uploads\/2024\/07\/bg.jpg&#8221; background_position=&#8221;top_left&#8221; custom_padding=&#8221;||0px|||&#8221; da_disable_devices=&#8221;off|off|off&#8221; global_colors_info=&#8221;{}&#8221; da_is_popup=&#8221;off&#8221; da_exit_intent=&#8221;off&#8221; da_has_close=&#8221;on&#8221; da_alt_close=&#8221;off&#8221; da_dark_close=&#8221;off&#8221; da_not_modal=&#8221;on&#8221; da_is_singular=&#8221;off&#8221; da_with_loader=&#8221;off&#8221; da_has_shadow=&#8221;on&#8221;][et_pb_row _builder_version=&#8221;4.27.0&#8243; _module_preset=&#8221;default&#8221; global_colors_info=&#8221;{}&#8221;][et_pb_column type=&#8221;4_4&#8243; _builder_version=&#8221;4.27.0&#8243; _module_preset=&#8221;default&#8221; global_colors_info=&#8221;{}&#8221;][et_pb_text _builder_version=&#8221;4.27.0&#8243; _module_preset=&#8221;default&#8221; text_font=&#8221;Along Black|||on|||||&#8221; text_text_color=&#8221;#FFFFFF&#8221; text_font_size=&#8221;23px&#8221; text_orientation=&#8221;right&#8221; global_colors_info=&#8221;{}&#8221;]<\/p>\n<p>October 9 to 19<\/p>\n<p>[\/et_pb_text][\/et_pb_column][\/et_pb_row][\/et_pb_section][et_pb_section fb_built=&#8221;1&#8243; admin_label=&#8221;Section&#8221; _builder_version=&#8221;4.27.0&#8243; _module_preset=&#8221;default&#8221; background_image=&#8221;https:\/\/festivaldemusicavisualdelanzarote.com\/wp-content\/uploads\/2024\/07\/bg.jpg&#8221; background_position=&#8221;top_left&#8221; custom_padding=&#8221;||0px|||&#8221; da_disable_devices=&#8221;off|off|off&#8221; global_colors_info=&#8221;{}&#8221; da_is_popup=&#8221;off&#8221; da_exit_intent=&#8221;off&#8221; da_has_close=&#8221;on&#8221; da_alt_close=&#8221;off&#8221; da_dark_close=&#8221;off&#8221; da_not_modal=&#8221;on&#8221; da_is_singular=&#8221;off&#8221; da_with_loader=&#8221;off&#8221; da_has_shadow=&#8221;on&#8221;][et_pb_row column_structure=&#8221;1_2,1_2&#8243; _builder_version=&#8221;4.27.0&#8243; _module_preset=&#8221;default&#8221; global_colors_info=&#8221;{}&#8221;][et_pb_column type=&#8221;1_2&#8243; _builder_version=&#8221;4.27.0&#8243; _module_preset=&#8221;default&#8221; link_option_url=&#8221;#carson&#8221; global_colors_info=&#8221;{}&#8221;][et_pb_image src=&#8221;https:\/\/festivaldemusicavisualdelanzarote.com\/wp-content\/uploads\/2024\/07\/CABIN-MUSIC.jpg&#8221; title_text=&#8221;CABIN-MUSIC&#8221; url=&#8221;#carson&#8221; use_overlay=&#8221;on&#8221; overlay_icon_color=&#8221;#FFFFFF&#8221; _builder_version=&#8221;4.27.0&#8243; _module_preset=&#8221;default&#8221; background_enable_color=&#8221;off&#8221; filter_brightness_last_edited=&#8221;off|desktop&#8221; global_colors_info=&#8221;{}&#8221; filter_brightness__hover_enabled=&#8221;off|hover&#8221;][\/et_pb_image][et_pb_text _builder_version=&#8221;4.27.0&#8243; _module_preset=&#8221;default&#8221; text_font=&#8221;|300|||||||&#8221; text_text_color=&#8221;#FFFFFF&#8221; text_font_size=&#8221;16px&#8221; text_letter_spacing=&#8221;1px&#8221; custom_margin=&#8221;||15px|||&#8221; global_colors_info=&#8221;{}&#8221;]<\/p>\n<p><strong>9 Oct<\/strong> | 20.00h  <img loading=\"lazy\" decoding=\"async\" src=\"https:\/\/festivaldemusicavisualdelanzarote.com\/wp-content\/uploads\/2024\/07\/cine-1-300x29.jpg\" width=\"145\" height=\"14\" alt=\"\" class=\"wp-image-6669 alignnone size-medium\" srcset=\"https:\/\/festivaldemusicavisualdelanzarote.com\/wp-content\/uploads\/2024\/07\/cine-1-300x29.jpg 300w, https:\/\/festivaldemusicavisualdelanzarote.com\/wp-content\/uploads\/2024\/07\/cine-1.jpg 351w\" sizes=\"(max-width: 145px) 100vw, 145px\" \/><\/p>\n<p>[\/et_pb_text][et_pb_text _builder_version=&#8221;4.27.0&#8243; _module_preset=&#8221;default&#8221; text_font=&#8221;Along Black|800||on|||||&#8221; text_text_color=&#8221;#FFFFFF&#8221; text_font_size=&#8221;50px&#8221; text_letter_spacing=&#8221;1px&#8221; text_line_height=&#8221;1.1em&#8221; header_2_font=&#8221;Along Black||||||||&#8221; header_2_text_color=&#8221;#FFFFFF&#8221; header_2_font_size=&#8221;50px&#8221; custom_margin=&#8221;||8px|||&#8221; header_2_font_size_tablet=&#8221;50px&#8221; header_2_font_size_phone=&#8221;35px&#8221; header_2_font_size_last_edited=&#8221;on|phone&#8221; global_colors_info=&#8221;{}&#8221;]<\/p>\n<h2>CABIN MUSIC<\/h2>\n<p>[\/et_pb_text][et_pb_text _builder_version=&#8221;4.27.0&#8243; _module_preset=&#8221;default&#8221; text_font=&#8221;Along Black|800||on|||||&#8221; text_text_color=&#8221;#FFFFFF&#8221; text_font_size=&#8221;50px&#8221; text_letter_spacing=&#8221;1px&#8221; text_line_height=&#8221;1.1em&#8221; header_2_font=&#8221;Along Black||||||||&#8221; header_2_text_color=&#8221;#FFFFFF&#8221; header_2_font_size=&#8221;50px&#8221; header_3_font=&#8221;Along Black||||||||&#8221; header_3_text_color=&#8221;#FFFFFF&#8221; header_3_font_size=&#8221;30px&#8221; custom_margin=&#8221;||17px|||&#8221; header_3_font_size_tablet=&#8221;30px&#8221; header_3_font_size_phone=&#8221;20px&#8221; header_3_font_size_last_edited=&#8221;on|phone&#8221; global_colors_info=&#8221;{}&#8221;]<\/p>\n<h3>by James Carson<\/h3>\n<p>[\/et_pb_text][et_pb_text _builder_version=&#8221;4.27.0&#8243; _module_preset=&#8221;default&#8221; text_font=&#8221;|300|||||||&#8221; text_text_color=&#8221;#FFFFFF&#8221; text_letter_spacing=&#8221;1px&#8221; text_font_size_tablet=&#8221;&#8221; text_font_size_phone=&#8221;10px&#8221; text_font_size_last_edited=&#8221;on|phone&#8221; global_colors_info=&#8221;{}&#8221;]<\/p>\n<p><img loading=\"lazy\" decoding=\"async\" src=\"https:\/\/festivaldemusicavisualdelanzarote.com\/wp-content\/uploads\/2024\/07\/point-225x300.png\" width=\"15\" height=\"20\" alt=\"\" class=\"wp-image-6673 alignnone size-medium\" srcset=\"https:\/\/festivaldemusicavisualdelanzarote.com\/wp-content\/uploads\/2024\/07\/point-225x300.png 225w, https:\/\/festivaldemusicavisualdelanzarote.com\/wp-content\/uploads\/2024\/07\/point.png 384w\" sizes=\"(max-width: 15px) 100vw, 15px\" \/>  <strong>Sala Bu\u00f1uel |<\/strong> CIC El Almac\u00e9n <img loading=\"lazy\" decoding=\"async\" src=\"https:\/\/festivaldemusicavisualdelanzarote.com\/wp-content\/uploads\/2024\/07\/ticket.png\" width=\"14\" height=\"21\" alt=\"\" class=\"wp-image-6677 alignnone size-full\"> 3.<span>00\u20ac<\/span> 3.00\u20ac 3.00\u20ac 3.00<\/p>\n<p>[\/et_pb_text][\/et_pb_column][et_pb_column type=&#8221;1_2&#8243; _builder_version=&#8221;4.27.0&#8243; _module_preset=&#8221;default&#8221; link_option_url=&#8221;#alonso&#8221; global_colors_info=&#8221;{}&#8221;][et_pb_image src=&#8221;https:\/\/festivaldemusicavisualdelanzarote.com\/wp-content\/uploads\/2024\/07\/Hara-Alonso.jpg&#8221; title_text=&#8221;Hara-Alonso&#8221; url=&#8221;#&#8221; use_overlay=&#8221;on&#8221; overlay_icon_color=&#8221;#FFFFFF&#8221; _builder_version=&#8221;4.27.0&#8243; _module_preset=&#8221;default&#8221; background_enable_color=&#8221;off&#8221; filter_brightness_last_edited=&#8221;off|desktop&#8221; global_colors_info=&#8221;{}&#8221; filter_brightness__hover_enabled=&#8221;off|hover&#8221;][\/et_pb_image][et_pb_text _builder_version=&#8221;4.27.0&#8243; _module_preset=&#8221;default&#8221; text_font=&#8221;|300|||||||&#8221; text_text_color=&#8221;#FFFFFF&#8221; text_font_size=&#8221;16px&#8221; text_letter_spacing=&#8221;1px&#8221; custom_margin=&#8221;||15px|||&#8221; global_colors_info=&#8221;{}&#8221;]<\/p>\n<p><strong>10 Oct<\/strong> | 20.00h  <\/p>\n<p>[\/et_pb_text][et_pb_text _builder_version=&#8221;4.27.0&#8243; _module_preset=&#8221;default&#8221; text_font=&#8221;Along Black|800||on|||||&#8221; text_text_color=&#8221;#FFFFFF&#8221; text_font_size=&#8221;50px&#8221; text_letter_spacing=&#8221;1px&#8221; text_line_height=&#8221;1.1em&#8221; header_2_font=&#8221;Along Black||||||||&#8221; header_2_text_color=&#8221;#FFFFFF&#8221; header_2_font_size=&#8221;30px&#8221; custom_margin=&#8221;||8px|||&#8221; header_2_font_size_tablet=&#8221;30px&#8221; header_2_font_size_phone=&#8221;35px&#8221; header_2_font_size_last_edited=&#8221;on|phone&#8221; global_colors_info=&#8221;{}&#8221;]<\/p>\n<h2>TOUCH-ME-NOT<\/h2>\n<p>[\/et_pb_text][et_pb_text _builder_version=&#8221;4.27.0&#8243; _module_preset=&#8221;default&#8221; text_font=&#8221;Along Black|800||on|||||&#8221; text_text_color=&#8221;#FFFFFF&#8221; text_font_size=&#8221;50px&#8221; text_letter_spacing=&#8221;1px&#8221; text_line_height=&#8221;1.1em&#8221; header_2_font=&#8221;Along Black||||||||&#8221; header_2_text_color=&#8221;#FFFFFF&#8221; header_2_font_size=&#8221;50px&#8221; header_3_font=&#8221;Along Black||||||||&#8221; header_3_text_color=&#8221;#FFFFFF&#8221; header_3_font_size=&#8221;30px&#8221; custom_margin=&#8221;||-1px|||&#8221; header_3_font_size_tablet=&#8221;30px&#8221; header_3_font_size_phone=&#8221;20px&#8221; header_3_font_size_last_edited=&#8221;on|phone&#8221; global_colors_info=&#8221;{}&#8221;]<\/p>\n<h3>(aka Hara Alonso)<\/h3>\n<p>[\/et_pb_text][et_pb_text _builder_version=&#8221;4.27.0&#8243; _module_preset=&#8221;default&#8221; text_font=&#8221;Along Black|800||on|||||&#8221; text_text_color=&#8221;#FFFFFF&#8221; text_font_size=&#8221;50px&#8221; text_letter_spacing=&#8221;1px&#8221; text_line_height=&#8221;1.1em&#8221; header_2_font=&#8221;Along Black||||||||&#8221; header_2_text_color=&#8221;#FFFFFF&#8221; header_2_font_size=&#8221;50px&#8221; header_3_font=&#8221;Along Black||||||||&#8221; header_3_text_color=&#8221;#FFFFFF&#8221; header_3_font_size=&#8221;25px&#8221; custom_margin=&#8221;||17px|||&#8221; header_3_font_size_tablet=&#8221;25px&#8221; header_3_font_size_phone=&#8221;20px&#8221; header_3_font_size_last_edited=&#8221;on|phone&#8221; global_colors_info=&#8221;{}&#8221;]<\/p>\n<h3>visuals by Miguel G. Morales<\/h3>\n<p>[\/et_pb_text][et_pb_text _builder_version=&#8221;4.27.0&#8243; _module_preset=&#8221;default&#8221; text_font=&#8221;|300|||||||&#8221; text_text_color=&#8221;#FFFFFF&#8221; text_letter_spacing=&#8221;1px&#8221; text_font_size_tablet=&#8221;&#8221; text_font_size_phone=&#8221;10px&#8221; text_font_size_last_edited=&#8221;on|phone&#8221; global_colors_info=&#8221;{}&#8221;]<\/p>\n<p><img loading=\"lazy\" decoding=\"async\" src=\"https:\/\/festivaldemusicavisualdelanzarote.com\/wp-content\/uploads\/2024\/07\/point-225x300.png\" width=\"15\" height=\"20\" alt=\"\" class=\"wp-image-6673 alignnone size-medium\" srcset=\"https:\/\/festivaldemusicavisualdelanzarote.com\/wp-content\/uploads\/2024\/07\/point-225x300.png 225w, https:\/\/festivaldemusicavisualdelanzarote.com\/wp-content\/uploads\/2024\/07\/point.png 384w\" sizes=\"(max-width: 15px) 100vw, 15px\" \/>  <strong>Sala Bu\u00f1uel |<\/strong> CIC El Almac\u00e9n <img loading=\"lazy\" decoding=\"async\" src=\"https:\/\/festivaldemusicavisualdelanzarote.com\/wp-content\/uploads\/2024\/07\/ticket.png\" width=\"14\" height=\"21\" alt=\"\" class=\"wp-image-6677 alignnone size-full\"> 10.<span>00\u20ac<\/span>.<\/p>\n<p>[\/et_pb_text][\/et_pb_column][\/et_pb_row][et_pb_row column_structure=&#8221;1_2,1_2&#8243; _builder_version=&#8221;4.27.0&#8243; _module_preset=&#8221;default&#8221; global_colors_info=&#8221;{}&#8221;][et_pb_column type=&#8221;1_2&#8243; _builder_version=&#8221;4.27.0&#8243; _module_preset=&#8221;default&#8221; link_option_url=&#8221;#mario&#8221; global_colors_info=&#8221;{}&#8221;][et_pb_image src=&#8221;https:\/\/festivaldemusicavisualdelanzarote.com\/wp-content\/uploads\/2024\/07\/mario.jpg&#8221; title_text=&#8221;mario&#8221; url=&#8221;#&#8221; use_overlay=&#8221;on&#8221; overlay_icon_color=&#8221;#FFFFFF&#8221; _builder_version=&#8221;4.27.0&#8243; _module_preset=&#8221;default&#8221; background_enable_color=&#8221;off&#8221; filter_brightness_last_edited=&#8221;off|desktop&#8221; global_colors_info=&#8221;{}&#8221; filter_brightness__hover_enabled=&#8221;off|hover&#8221;][\/et_pb_image][et_pb_text _builder_version=&#8221;4.27.0&#8243; _module_preset=&#8221;default&#8221; text_font=&#8221;|300|||||||&#8221; text_text_color=&#8221;#FFFFFF&#8221; text_font_size=&#8221;16px&#8221; text_letter_spacing=&#8221;1px&#8221; custom_margin=&#8221;||15px|||&#8221; global_colors_info=&#8221;{}&#8221;]<\/p>\n<p><strong>12 Oct<\/strong> | 20.00h  <\/p>\n<p>[\/et_pb_text][et_pb_text _builder_version=&#8221;4.27.0&#8243; _module_preset=&#8221;default&#8221; text_font=&#8221;Along Black|800||on|||||&#8221; text_text_color=&#8221;#FFFFFF&#8221; text_font_size=&#8221;50px&#8221; text_letter_spacing=&#8221;1px&#8221; text_line_height=&#8221;1.1em&#8221; header_2_font=&#8221;Along Black||||||||&#8221; header_2_text_color=&#8221;#FFFFFF&#8221; header_2_font_size=&#8221;50px&#8221; custom_margin=&#8221;||8px|||&#8221; header_2_font_size_tablet=&#8221;50px&#8221; header_2_font_size_phone=&#8221;35px&#8221; header_2_font_size_last_edited=&#8221;on|phone&#8221; global_colors_info=&#8221;{}&#8221;]<\/p>\n<h2><strong>MARIO BATKOVIC<\/strong><\/h2>\n<p>[\/et_pb_text][et_pb_text _builder_version=&#8221;4.27.0&#8243; _module_preset=&#8221;default&#8221; text_font=&#8221;Along Black|800||on|||||&#8221; text_text_color=&#8221;#FFFFFF&#8221; text_font_size=&#8221;50px&#8221; text_letter_spacing=&#8221;1px&#8221; text_line_height=&#8221;1.1em&#8221; header_2_font=&#8221;Along Black||||||||&#8221; header_2_text_color=&#8221;#FFFFFF&#8221; header_2_font_size=&#8221;50px&#8221; header_3_font=&#8221;Along Black||||||||&#8221; header_3_text_color=&#8221;#FFFFFF&#8221; header_3_font_size=&#8221;30px&#8221; custom_margin=&#8221;||17px|||&#8221; header_3_font_size_tablet=&#8221;30px&#8221; header_3_font_size_phone=&#8221;20px&#8221; header_3_font_size_last_edited=&#8221;on|phone&#8221; global_colors_info=&#8221;{}&#8221;]<\/p>\n<h3>only<\/h3>\n<p>[\/et_pb_text][et_pb_text _builder_version=&#8221;4.27.0&#8243; _module_preset=&#8221;default&#8221; text_font=&#8221;|300|||||||&#8221; text_text_color=&#8221;#FFFFFF&#8221; text_letter_spacing=&#8221;1px&#8221; text_font_size_tablet=&#8221;&#8221; text_font_size_phone=&#8221;10px&#8221; text_font_size_last_edited=&#8221;on|phone&#8221; global_colors_info=&#8221;{}&#8221;]<\/p>\n<p><img loading=\"lazy\" decoding=\"async\" src=\"https:\/\/festivaldemusicavisualdelanzarote.com\/wp-content\/uploads\/2024\/07\/point-225x300.png\" width=\"15\" height=\"20\" alt=\"\" class=\"wp-image-6673 alignnone size-medium\" srcset=\"https:\/\/festivaldemusicavisualdelanzarote.com\/wp-content\/uploads\/2024\/07\/point-225x300.png 225w, https:\/\/festivaldemusicavisualdelanzarote.com\/wp-content\/uploads\/2024\/07\/point.png 384w\" sizes=\"(max-width: 15px) 100vw, 15px\" \/>  Cueva de los Verdes Auditorium <img loading=\"lazy\" decoding=\"async\" src=\"https:\/\/festivaldemusicavisualdelanzarote.com\/wp-content\/uploads\/2024\/07\/ticket.png\" width=\"14\" height=\"21\" alt=\"\" class=\"wp-image-6677 alignnone size-full\"> 15.<span>00\u20ac<\/span>.<\/p>\n<p>[\/et_pb_text][\/et_pb_column][et_pb_column type=&#8221;1_2&#8243; _builder_version=&#8221;4.27.0&#8243; _module_preset=&#8221;default&#8221; link_option_url=&#8221;#neo&#8221; global_colors_info=&#8221;{}&#8221;][et_pb_image src=&#8221;https:\/\/festivaldemusicavisualdelanzarote.com\/wp-content\/uploads\/2024\/07\/neo.jpg&#8221; title_text=&#8221;neo&#8221; url=&#8221;#&#8221; use_overlay=&#8221;on&#8221; overlay_icon_color=&#8221;#FFFFFF&#8221; _builder_version=&#8221;4.27.0&#8243; _module_preset=&#8221;default&#8221; background_enable_color=&#8221;off&#8221; filter_brightness_last_edited=&#8221;off|desktop&#8221; global_colors_info=&#8221;{}&#8221; filter_brightness__hover_enabled=&#8221;off|hover&#8221;][\/et_pb_image][et_pb_text _builder_version=&#8221;4.27.0&#8243; _module_preset=&#8221;default&#8221; text_font=&#8221;|300|||||||&#8221; text_text_color=&#8221;#FFFFFF&#8221; text_font_size=&#8221;16px&#8221; text_letter_spacing=&#8221;1px&#8221; custom_margin=&#8221;||15px|||&#8221; global_colors_info=&#8221;{}&#8221;]<\/p>\n<p><strong>15 Oct<\/strong> | 20.00h  <img loading=\"lazy\" decoding=\"async\" src=\"https:\/\/festivaldemusicavisualdelanzarote.com\/wp-content\/uploads\/2024\/07\/cine-1-300x29.jpg\" width=\"155\" height=\"15\" alt=\"\" class=\"wp-image-6669 alignnone size-medium\" srcset=\"https:\/\/festivaldemusicavisualdelanzarote.com\/wp-content\/uploads\/2024\/07\/cine-1-300x29.jpg 300w, https:\/\/festivaldemusicavisualdelanzarote.com\/wp-content\/uploads\/2024\/07\/cine-1.jpg 351w\" sizes=\"(max-width: 155px) 100vw, 155px\" \/><\/p>\n<p>[\/et_pb_text][et_pb_text _builder_version=&#8221;4.27.0&#8243; _module_preset=&#8221;default&#8221; text_font=&#8221;Along Black|800||on|||||&#8221; text_text_color=&#8221;#FFFFFF&#8221; text_font_size=&#8221;50px&#8221; text_letter_spacing=&#8221;1px&#8221; text_line_height=&#8221;1.1em&#8221; header_2_font=&#8221;Along Black||||||||&#8221; header_2_text_color=&#8221;#FFFFFF&#8221; header_2_font_size=&#8221;48px&#8221; custom_margin=&#8221;||8px|||&#8221; header_2_font_size_tablet=&#8221;50px&#8221; header_2_font_size_phone=&#8221;35px&#8221; header_2_font_size_last_edited=&#8221;on|phone&#8221; global_colors_info=&#8221;{}&#8221;]<\/p>\n<h2><strong>RY\u016aICHI SAKAMOTO<\/strong><\/h2>\n<p>[\/et_pb_text][et_pb_text _builder_version=&#8221;4.27.0&#8243; _module_preset=&#8221;default&#8221; text_font=&#8221;Along Black|800||on|||||&#8221; text_text_color=&#8221;#FFFFFF&#8221; text_font_size=&#8221;50px&#8221; text_letter_spacing=&#8221;1px&#8221; text_line_height=&#8221;1.1em&#8221; header_2_font=&#8221;Along Black||||||||&#8221; header_2_text_color=&#8221;#FFFFFF&#8221; header_2_font_size=&#8221;50px&#8221; header_3_font=&#8221;Along Black||||||||&#8221; header_3_text_color=&#8221;#FFFFFF&#8221; header_3_font_size=&#8221;25px&#8221; custom_margin=&#8221;||17px|||&#8221; header_3_font_size_tablet=&#8221;25px&#8221; header_3_font_size_phone=&#8221;20px&#8221; header_3_font_size_last_edited=&#8221;on|phone&#8221; global_colors_info=&#8221;{}&#8221;]<\/p>\n<h3>OPUS, by Neo Sora<\/h3>\n<p>[\/et_pb_text][et_pb_text _builder_version=&#8221;4.27.0&#8243; _module_preset=&#8221;default&#8221; text_font=&#8221;|300|||||||&#8221; text_text_color=&#8221;#FFFFFF&#8221; text_letter_spacing=&#8221;1px&#8221; text_font_size_tablet=&#8221;&#8221; text_font_size_phone=&#8221;10px&#8221; text_font_size_last_edited=&#8221;on|phone&#8221; global_colors_info=&#8221;{}&#8221;]<\/p>\n<p><img loading=\"lazy\" decoding=\"async\" src=\"https:\/\/festivaldemusicavisualdelanzarote.com\/wp-content\/uploads\/2024\/07\/point-225x300.png\" width=\"15\" height=\"20\" alt=\"\" class=\"wp-image-6673 alignnone size-medium\" srcset=\"https:\/\/festivaldemusicavisualdelanzarote.com\/wp-content\/uploads\/2024\/07\/point-225x300.png 225w, https:\/\/festivaldemusicavisualdelanzarote.com\/wp-content\/uploads\/2024\/07\/point.png 384w\" sizes=\"(max-width: 15px) 100vw, 15px\" \/>  <strong>Sala Bu\u00f1uel |<\/strong> CIC El Almac\u00e9n <img loading=\"lazy\" decoding=\"async\" src=\"https:\/\/festivaldemusicavisualdelanzarote.com\/wp-content\/uploads\/2024\/07\/ticket.png\" width=\"14\" height=\"21\" alt=\"\" class=\"wp-image-6677 alignnone size-full\"> 3.<span>00\u20ac<\/span> 3.00\u20ac 3.00\u20ac 3.00<\/p>\n<p>[\/et_pb_text][\/et_pb_column][\/et_pb_row][et_pb_row column_structure=&#8221;1_2,1_2&#8243; _builder_version=&#8221;4.27.0&#8243; _module_preset=&#8221;default&#8221; global_colors_info=&#8221;{}&#8221;][et_pb_column type=&#8221;1_2&#8243; _builder_version=&#8221;4.27.0&#8243; _module_preset=&#8221;default&#8221; link_option_url=&#8221;#quartet&#8221; global_colors_info=&#8221;{}&#8221;][et_pb_image src=&#8221;https:\/\/festivaldemusicavisualdelanzarote.com\/wp-content\/uploads\/2024\/07\/QUARTET.jpg&#8221; title_text=&#8221;QUARTET&#8221; url=&#8221;#&#8221; use_overlay=&#8221;on&#8221; overlay_icon_color=&#8221;#FFFFFF&#8221; _builder_version=&#8221;4.27.0&#8243; _module_preset=&#8221;default&#8221; background_enable_color=&#8221;off&#8221; filter_brightness_last_edited=&#8221;off|desktop&#8221; global_colors_info=&#8221;{}&#8221; filter_brightness__hover_enabled=&#8221;off|hover&#8221;][\/et_pb_image][et_pb_text _builder_version=&#8221;4.27.0&#8243; _module_preset=&#8221;default&#8221; text_font=&#8221;|300|||||||&#8221; text_text_color=&#8221;#FFFFFF&#8221; text_font_size=&#8221;16px&#8221; text_letter_spacing=&#8221;1px&#8221; custom_margin=&#8221;||15px|||&#8221; global_colors_info=&#8221;{}&#8221;]<\/p>\n<p><strong>16 Oct<\/strong> | 20.00h<\/p>\n<p>[\/et_pb_text][et_pb_text _builder_version=&#8221;4.27.0&#8243; _module_preset=&#8221;default&#8221; text_font=&#8221;Along Black|800||on|||||&#8221; text_text_color=&#8221;#FFFFFF&#8221; text_font_size=&#8221;50px&#8221; text_letter_spacing=&#8221;1px&#8221; text_line_height=&#8221;1.1em&#8221; header_2_font=&#8221;Along Black||||||||&#8221; header_2_text_color=&#8221;#FFFFFF&#8221; header_2_font_size=&#8221;50px&#8221; custom_margin=&#8221;||8px|||&#8221; header_2_font_size_tablet=&#8221;50px&#8221; header_2_font_size_phone=&#8221;35px&#8221; header_2_font_size_last_edited=&#8221;on|phone&#8221; global_colors_info=&#8221;{}&#8221;]<\/p>\n<h2><strong>ANOUAR BRAHEM<\/strong><\/h2>\n<p>[\/et_pb_text][et_pb_text _builder_version=&#8221;4.27.0&#8243; _module_preset=&#8221;default&#8221; text_font=&#8221;Along Black|800||on|||||&#8221; text_text_color=&#8221;#FFFFFF&#8221; text_font_size=&#8221;50px&#8221; text_letter_spacing=&#8221;1px&#8221; text_line_height=&#8221;1.1em&#8221; header_2_font=&#8221;Along Black||||||||&#8221; header_2_text_color=&#8221;#FFFFFF&#8221; header_2_font_size=&#8221;50px&#8221; header_3_font=&#8221;Along Black||||||||&#8221; header_3_text_color=&#8221;#FFFFFF&#8221; header_3_font_size=&#8221;30px&#8221; custom_margin=&#8221;||17px|||&#8221; header_3_font_size_tablet=&#8221;30px&#8221; header_3_font_size_phone=&#8221;20px&#8221; header_3_font_size_last_edited=&#8221;on|phone&#8221; global_colors_info=&#8221;{}&#8221;]<\/p>\n<h3>QUARTET<\/h3>\n<p>[\/et_pb_text][et_pb_text _builder_version=&#8221;4.27.0&#8243; _module_preset=&#8221;default&#8221; text_font=&#8221;|300|||||||&#8221; text_text_color=&#8221;#FFFFFF&#8221; text_letter_spacing=&#8221;1px&#8221; text_font_size_tablet=&#8221;&#8221; text_font_size_phone=&#8221;10px&#8221; text_font_size_last_edited=&#8221;on|phone&#8221; global_colors_info=&#8221;{}&#8221;]<\/p>\n<p><img loading=\"lazy\" decoding=\"async\" src=\"https:\/\/festivaldemusicavisualdelanzarote.com\/wp-content\/uploads\/2024\/07\/point-225x300.png\" width=\"15\" height=\"20\" alt=\"\" class=\"wp-image-6673 alignnone size-medium\" srcset=\"https:\/\/festivaldemusicavisualdelanzarote.com\/wp-content\/uploads\/2024\/07\/point-225x300.png 225w, https:\/\/festivaldemusicavisualdelanzarote.com\/wp-content\/uploads\/2024\/07\/point.png 384w\" sizes=\"(max-width: 15px) 100vw, 15px\" \/>  Jameos del Agua Auditorium <img loading=\"lazy\" decoding=\"async\" src=\"https:\/\/festivaldemusicavisualdelanzarote.com\/wp-content\/uploads\/2024\/07\/ticket.png\" width=\"14\" height=\"21\" alt=\"\" class=\"wp-image-6677 alignnone size-full\"> 20.<span>00\u20ac<\/span>.<\/p>\n<p>[\/et_pb_text][\/et_pb_column][et_pb_column type=&#8221;1_2&#8243; _builder_version=&#8221;4.27.0&#8243; _module_preset=&#8221;default&#8221; link_option_url=&#8221;#meyer&#8221; global_colors_info=&#8221;{}&#8221;][et_pb_image src=&#8221;https:\/\/festivaldemusicavisualdelanzarote.com\/wp-content\/uploads\/2024\/07\/MEYER.jpg&#8221; title_text=&#8221;MEYER&#8221; url=&#8221;#&#8221; use_overlay=&#8221;on&#8221; overlay_icon_color=&#8221;#FFFFFF&#8221; _builder_version=&#8221;4.27.0&#8243; _module_preset=&#8221;default&#8221; background_enable_color=&#8221;off&#8221; filter_brightness_last_edited=&#8221;off|desktop&#8221; global_colors_info=&#8221;{}&#8221; filter_brightness__hover_enabled=&#8221;off|hover&#8221;][\/et_pb_image][et_pb_text _builder_version=&#8221;4.27.0&#8243; _module_preset=&#8221;default&#8221; text_font=&#8221;|300|||||||&#8221; text_text_color=&#8221;#FFFFFF&#8221; text_font_size=&#8221;16px&#8221; text_letter_spacing=&#8221;1px&#8221; custom_margin=&#8221;||15px|||&#8221; global_colors_info=&#8221;{}&#8221;]<\/p>\n<p><strong>17 Oct<\/strong> | 20.00h  <\/p>\n<p>[\/et_pb_text][et_pb_text _builder_version=&#8221;4.27.0&#8243; _module_preset=&#8221;default&#8221; text_font=&#8221;Along Black|800||on|||||&#8221; text_text_color=&#8221;#FFFFFF&#8221; text_font_size=&#8221;50px&#8221; text_letter_spacing=&#8221;1px&#8221; text_line_height=&#8221;1.1em&#8221; header_2_font=&#8221;Along Black||||||||&#8221; header_2_text_color=&#8221;#FFFFFF&#8221; header_2_font_size=&#8221;48px&#8221; custom_margin=&#8221;||8px|||&#8221; header_2_font_size_tablet=&#8221;50px&#8221; header_2_font_size_phone=&#8221;35px&#8221; header_2_font_size_last_edited=&#8221;on|phone&#8221; global_colors_info=&#8221;{}&#8221;]<\/p>\n<h2><strong>BJ\u00d6RN MEYER<\/strong><\/h2>\n<p>[\/et_pb_text][et_pb_text _builder_version=&#8221;4.27.0&#8243; _module_preset=&#8221;default&#8221; text_font=&#8221;Along Black|800||on|||||&#8221; text_text_color=&#8221;#FFFFFF&#8221; text_font_size=&#8221;50px&#8221; text_letter_spacing=&#8221;1px&#8221; text_line_height=&#8221;1.1em&#8221; header_2_font=&#8221;Along Black||||||||&#8221; header_2_text_color=&#8221;#FFFFFF&#8221; header_2_font_size=&#8221;50px&#8221; header_3_font=&#8221;Along Black||||||||&#8221; header_3_text_color=&#8221;#FFFFFF&#8221; header_3_font_size=&#8221;25px&#8221; custom_margin=&#8221;||17px|||&#8221; header_3_font_size_tablet=&#8221;25px&#8221; header_3_font_size_phone=&#8221;20px&#8221; header_3_font_size_last_edited=&#8221;on|phone&#8221; global_colors_info=&#8221;{}&#8221;]<\/p>\n<h3>Provenance<\/h3>\n<p>[\/et_pb_text][et_pb_text _builder_version=&#8221;4.27.0&#8243; _module_preset=&#8221;default&#8221; text_font=&#8221;|300|||||||&#8221; text_text_color=&#8221;#FFFFFF&#8221; text_letter_spacing=&#8221;1px&#8221; text_font_size_tablet=&#8221;&#8221; text_font_size_phone=&#8221;10px&#8221; text_font_size_last_edited=&#8221;on|phone&#8221; global_colors_info=&#8221;{}&#8221;]<\/p>\n<p><img loading=\"lazy\" decoding=\"async\" src=\"https:\/\/festivaldemusicavisualdelanzarote.com\/wp-content\/uploads\/2024\/07\/point-225x300.png\" width=\"15\" height=\"20\" alt=\"\" class=\"wp-image-6673 alignnone size-medium\" srcset=\"https:\/\/festivaldemusicavisualdelanzarote.com\/wp-content\/uploads\/2024\/07\/point-225x300.png 225w, https:\/\/festivaldemusicavisualdelanzarote.com\/wp-content\/uploads\/2024\/07\/point.png 384w\" sizes=\"(max-width: 15px) 100vw, 15px\" \/>Cueva de los Verdes Auditorium <img loading=\"lazy\" decoding=\"async\" src=\"https:\/\/festivaldemusicavisualdelanzarote.com\/wp-content\/uploads\/2024\/07\/ticket.png\" width=\"14\" height=\"21\" alt=\"\" class=\"wp-image-6677 alignnone size-full\"> 15.<span>00\u20ac<\/span>.<\/p>\n<p>[\/et_pb_text][\/et_pb_column][\/et_pb_row][et_pb_row column_structure=&#8221;1_2,1_2&#8243; _builder_version=&#8221;4.27.0&#8243; _module_preset=&#8221;default&#8221; global_colors_info=&#8221;{}&#8221;][et_pb_column type=&#8221;1_2&#8243; _builder_version=&#8221;4.27.0&#8243; _module_preset=&#8221;default&#8221; link_option_url=&#8221;#urho&#8221; global_colors_info=&#8221;{}&#8221;][et_pb_image src=&#8221;https:\/\/festivaldemusicavisualdelanzarote.com\/wp-content\/uploads\/2024\/07\/urho.jpg&#8221; title_text=&#8221;urho&#8221; url=&#8221;#&#8221; use_overlay=&#8221;on&#8221; overlay_icon_color=&#8221;#FFFFFF&#8221; _builder_version=&#8221;4.27.0&#8243; _module_preset=&#8221;default&#8221; background_enable_color=&#8221;off&#8221; filter_brightness_last_edited=&#8221;off|desktop&#8221; global_colors_info=&#8221;{}&#8221; filter_brightness__hover_enabled=&#8221;off|hover&#8221;][\/et_pb_image][et_pb_text _builder_version=&#8221;4.27.0&#8243; _module_preset=&#8221;default&#8221; text_font=&#8221;|300|||||||&#8221; text_text_color=&#8221;#FFFFFF&#8221; text_font_size=&#8221;16px&#8221; text_letter_spacing=&#8221;1px&#8221; custom_margin=&#8221;||15px|||&#8221; global_colors_info=&#8221;{}&#8221;]<\/p>\n<p><strong>18 Oct<\/strong> | 20.00h<\/p>\n<p>[\/et_pb_text][et_pb_text _builder_version=&#8221;4.27.0&#8243; _module_preset=&#8221;default&#8221; text_font=&#8221;Along Black|800||on|||||&#8221; text_text_color=&#8221;#FFFFFF&#8221; text_font_size=&#8221;50px&#8221; text_letter_spacing=&#8221;1px&#8221; text_line_height=&#8221;1.1em&#8221; header_2_font=&#8221;Along Black||||||||&#8221; header_2_text_color=&#8221;#FFFFFF&#8221; header_2_font_size=&#8221;50px&#8221; custom_margin=&#8221;||8px|||&#8221; header_2_font_size_tablet=&#8221;50px&#8221; header_2_font_size_phone=&#8221;35px&#8221; header_2_font_size_last_edited=&#8221;on|phone&#8221; global_colors_info=&#8221;{}&#8221;]<\/p>\n<h2><strong>URHO<\/strong><\/h2>\n<p>[\/et_pb_text][et_pb_text _builder_version=&#8221;4.27.0&#8243; _module_preset=&#8221;default&#8221; text_font=&#8221;Along Black|800||on|||||&#8221; text_text_color=&#8221;#FFFFFF&#8221; text_font_size=&#8221;50px&#8221; text_letter_spacing=&#8221;1px&#8221; text_line_height=&#8221;1.1em&#8221; header_2_font=&#8221;Along Black||||||||&#8221; header_2_text_color=&#8221;#FFFFFF&#8221; header_2_font_size=&#8221;50px&#8221; header_3_font=&#8221;Along Black||||||||&#8221; header_3_text_color=&#8221;#FFFFFF&#8221; header_3_font_size=&#8221;30px&#8221; custom_margin=&#8221;||17px|||&#8221; header_3_font_size_tablet=&#8221;30px&#8221; header_3_font_size_phone=&#8221;20px&#8221; header_3_font_size_last_edited=&#8221;on|phone&#8221; global_colors_info=&#8221;{}&#8221;]<\/p>\n<h3>Live A\/V<\/h3>\n<p>[\/et_pb_text][et_pb_text _builder_version=&#8221;4.27.0&#8243; _module_preset=&#8221;default&#8221; text_font=&#8221;|300|||||||&#8221; text_text_color=&#8221;#FFFFFF&#8221; text_letter_spacing=&#8221;1px&#8221; text_font_size_tablet=&#8221;&#8221; text_font_size_phone=&#8221;10px&#8221; text_font_size_last_edited=&#8221;on|phone&#8221; global_colors_info=&#8221;{}&#8221;]<\/p>\n<p><img loading=\"lazy\" decoding=\"async\" src=\"https:\/\/festivaldemusicavisualdelanzarote.com\/wp-content\/uploads\/2024\/07\/point-225x300.png\" width=\"15\" height=\"20\" alt=\"\" class=\"wp-image-6673 alignnone size-medium\" srcset=\"https:\/\/festivaldemusicavisualdelanzarote.com\/wp-content\/uploads\/2024\/07\/point-225x300.png 225w, https:\/\/festivaldemusicavisualdelanzarote.com\/wp-content\/uploads\/2024\/07\/point.png 384w\" sizes=\"(max-width: 15px) 100vw, 15px\" \/> <strong>Sala Bu\u00f1uel<\/strong> | CIC El Almac\u00e9n <img loading=\"lazy\" decoding=\"async\" src=\"https:\/\/festivaldemusicavisualdelanzarote.com\/wp-content\/uploads\/2024\/07\/ticket.png\" width=\"14\" height=\"21\" alt=\"\" class=\"wp-image-6677 alignnone size-full\"> 10.<span>00\u20ac<\/span>.<\/p>\n<p>[\/et_pb_text][\/et_pb_column][et_pb_column type=&#8221;1_2&#8243; _builder_version=&#8221;4.27.0&#8243; _module_preset=&#8221;default&#8221; link_option_url=&#8221;#echo&#8221; global_colors_info=&#8221;{}&#8221;][et_pb_image src=&#8221;https:\/\/festivaldemusicavisualdelanzarote.com\/wp-content\/uploads\/2024\/07\/echo.jpg&#8221; title_text=&#8221;echo&#8221; url=&#8221;#&#8221; use_overlay=&#8221;on&#8221; overlay_icon_color=&#8221;#FFFFFF&#8221; _builder_version=&#8221;4.27.0&#8243; _module_preset=&#8221;default&#8221; background_enable_color=&#8221;off&#8221; filter_brightness_last_edited=&#8221;off|desktop&#8221; global_colors_info=&#8221;{}&#8221; filter_brightness__hover_enabled=&#8221;off|hover&#8221;][\/et_pb_image][et_pb_text _builder_version=&#8221;4.27.0&#8243; _module_preset=&#8221;default&#8221; text_font=&#8221;|300|||||||&#8221; text_text_color=&#8221;#FFFFFF&#8221; text_font_size=&#8221;16px&#8221; text_letter_spacing=&#8221;1px&#8221; custom_margin=&#8221;||15px|||&#8221; global_colors_info=&#8221;{}&#8221;]<\/p>\n<p><strong>19 Oct<\/strong> | 20.00h<\/p>\n<p>[\/et_pb_text][et_pb_text _builder_version=&#8221;4.27.0&#8243; _module_preset=&#8221;default&#8221; text_font=&#8221;Along Black|800||on|||||&#8221; text_text_color=&#8221;#FFFFFF&#8221; text_font_size=&#8221;50px&#8221; text_letter_spacing=&#8221;1px&#8221; text_line_height=&#8221;1.1em&#8221; header_2_font=&#8221;Along Black||||||||&#8221; header_2_text_color=&#8221;#FFFFFF&#8221; header_2_font_size=&#8221;48px&#8221; custom_margin=&#8221;||8px|||&#8221; header_2_font_size_tablet=&#8221;50px&#8221; header_2_font_size_phone=&#8221;35px&#8221; header_2_font_size_last_edited=&#8221;on|phone&#8221; global_colors_info=&#8221;{}&#8221;]<\/p>\n<h2><strong>ECHO COLLECTIVE<\/strong><\/h2>\n<p>[\/et_pb_text][et_pb_text _builder_version=&#8221;4.27.0&#8243; _module_preset=&#8221;default&#8221; text_font=&#8221;Along Black|800||on|||||&#8221; text_text_color=&#8221;#FFFFFF&#8221; text_font_size=&#8221;50px&#8221; text_letter_spacing=&#8221;1px&#8221; text_line_height=&#8221;1.1em&#8221; header_2_font=&#8221;Along Black||||||||&#8221; header_2_text_color=&#8221;#FFFFFF&#8221; header_2_font_size=&#8221;50px&#8221; header_3_font=&#8221;Along Black||||||||&#8221; header_3_text_color=&#8221;#FFFFFF&#8221; header_3_font_size=&#8221;25px&#8221; custom_margin=&#8221;||17px|||&#8221; header_3_font_size_tablet=&#8221;25px&#8221; header_3_font_size_phone=&#8221;20px&#8221; header_3_font_size_last_edited=&#8221;on|phone&#8221; global_colors_info=&#8221;{}&#8221;]<\/p>\n<h3>plays Amnesiac<\/h3>\n<p>[\/et_pb_text][et_pb_text _builder_version=&#8221;4.27.0&#8243; _module_preset=&#8221;default&#8221; text_font=&#8221;|300|||||||&#8221; text_text_color=&#8221;#FFFFFF&#8221; text_letter_spacing=&#8221;1px&#8221; text_font_size_tablet=&#8221;&#8221; text_font_size_phone=&#8221;10px&#8221; text_font_size_last_edited=&#8221;on|phone&#8221; global_colors_info=&#8221;{}&#8221;]<\/p>\n<p><img loading=\"lazy\" decoding=\"async\" src=\"https:\/\/festivaldemusicavisualdelanzarote.com\/wp-content\/uploads\/2024\/07\/point-225x300.png\" width=\"15\" height=\"20\" alt=\"\" class=\"wp-image-6673 alignnone size-medium\" srcset=\"https:\/\/festivaldemusicavisualdelanzarote.com\/wp-content\/uploads\/2024\/07\/point-225x300.png 225w, https:\/\/festivaldemusicavisualdelanzarote.com\/wp-content\/uploads\/2024\/07\/point.png 384w\" sizes=\"(max-width: 15px) 100vw, 15px\" \/>Jameos del Agua Auditorium <img loading=\"lazy\" decoding=\"async\" src=\"https:\/\/festivaldemusicavisualdelanzarote.com\/wp-content\/uploads\/2024\/07\/ticket.png\" width=\"14\" height=\"21\" alt=\"\" class=\"wp-image-6677 alignnone size-full\"> 15.<span>00\u20ac<\/span>.<\/p>\n<p>[\/et_pb_text][\/et_pb_column][\/et_pb_row][et_pb_row _builder_version=&#8221;4.27.0&#8243; _module_preset=&#8221;default&#8221; global_colors_info=&#8221;{}&#8221;][et_pb_column type=&#8221;4_4&#8243; _builder_version=&#8221;4.27.0&#8243; _module_preset=&#8221;default&#8221; global_colors_info=&#8221;{}&#8221;][et_pb_image src=&#8221;https:\/\/festivaldemusicavisualdelanzarote.com\/wp-content\/uploads\/2024\/09\/logos-FMVL-2.png&#8221; title_text=&#8221;logos&#8221; _builder_version=&#8221;4.27.0&#8243; _module_preset=&#8221;default&#8221; hover_enabled=&#8221;0&#8243; global_colors_info=&#8221;{}&#8221; sticky_enabled=&#8221;0&#8243;][\/et_pb_image][\/et_pb_column][\/et_pb_row][\/et_pb_section][et_pb_section fb_built=&#8221;1&#8243; admin_label=&#8221;Popup &#8211; #carson&#8221; module_id=&#8221;carson&#8221; module_class=&#8221;popup single&#8221; _builder_version=&#8221;4.27.0&#8243; _module_preset=&#8221;default&#8221; width=&#8221;65%&#8221; width_tablet=&#8221;100%&#8221; width_phone=&#8221;100%&#8221; width_last_edited=&#8221;on|phone&#8221; da_is_popup=&#8221;on&#8221; da_popup_slug=&#8221;carson&#8221; da_is_singular=&#8221;on&#8221; da_disable_devices=&#8221;off|off|off&#8221; border_radii=&#8221;on|26px|26px|26px|26px&#8221; global_colors_info=&#8221;{}&#8221; da_exit_intent=&#8221;off&#8221; da_has_close=&#8221;on&#8221; da_alt_close=&#8221;off&#8221; da_dark_close=&#8221;off&#8221; da_not_modal=&#8221;on&#8221; da_with_loader=&#8221;off&#8221; da_has_shadow=&#8221;on&#8221;][et_pb_row column_structure=&#8221;3_4,1_4&#8243; use_custom_gutter=&#8221;on&#8221; gutter_width=&#8221;2&#8243; _builder_version=&#8221;4.21.0&#8243; _module_preset=&#8221;default&#8221; width=&#8221;90%&#8221; max_width=&#8221;100%&#8221; global_colors_info=&#8221;{}&#8221;][et_pb_column type=&#8221;3_4&#8243; _builder_version=&#8221;4.21.0&#8243; _module_preset=&#8221;default&#8221; global_colors_info=&#8221;{}&#8221;][et_pb_image src=&#8221;https:\/\/festivaldemusicavisualdelanzarote.com\/wp-content\/uploads\/2024\/07\/CABIN-MUSIC.jpg&#8221; title_text=&#8221;CABIN-MUSIC&#8221; _builder_version=&#8221;4.27.0&#8243; _module_preset=&#8221;default&#8221; global_colors_info=&#8221;{}&#8221;][\/et_pb_image][et_pb_text _builder_version=&#8221;4.27.0&#8243; _module_preset=&#8221;default&#8221; text_font=&#8221;|300|||||||&#8221; text_text_color=&#8221;#000000&#8243; text_font_size=&#8221;22px&#8221; text_letter_spacing=&#8221;1px&#8221; global_colors_info=&#8221;{}&#8221;]<\/p>\n<p><strong>9 OCT |<\/strong> 20:00HS <strong>CINEMA<\/strong><\/p>\n<p>[\/et_pb_text][et_pb_text _builder_version=&#8221;4.27.0&#8243; _module_preset=&#8221;default&#8221; text_font=&#8221;Along Black|800||on|||||&#8221; text_text_color=&#8221;#FFFFFF&#8221; text_font_size=&#8221;50px&#8221; text_letter_spacing=&#8221;1px&#8221; text_line_height=&#8221;1.1em&#8221; header_2_font=&#8221;Along Black||||||||&#8221; header_2_text_color=&#8221;#102736&#8243; header_2_font_size=&#8221;50px&#8221; custom_margin=&#8221;||8px|||&#8221; header_2_font_size_tablet=&#8221;50px&#8221; header_2_font_size_phone=&#8221;35px&#8221; header_2_font_size_last_edited=&#8221;on|phone&#8221; global_colors_info=&#8221;{}&#8221;]<\/p>\n<h2>CABIN MUSIC<\/h2>\n<p>[\/et_pb_text][et_pb_text _builder_version=&#8221;4.27.0&#8243; _module_preset=&#8221;default&#8221; text_font=&#8221;Along Black|800||on|||||&#8221; text_text_color=&#8221;#FFFFFF&#8221; text_font_size=&#8221;50px&#8221; text_letter_spacing=&#8221;1px&#8221; text_line_height=&#8221;1.1em&#8221; header_2_font=&#8221;Along Black||||||||&#8221; header_2_text_color=&#8221;#FFFFFF&#8221; header_2_font_size=&#8221;50px&#8221; header_3_font=&#8221;Along Black||||||||&#8221; header_3_text_color=&#8221;#102736&#8243; header_3_font_size=&#8221;30px&#8221; custom_margin=&#8221;||2px|||&#8221; header_3_font_size_tablet=&#8221;30px&#8221; header_3_font_size_phone=&#8221;20px&#8221; header_3_font_size_last_edited=&#8221;on|phone&#8221; global_colors_info=&#8221;{}&#8221;]<\/p>\n<h3>by James Carson<\/h3>\n<p>[\/et_pb_text][et_pb_text _builder_version=&#8221;4.27.0&#8243; _module_preset=&#8221;default&#8221; text_font=&#8221;Along Regular|||on|||||&#8221; text_text_color=&#8221;#102736&#8243; text_font_size=&#8221;22px&#8221; text_letter_spacing=&#8221;1px&#8221; text_line_height=&#8221;1.1em&#8221; header_2_font=&#8221;Along Black||||||||&#8221; header_2_text_color=&#8221;#FFFFFF&#8221; header_2_font_size=&#8221;50px&#8221; header_3_font=&#8221;Along Black||||||||&#8221; header_3_text_color=&#8221;#102736&#8243; header_3_font_size=&#8221;30px&#8221; custom_margin=&#8221;||17px|||&#8221; text_font_size_tablet=&#8221;22px&#8221; text_font_size_phone=&#8221;14px&#8221; text_font_size_last_edited=&#8221;on|phone&#8221; header_3_font_size_tablet=&#8221;30px&#8221; header_3_font_size_phone=&#8221;20px&#8221; header_3_font_size_last_edited=&#8221;on|phone&#8221; global_colors_info=&#8221;{}&#8221;]<\/p>\n<p>2022 \/ USA-Canada \/ 74 minutes<\/p>\n<p>[\/et_pb_text][et_pb_text content_tablet=&#8221;<\/p>\n<p><img src=%22https:\/\/festivaldemusicavisualdelanzarote.com\/wp-content\/uploads\/2024\/07\/point2-225x300.png%22 width=%2218%22 height=%2224%22 alt=%22%22 class=%22wp-image-6696 alignnone size-medium%22> <strong>Sala Bu\u00f1uel |<\/strong> CIC El Almac\u00e9n <img src=%22https:\/\/festivaldemusicavisualdelanzarote.com\/wp-content\/uploads\/2024\/07\/ticket2.png%22 width=%2216%22 height=%2224%22 alt=%22%22 class=%22wp-image-6692 alignnone size-full%22> 3.00\u20ac 3.00\u20ac 3.00\u20ac 3.00<\/p>\n<p>&#8221; content_phone=&#8221;<\/p>\n<p><img src=%22https:\/\/festivaldemusicavisualdelanzarote.com\/wp-content\/uploads\/2024\/07\/point2-225x300.png%22 width=%2218%22 height=%2224%22 alt=%22%22 class=%22wp-image-6696 alignnone size-medium%22> <strong>Sala Bu\u00f1uel:<\/strong> CIC El Almac\u00e9n <\/p>\n<p> <img src=%22https:\/\/festivaldemusicavisualdelanzarote.com\/wp-content\/uploads\/2024\/07\/ticket2.png%22 width=%2216%22 height=%2224%22 alt=%22%22 class=%22wp-image-6692 alignnone size-full%22>  3.00\u20ac<\/p>\n<p>&#8221; content_last_edited=&#8221;off|desktop&#8221; _builder_version=&#8221;4.27.0&#8243; _module_preset=&#8221;default&#8221; text_font=&#8221;|300|||||||&#8221; text_text_color=&#8221;#102736&#8243; text_font_size=&#8221;20px&#8221; text_letter_spacing=&#8221;1px&#8221; text_font_size_tablet=&#8221;20px&#8221; text_font_size_phone=&#8221;15px&#8221; text_font_size_last_edited=&#8221;on|phone&#8221; global_colors_info=&#8221;{}&#8221;]<\/p>\n<p><img loading=\"lazy\" decoding=\"async\" src=\"https:\/\/festivaldemusicavisualdelanzarote.com\/wp-content\/uploads\/2024\/07\/point2-225x300.png\" width=\"18\" height=\"24\" alt=\"\" class=\"wp-image-6696 alignnone size-medium\" srcset=\"https:\/\/festivaldemusicavisualdelanzarote.com\/wp-content\/uploads\/2024\/07\/point2-225x300.png 225w, https:\/\/festivaldemusicavisualdelanzarote.com\/wp-content\/uploads\/2024\/07\/point2.png 384w\" sizes=\"(max-width: 18px) 100vw, 18px\" \/>  <strong>Sala Bu\u00f1uel:<\/strong> CIC El Almac\u00e9n <\/p>\n<p><img loading=\"lazy\" decoding=\"async\" src=\"https:\/\/festivaldemusicavisualdelanzarote.com\/wp-content\/uploads\/2024\/07\/ticket2.png\" width=\"16\" height=\"24\" alt=\"\" class=\"wp-image-6692 alignnone size-full\">  3.00\u20ac<\/p>\n<p>[\/et_pb_text][et_pb_text _builder_version=&#8221;4.27.0&#8243; _module_preset=&#8221;default&#8221; text_font=&#8221;Montserrat||||||||&#8221; text_text_color=&#8221;#000000&#8243; global_colors_info=&#8221;{}&#8221;]<\/p>\n<p>When a spiritual crisis prompts him to leave the constraints of the conservatory, pianist and filmmaker James Carson embarks on a journey of evolution, discovering new connections between music and the natural world. His travels from Spain to Japan culminate in a cabin he builds in the Canadian wilderness, where his experiences merge into a new form. Here, away from it all, a new form of music emerges.  <\/p>\n<p>Cabin Music is a genre-defying lyrical feast for the senses, a testament to the dual transcendent power of music and nature.<\/p>\n<p><strong>Best Editing Award &#8211; Salem Film Fest 2023<\/strong><\/p>\n<p>[\/et_pb_text][et_pb_text _builder_version=&#8221;4.27.0&#8243; _module_preset=&#8221;default&#8221; text_font=&#8221;&#8211;et_global_body_font||||||||&#8221; text_text_color=&#8221;#000000&#8243; text_font_size=&#8221;16px&#8221; global_colors_info=&#8221;{}&#8221;]<\/p>\n<p><strong>Official Trailer<\/strong><\/p>\n<p><span><a href=\"https:\/\/www.youtube.com\/watch?v=pbICUyK_VIk\"><em>https:\/\/www.youtube.com\/watch?v=pbICUyK_VIk<\/em><\/a><\/span><\/p>\n<p><strong>Listen to <em>Cabin Music<\/em><\/strong><\/p>\n<p><iframe title=\"Spotify Embed: Cabin Music\" style=\"border-radius: 12px\" width=\"100%\" height=\"352\" frameborder=\"0\" allowfullscreen allow=\"autoplay; clipboard-write; encrypted-media; fullscreen; picture-in-picture\" loading=\"lazy\" src=\"https:\/\/open.spotify.com\/embed\/artist\/2HjGmp3Iih5uU0CxTp2TYr?si=An_fbNMFScC4J_xvFi9P5Q&#038;utm_source=oembed\"><\/iframe><\/p>\n<p>[\/et_pb_text][\/et_pb_column][et_pb_column type=&#8221;1_4&#8243; _builder_version=&#8221;4.21.0&#8243; _module_preset=&#8221;default&#8221; global_colors_info=&#8221;{}&#8221;][et_pb_image src=&#8221;https:\/\/festivaldemusicavisualdelanzarote.com\/wp-content\/uploads\/2024\/07\/logo-vertical.png&#8221; title_text=&#8221;vertical logo&#8221; disabled_on=&#8221;on|on|off&#8221; _builder_version=&#8221;4.27.0&#8243; _module_preset=&#8221;default&#8221; width=&#8221;46%&#8221; width_tablet=&#8221;&#8221; width_phone=&#8221;40%&#8221; width_last_edited=&#8221;on|phone&#8221; module_alignment=&#8221;right&#8221; global_colors_info=&#8221;{}&#8221;][\/et_pb_image][\/et_pb_column][\/et_pb_row][et_pb_row column_structure=&#8221;1_3,1_3,1_3&#8243; use_custom_gutter=&#8221;on&#8221; gutter_width=&#8221;2&#8243; make_equal=&#8221;on&#8221; _builder_version=&#8221;4.27.0&#8243; _module_preset=&#8221;default&#8221; width=&#8221;90%&#8221; max_width=&#8221;100%&#8221; global_colors_info=&#8221;{}&#8221;][et_pb_column type=&#8221;1_3&#8243; module_class=&#8221;ds-vertical-align&#8221; _builder_version=&#8221;4.27.0&#8243; _module_preset=&#8221;default&#8221; global_colors_info=&#8221;{}&#8221;][et_pb_button button_url=&#8221;https:\/\/culturalanzarote.sacatuentrada.es\/es\/entradas\/cabin-music\/2024-10-09&#8243; url_new_window=&#8221;on&#8221; button_text=&#8221;BUY TICKET&#8221; _builder_version=&#8221;4.27.0&#8243; _module_preset=&#8221;default&#8221; custom_button=&#8221;on&#8221; button_text_size=&#8221;16px&#8221; button_text_color=&#8221;#FFFFFF&#8221; button_bg_color=&#8221;#102736&#8243; button_border_width=&#8221;0px&#8221; button_border_radius=&#8221;0px&#8221; button_letter_spacing=&#8221;1px&#8221; button_font=&#8221;|700|||||||&#8221; global_colors_info=&#8221;{}&#8221;][\/et_pb_button][\/et_pb_column][et_pb_column type=&#8221;1_3&#8243; module_class=&#8221;ds-vertical-align&#8221; _builder_version=&#8221;4.27.0&#8243; _module_preset=&#8221;default&#8221; global_colors_info=&#8221;{}&#8221;][et_pb_social_media_follow icon_color=&#8221;#102736&#8243; use_icon_font_size=&#8221;on&#8221; icon_font_size=&#8221;14px&#8221; _builder_version=&#8221;4.27.0&#8243; _module_preset=&#8221;default&#8221; global_colors_info=&#8221;{}&#8221;][et_pb_social_media_follow_network social_network=&#8221;facebook&#8221; url=&#8221;https:\/\/web.facebook.com\/FestivaldeMusicaVisualdeLanzarote\/?_rdc=1&amp;_rdr&#8221; icon_color=&#8221;#102736&#8243; _builder_version=&#8221;4.27.0&#8243; _module_preset=&#8221;default&#8221; background_color=&#8221;#FFFFFF&#8221; background_enable_color=&#8221;on&#8221; border_radii=&#8221;on|497px|497px|497px|497px&#8221; border_width_all=&#8221;2px&#8221; border_color_all=&#8221;#102736&#8243; global_colors_info=&#8221;{}&#8221; follow_button=&#8221;off&#8221; url_new_window=&#8221;on&#8221;]facebook[\/et_pb_social_media_follow_network][et_pb_social_media_follow_network social_network=&#8221;instagram&#8221; url=&#8221;https:\/\/www.instagram.com\/festivalmusicavisuallzt\/&#8221; icon_color=&#8221;#102736&#8243; _builder_version=&#8221;4.27.0&#8243; _module_preset=&#8221;default&#8221; background_color=&#8221;#FFFFFF&#8221; background_enable_color=&#8221;on&#8221; border_radii=&#8221;on|497px|497px|497px|497px&#8221; border_width_all=&#8221;2px&#8221; border_color_all=&#8221;#102736&#8243; global_colors_info=&#8221;{}&#8221; follow_button=&#8221;off&#8221; url_new_window=&#8221;on&#8221;]instagram[\/et_pb_social_media_follow_network][\/et_pb_social_media_follow][\/et_pb_column][et_pb_column type=&#8221;1_3&#8243; module_class=&#8221;ds-vertical-align&#8221; _builder_version=&#8221;4.27.0&#8243; _module_preset=&#8221;default&#8221; global_colors_info=&#8221;{}&#8221;][et_pb_icon font_icon=&#8221;&#x45;||divi||400&#8243; icon_color=&#8221;#102736&#8243; url=&#8221;#alonso&#8221; align=&#8221;right&#8221; _builder_version=&#8221;4.27.0&#8243; _module_preset=&#8221;default&#8221; position_origin_a=&#8221;bottom_right&#8221; position_origin_f=&#8221;top_center&#8221; position_origin_r=&#8221;bottom_right&#8221; global_colors_info=&#8221;{}&#8221;][\/et_pb_icon][\/et_pb_column][\/et_pb_row][\/et_pb_section][et_pb_section fb_built=&#8221;1&#8243; admin_label=&#8221;Popup &#8211; #alonso&#8221; module_id=&#8221;alonso&#8221; module_class=&#8221;popup single&#8221; _builder_version=&#8221;4.27.0&#8243; _module_preset=&#8221;default&#8221; width=&#8221;65%&#8221; width_tablet=&#8221;100%&#8221; width_phone=&#8221;100%&#8221; width_last_edited=&#8221;on|phone&#8221; da_is_popup=&#8221;on&#8221; da_popup_slug=&#8221;alonso&#8221; da_is_singular=&#8221;on&#8221; da_disable_devices=&#8221;off|off|off&#8221; border_radii=&#8221;on|26px|26px|26px|26px&#8221; global_colors_info=&#8221;{}&#8221; da_exit_intent=&#8221;off&#8221; da_has_close=&#8221;on&#8221; da_alt_close=&#8221;off&#8221; da_dark_close=&#8221;off&#8221; da_not_modal=&#8221;on&#8221; da_with_loader=&#8221;off&#8221; da_has_shadow=&#8221;on&#8221;][et_pb_row column_structure=&#8221;3_4,1_4&#8243; use_custom_gutter=&#8221;on&#8221; gutter_width=&#8221;2&#8243; _builder_version=&#8221;4.21.0&#8243; _module_preset=&#8221;default&#8221; width=&#8221;90%&#8221; max_width=&#8221;100%&#8221; global_colors_info=&#8221;{}&#8221;][et_pb_column type=&#8221;3_4&#8243; _builder_version=&#8221;4.21.0&#8243; _module_preset=&#8221;default&#8221; global_colors_info=&#8221;{}&#8221;][et_pb_image src=&#8221;https:\/\/festivaldemusicavisualdelanzarote.com\/wp-content\/uploads\/2024\/07\/Hara-Alonso.jpg&#8221; title_text=&#8221;Hara-Alonso&#8221; _builder_version=&#8221;4.27.0&#8243; _module_preset=&#8221;default&#8221; global_colors_info=&#8221;{}&#8221;][\/et_pb_image][et_pb_text _builder_version=&#8221;4.27.0&#8243; _module_preset=&#8221;default&#8221; text_font=&#8221;|300|||||||&#8221; text_text_color=&#8221;#000000&#8243; text_font_size=&#8221;22px&#8221; text_letter_spacing=&#8221;1px&#8221; global_colors_info=&#8221;{}&#8221;]<\/p>\n<p><strong>10 OCT |<\/strong> 20:00HS<\/p>\n<p>[\/et_pb_text][et_pb_text _builder_version=&#8221;4.27.0&#8243; _module_preset=&#8221;default&#8221; text_font=&#8221;Along Black|800||on|||||&#8221; text_text_color=&#8221;#FFFFFF&#8221; text_font_size=&#8221;50px&#8221; text_letter_spacing=&#8221;1px&#8221; text_line_height=&#8221;1.1em&#8221; header_2_font=&#8221;Along Black||||||||&#8221; header_2_text_color=&#8221;#102736&#8243; header_2_font_size=&#8221;50px&#8221; custom_margin=&#8221;||8px|||&#8221; header_2_font_size_tablet=&#8221;50px&#8221; header_2_font_size_phone=&#8221;35px&#8221; header_2_font_size_last_edited=&#8221;on|phone&#8221; global_colors_info=&#8221;{}&#8221;]<\/p>\n<h2><strong>TOUCH-ME-NOT  <\/strong><\/h2>\n<p>[\/et_pb_text][et_pb_text _builder_version=&#8221;4.27.0&#8243; _module_preset=&#8221;default&#8221; text_font=&#8221;Along Black|800||on|||||&#8221; text_text_color=&#8221;#FFFFFF&#8221; text_font_size=&#8221;50px&#8221; text_letter_spacing=&#8221;1px&#8221; text_line_height=&#8221;1.1em&#8221; header_2_font=&#8221;Along Black||||||||&#8221; header_2_text_color=&#8221;#FFFFFF&#8221; header_2_font_size=&#8221;50px&#8221; header_3_font=&#8221;Along Black||||||||&#8221; header_3_text_color=&#8221;#102736&#8243; header_3_font_size=&#8221;30px&#8221; custom_margin=&#8221;||2px|||&#8221; header_3_font_size_tablet=&#8221;30px&#8221; header_3_font_size_phone=&#8221;20px&#8221; header_3_font_size_last_edited=&#8221;on|phone&#8221; global_colors_info=&#8221;{}&#8221;]<\/p>\n<h3><strong>(aka Hara Alonso)<\/strong><\/h3>\n<h3><strong>visuals by Miguel G. Morales<\/strong><\/h3>\n<p>[\/et_pb_text][et_pb_text _builder_version=&#8221;4.27.0&#8243; _module_preset=&#8221;default&#8221; text_font=&#8221;Along Regular|||on|||||&#8221; text_text_color=&#8221;#102736&#8243; text_font_size=&#8221;22px&#8221; text_letter_spacing=&#8221;1px&#8221; text_line_height=&#8221;1.1em&#8221; header_2_font=&#8221;Along Black||||||||&#8221; header_2_text_color=&#8221;#FFFFFF&#8221; header_2_font_size=&#8221;50px&#8221; header_3_font=&#8221;Along Black||||||||&#8221; header_3_text_color=&#8221;#102736&#8243; header_3_font_size=&#8221;30px&#8221; custom_margin=&#8221;||17px|||&#8221; text_font_size_tablet=&#8221;22px&#8221; text_font_size_phone=&#8221;14px&#8221; text_font_size_last_edited=&#8221;on|phone&#8221; header_3_font_size_tablet=&#8221;30px&#8221; header_3_font_size_phone=&#8221;20px&#8221; header_3_font_size_last_edited=&#8221;on|phone&#8221; global_colors_info=&#8221;{}&#8221;]<\/p>\n<p>[&#8230;] electrified by desire so that they touch not touching.&#8221;<\/p>\n<p>Anne Carson, The bittersweet<\/p>\n<p>[\/et_pb_text][et_pb_text content_tablet=&#8221;<\/p>\n<p><img src=%22https:\/\/festivaldemusicavisualdelanzarote.com\/wp-content\/uploads\/2024\/07\/point2-225x300.png%22 width=%2218%22 height=%2224%22 alt=%22%22 class=%22wp-image-6696 alignnone size-medium%22> <strong>Sala Bu\u00f1uel |<\/strong> CIC El Almac\u00e9n <img src=%22https:\/\/festivaldemusicavisualdelanzarote.com\/wp-content\/uploads\/2024\/07\/ticket2.png%22 width=%2216%22 height=%2224%22 alt=%22%22 class=%22wp-image-6692 alignnone size-full%22> 10.00\u20ac.<\/p>\n<p>&#8221; content_phone=&#8221;<\/p>\n<p><img src=%22https:\/\/festivaldemusicavisualdelanzarote.com\/wp-content\/uploads\/2024\/07\/point2-225x300.png%22 width=%2218%22 height=%2224%22 alt=%22%22 class=%22wp-image-6696 alignnone size-medium%22> <strong>Sala Bu\u00f1uel:<\/strong> CIC El Almac\u00e9n <\/p>\n<p> <img src=%22https:\/\/festivaldemusicavisualdelanzarote.com\/wp-content\/uploads\/2024\/07\/ticket2.png%22 width=%2216%22 height=%2224%22 alt=%22%22 class=%22wp-image-6692 alignnone size-full%22>  3.00\u20ac<\/p>\n<p>&#8221; content_last_edited=&#8221;off|desktop&#8221; _builder_version=&#8221;4.27.0&#8243; _module_preset=&#8221;default&#8221; text_font=&#8221;|300|||||||&#8221; text_text_color=&#8221;#102736&#8243; text_font_size=&#8221;20px&#8221; text_letter_spacing=&#8221;1px&#8221; text_font_size_tablet=&#8221;20px&#8221; text_font_size_phone=&#8221;15px&#8221; text_font_size_last_edited=&#8221;on|phone&#8221; global_colors_info=&#8221;{}&#8221;]<\/p>\n<p><img loading=\"lazy\" decoding=\"async\" src=\"https:\/\/festivaldemusicavisualdelanzarote.com\/wp-content\/uploads\/2024\/07\/point2-225x300.png\" width=\"18\" height=\"24\" alt=\"\" class=\"wp-image-6696 alignnone size-medium\" srcset=\"https:\/\/festivaldemusicavisualdelanzarote.com\/wp-content\/uploads\/2024\/07\/point2-225x300.png 225w, https:\/\/festivaldemusicavisualdelanzarote.com\/wp-content\/uploads\/2024\/07\/point2.png 384w\" sizes=\"(max-width: 18px) 100vw, 18px\" \/>  <strong>Sala Bu\u00f1uel:<\/strong> CIC El Almac\u00e9n <\/p>\n<p><img loading=\"lazy\" decoding=\"async\" src=\"https:\/\/festivaldemusicavisualdelanzarote.com\/wp-content\/uploads\/2024\/07\/ticket2.png\" width=\"16\" height=\"24\" alt=\"\" class=\"wp-image-6692 alignnone size-full\">  10.00\u20ac<\/p>\n<p>[\/et_pb_text][et_pb_text _builder_version=&#8221;4.27.0&#8243; _module_preset=&#8221;default&#8221; text_font=&#8221;Montserrat||||||||&#8221; text_text_color=&#8221;#000000&#8243; global_colors_info=&#8221;{}&#8221;]<\/p>\n<p><strong><em>touch<\/em><\/strong><strong><em>-me-not<\/em><\/strong> arises as a reflection on the relationship between the skin and what surrounds it: a surface, the ocean, a dried flower. Experiencing sound as matter that permeates the body as weight and texture, the skin becomes a transducer. Through a deep listening experience, Hara Alonso introduces the audience to a collage of field recordings, ASMR, piano and nostalgic synthesizers, oscillating between hypersensitive intimacy and dense emotional layers.  <\/p>\n<p><strong>Hara Alonso<\/strong> is a pianist, composer and sound artist based in Stockholm. Her compositional process is based on bodily experience, exploring multisensorial practices, memory, space and imagination as instruments for sound creation. Her music has been presented in many festivals as ensemble, soloist, sound installation and electroacoustic music.  <\/p>\n<p><strong>Miguel G. Morales<\/strong> is an independent filmmaker. His work is situated on the periphery of non-fiction with a strong documentary, investigative and essayistic character. <\/p>\n<p><strong>Hara Alonso<\/strong>: Piano and electronics<\/p>\n<p><strong>Miguel G. Morales<\/strong>: Visuals<\/p>\n<p><strong>Ellen Soderhult:<\/strong> Voice<\/p>\n<p><em><\/em><\/p>\n<p>[\/et_pb_text][et_pb_text _builder_version=&#8221;4.27.0&#8243; _module_preset=&#8221;default&#8221; text_font=&#8221;&#8211;et_global_body_font||||||||&#8221; text_text_color=&#8221;#000000&#8243; text_font_size=&#8221;16px&#8221; global_colors_info=&#8221;{}&#8221;]<\/p>\n<p><strong>Web<\/strong><\/p>\n<p><span><a href=\"https:\/\/haraalonso.com\/\">https:\/\/haraalonso.com\/<\/a><\/span><\/p>\n<p><strong>V\u00eddeos<\/strong><\/p>\n<p><span><a href=\"https:\/\/www.youtube.com\/watch?v=mDVLr93p4os\">https:\/\/www.youtube.com\/watch?v=mDVLr93p4os<\/a><\/span><\/p>\n<p><strong>Listen to<\/strong> <em>Hara Alonso<\/em><\/p>\n<p><span><a href=\"https:\/\/open.spotify.com\/artist\/4eQRBa0rDiIn1qsWegcM1i?si=BacaTCH8SWmNnA7LPh5Dvw\">https:\/\/open.spotify.com\/artist\/4eQRBa0rDiIn1qsWegcM1i?si=BacaTCH8SWmNnA7LPh5Dvw<\/a><\/span><\/p>\n<p>[\/et_pb_text][\/et_pb_column][et_pb_column type=&#8221;1_4&#8243; _builder_version=&#8221;4.21.0&#8243; _module_preset=&#8221;default&#8221; global_colors_info=&#8221;{}&#8221;][et_pb_image src=&#8221;https:\/\/festivaldemusicavisualdelanzarote.com\/wp-content\/uploads\/2024\/07\/logo-vertical.png&#8221; title_text=&#8221;vertical logo&#8221; disabled_on=&#8221;on|on|off&#8221; _builder_version=&#8221;4.27.0&#8243; _module_preset=&#8221;default&#8221; width=&#8221;46%&#8221; width_tablet=&#8221;&#8221; width_phone=&#8221;40%&#8221; width_last_edited=&#8221;on|phone&#8221; module_alignment=&#8221;right&#8221; global_colors_info=&#8221;{}&#8221;][\/et_pb_image][\/et_pb_column][\/et_pb_row][et_pb_row column_structure=&#8221;1_3,1_3,1_3&#8243; use_custom_gutter=&#8221;on&#8221; gutter_width=&#8221;2&#8243; make_equal=&#8221;on&#8221; _builder_version=&#8221;4.27.0&#8243; _module_preset=&#8221;default&#8221; width=&#8221;90%&#8221; max_width=&#8221;100%&#8221; global_colors_info=&#8221;{}&#8221;][et_pb_column type=&#8221;1_3&#8243; module_class=&#8221;ds-vertical-align&#8221; _builder_version=&#8221;4.27.0&#8243; _module_preset=&#8221;default&#8221; global_colors_info=&#8221;{}&#8221;][et_pb_button button_url=&#8221;https:\/\/culturalanzarote.sacatuentrada.es\/es\/entradas\/touch-me-not-aka-hara-alonso-\/2024-10-10&#8243; url_new_window=&#8221;on&#8221; button_text=&#8221;BUY TICKET&#8221; _builder_version=&#8221;4.27.0&#8243; _module_preset=&#8221;default&#8221; custom_button=&#8221;on&#8221; button_text_size=&#8221;16px&#8221; button_text_color=&#8221;#FFFFFF&#8221; button_bg_color=&#8221;#102736&#8243; button_border_width=&#8221;0px&#8221; button_border_radius=&#8221;0px&#8221; button_letter_spacing=&#8221;1px&#8221; button_font=&#8221;|700|||||||&#8221; global_colors_info=&#8221;{}&#8221;][\/et_pb_button][\/et_pb_column][et_pb_column type=&#8221;1_3&#8243; module_class=&#8221;ds-vertical-align&#8221; _builder_version=&#8221;4.27.0&#8243; _module_preset=&#8221;default&#8221; global_colors_info=&#8221;{}&#8221;][et_pb_social_media_follow icon_color=&#8221;#102736&#8243; use_icon_font_size=&#8221;on&#8221; icon_font_size=&#8221;14px&#8221; _builder_version=&#8221;4.27.0&#8243; _module_preset=&#8221;default&#8221; global_colors_info=&#8221;{}&#8221;][et_pb_social_media_follow_network social_network=&#8221;facebook&#8221; url=&#8221;https:\/\/web.facebook.com\/FestivaldeMusicaVisualdeLanzarote\/?_rdc=1&amp;_rdr&#8221; icon_color=&#8221;#102736&#8243; _builder_version=&#8221;4.27.0&#8243; _module_preset=&#8221;default&#8221; background_color=&#8221;#FFFFFF&#8221; background_enable_color=&#8221;on&#8221; border_radii=&#8221;on|497px|497px|497px|497px&#8221; border_width_all=&#8221;2px&#8221; border_color_all=&#8221;#102736&#8243; global_colors_info=&#8221;{}&#8221; follow_button=&#8221;off&#8221; url_new_window=&#8221;on&#8221;]facebook[\/et_pb_social_media_follow_network][et_pb_social_media_follow_network social_network=&#8221;instagram&#8221; url=&#8221;https:\/\/www.instagram.com\/festivalmusicavisuallzt\/&#8221; icon_color=&#8221;#102736&#8243; _builder_version=&#8221;4.27.0&#8243; _module_preset=&#8221;default&#8221; background_color=&#8221;#FFFFFF&#8221; background_enable_color=&#8221;on&#8221; border_radii=&#8221;on|497px|497px|497px|497px&#8221; border_width_all=&#8221;2px&#8221; border_color_all=&#8221;#102736&#8243; global_colors_info=&#8221;{}&#8221; follow_button=&#8221;off&#8221; url_new_window=&#8221;on&#8221;]instagram[\/et_pb_social_media_follow_network][\/et_pb_social_media_follow][\/et_pb_column][et_pb_column type=&#8221;1_3&#8243; module_class=&#8221;ds-vertical-align&#8221; _builder_version=&#8221;4.27.0&#8243; _module_preset=&#8221;default&#8221; global_colors_info=&#8221;{}&#8221;][et_pb_icon font_icon=&#8221;&#x45;||divi||400&#8243; icon_color=&#8221;#102736&#8243; url=&#8221;#mario&#8221; align=&#8221;right&#8221; _builder_version=&#8221;4.27.0&#8243; _module_preset=&#8221;default&#8221; position_origin_a=&#8221;bottom_right&#8221; position_origin_f=&#8221;top_center&#8221; position_origin_r=&#8221;bottom_right&#8221; global_colors_info=&#8221;{}&#8221;][\/et_pb_icon][\/et_pb_column][\/et_pb_row][\/et_pb_section][et_pb_section fb_built=&#8221;1&#8243; admin_label=&#8221;Popup &#8211; #mario&#8221; module_id=&#8221;mario&#8221; module_class=&#8221;popup single&#8221; _builder_version=&#8221;4.27.0&#8243; _module_preset=&#8221;default&#8221; width=&#8221;65%&#8221; width_tablet=&#8221;100%&#8221; width_phone=&#8221;100%&#8221; width_last_edited=&#8221;on|phone&#8221; da_is_popup=&#8221;on&#8221; da_popup_slug=&#8221;mario&#8221; da_is_singular=&#8221;on&#8221; da_disable_devices=&#8221;off|off|off&#8221; border_radii=&#8221;on|26px|26px|26px|26px&#8221; global_colors_info=&#8221;{}&#8221; da_exit_intent=&#8221;off&#8221; da_has_close=&#8221;on&#8221; da_alt_close=&#8221;off&#8221; da_dark_close=&#8221;off&#8221; da_not_modal=&#8221;on&#8221; da_with_loader=&#8221;off&#8221; da_has_shadow=&#8221;on&#8221;][et_pb_row column_structure=&#8221;3_4,1_4&#8243; use_custom_gutter=&#8221;on&#8221; gutter_width=&#8221;2&#8243; _builder_version=&#8221;4.21.0&#8243; _module_preset=&#8221;default&#8221; width=&#8221;90%&#8221; max_width=&#8221;100%&#8221; global_colors_info=&#8221;{}&#8221;][et_pb_column type=&#8221;3_4&#8243; _builder_version=&#8221;4.21.0&#8243; _module_preset=&#8221;default&#8221; global_colors_info=&#8221;{}&#8221;][et_pb_image src=&#8221;https:\/\/festivaldemusicavisualdelanzarote.com\/wp-content\/uploads\/2024\/07\/mario-1.jpg&#8221; title_text=&#8221;mario&#8221; _builder_version=&#8221;4.27.0&#8243; _module_preset=&#8221;default&#8221; global_colors_info=&#8221;{}&#8221;][\/et_pb_image][et_pb_text _builder_version=&#8221;4.27.0&#8243; _module_preset=&#8221;default&#8221; text_font=&#8221;|300|||||||&#8221; text_text_color=&#8221;#000000&#8243; text_font_size=&#8221;22px&#8221; text_letter_spacing=&#8221;1px&#8221; global_colors_info=&#8221;{}&#8221;]<\/p>\n<p><strong>12 OCT |<\/strong> 20:00HS<\/p>\n<p>[\/et_pb_text][et_pb_text _builder_version=&#8221;4.27.0&#8243; _module_preset=&#8221;default&#8221; text_font=&#8221;Along Black|800||on|||||&#8221; text_text_color=&#8221;#FFFFFF&#8221; text_font_size=&#8221;50px&#8221; text_letter_spacing=&#8221;1px&#8221; text_line_height=&#8221;1.1em&#8221; header_2_font=&#8221;Along Black||||||||&#8221; header_2_text_color=&#8221;#102736&#8243; header_2_font_size=&#8221;50px&#8221; custom_margin=&#8221;||8px|||&#8221; header_2_font_size_tablet=&#8221;50px&#8221; header_2_font_size_phone=&#8221;35px&#8221; header_2_font_size_last_edited=&#8221;on|phone&#8221; global_colors_info=&#8221;{}&#8221;]<\/p>\n<h2><strong>MARIO BATKOVIC<\/strong><\/h2>\n<p>[\/et_pb_text][et_pb_text _builder_version=&#8221;4.27.0&#8243; _module_preset=&#8221;default&#8221; text_font=&#8221;Along Black|800||on|||||&#8221; text_text_color=&#8221;#FFFFFF&#8221; text_font_size=&#8221;50px&#8221; text_letter_spacing=&#8221;1px&#8221; text_line_height=&#8221;1.1em&#8221; header_2_font=&#8221;Along Black||||||||&#8221; header_2_text_color=&#8221;#FFFFFF&#8221; header_2_font_size=&#8221;50px&#8221; header_3_font=&#8221;Along Black||||||||&#8221; header_3_text_color=&#8221;#102736&#8243; header_3_font_size=&#8221;30px&#8221; custom_margin=&#8221;||2px|||&#8221; header_3_font_size_tablet=&#8221;30px&#8221; header_3_font_size_phone=&#8221;20px&#8221; header_3_font_size_last_edited=&#8221;on|phone&#8221; global_colors_info=&#8221;{}&#8221;]<\/p>\n<h3>only<\/h3>\n<p>[\/et_pb_text][et_pb_text content_tablet=&#8221;<\/p>\n<p><img src=%22https:\/\/festivaldemusicavisualdelanzarote.com\/wp-content\/uploads\/2024\/07\/point2-225x300.png%22 width=%2218%22 height=%2224%22 alt=%22%22 class=%22wp-image-6696 alignnone size-medium%22> <strong>Sala Bu\u00f1uel |<\/strong> CIC El Almac\u00e9n <img src=%22https:\/\/festivaldemusicavisualdelanzarote.com\/wp-content\/uploads\/2024\/07\/ticket2.png%22 width=%2216%22 height=%2224%22 alt=%22%22 class=%22wp-image-6692 alignnone size-full%22> 10.00\u20ac.<\/p>\n<p>&#8221; content_phone=&#8221;<\/p>\n<p><img src=%22https:\/\/festivaldemusicavisualdelanzarote.com\/wp-content\/uploads\/2024\/07\/point2-225x300.png%22 width=%2218%22 height=%2224%22 alt=%22%22 class=%22wp-image-6696 alignnone size-medium%22> <strong>Sala Bu\u00f1uel:<\/strong> CIC El Almac\u00e9n <\/p>\n<p> <img src=%22https:\/\/festivaldemusicavisualdelanzarote.com\/wp-content\/uploads\/2024\/07\/ticket2.png%22 width=%2216%22 height=%2224%22 alt=%22%22 class=%22wp-image-6692 alignnone size-full%22>  3.00\u20ac<\/p>\n<p>&#8221; content_last_edited=&#8221;off|desktop&#8221; _builder_version=&#8221;4.27.0&#8243; _module_preset=&#8221;default&#8221; text_font=&#8221;|300|||||||&#8221; text_text_color=&#8221;#102736&#8243; text_font_size=&#8221;20px&#8221; text_letter_spacing=&#8221;1px&#8221; text_font_size_tablet=&#8221;20px&#8221; text_font_size_phone=&#8221;15px&#8221; text_font_size_last_edited=&#8221;on|phone&#8221; global_colors_info=&#8221;{}&#8221;]<\/p>\n<p><img loading=\"lazy\" decoding=\"async\" src=\"https:\/\/festivaldemusicavisualdelanzarote.com\/wp-content\/uploads\/2024\/07\/point2-225x300.png\" width=\"18\" height=\"24\" alt=\"\" class=\"wp-image-6696 alignnone size-medium\" srcset=\"https:\/\/festivaldemusicavisualdelanzarote.com\/wp-content\/uploads\/2024\/07\/point2-225x300.png 225w, https:\/\/festivaldemusicavisualdelanzarote.com\/wp-content\/uploads\/2024\/07\/point2.png 384w\" sizes=\"(max-width: 18px) 100vw, 18px\" \/>  Cueva de los Verdes Auditorium  <\/p>\n<p><img loading=\"lazy\" decoding=\"async\" src=\"https:\/\/festivaldemusicavisualdelanzarote.com\/wp-content\/uploads\/2024\/07\/ticket2.png\" width=\"16\" height=\"24\" alt=\"\" class=\"wp-image-6692 alignnone size-full\">  15.00\u20ac<\/p>\n<p>[\/et_pb_text][et_pb_text _builder_version=&#8221;4.27.0&#8243; _module_preset=&#8221;default&#8221; text_font=&#8221;Montserrat||||||||&#8221; text_text_color=&#8221;#000000&#8243; global_colors_info=&#8221;{}&#8221;]<\/p>\n<p>Blending classical and contemporary sound, composer Mario Batkovic seeks to explore the sonic possibilities of the accordion, without effects or loops, through a mutualistic symbiotic relationship between man and instrument. Challenging, hypnotic and grandiose; Batkovic&#8217;s symphonic vision is unique and has received widespread critical acclaim, including Rolling Stone magazine, which included his eponymous debut album in the Top 10 Best Vanguard Albums of 2017. <\/p>\n<p>Batkovic is an aesthete, as he demonstrates in the quality of his writing and arrangements. Challenging, experimental and always mesmerizing, his music transcends conventional boundaries. As a composer, producer and performer, he combines various musical disciplines, taking the accordion to new levels.  <\/p>\n<p>Their latest album &#8220;INTROSPECTIO&#8221; is a self-questioning and self-examination of society and the meaning of sound, taking the listener on a journey through infinite sound universes. It features collaborations with electronic wizard James Holden and former BEAK member&gt; Matthew Williams aka MXLX, plus drummer Clive Deamer (Radiohead\/Portishead\/Robert Plant\/Roni Size), saxophonist Colin Stetson and concert choir Cantus Domus. <\/p>\n<p>Batkovic has toured the world and performed at festivals and venues such as Bushfire (South Africa), Supersonic (UK), Le Guess Who (Netherlands), Montreux Jazz Festival (Switzerland), Elbphilharmonie Hamburg, Foundation Cartier (Paris) and Berghain (Berlin). He has contributed compositions for films and video games such as Die Schwalbe (2016), Neighbours (2021) and Red Dead Redemption II (2018). <\/p>\n<p>&nbsp;<\/p>\n<p>Mario Batkovic: Accordion  <\/p>\n<p>Ildefonso Aguilar: <em>Visuals <\/em> <\/p>\n<p><em><\/em><\/p>\n<p>[\/et_pb_text][et_pb_text _builder_version=&#8221;4.27.0&#8243; _module_preset=&#8221;default&#8221; text_font=&#8221;&#8211;et_global_body_font||||||||&#8221; text_text_color=&#8221;#000000&#8243; text_font_size=&#8221;16px&#8221; global_colors_info=&#8221;{}&#8221;]<\/p>\n<p><strong>Web<\/strong><\/p>\n<p><span><a href=\"https:\/\/www.batkovic.com\/\">https:\/\/www.batkovic.com\/<\/a><\/span><\/p>\n<p><strong>Video<\/strong><\/p>\n<p><span><a href=\"https:\/\/www.youtube.com\/watch?v=lDJ6tBkvbh4\">https:\/\/www.youtube.com\/watch?v=lDJ6tBkvbh4<\/a><\/span><\/p>\n<p><strong>Listen to <em>Mario Batkovic<\/em><\/strong><\/p>\n<p><span><a href=\"https:\/\/open.spotify.com\/album\/0ZksCv8u4BDFRzKCRyIa3U?si=xiQKbAGSRrOWc8QuRt8V9Q\">https:\/\/open.spotify.com\/album\/0ZksCv8u4BDFRzKCRyIa3U?si=xiQKbAGSRrOWc8QuRt8V9Q<\/a><\/span><\/p>\n<p>[\/et_pb_text][\/et_pb_column][et_pb_column type=&#8221;1_4&#8243; _builder_version=&#8221;4.21.0&#8243; _module_preset=&#8221;default&#8221; global_colors_info=&#8221;{}&#8221;][et_pb_image src=&#8221;https:\/\/festivaldemusicavisualdelanzarote.com\/wp-content\/uploads\/2024\/07\/logo-vertical.png&#8221; title_text=&#8221;vertical logo&#8221; disabled_on=&#8221;on|on|off&#8221; _builder_version=&#8221;4.27.0&#8243; _module_preset=&#8221;default&#8221; width=&#8221;46%&#8221; width_tablet=&#8221;&#8221; width_phone=&#8221;40%&#8221; width_last_edited=&#8221;on|phone&#8221; module_alignment=&#8221;right&#8221; global_colors_info=&#8221;{}&#8221;][\/et_pb_image][\/et_pb_column][\/et_pb_row][et_pb_row column_structure=&#8221;1_3,1_3,1_3&#8243; use_custom_gutter=&#8221;on&#8221; gutter_width=&#8221;2&#8243; make_equal=&#8221;on&#8221; _builder_version=&#8221;4.27.0&#8243; _module_preset=&#8221;default&#8221; width=&#8221;90%&#8221; max_width=&#8221;100%&#8221; global_colors_info=&#8221;{}&#8221;][et_pb_column type=&#8221;1_3&#8243; module_class=&#8221;ds-vertical-align&#8221; _builder_version=&#8221;4.27.0&#8243; _module_preset=&#8221;default&#8221; global_colors_info=&#8221;{}&#8221;][et_pb_button button_url=&#8221;https:\/\/culturalanzarote.sacatuentrada.es\/es\/entradas\/mario-batkovic-solo\/2024-10-12&#8243; url_new_window=&#8221;on&#8221; button_text=&#8221;BUY TICKET&#8221; _builder_version=&#8221;4.27.0&#8243; _module_preset=&#8221;default&#8221; custom_button=&#8221;on&#8221; button_text_size=&#8221;16px&#8221; button_text_color=&#8221;#FFFFFF&#8221; button_bg_color=&#8221;#102736&#8243; button_border_width=&#8221;0px&#8221; button_border_radius=&#8221;0px&#8221; button_letter_spacing=&#8221;1px&#8221; button_font=&#8221;|700|||||||&#8221; global_colors_info=&#8221;{}&#8221;][\/et_pb_button][\/et_pb_column][et_pb_column type=&#8221;1_3&#8243; module_class=&#8221;ds-vertical-align&#8221; _builder_version=&#8221;4.27.0&#8243; _module_preset=&#8221;default&#8221; global_colors_info=&#8221;{}&#8221;][et_pb_social_media_follow icon_color=&#8221;#102736&#8243; use_icon_font_size=&#8221;on&#8221; icon_font_size=&#8221;14px&#8221; _builder_version=&#8221;4.27.0&#8243; _module_preset=&#8221;default&#8221; global_colors_info=&#8221;{}&#8221;][et_pb_social_media_follow_network social_network=&#8221;facebook&#8221; url=&#8221;https:\/\/web.facebook.com\/FestivaldeMusicaVisualdeLanzarote\/?_rdc=1&amp;_rdr&#8221; icon_color=&#8221;#102736&#8243; _builder_version=&#8221;4.27.0&#8243; _module_preset=&#8221;default&#8221; background_color=&#8221;#FFFFFF&#8221; background_enable_color=&#8221;on&#8221; border_radii=&#8221;on|497px|497px|497px|497px&#8221; border_width_all=&#8221;2px&#8221; border_color_all=&#8221;#102736&#8243; global_colors_info=&#8221;{}&#8221; follow_button=&#8221;off&#8221; url_new_window=&#8221;on&#8221;]facebook[\/et_pb_social_media_follow_network][et_pb_social_media_follow_network social_network=&#8221;instagram&#8221; url=&#8221;https:\/\/www.instagram.com\/festivalmusicavisuallzt\/&#8221; icon_color=&#8221;#102736&#8243; _builder_version=&#8221;4.27.0&#8243; _module_preset=&#8221;default&#8221; background_color=&#8221;#FFFFFF&#8221; background_enable_color=&#8221;on&#8221; border_radii=&#8221;on|497px|497px|497px|497px&#8221; border_width_all=&#8221;2px&#8221; border_color_all=&#8221;#102736&#8243; global_colors_info=&#8221;{}&#8221; follow_button=&#8221;off&#8221; url_new_window=&#8221;on&#8221;]instagram[\/et_pb_social_media_follow_network][\/et_pb_social_media_follow][\/et_pb_column][et_pb_column type=&#8221;1_3&#8243; module_class=&#8221;ds-vertical-align&#8221; _builder_version=&#8221;4.27.0&#8243; _module_preset=&#8221;default&#8221; global_colors_info=&#8221;{}&#8221;][et_pb_icon font_icon=&#8221;&#x45;||divi||400&#8243; icon_color=&#8221;#102736&#8243; url=&#8221;#neo&#8221; align=&#8221;right&#8221; _builder_version=&#8221;4.27.0&#8243; _module_preset=&#8221;default&#8221; position_origin_a=&#8221;bottom_right&#8221; position_origin_f=&#8221;top_center&#8221; position_origin_r=&#8221;bottom_right&#8221; global_colors_info=&#8221;{}&#8221;][\/et_pb_icon][\/et_pb_column][\/et_pb_row][\/et_pb_section][et_pb_section fb_built=&#8221;1&#8243; admin_label=&#8221;Popup &#8211; #neo&#8221; module_id=&#8221;neo&#8221; module_class=&#8221;popup single&#8221; _builder_version=&#8221;4.27.0&#8243; _module_preset=&#8221;default&#8221; width=&#8221;65%&#8221; width_tablet=&#8221;100%&#8221; width_phone=&#8221;100%&#8221; width_last_edited=&#8221;on|phone&#8221; da_is_popup=&#8221;on&#8221; da_popup_slug=&#8221;neo&#8221; da_is_singular=&#8221;on&#8221; da_disable_devices=&#8221;off|off|off&#8221; border_radii=&#8221;on|26px|26px|26px|26px&#8221; global_colors_info=&#8221;{}&#8221; da_exit_intent=&#8221;off&#8221; da_has_close=&#8221;on&#8221; da_alt_close=&#8221;off&#8221; da_dark_close=&#8221;off&#8221; da_not_modal=&#8221;on&#8221; da_with_loader=&#8221;off&#8221; da_has_shadow=&#8221;on&#8221;][et_pb_row column_structure=&#8221;3_4,1_4&#8243; use_custom_gutter=&#8221;on&#8221; gutter_width=&#8221;2&#8243; _builder_version=&#8221;4.21.0&#8243; _module_preset=&#8221;default&#8221; width=&#8221;90%&#8221; max_width=&#8221;100%&#8221; global_colors_info=&#8221;{}&#8221;][et_pb_column type=&#8221;3_4&#8243; _builder_version=&#8221;4.21.0&#8243; _module_preset=&#8221;default&#8221; global_colors_info=&#8221;{}&#8221;][et_pb_image src=&#8221;https:\/\/festivaldemusicavisualdelanzarote.com\/wp-content\/uploads\/2024\/07\/neo.jpg&#8221; title_text=&#8221;neo&#8221; _builder_version=&#8221;4.27.0&#8243; _module_preset=&#8221;default&#8221; global_colors_info=&#8221;{}&#8221;][\/et_pb_image][et_pb_text _builder_version=&#8221;4.27.0&#8243; _module_preset=&#8221;default&#8221; text_font=&#8221;|300|||||||&#8221; text_text_color=&#8221;#000000&#8243; text_font_size=&#8221;22px&#8221; text_letter_spacing=&#8221;1px&#8221; global_colors_info=&#8221;{}&#8221;]<\/p>\n<p><strong>15 OCT |<\/strong> 20:00HS <strong>CINEMA<\/strong><\/p>\n<p>[\/et_pb_text][et_pb_text _builder_version=&#8221;4.27.0&#8243; _module_preset=&#8221;default&#8221; text_font=&#8221;Along Black|800||on|||||&#8221; text_text_color=&#8221;#FFFFFF&#8221; text_font_size=&#8221;50px&#8221; text_letter_spacing=&#8221;1px&#8221; text_line_height=&#8221;1.1em&#8221; header_2_font=&#8221;Along Black||||||||&#8221; header_2_text_color=&#8221;#102736&#8243; header_2_font_size=&#8221;50px&#8221; custom_margin=&#8221;||8px|||&#8221; header_2_font_size_tablet=&#8221;50px&#8221; header_2_font_size_phone=&#8221;35px&#8221; header_2_font_size_last_edited=&#8221;on|phone&#8221; global_colors_info=&#8221;{}&#8221;]<\/p>\n<h2><strong>RY\u016aICHI SAKAMOTO<\/strong><\/h2>\n<p>[\/et_pb_text][et_pb_text _builder_version=&#8221;4.27.0&#8243; _module_preset=&#8221;default&#8221; text_font=&#8221;Along Black|800||on|||||&#8221; text_text_color=&#8221;#FFFFFF&#8221; text_font_size=&#8221;50px&#8221; text_letter_spacing=&#8221;1px&#8221; text_line_height=&#8221;1.1em&#8221; header_2_font=&#8221;Along Black||||||||&#8221; header_2_text_color=&#8221;#FFFFFF&#8221; header_2_font_size=&#8221;50px&#8221; header_3_font=&#8221;Along Black||||||||&#8221; header_3_text_color=&#8221;#102736&#8243; header_3_font_size=&#8221;30px&#8221; custom_margin=&#8221;||2px|||&#8221; header_3_font_size_tablet=&#8221;30px&#8221; header_3_font_size_phone=&#8221;20px&#8221; header_3_font_size_last_edited=&#8221;on|phone&#8221; global_colors_info=&#8221;{}&#8221;]<\/p>\n<h3>OPUS, BY NEO SORA<\/h3>\n<p>[\/et_pb_text][et_pb_text _builder_version=&#8221;4.27.0&#8243; _module_preset=&#8221;default&#8221; text_font=&#8221;Along Regular|||on|||||&#8221; text_text_color=&#8221;#102736&#8243; text_font_size=&#8221;22px&#8221; text_letter_spacing=&#8221;1px&#8221; text_line_height=&#8221;1.1em&#8221; header_2_font=&#8221;Along Black||||||||&#8221; header_2_text_color=&#8221;#FFFFFF&#8221; header_2_font_size=&#8221;50px&#8221; header_3_font=&#8221;Along Black||||||||&#8221; header_3_text_color=&#8221;#102736&#8243; header_3_font_size=&#8221;30px&#8221; custom_margin=&#8221;||17px|||&#8221; text_font_size_tablet=&#8221;22px&#8221; text_font_size_phone=&#8221;14px&#8221; text_font_size_last_edited=&#8221;on|phone&#8221; header_3_font_size_tablet=&#8221;30px&#8221; header_3_font_size_phone=&#8221;20px&#8221; header_3_font_size_last_edited=&#8221;on|phone&#8221; global_colors_info=&#8221;{}&#8221;]<\/p>\n<p>2023 \/ Japan \/ 103 minutes<\/p>\n<p>[\/et_pb_text][et_pb_text content_tablet=&#8221;<\/p>\n<p><img src=%22https:\/\/festivaldemusicavisualdelanzarote.com\/wp-content\/uploads\/2024\/07\/point2-225x300.png%22 width=%2218%22 height=%2224%22 alt=%22%22 class=%22wp-image-6696 alignnone size-medium%22> <strong>Sala Bu\u00f1uel |<\/strong> CIC El Almac\u00e9n <img src=%22https:\/\/festivaldemusicavisualdelanzarote.com\/wp-content\/uploads\/2024\/07\/ticket2.png%22 width=%2216%22 height=%2224%22 alt=%22%22 class=%22wp-image-6692 alignnone size-full%22> 10.00\u20ac.<\/p>\n<p>&#8221; content_phone=&#8221;<\/p>\n<p><img src=%22https:\/\/festivaldemusicavisualdelanzarote.com\/wp-content\/uploads\/2024\/07\/point2-225x300.png%22 width=%2218%22 height=%2224%22 alt=%22%22 class=%22wp-image-6696 alignnone size-medium%22> <strong>Sala Bu\u00f1uel:<\/strong> CIC El Almac\u00e9n <\/p>\n<p> <img src=%22https:\/\/festivaldemusicavisualdelanzarote.com\/wp-content\/uploads\/2024\/07\/ticket2.png%22 width=%2216%22 height=%2224%22 alt=%22%22 class=%22wp-image-6692 alignnone size-full%22>  3.00\u20ac<\/p>\n<p>&#8221; content_last_edited=&#8221;off|desktop&#8221; _builder_version=&#8221;4.27.0&#8243; _module_preset=&#8221;default&#8221; text_font=&#8221;|300|||||||&#8221; text_text_color=&#8221;#102736&#8243; text_font_size=&#8221;20px&#8221; text_letter_spacing=&#8221;1px&#8221; text_font_size_tablet=&#8221;20px&#8221; text_font_size_phone=&#8221;15px&#8221; text_font_size_last_edited=&#8221;on|phone&#8221; global_colors_info=&#8221;{}&#8221;]<\/p>\n<p><img loading=\"lazy\" decoding=\"async\" src=\"https:\/\/festivaldemusicavisualdelanzarote.com\/wp-content\/uploads\/2024\/07\/point2-225x300.png\" width=\"18\" height=\"24\" alt=\"\" class=\"wp-image-6696 alignnone size-medium\" srcset=\"https:\/\/festivaldemusicavisualdelanzarote.com\/wp-content\/uploads\/2024\/07\/point2-225x300.png 225w, https:\/\/festivaldemusicavisualdelanzarote.com\/wp-content\/uploads\/2024\/07\/point2.png 384w\" sizes=\"(max-width: 18px) 100vw, 18px\" \/> <strong>Sala Bu\u00f1uel |<\/strong><span> CIC El Almac\u00e9n<\/span>  <\/p>\n<p><img loading=\"lazy\" decoding=\"async\" src=\"https:\/\/festivaldemusicavisualdelanzarote.com\/wp-content\/uploads\/2024\/07\/ticket2.png\" width=\"16\" height=\"24\" alt=\"\" class=\"wp-image-6692 alignnone size-full\">  3.00\u20ac<\/p>\n<p>[\/et_pb_text][et_pb_text _builder_version=&#8221;4.27.0&#8243; _module_preset=&#8221;default&#8221; text_font=&#8221;Montserrat||||||||&#8221; text_text_color=&#8221;#000000&#8243; global_colors_info=&#8221;{}&#8221;]<\/p>\n<p>Japanese composer Ry\u016bichi Sakamoto, author of such memorable soundtracks as those of <em>The Last Emperor<\/em> or  <em>Merry Christmas, Mr. Lawrence <\/em>offers his last performance in this moving concert, filmed by his son, shortly before his death. With his only presence, his piano and no audience, he reviews his career through twenty specially selected pieces, in an impressive film that evokes the passage of time. <\/p>\n<p>[\/et_pb_text][et_pb_text _builder_version=&#8221;4.27.0&#8243; _module_preset=&#8221;default&#8221; text_font=&#8221;&#8211;et_global_body_font||||||||&#8221; text_text_color=&#8221;#000000&#8243; text_font_size=&#8221;16px&#8221; global_colors_info=&#8221;{}&#8221;]<\/p>\n<p><strong><em>Official Trailer<\/em><\/strong><\/p>\n<p><span><em><a href=\"https:\/\/www.youtube.com\/watch?v=QepuoHnrO5\">https:\/\/www.youtube.com\/watch?v=QepuoHnrO5<\/a><a href=\"https:\/\/www.youtube.com\/watch?v=QepuoHnrO5Y\"><\/a><\/em><\/span><em> <\/em><\/p>\n<p><strong>Listen to <\/strong><strong><em>Ry\u016bichi Sakamoto<\/em><\/strong><\/p>\n<p><span><a href=\"https:\/\/open.spotify.com\/artist\/1tcgfoMTT1szjUeaikxRjA?si=OcWdtIYYQEyv06_VeR-cGw\"><em>https:\/\/open.spotify.com\/artist\/1tcgfoMTT1szjUeaikxRjA?si=OcWdtIYYQEyv06_VeR-cGw<\/em><\/a><\/span><\/p>\n<p>[\/et_pb_text][\/et_pb_column][et_pb_column type=&#8221;1_4&#8243; _builder_version=&#8221;4.21.0&#8243; _module_preset=&#8221;default&#8221; global_colors_info=&#8221;{}&#8221;][et_pb_image src=&#8221;https:\/\/festivaldemusicavisualdelanzarote.com\/wp-content\/uploads\/2024\/07\/logo-vertical.png&#8221; title_text=&#8221;vertical logo&#8221; disabled_on=&#8221;on|on|off&#8221; _builder_version=&#8221;4.27.0&#8243; _module_preset=&#8221;default&#8221; width=&#8221;46%&#8221; width_tablet=&#8221;&#8221; width_phone=&#8221;40%&#8221; width_last_edited=&#8221;on|phone&#8221; module_alignment=&#8221;right&#8221; global_colors_info=&#8221;{}&#8221;][\/et_pb_image][\/et_pb_column][\/et_pb_row][et_pb_row column_structure=&#8221;1_3,1_3,1_3&#8243; use_custom_gutter=&#8221;on&#8221; gutter_width=&#8221;2&#8243; make_equal=&#8221;on&#8221; _builder_version=&#8221;4.27.0&#8243; _module_preset=&#8221;default&#8221; width=&#8221;90%&#8221; max_width=&#8221;100%&#8221; global_colors_info=&#8221;{}&#8221;][et_pb_column type=&#8221;1_3&#8243; module_class=&#8221;ds-vertical-align&#8221; _builder_version=&#8221;4.27.0&#8243; _module_preset=&#8221;default&#8221; global_colors_info=&#8221;{}&#8221;][et_pb_button button_url=&#8221;https:\/\/culturalanzarote.sacatuentrada.es\/es\/entradas\/ry\u016bichi-sakamoto-opus-3\/2024-10-15&#8243; url_new_window=&#8221;on&#8221; button_text=&#8221;BUY TICKET&#8221; _builder_version=&#8221;4.27.0&#8243; _module_preset=&#8221;default&#8221; custom_button=&#8221;on&#8221; button_text_size=&#8221;16px&#8221; button_text_color=&#8221;#FFFFFF&#8221; button_bg_color=&#8221;#102736&#8243; button_border_width=&#8221;0px&#8221; button_border_radius=&#8221;0px&#8221; button_letter_spacing=&#8221;1px&#8221; button_font=&#8221;|700|||||||&#8221; global_colors_info=&#8221;{}&#8221;][\/et_pb_button][\/et_pb_column][et_pb_column type=&#8221;1_3&#8243; module_class=&#8221;ds-vertical-align&#8221; _builder_version=&#8221;4.27.0&#8243; _module_preset=&#8221;default&#8221; global_colors_info=&#8221;{}&#8221;][et_pb_social_media_follow icon_color=&#8221;#102736&#8243; use_icon_font_size=&#8221;on&#8221; icon_font_size=&#8221;14px&#8221; _builder_version=&#8221;4.27.0&#8243; _module_preset=&#8221;default&#8221; global_colors_info=&#8221;{}&#8221;][et_pb_social_media_follow_network social_network=&#8221;facebook&#8221; url=&#8221;https:\/\/web.facebook.com\/FestivaldeMusicaVisualdeLanzarote\/?_rdc=1&amp;_rdr&#8221; icon_color=&#8221;#102736&#8243; _builder_version=&#8221;4.27.0&#8243; _module_preset=&#8221;default&#8221; background_color=&#8221;#FFFFFF&#8221; background_enable_color=&#8221;on&#8221; border_radii=&#8221;on|497px|497px|497px|497px&#8221; border_width_all=&#8221;2px&#8221; border_color_all=&#8221;#102736&#8243; global_colors_info=&#8221;{}&#8221; follow_button=&#8221;off&#8221; url_new_window=&#8221;on&#8221;]facebook[\/et_pb_social_media_follow_network][et_pb_social_media_follow_network social_network=&#8221;instagram&#8221; url=&#8221;https:\/\/www.instagram.com\/festivalmusicavisuallzt\/&#8221; icon_color=&#8221;#102736&#8243; _builder_version=&#8221;4.27.0&#8243; _module_preset=&#8221;default&#8221; background_color=&#8221;#FFFFFF&#8221; background_enable_color=&#8221;on&#8221; border_radii=&#8221;on|497px|497px|497px|497px&#8221; border_width_all=&#8221;2px&#8221; border_color_all=&#8221;#102736&#8243; global_colors_info=&#8221;{}&#8221; follow_button=&#8221;off&#8221; url_new_window=&#8221;on&#8221;]instagram[\/et_pb_social_media_follow_network][\/et_pb_social_media_follow][\/et_pb_column][et_pb_column type=&#8221;1_3&#8243; module_class=&#8221;ds-vertical-align&#8221; _builder_version=&#8221;4.27.0&#8243; _module_preset=&#8221;default&#8221; global_colors_info=&#8221;{}&#8221;][et_pb_icon font_icon=&#8221;&#x45;||divi||400&#8243; icon_color=&#8221;#102736&#8243; url=&#8221;#quartet&#8221; align=&#8221;right&#8221; _builder_version=&#8221;4.27.0&#8243; _module_preset=&#8221;default&#8221; position_origin_a=&#8221;bottom_right&#8221; position_origin_f=&#8221;top_center&#8221; position_origin_r=&#8221;bottom_right&#8221; global_colors_info=&#8221;{}&#8221;][\/et_pb_icon][\/et_pb_column][\/et_pb_row][\/et_pb_section][et_pb_section fb_built=&#8221;1&#8243; admin_label=&#8221;Popup &#8211; #quartet&#8221; module_id=&#8221;quartet&#8221; module_class=&#8221;popup single&#8221; _builder_version=&#8221;4.27.0&#8243; _module_preset=&#8221;default&#8221; width=&#8221;65%&#8221; width_tablet=&#8221;100%&#8221; width_phone=&#8221;100%&#8221; width_last_edited=&#8221;on|phone&#8221; da_is_popup=&#8221;on&#8221; da_popup_slug=&#8221;quartet&#8221; da_is_singular=&#8221;on&#8221; da_disable_devices=&#8221;off|off|off&#8221; border_radii=&#8221;on|26px|26px|26px|26px&#8221; global_colors_info=&#8221;{}&#8221; da_exit_intent=&#8221;off&#8221; da_has_close=&#8221;on&#8221; da_alt_close=&#8221;off&#8221; da_dark_close=&#8221;off&#8221; da_not_modal=&#8221;on&#8221; da_with_loader=&#8221;off&#8221; da_has_shadow=&#8221;on&#8221;][et_pb_row column_structure=&#8221;3_4,1_4&#8243; use_custom_gutter=&#8221;on&#8221; gutter_width=&#8221;2&#8243; _builder_version=&#8221;4.21.0&#8243; _module_preset=&#8221;default&#8221; width=&#8221;90%&#8221; max_width=&#8221;100%&#8221; global_colors_info=&#8221;{}&#8221;][et_pb_column type=&#8221;3_4&#8243; _builder_version=&#8221;4.21.0&#8243; _module_preset=&#8221;default&#8221; global_colors_info=&#8221;{}&#8221;][et_pb_image src=&#8221;https:\/\/festivaldemusicavisualdelanzarote.com\/wp-content\/uploads\/2024\/07\/QUARTET.jpg&#8221; title_text=&#8221;QUARTET&#8221; _builder_version=&#8221;4.27.0&#8243; _module_preset=&#8221;default&#8221; global_colors_info=&#8221;{}&#8221;][\/et_pb_image][et_pb_text _builder_version=&#8221;4.27.0&#8243; _module_preset=&#8221;default&#8221; text_font=&#8221;|300|||||||&#8221; text_text_color=&#8221;#000000&#8243; text_font_size=&#8221;22px&#8221; text_letter_spacing=&#8221;1px&#8221; global_colors_info=&#8221;{}&#8221;]<\/p>\n<p><strong>16 OCT |<\/strong> 20:00HS  <\/p>\n<p>[\/et_pb_text][et_pb_text _builder_version=&#8221;4.27.0&#8243; _module_preset=&#8221;default&#8221; text_font=&#8221;Along Black|800||on|||||&#8221; text_text_color=&#8221;#FFFFFF&#8221; text_font_size=&#8221;50px&#8221; text_letter_spacing=&#8221;1px&#8221; text_line_height=&#8221;1.1em&#8221; header_2_font=&#8221;Along Black||||||||&#8221; header_2_text_color=&#8221;#102736&#8243; header_2_font_size=&#8221;50px&#8221; custom_margin=&#8221;||8px|||&#8221; header_2_font_size_tablet=&#8221;50px&#8221; header_2_font_size_phone=&#8221;35px&#8221; header_2_font_size_last_edited=&#8221;on|phone&#8221; global_colors_info=&#8221;{}&#8221;]<\/p>\n<h2><strong>ANOUAR BRAHEM QUARTET<\/strong><\/h2>\n<p>[\/et_pb_text][et_pb_text content_tablet=&#8221;<\/p>\n<p><img src=%22https:\/\/festivaldemusicavisualdelanzarote.com\/wp-content\/uploads\/2024\/07\/point2-225x300.png%22 width=%2218%22 height=%2224%22 alt=%22%22 class=%22wp-image-6696 alignnone size-medium%22> <strong>Sala Bu\u00f1uel |<\/strong> CIC El Almac\u00e9n <img src=%22https:\/\/festivaldemusicavisualdelanzarote.com\/wp-content\/uploads\/2024\/07\/ticket2.png%22 width=%2216%22 height=%2224%22 alt=%22%22 class=%22wp-image-6692 alignnone size-full%22> 10.00\u20ac.<\/p>\n<p>&#8221; content_phone=&#8221;<\/p>\n<p><img src=%22https:\/\/festivaldemusicavisualdelanzarote.com\/wp-content\/uploads\/2024\/07\/point2-225x300.png%22 width=%2218%22 height=%2224%22 alt=%22%22 class=%22wp-image-6696 alignnone size-medium%22> <strong>Sala Bu\u00f1uel:<\/strong> CIC El Almac\u00e9n <\/p>\n<p> <img src=%22https:\/\/festivaldemusicavisualdelanzarote.com\/wp-content\/uploads\/2024\/07\/ticket2.png%22 width=%2216%22 height=%2224%22 alt=%22%22 class=%22wp-image-6692 alignnone size-full%22>  3.00\u20ac<\/p>\n<p>&#8221; content_last_edited=&#8221;off|desktop&#8221; _builder_version=&#8221;4.27.0&#8243; _module_preset=&#8221;default&#8221; text_font=&#8221;|300|||||||&#8221; text_text_color=&#8221;#102736&#8243; text_font_size=&#8221;20px&#8221; text_letter_spacing=&#8221;1px&#8221; text_font_size_tablet=&#8221;20px&#8221; text_font_size_phone=&#8221;15px&#8221; text_font_size_last_edited=&#8221;on|phone&#8221; global_colors_info=&#8221;{}&#8221;]<\/p>\n<p><img loading=\"lazy\" decoding=\"async\" src=\"https:\/\/festivaldemusicavisualdelanzarote.com\/wp-content\/uploads\/2024\/07\/point2-225x300.png\" width=\"18\" height=\"24\" alt=\"\" class=\"wp-image-6696 alignnone size-medium\" srcset=\"https:\/\/festivaldemusicavisualdelanzarote.com\/wp-content\/uploads\/2024\/07\/point2-225x300.png 225w, https:\/\/festivaldemusicavisualdelanzarote.com\/wp-content\/uploads\/2024\/07\/point2.png 384w\" sizes=\"(max-width: 18px) 100vw, 18px\" \/>  Jameos del Agua Auditorium  <\/p>\n<p><img loading=\"lazy\" decoding=\"async\" src=\"https:\/\/festivaldemusicavisualdelanzarote.com\/wp-content\/uploads\/2024\/07\/ticket2.png\" width=\"16\" height=\"24\" alt=\"\" class=\"wp-image-6692 alignnone size-full\">  20.00\u20ac<\/p>\n<p>[\/et_pb_text][et_pb_text _builder_version=&#8221;4.27.0&#8243; _module_preset=&#8221;default&#8221; text_font=&#8221;Montserrat||||||||&#8221; text_text_color=&#8221;#000000&#8243; global_colors_info=&#8221;{}&#8221;]<\/p>\n<p>For almost forty years and with a rich discography that already includes no less than 11 albums on the ECM label, Anouar Brahem never ceases to place the millenary tradition of Arabic music, through his lute and his superb finesse, in different situations where he not only contrasts it with modern jazz, but also with the sophisticated harmonies of the erudite compositional tradition of the West and the refined forms of other ancient cultural traditions of the East.<\/p>\n<p>For this occasion, Anouar has reunited the quartet created in 2009 for the album <em>The Astounding Eyes of Rita<\/em>, in a project that revisits his old sound space through a repertoire that combines several of the usual themes of this quartet, along with some pieces taken from previous albums<em>(Conte de l&#8217;incroyable amour<\/em>, <em>Madar<\/em>, <em>Thimar<\/em>, <em>Astrakan Caf\u00e9<\/em>&#8230;).<\/p>\n<p>At the head of this group, more alive and creative than ever after ten years of close rapport between him and his musicians, Anouar Brahem now launches a new look at his musical universe, opening new sonic horizons.<\/p>\n<p>Anouar Brahem is the artist who has participated the most times in our Festival. This will be the third time that the Tunisian musician has been part of the Festival program, after his participation in 1996 and 2000. <\/p>\n<p><strong>Anouar Brahem<\/strong>: lute<\/p>\n<p><strong>Klaus Gesing<\/strong>: bass clarinet, soprano saxophone  <\/p>\n<p><strong>Bj\u00f6rn Meyer<\/strong>: bass<\/p>\n<p><strong>Khaled Yassine<\/strong>: percussions<\/p>\n<p><strong>Ildefonso Aguilar<\/strong>: <em>Visuals<\/em><\/p>\n<p><em><\/em><\/p>\n<p>[\/et_pb_text][et_pb_text _builder_version=&#8221;4.27.0&#8243; _module_preset=&#8221;default&#8221; text_font=&#8221;&#8211;et_global_body_font||||||||&#8221; text_text_color=&#8221;#000000&#8243; text_font_size=&#8221;16px&#8221; global_colors_info=&#8221;{}&#8221;]<\/p>\n<p><strong>Web<\/strong><\/p>\n<p><span><a href=\"https:\/\/www.anouarbrahem.com\">https:\/\/www.anouarbrahem.com<\/a><\/span><\/p>\n<p><strong>V\u00eddeos<\/strong><\/p>\n<p><span><a href=\"https:\/\/www.youtube.com\/watch?v=E3KBT8hBSVM\">https:\/\/www.youtube.com\/watch?v=E3KBT8hBSVM<\/a><\/span><\/p>\n<p><span><a href=\"https:\/\/www.youtube.com\/watch?v=s9P_XcotkbI\">https:\/\/www.youtube.com\/watch?v=s9P_XcotkbI<\/a><\/span><\/p>\n<p><strong>Listen to<\/strong> <em>Anouar Brahem Quartet<\/em><\/p>\n<p><span><a href=\"https:\/\/open.spotify.com\/album\/23xoWiWxu8SmDFXwoBsLLw?si=-3xsOLz1QnyoO4A0Bd-AoA\">https:\/\/open.spotify.com\/album\/23xoWiWxu8SmDFXwoBsLLw?si=-3xsOLz1QnyoO4A0Bd-AoA<\/a><\/span><\/p>\n<p>[\/et_pb_text][\/et_pb_column][et_pb_column type=&#8221;1_4&#8243; _builder_version=&#8221;4.21.0&#8243; _module_preset=&#8221;default&#8221; global_colors_info=&#8221;{}&#8221;][et_pb_image src=&#8221;https:\/\/festivaldemusicavisualdelanzarote.com\/wp-content\/uploads\/2024\/07\/logo-vertical.png&#8221; title_text=&#8221;vertical logo&#8221; disabled_on=&#8221;on|on|off&#8221; _builder_version=&#8221;4.27.0&#8243; _module_preset=&#8221;default&#8221; width=&#8221;46%&#8221; width_tablet=&#8221;&#8221; width_phone=&#8221;40%&#8221; width_last_edited=&#8221;on|phone&#8221; module_alignment=&#8221;right&#8221; global_colors_info=&#8221;{}&#8221;][\/et_pb_image][\/et_pb_column][\/et_pb_row][et_pb_row column_structure=&#8221;1_3,1_3,1_3&#8243; use_custom_gutter=&#8221;on&#8221; gutter_width=&#8221;2&#8243; make_equal=&#8221;on&#8221; _builder_version=&#8221;4.27.0&#8243; _module_preset=&#8221;default&#8221; width=&#8221;90%&#8221; max_width=&#8221;100%&#8221; global_colors_info=&#8221;{}&#8221;][et_pb_column type=&#8221;1_3&#8243; module_class=&#8221;ds-vertical-align&#8221; _builder_version=&#8221;4.27.0&#8243; _module_preset=&#8221;default&#8221; global_colors_info=&#8221;{}&#8221;][et_pb_button button_url=&#8221;https:\/\/culturalanzarote.sacatuentrada.es\/es\/entradas\/anouar-brahem-quartet\/2024-10-16&#8243; url_new_window=&#8221;on&#8221; button_text=&#8221;BUY TICKET&#8221; _builder_version=&#8221;4.27.0&#8243; _module_preset=&#8221;default&#8221; custom_button=&#8221;on&#8221; button_text_size=&#8221;16px&#8221; button_text_color=&#8221;#FFFFFF&#8221; button_bg_color=&#8221;#102736&#8243; button_border_width=&#8221;0px&#8221; button_border_radius=&#8221;0px&#8221; button_letter_spacing=&#8221;1px&#8221; button_font=&#8221;|700|||||||&#8221; global_colors_info=&#8221;{}&#8221;][\/et_pb_button][\/et_pb_column][et_pb_column type=&#8221;1_3&#8243; module_class=&#8221;ds-vertical-align&#8221; _builder_version=&#8221;4.27.0&#8243; _module_preset=&#8221;default&#8221; global_colors_info=&#8221;{}&#8221;][et_pb_social_media_follow icon_color=&#8221;#102736&#8243; use_icon_font_size=&#8221;on&#8221; icon_font_size=&#8221;14px&#8221; _builder_version=&#8221;4.27.0&#8243; _module_preset=&#8221;default&#8221; global_colors_info=&#8221;{}&#8221;][et_pb_social_media_follow_network social_network=&#8221;facebook&#8221; url=&#8221;https:\/\/web.facebook.com\/FestivaldeMusicaVisualdeLanzarote\/?_rdc=1&amp;_rdr&#8221; icon_color=&#8221;#102736&#8243; _builder_version=&#8221;4.27.0&#8243; _module_preset=&#8221;default&#8221; background_color=&#8221;#FFFFFF&#8221; background_enable_color=&#8221;on&#8221; border_radii=&#8221;on|497px|497px|497px|497px&#8221; border_width_all=&#8221;2px&#8221; border_color_all=&#8221;#102736&#8243; global_colors_info=&#8221;{}&#8221; follow_button=&#8221;off&#8221; url_new_window=&#8221;on&#8221;]facebook[\/et_pb_social_media_follow_network][et_pb_social_media_follow_network social_network=&#8221;instagram&#8221; url=&#8221;https:\/\/www.instagram.com\/festivalmusicavisuallzt\/&#8221; icon_color=&#8221;#102736&#8243; _builder_version=&#8221;4.27.0&#8243; _module_preset=&#8221;default&#8221; background_color=&#8221;#FFFFFF&#8221; background_enable_color=&#8221;on&#8221; border_radii=&#8221;on|497px|497px|497px|497px&#8221; border_width_all=&#8221;2px&#8221; border_color_all=&#8221;#102736&#8243; global_colors_info=&#8221;{}&#8221; follow_button=&#8221;off&#8221; url_new_window=&#8221;on&#8221;]instagram[\/et_pb_social_media_follow_network][\/et_pb_social_media_follow][\/et_pb_column][et_pb_column type=&#8221;1_3&#8243; module_class=&#8221;ds-vertical-align&#8221; _builder_version=&#8221;4.27.0&#8243; _module_preset=&#8221;default&#8221; global_colors_info=&#8221;{}&#8221;][et_pb_icon font_icon=&#8221;&#x45;||divi||400&#8243; icon_color=&#8221;#102736&#8243; url=&#8221;#meyer&#8221; align=&#8221;right&#8221; _builder_version=&#8221;4.27.0&#8243; _module_preset=&#8221;default&#8221; position_origin_a=&#8221;bottom_right&#8221; position_origin_f=&#8221;top_center&#8221; position_origin_r=&#8221;bottom_right&#8221; global_colors_info=&#8221;{}&#8221;][\/et_pb_icon][\/et_pb_column][\/et_pb_row][\/et_pb_section][et_pb_section fb_built=&#8221;1&#8243; admin_label=&#8221;Popup &#8211; #meyer&#8221; module_id=&#8221;meyer&#8221; module_class=&#8221;popup single&#8221; _builder_version=&#8221;4.27.0&#8243; _module_preset=&#8221;default&#8221; width=&#8221;65%&#8221; width_tablet=&#8221;100%&#8221; width_phone=&#8221;100%&#8221; width_last_edited=&#8221;on|phone&#8221; da_is_popup=&#8221;on&#8221; da_popup_slug=&#8221;meyer&#8221; da_is_singular=&#8221;on&#8221; da_disable_devices=&#8221;off|off|off&#8221; border_radii=&#8221;on|26px|26px|26px|26px&#8221; global_colors_info=&#8221;{}&#8221; da_exit_intent=&#8221;off&#8221; da_has_close=&#8221;on&#8221; da_alt_close=&#8221;off&#8221; da_dark_close=&#8221;off&#8221; da_not_modal=&#8221;on&#8221; da_with_loader=&#8221;off&#8221; da_has_shadow=&#8221;on&#8221;][et_pb_row column_structure=&#8221;3_4,1_4&#8243; use_custom_gutter=&#8221;on&#8221; gutter_width=&#8221;2&#8243; _builder_version=&#8221;4.21.0&#8243; _module_preset=&#8221;default&#8221; width=&#8221;90%&#8221; max_width=&#8221;100%&#8221; global_colors_info=&#8221;{}&#8221;][et_pb_column type=&#8221;3_4&#8243; _builder_version=&#8221;4.21.0&#8243; _module_preset=&#8221;default&#8221; global_colors_info=&#8221;{}&#8221;][et_pb_image src=&#8221;https:\/\/festivaldemusicavisualdelanzarote.com\/wp-content\/uploads\/2024\/07\/MEYER.jpg&#8221; title_text=&#8221;MEYER&#8221; _builder_version=&#8221;4.27.0&#8243; _module_preset=&#8221;default&#8221; global_colors_info=&#8221;{}&#8221;][\/et_pb_image][et_pb_text _builder_version=&#8221;4.27.0&#8243; _module_preset=&#8221;default&#8221; text_font=&#8221;|300|||||||&#8221; text_text_color=&#8221;#000000&#8243; text_font_size=&#8221;22px&#8221; text_letter_spacing=&#8221;1px&#8221; global_colors_info=&#8221;{}&#8221;]<\/p>\n<p><strong>17 OCT |<\/strong> 20:00HS<\/p>\n<p>[\/et_pb_text][et_pb_text _builder_version=&#8221;4.27.0&#8243; _module_preset=&#8221;default&#8221; text_font=&#8221;Along Black|800||on|||||&#8221; text_text_color=&#8221;#FFFFFF&#8221; text_font_size=&#8221;50px&#8221; text_letter_spacing=&#8221;1px&#8221; text_line_height=&#8221;1.1em&#8221; header_2_font=&#8221;Along Black||||||||&#8221; header_2_text_color=&#8221;#102736&#8243; header_2_font_size=&#8221;50px&#8221; custom_margin=&#8221;||8px|||&#8221; header_2_font_size_tablet=&#8221;50px&#8221; header_2_font_size_phone=&#8221;35px&#8221; header_2_font_size_last_edited=&#8221;on|phone&#8221; global_colors_info=&#8221;{}&#8221;]<\/p>\n<h2><strong>BJ\u00d6RN MEYER, Provenance<\/strong><\/h2>\n<p>[\/et_pb_text][et_pb_text content_tablet=&#8221;<\/p>\n<p><img src=%22https:\/\/festivaldemusicavisualdelanzarote.com\/wp-content\/uploads\/2024\/07\/point2-225x300.png%22 width=%2218%22 height=%2224%22 alt=%22%22 class=%22wp-image-6696 alignnone size-medium%22> <strong>Sala Bu\u00f1uel |<\/strong> CIC El Almac\u00e9n <img src=%22https:\/\/festivaldemusicavisualdelanzarote.com\/wp-content\/uploads\/2024\/07\/ticket2.png%22 width=%2216%22 height=%2224%22 alt=%22%22 class=%22wp-image-6692 alignnone size-full%22> 10.00\u20ac.<\/p>\n<p>&#8221; content_phone=&#8221;<\/p>\n<p><img src=%22https:\/\/festivaldemusicavisualdelanzarote.com\/wp-content\/uploads\/2024\/07\/point2-225x300.png%22 width=%2218%22 height=%2224%22 alt=%22%22 class=%22wp-image-6696 alignnone size-medium%22> <strong>Sala Bu\u00f1uel:<\/strong> CIC El Almac\u00e9n <\/p>\n<p> <img src=%22https:\/\/festivaldemusicavisualdelanzarote.com\/wp-content\/uploads\/2024\/07\/ticket2.png%22 width=%2216%22 height=%2224%22 alt=%22%22 class=%22wp-image-6692 alignnone size-full%22>  3.00\u20ac<\/p>\n<p>&#8221; content_last_edited=&#8221;off|desktop&#8221; _builder_version=&#8221;4.27.0&#8243; _module_preset=&#8221;default&#8221; text_font=&#8221;|300|||||||&#8221; text_text_color=&#8221;#102736&#8243; text_font_size=&#8221;20px&#8221; text_letter_spacing=&#8221;1px&#8221; text_font_size_tablet=&#8221;20px&#8221; text_font_size_phone=&#8221;15px&#8221; text_font_size_last_edited=&#8221;on|phone&#8221; global_colors_info=&#8221;{}&#8221;]<\/p>\n<p><img loading=\"lazy\" decoding=\"async\" src=\"https:\/\/festivaldemusicavisualdelanzarote.com\/wp-content\/uploads\/2024\/07\/point2-225x300.png\" width=\"18\" height=\"24\" alt=\"\" class=\"wp-image-6696 alignnone size-medium\" srcset=\"https:\/\/festivaldemusicavisualdelanzarote.com\/wp-content\/uploads\/2024\/07\/point2-225x300.png 225w, https:\/\/festivaldemusicavisualdelanzarote.com\/wp-content\/uploads\/2024\/07\/point2.png 384w\" sizes=\"(max-width: 18px) 100vw, 18px\" \/>  Cueva de los Verdes Auditorium  <\/p>\n<p><img loading=\"lazy\" decoding=\"async\" src=\"https:\/\/festivaldemusicavisualdelanzarote.com\/wp-content\/uploads\/2024\/07\/ticket2.png\" width=\"16\" height=\"24\" alt=\"\" class=\"wp-image-6692 alignnone size-full\">  15.00\u20ac<\/p>\n<p>[\/et_pb_text][et_pb_text _builder_version=&#8221;4.27.0&#8243; _module_preset=&#8221;default&#8221; text_font=&#8221;Montserrat||||||||&#8221; text_text_color=&#8221;#000000&#8243; global_colors_info=&#8221;{}&#8221;]<\/p>\n<p>Experiencing a solo performance by Bj\u00f6rn Meyer has consequences. You are invited to enjoy an irresistible universe of sounds that redefines what an electric bass is capable of as a solo instrument. Deep, pulsating ambiences, outer-world sonorities, Nordic-inspired folk songs, archaic-sounding hymns, high-energy outbursts and minimal pattern structures, all fused into a solid unity.  <\/p>\n<p>Meyer&#8217;s unmistakable sound is testament to his incessant curiosity. His work defies categorization, fusing the acoustic with the electric, the composed with the improvised, and Western with Eastern influences. <\/p>\n<p>Beyond his solo career, Bj\u00f6rn Meyer has forged important and long-lasting collaborations in diverse musical landscapes. Of particular note is his collaboration with Tunisian lute master Anouar Brahem, with whom he also participates in this edition of the Festival. <\/p>\n<p>Bj\u00f6rn Meyer began his musical journey on the outskirts of Stockholm with piano, choral singing, trumpet and grunge guitar before discovering the electric bass shortly before his 18th birthday. A few notes, played on an abandoned instrument, ignited a lifelong passion that profoundly influenced his life. Since the 2017 release of his first solo album &#8220;Provenance&#8221; on the ECM label, Meyer has captivated audiences with solo concerts throughout Europe, Japan and Iran. He has performed in concert halls, clubs, festivals, churches and TV studios. Elbphilharmonie in Hamburg, Ronnie Scott&#8217;s in London, Pit Inn in Tokyo to name a few.    <\/p>\n<p>Bj\u00f6rn Meyer: Six-string electric bass guitar  <\/p>\n<p>Ildefonso Aguilar: Visuals  <\/p>\n<p>&nbsp;<\/p>\n<p><em><\/em><\/p>\n<p>[\/et_pb_text][et_pb_text _builder_version=&#8221;4.27.0&#8243; _module_preset=&#8221;default&#8221; text_font=&#8221;&#8211;et_global_body_font||||||||&#8221; text_text_color=&#8221;#000000&#8243; text_font_size=&#8221;16px&#8221; global_colors_info=&#8221;{}&#8221;]<\/p>\n<p><strong>Web<\/strong><\/p>\n<p><span><a href=\"https:\/\/www.bjornmeyer.com\/\">https:\/\/www.bjornmeyer.com\/<\/a><\/span><\/p>\n<p><strong>V\u00eddeos<\/strong><\/p>\n<p><span><a href=\"https:\/\/www.youtube.com\/watch?v=oMRwdEqOnG8\">https:\/\/www.youtube.com\/watch?v=oMRwdEqOnG8<\/a><\/span><\/p>\n<p><strong>Listen to<\/strong><em> Bj\u00f6rn Meyer<\/em><\/p>\n<p><a href=\"https:\/\/open.spotify.com\/intl-es\/album\/4GUldwVIDwkiaTX4jJxNnf?si=IIB9HELFRDeffcfT2t59aw\">https:\/\/open.spotify.com\/intl-es\/album\/4GUldwVIDwkiaTX4jJxNnf?si=IIB9HELFRDeffcfT2t59aw<\/a><\/p>\n<p>[\/et_pb_text][\/et_pb_column][et_pb_column type=&#8221;1_4&#8243; _builder_version=&#8221;4.21.0&#8243; _module_preset=&#8221;default&#8221; global_colors_info=&#8221;{}&#8221;][et_pb_image src=&#8221;https:\/\/festivaldemusicavisualdelanzarote.com\/wp-content\/uploads\/2024\/07\/logo-vertical.png&#8221; title_text=&#8221;vertical logo&#8221; disabled_on=&#8221;on|on|off&#8221; _builder_version=&#8221;4.27.0&#8243; _module_preset=&#8221;default&#8221; width=&#8221;46%&#8221; width_tablet=&#8221;&#8221; width_phone=&#8221;40%&#8221; width_last_edited=&#8221;on|phone&#8221; module_alignment=&#8221;right&#8221; global_colors_info=&#8221;{}&#8221;][\/et_pb_image][\/et_pb_column][\/et_pb_row][et_pb_row column_structure=&#8221;1_3,1_3,1_3&#8243; use_custom_gutter=&#8221;on&#8221; gutter_width=&#8221;2&#8243; make_equal=&#8221;on&#8221; _builder_version=&#8221;4.27.0&#8243; _module_preset=&#8221;default&#8221; width=&#8221;90%&#8221; max_width=&#8221;100%&#8221; global_colors_info=&#8221;{}&#8221;][et_pb_column type=&#8221;1_3&#8243; module_class=&#8221;ds-vertical-align&#8221; _builder_version=&#8221;4.27.0&#8243; _module_preset=&#8221;default&#8221; global_colors_info=&#8221;{}&#8221;][et_pb_button button_url=&#8221;https:\/\/culturalanzarote.sacatuentrada.es\/es\/entradas\/bjorn-meyer-provenance\/2024-10-17&#8243; url_new_window=&#8221;on&#8221; button_text=&#8221;BUY TICKET&#8221; _builder_version=&#8221;4.27.0&#8243; _module_preset=&#8221;default&#8221; custom_button=&#8221;on&#8221; button_text_size=&#8221;16px&#8221; button_text_color=&#8221;#FFFFFF&#8221; button_bg_color=&#8221;#102736&#8243; button_border_width=&#8221;0px&#8221; button_border_radius=&#8221;0px&#8221; button_letter_spacing=&#8221;1px&#8221; button_font=&#8221;|700|||||||&#8221; global_colors_info=&#8221;{}&#8221;][\/et_pb_button][\/et_pb_column][et_pb_column type=&#8221;1_3&#8243; module_class=&#8221;ds-vertical-align&#8221; _builder_version=&#8221;4.27.0&#8243; _module_preset=&#8221;default&#8221; global_colors_info=&#8221;{}&#8221;][et_pb_social_media_follow icon_color=&#8221;#102736&#8243; use_icon_font_size=&#8221;on&#8221; icon_font_size=&#8221;14px&#8221; _builder_version=&#8221;4.27.0&#8243; _module_preset=&#8221;default&#8221; global_colors_info=&#8221;{}&#8221;][et_pb_social_media_follow_network social_network=&#8221;facebook&#8221; url=&#8221;https:\/\/web.facebook.com\/FestivaldeMusicaVisualdeLanzarote\/?_rdc=1&amp;_rdr&#8221; icon_color=&#8221;#102736&#8243; _builder_version=&#8221;4.27.0&#8243; _module_preset=&#8221;default&#8221; background_color=&#8221;#FFFFFF&#8221; background_enable_color=&#8221;on&#8221; border_radii=&#8221;on|497px|497px|497px|497px&#8221; border_width_all=&#8221;2px&#8221; border_color_all=&#8221;#102736&#8243; global_colors_info=&#8221;{}&#8221; follow_button=&#8221;off&#8221; url_new_window=&#8221;on&#8221;]facebook[\/et_pb_social_media_follow_network][et_pb_social_media_follow_network social_network=&#8221;instagram&#8221; url=&#8221;https:\/\/www.instagram.com\/festivalmusicavisuallzt\/&#8221; icon_color=&#8221;#102736&#8243; _builder_version=&#8221;4.27.0&#8243; _module_preset=&#8221;default&#8221; background_color=&#8221;#FFFFFF&#8221; background_enable_color=&#8221;on&#8221; border_radii=&#8221;on|497px|497px|497px|497px&#8221; border_width_all=&#8221;2px&#8221; border_color_all=&#8221;#102736&#8243; global_colors_info=&#8221;{}&#8221; follow_button=&#8221;off&#8221; url_new_window=&#8221;on&#8221;]instagram[\/et_pb_social_media_follow_network][\/et_pb_social_media_follow][\/et_pb_column][et_pb_column type=&#8221;1_3&#8243; module_class=&#8221;ds-vertical-align&#8221; _builder_version=&#8221;4.27.0&#8243; _module_preset=&#8221;default&#8221; global_colors_info=&#8221;{}&#8221;][et_pb_icon font_icon=&#8221;&#x45;||divi||400&#8243; icon_color=&#8221;#102736&#8243; url=&#8221;#urho&#8221; align=&#8221;right&#8221; _builder_version=&#8221;4.27.0&#8243; _module_preset=&#8221;default&#8221; position_origin_a=&#8221;bottom_right&#8221; position_origin_f=&#8221;top_center&#8221; position_origin_r=&#8221;bottom_right&#8221; global_colors_info=&#8221;{}&#8221;][\/et_pb_icon][\/et_pb_column][\/et_pb_row][\/et_pb_section][et_pb_section fb_built=&#8221;1&#8243; admin_label=&#8221;Popup &#8211; #urho&#8221; module_id=&#8221;urho&#8221; module_class=&#8221;popup single&#8221; _builder_version=&#8221;4.27.0&#8243; _module_preset=&#8221;default&#8221; width=&#8221;65%&#8221; width_tablet=&#8221;100%&#8221; width_phone=&#8221;100%&#8221; width_last_edited=&#8221;on|phone&#8221; da_is_popup=&#8221;on&#8221; da_popup_slug=&#8221;urho&#8221; da_is_singular=&#8221;on&#8221; da_disable_devices=&#8221;off|off|off&#8221; border_radii=&#8221;on|26px|26px|26px|26px&#8221; global_colors_info=&#8221;{}&#8221; da_exit_intent=&#8221;off&#8221; da_has_close=&#8221;on&#8221; da_alt_close=&#8221;off&#8221; da_dark_close=&#8221;off&#8221; da_not_modal=&#8221;on&#8221; da_with_loader=&#8221;off&#8221; da_has_shadow=&#8221;on&#8221;][et_pb_row column_structure=&#8221;3_4,1_4&#8243; use_custom_gutter=&#8221;on&#8221; gutter_width=&#8221;2&#8243; _builder_version=&#8221;4.21.0&#8243; _module_preset=&#8221;default&#8221; width=&#8221;90%&#8221; max_width=&#8221;100%&#8221; global_colors_info=&#8221;{}&#8221;][et_pb_column type=&#8221;3_4&#8243; _builder_version=&#8221;4.21.0&#8243; _module_preset=&#8221;default&#8221; global_colors_info=&#8221;{}&#8221;][et_pb_image src=&#8221;https:\/\/festivaldemusicavisualdelanzarote.com\/wp-content\/uploads\/2024\/07\/urho.jpg&#8221; title_text=&#8221;urho&#8221; _builder_version=&#8221;4.27.0&#8243; _module_preset=&#8221;default&#8221; global_colors_info=&#8221;{}&#8221;][\/et_pb_image][et_pb_text _builder_version=&#8221;4.27.0&#8243; _module_preset=&#8221;default&#8221; text_font=&#8221;|300|||||||&#8221; text_text_color=&#8221;#000000&#8243; text_font_size=&#8221;22px&#8221; text_letter_spacing=&#8221;1px&#8221; global_colors_info=&#8221;{}&#8221;]<\/p>\n<p><strong>18 OCT |<\/strong> 20:00HS<\/p>\n<p>[\/et_pb_text][et_pb_text _builder_version=&#8221;4.27.0&#8243; _module_preset=&#8221;default&#8221; text_font=&#8221;Along Black|800||on|||||&#8221; text_text_color=&#8221;#FFFFFF&#8221; text_font_size=&#8221;50px&#8221; text_letter_spacing=&#8221;1px&#8221; text_line_height=&#8221;1.1em&#8221; header_2_font=&#8221;Along Black||||||||&#8221; header_2_text_color=&#8221;#102736&#8243; header_2_font_size=&#8221;50px&#8221; custom_margin=&#8221;||8px|||&#8221; header_2_font_size_tablet=&#8221;50px&#8221; header_2_font_size_phone=&#8221;35px&#8221; header_2_font_size_last_edited=&#8221;on|phone&#8221; global_colors_info=&#8221;{}&#8221;]<\/p>\n<h2><strong>URHO<br \/>\nLive A\/V<\/strong><\/h2>\n<p>[\/et_pb_text][et_pb_text content_tablet=&#8221;<\/p>\n<p><img src=%22https:\/\/festivaldemusicavisualdelanzarote.com\/wp-content\/uploads\/2024\/07\/point2-225x300.png%22 width=%2218%22 height=%2224%22 alt=%22%22 class=%22wp-image-6696 alignnone size-medium%22> <strong>Sala Bu\u00f1uel |<\/strong> CIC El Almac\u00e9n <img src=%22https:\/\/festivaldemusicavisualdelanzarote.com\/wp-content\/uploads\/2024\/07\/ticket2.png%22 width=%2216%22 height=%2224%22 alt=%22%22 class=%22wp-image-6692 alignnone size-full%22> 10.00\u20ac.<\/p>\n<p>&#8221; content_phone=&#8221;<\/p>\n<p><img src=%22https:\/\/festivaldemusicavisualdelanzarote.com\/wp-content\/uploads\/2024\/07\/point2-225x300.png%22 width=%2218%22 height=%2224%22 alt=%22%22 class=%22wp-image-6696 alignnone size-medium%22> <strong>Sala Bu\u00f1uel:<\/strong> CIC El Almac\u00e9n <\/p>\n<p> <img src=%22https:\/\/festivaldemusicavisualdelanzarote.com\/wp-content\/uploads\/2024\/07\/ticket2.png%22 width=%2216%22 height=%2224%22 alt=%22%22 class=%22wp-image-6692 alignnone size-full%22>  3.00\u20ac<\/p>\n<p>&#8221; content_last_edited=&#8221;off|desktop&#8221; _builder_version=&#8221;4.27.0&#8243; _module_preset=&#8221;default&#8221; text_font=&#8221;|300|||||||&#8221; text_text_color=&#8221;#102736&#8243; text_font_size=&#8221;20px&#8221; text_letter_spacing=&#8221;1px&#8221; text_font_size_tablet=&#8221;20px&#8221; text_font_size_phone=&#8221;15px&#8221; text_font_size_last_edited=&#8221;on|phone&#8221; global_colors_info=&#8221;{}&#8221;]<\/p>\n<p><img loading=\"lazy\" decoding=\"async\" src=\"https:\/\/festivaldemusicavisualdelanzarote.com\/wp-content\/uploads\/2024\/07\/point2-225x300.png\" width=\"18\" height=\"24\" alt=\"\" class=\"wp-image-6696 alignnone size-medium\" srcset=\"https:\/\/festivaldemusicavisualdelanzarote.com\/wp-content\/uploads\/2024\/07\/point2-225x300.png 225w, https:\/\/festivaldemusicavisualdelanzarote.com\/wp-content\/uploads\/2024\/07\/point2.png 384w\" sizes=\"(max-width: 18px) 100vw, 18px\" \/> <strong>Sala Bu\u00f1uel<\/strong>: CIC El Almac\u00e9n <\/p>\n<p><img loading=\"lazy\" decoding=\"async\" src=\"https:\/\/festivaldemusicavisualdelanzarote.com\/wp-content\/uploads\/2024\/07\/ticket2.png\" width=\"16\" height=\"24\" alt=\"\" class=\"wp-image-6692 alignnone size-full\">  10.00\u20ac<\/p>\n<p>[\/et_pb_text][et_pb_text _builder_version=&#8221;4.27.0&#8243; _module_preset=&#8221;default&#8221; text_font=&#8221;Montserrat||||||||&#8221; text_text_color=&#8221;#000000&#8243; global_colors_info=&#8221;{}&#8221;]<\/p>\n<p>URHO is a performative project based on the sound and images recorded by the audiovisual artist Iv\u00e1n Torres Hdez on board the icebreaker of the same name, flagship of the Finnish fleet. The complex and deep sound of the field recordings is the basis of a soundscape interpreted live by the musician and sound artist Xo\u00e1n-Xil L\u00f3pez and by Iv\u00e1n Torres himself through the use of synthesizers and radio systems to which instruments built by Xo\u00e1n-Xil are added. The piece has a character of improvisation and dialogue between the two artists who react to the visuals where documentary style images are mixed with celluloid animation.  <\/p>\n<p>The impassive presence of the crew contrasts with the constant motion and deafening sound as the icebreaker makes its way through an icy Baltic Sea surrounded by an almost lunar landscape.<\/p>\n<p><strong><em>Ivan Torres<\/em><\/strong><em>  Hdez is an audiovisual artist based in Finland and Galicia. His performative work mixes images from his film projects with experimental music and sound art. <\/em><\/p>\n<p><strong><em>Xo\u00e1n-Xil<\/em><\/strong><em> is a sound artist and researcher and his work revolves around phonographic practice (field recording) and sound experimentation in the form of installations, immersive listening situations, compositions, performances and texts.<\/em><\/p>\n<p><strong>Iv\u00e1n Torres<\/strong>: Electronics <em>and visuals<\/em> \/ <em>Electronics and visuals<\/em><\/p>\n<p><strong>Xo\u00e1n-Xil L\u00f3pez<\/strong>: Sintes y electr\u00f3nica \/ <em>Synths and electronics<\/em><\/p>\n<p><strong> <\/strong><\/p>\n<p>[\/et_pb_text][et_pb_text _builder_version=&#8221;4.27.0&#8243; _module_preset=&#8221;default&#8221; text_font=&#8221;&#8211;et_global_body_font||||||||&#8221; text_text_color=&#8221;#000000&#8243; text_font_size=&#8221;16px&#8221; global_colors_info=&#8221;{}&#8221;]<\/p>\n<p><strong>Web<\/strong><\/p>\n<p><span><a href=\"https:\/\/ivantorreshdez.com\/Urho\">https:\/\/ivantorreshdez.com\/Urho<\/a><\/span><\/p>\n<p><strong>V\u00eddeos<\/strong><\/p>\n<p><span><a href=\"https:\/\/vimeo.com\/832231716\">https:\/\/vimeo.com\/832231716<\/a><\/span><\/p>\n<p>[\/et_pb_text][\/et_pb_column][et_pb_column type=&#8221;1_4&#8243; _builder_version=&#8221;4.21.0&#8243; _module_preset=&#8221;default&#8221; global_colors_info=&#8221;{}&#8221;][et_pb_image src=&#8221;https:\/\/festivaldemusicavisualdelanzarote.com\/wp-content\/uploads\/2024\/07\/logo-vertical.png&#8221; title_text=&#8221;vertical logo&#8221; disabled_on=&#8221;on|on|off&#8221; _builder_version=&#8221;4.27.0&#8243; _module_preset=&#8221;default&#8221; width=&#8221;46%&#8221; width_tablet=&#8221;&#8221; width_phone=&#8221;40%&#8221; width_last_edited=&#8221;on|phone&#8221; module_alignment=&#8221;right&#8221; global_colors_info=&#8221;{}&#8221;][\/et_pb_image][\/et_pb_column][\/et_pb_row][et_pb_row column_structure=&#8221;1_3,1_3,1_3&#8243; use_custom_gutter=&#8221;on&#8221; gutter_width=&#8221;2&#8243; make_equal=&#8221;on&#8221; _builder_version=&#8221;4.27.0&#8243; _module_preset=&#8221;default&#8221; width=&#8221;90%&#8221; max_width=&#8221;100%&#8221; global_colors_info=&#8221;{}&#8221;][et_pb_column type=&#8221;1_3&#8243; module_class=&#8221;ds-vertical-align&#8221; _builder_version=&#8221;4.27.0&#8243; _module_preset=&#8221;default&#8221; global_colors_info=&#8221;{}&#8221;][et_pb_button button_url=&#8221;https:\/\/culturalanzarote.sacatuentrada.es\/es\/entradas\/urho-live-a-v\/2024-10-18&#8243; url_new_window=&#8221;on&#8221; button_text=&#8221;BUY TICKET&#8221; _builder_version=&#8221;4.27.0&#8243; _module_preset=&#8221;default&#8221; custom_button=&#8221;on&#8221; button_text_size=&#8221;16px&#8221; button_text_color=&#8221;#FFFFFF&#8221; button_bg_color=&#8221;#102736&#8243; button_border_width=&#8221;0px&#8221; button_border_radius=&#8221;0px&#8221; button_letter_spacing=&#8221;1px&#8221; button_font=&#8221;|700|||||||&#8221; global_colors_info=&#8221;{}&#8221;][\/et_pb_button][\/et_pb_column][et_pb_column type=&#8221;1_3&#8243; module_class=&#8221;ds-vertical-align&#8221; _builder_version=&#8221;4.27.0&#8243; _module_preset=&#8221;default&#8221; global_colors_info=&#8221;{}&#8221;][et_pb_social_media_follow icon_color=&#8221;#102736&#8243; use_icon_font_size=&#8221;on&#8221; icon_font_size=&#8221;14px&#8221; _builder_version=&#8221;4.27.0&#8243; _module_preset=&#8221;default&#8221; global_colors_info=&#8221;{}&#8221;][et_pb_social_media_follow_network social_network=&#8221;facebook&#8221; url=&#8221;https:\/\/web.facebook.com\/FestivaldeMusicaVisualdeLanzarote\/?_rdc=1&amp;_rdr&#8221; icon_color=&#8221;#102736&#8243; _builder_version=&#8221;4.27.0&#8243; _module_preset=&#8221;default&#8221; background_color=&#8221;#FFFFFF&#8221; background_enable_color=&#8221;on&#8221; border_radii=&#8221;on|497px|497px|497px|497px&#8221; border_width_all=&#8221;2px&#8221; border_color_all=&#8221;#102736&#8243; global_colors_info=&#8221;{}&#8221; follow_button=&#8221;off&#8221; url_new_window=&#8221;on&#8221;]facebook[\/et_pb_social_media_follow_network][et_pb_social_media_follow_network social_network=&#8221;instagram&#8221; url=&#8221;https:\/\/www.instagram.com\/festivalmusicavisuallzt\/&#8221; icon_color=&#8221;#102736&#8243; _builder_version=&#8221;4.27.0&#8243; _module_preset=&#8221;default&#8221; background_color=&#8221;#FFFFFF&#8221; background_enable_color=&#8221;on&#8221; border_radii=&#8221;on|497px|497px|497px|497px&#8221; border_width_all=&#8221;2px&#8221; border_color_all=&#8221;#102736&#8243; global_colors_info=&#8221;{}&#8221; follow_button=&#8221;off&#8221; url_new_window=&#8221;on&#8221;]instagram[\/et_pb_social_media_follow_network][\/et_pb_social_media_follow][\/et_pb_column][et_pb_column type=&#8221;1_3&#8243; module_class=&#8221;ds-vertical-align&#8221; _builder_version=&#8221;4.27.0&#8243; _module_preset=&#8221;default&#8221; global_colors_info=&#8221;{}&#8221;][et_pb_icon font_icon=&#8221;&#x45;||divi||400&#8243; icon_color=&#8221;#102736&#8243; url=&#8221;#echo&#8221; align=&#8221;right&#8221; _builder_version=&#8221;4.27.0&#8243; _module_preset=&#8221;default&#8221; position_origin_a=&#8221;bottom_right&#8221; position_origin_f=&#8221;top_center&#8221; position_origin_r=&#8221;bottom_right&#8221; global_colors_info=&#8221;{}&#8221;][\/et_pb_icon][\/et_pb_column][\/et_pb_row][\/et_pb_section][et_pb_section fb_built=&#8221;1&#8243; admin_label=&#8221;Popup &#8211; #echo&#8221; module_id=&#8221;echo&#8221; module_class=&#8221;popup single&#8221; _builder_version=&#8221;4.27.0&#8243; _module_preset=&#8221;default&#8221; width=&#8221;65%&#8221; width_tablet=&#8221;100%&#8221; width_phone=&#8221;100%&#8221; width_last_edited=&#8221;on|phone&#8221; da_is_popup=&#8221;on&#8221; da_popup_slug=&#8221;echo&#8221; da_is_singular=&#8221;on&#8221; da_disable_devices=&#8221;off|off|off&#8221; border_radii=&#8221;on|26px|26px|26px|26px&#8221; global_colors_info=&#8221;{}&#8221; da_exit_intent=&#8221;off&#8221; da_has_close=&#8221;on&#8221; da_alt_close=&#8221;off&#8221; da_dark_close=&#8221;off&#8221; da_not_modal=&#8221;on&#8221; da_with_loader=&#8221;off&#8221; da_has_shadow=&#8221;on&#8221;][et_pb_row column_structure=&#8221;3_4,1_4&#8243; use_custom_gutter=&#8221;on&#8221; gutter_width=&#8221;2&#8243; _builder_version=&#8221;4.21.0&#8243; _module_preset=&#8221;default&#8221; width=&#8221;90%&#8221; max_width=&#8221;100%&#8221; global_colors_info=&#8221;{}&#8221;][et_pb_column type=&#8221;3_4&#8243; _builder_version=&#8221;4.21.0&#8243; _module_preset=&#8221;default&#8221; global_colors_info=&#8221;{}&#8221;][et_pb_image src=&#8221;https:\/\/festivaldemusicavisualdelanzarote.com\/wp-content\/uploads\/2024\/07\/echo.jpg&#8221; title_text=&#8221;echo&#8221; _builder_version=&#8221;4.27.0&#8243; _module_preset=&#8221;default&#8221; global_colors_info=&#8221;{}&#8221;][\/et_pb_image][et_pb_text _builder_version=&#8221;4.27.0&#8243; _module_preset=&#8221;default&#8221; text_font=&#8221;|300|||||||&#8221; text_text_color=&#8221;#000000&#8243; text_font_size=&#8221;22px&#8221; text_letter_spacing=&#8221;1px&#8221; global_colors_info=&#8221;{}&#8221;]<\/p>\n<p><strong>19 OCT |<\/strong> 20:00HS<\/p>\n<p>[\/et_pb_text][et_pb_text _builder_version=&#8221;4.27.0&#8243; _module_preset=&#8221;default&#8221; text_font=&#8221;Along Black|800||on|||||&#8221; text_text_color=&#8221;#FFFFFF&#8221; text_font_size=&#8221;50px&#8221; text_letter_spacing=&#8221;1px&#8221; text_line_height=&#8221;1.1em&#8221; header_2_font=&#8221;Along Black||||||||&#8221; header_2_text_color=&#8221;#102736&#8243; header_2_font_size=&#8221;50px&#8221; custom_margin=&#8221;||8px|||&#8221; header_2_font_size_tablet=&#8221;50px&#8221; header_2_font_size_phone=&#8221;35px&#8221; header_2_font_size_last_edited=&#8221;on|phone&#8221; global_colors_info=&#8221;{}&#8221;]<\/p>\n<h2><strong>ECHO COLLECTIVE<br \/>\nplays Amnesiac<\/strong><\/h2>\n<p>[\/et_pb_text][et_pb_text content_tablet=&#8221;<\/p>\n<p><img src=%22https:\/\/festivaldemusicavisualdelanzarote.com\/wp-content\/uploads\/2024\/07\/point2-225x300.png%22 width=%2218%22 height=%2224%22 alt=%22%22 class=%22wp-image-6696 alignnone size-medium%22>Jameos del Agua Auditorium<\/p>\n<p> <img src=%22https:\/\/festivaldemusicavisualdelanzarote.com\/wp-content\/uploads\/2024\/07\/ticket2.png%22 width=%2216%22 height=%2224%22 alt=%22%22 class=%22wp-image-6692 alignnone size-full%22>  15.00\u20ac<\/p>\n<p>&#8221; content_phone=&#8221;<\/p>\n<p><img src=%22https:\/\/festivaldemusicavisualdelanzarote.com\/wp-content\/uploads\/2024\/07\/point2-225x300.png%22 width=%2218%22 height=%2224%22 alt=%22%22 class=%22wp-image-6696 alignnone size-medium%22>Jameos del Agua Auditorium<\/p>\n<p><img src=%22https:\/\/festivaldemusicavisualdelanzarote.com\/wp-content\/uploads\/2024\/07\/ticket2.png%22 width=%2216%22 height=%2224%22 alt=%22%22 class=%22wp-image-6692 alignnone size-full%22>  15.00\u20ac<\/p>\n<p>&#8221; content_last_edited=&#8221;on|desktop&#8221; _builder_version=&#8221;4.27.0&#8243; _module_preset=&#8221;default&#8221; text_font=&#8221;|300|||||||&#8221; text_text_color=&#8221;#102736&#8243; text_font_size=&#8221;20px&#8221; text_letter_spacing=&#8221;1px&#8221; text_font_size_tablet=&#8221;20px&#8221; text_font_size_phone=&#8221;15px&#8221; text_font_size_last_edited=&#8221;on|phone&#8221; global_colors_info=&#8221;{}&#8221; content__hover_enabled=&#8221;off|desktop&#8221;]<\/p>\n<p><img loading=\"lazy\" decoding=\"async\" src=\"https:\/\/festivaldemusicavisualdelanzarote.com\/wp-content\/uploads\/2024\/07\/point2-225x300.png\" width=\"18\" height=\"24\" alt=\"\" class=\"wp-image-6696 alignnone size-medium\" srcset=\"https:\/\/festivaldemusicavisualdelanzarote.com\/wp-content\/uploads\/2024\/07\/point2-225x300.png 225w, https:\/\/festivaldemusicavisualdelanzarote.com\/wp-content\/uploads\/2024\/07\/point2.png 384w\" sizes=\"(max-width: 18px) 100vw, 18px\" \/>  Jameos del Agua Auditorium<\/p>\n<p><img loading=\"lazy\" decoding=\"async\" src=\"https:\/\/festivaldemusicavisualdelanzarote.com\/wp-content\/uploads\/2024\/07\/ticket2.png\" width=\"16\" height=\"24\" alt=\"\" class=\"wp-image-6692 alignnone size-full\">  15.00\u20ac<\/p>\n<p>[\/et_pb_text][et_pb_text _builder_version=&#8221;4.27.0&#8243; _module_preset=&#8221;default&#8221; text_font=&#8221;Montserrat||||||||&#8221; text_text_color=&#8221;#000000&#8243; global_colors_info=&#8221;{}&#8221;]In collaboration with the Festival Contempor\u00e1neo del Festival Internacional de M\u00fasica de Canarias del Gobierno de Canarias, the closing of this edition will be performed by the orchestral group Echo Collective, who will play their very personal version of the acclaimed project Amnesiac, by Radiohead.<\/p>\n<p>It must not be easy to face the reinterpretation of an album in a fresh and different way that preserves a respectful attitude towards the original. Even less so when the album in question is as famous and beloved as Amnesiac, by the acclaimed Radiohead. But the Belgian neo-classical group Echo Collective is no stranger to such challenges. The orchestral group formed around Neil Leiter and Margaret Hermant, regular collaborators on A Winged Victory For The Sullen, Stars Of The Lid, Dustin O&#8217;Halloran and J\u00f3hann J\u00f3hannsson (whom they accompanied during their 2017 performance at this very Festival), surprised with their reworking of a black metal album by the infamous Burzum. The artistic director of Brussels&#8217; main concert hall, Ancienne Belgique, was quick to commission the &#8220;house band&#8221; to also cover Amnesiac.    <\/p>\n<p>The result exceeded all expectations. One of the greatest albums of all time, arranged for string trio, harp, piano, bassoon\/contrabassoon, clarinet\/bass clarinet\/baritone saxophone and orchestral percussion, was given new life. The virtuosic group preserved the nuances and delicacy of the original, infusing it with classical renown and grandeur. Echo Collective will prove in Lanzarote, once again, that it is far from being a pale echo or a cheap copy, but rather a spectacular post-classical project through and through.   <\/p>\n<p>Margaret Hermant: violin and harp<\/p>\n<p>Amalija Kokeza: viola<\/p>\n<p>Corentin Dellicoiur: cello<\/p>\n<p>Gary De Cart: piano<\/p>\n<p>Helene Elst: bassoon<\/p>\n<p>Antoine Dandoy: percussion<\/p>\n<p>Yann Lecollaire: clarinet and saxophone<\/p>\n<p>Ildefonso Aguilar: Visuals<\/p>\n<p>&nbsp;[\/et_pb_text][et_pb_text _builder_version=&#8221;4.27.0&#8243; _module_preset=&#8221;default&#8221; text_font=&#8221;&#8211;et_global_body_font||||||||&#8221; text_text_color=&#8221;#000000&#8243; text_font_size=&#8221;16px&#8221; global_colors_info=&#8221;{}&#8221;]<\/p>\n<p><strong>Web<\/strong><\/p>\n<p><span><a href=\"https:\/\/www.echocollective.be\/\">https:\/\/www.echocollective.be\/<\/a><\/span><\/p>\n<p><strong>V\u00eddeos<\/strong><\/p>\n<p><span><a href=\"https:\/\/www.youtube.com\/watch?v=9jhRqNbm4Bo\">https:\/\/www.youtube.com\/watch?v=9jhRqNbm4Bo<\/a><\/span><\/p>\n<p><span><a href=\"https:\/\/youtu.be\/CM6cAEVAiMA\">https:\/\/youtu.be\/CM6cAEVAiMA<\/a><\/span><\/p>\n<p><strong>Listen to <\/strong><strong><em>Echo Collective plays Amnesiac<\/em><\/strong><\/p>\n<p><span><a href=\"https:\/\/open.spotify.com\/album\/6ny0Z5uEQtUdNYPmvHCNAI?si=Ey05p5hpRBCQxeaKhcnkkw\">https:\/\/open.spotify.com\/album\/6ny0Z5uEQtUdNYPmvHCNAI?si=Ey05p5hpRBCQxeaKhcnkkw<\/a><\/span><\/p>\n<p>[\/et_pb_text][\/et_pb_column][et_pb_column type=&#8221;1_4&#8243; _builder_version=&#8221;4.21.0&#8243; _module_preset=&#8221;default&#8221; global_colors_info=&#8221;{}&#8221;][et_pb_image src=&#8221;https:\/\/festivaldemusicavisualdelanzarote.com\/wp-content\/uploads\/2024\/07\/logo-vertical.png&#8221; title_text=&#8221;vertical logo&#8221; disabled_on=&#8221;on|on|off&#8221; _builder_version=&#8221;4.27.0&#8243; _module_preset=&#8221;default&#8221; width=&#8221;46%&#8221; width_tablet=&#8221;&#8221; width_phone=&#8221;40%&#8221; width_last_edited=&#8221;on|phone&#8221; module_alignment=&#8221;right&#8221; global_colors_info=&#8221;{}&#8221;][\/et_pb_image][\/et_pb_column][\/et_pb_row][et_pb_row column_structure=&#8221;1_3,1_3,1_3&#8243; use_custom_gutter=&#8221;on&#8221; gutter_width=&#8221;2&#8243; make_equal=&#8221;on&#8221; _builder_version=&#8221;4.27.0&#8243; _module_preset=&#8221;default&#8221; width=&#8221;90%&#8221; max_width=&#8221;100%&#8221; global_colors_info=&#8221;{}&#8221;][et_pb_column type=&#8221;1_3&#8243; module_class=&#8221;ds-vertical-align&#8221; _builder_version=&#8221;4.27.0&#8243; _module_preset=&#8221;default&#8221; global_colors_info=&#8221;{}&#8221;][et_pb_button button_url=&#8221;https:\/\/culturalanzarote.sacatuentrada.es\/es\/entradas\/echo-collective-plays-amnesiac\/2024-10-19&#8243; url_new_window=&#8221;on&#8221; button_text=&#8221;BUY TICKET&#8221; _builder_version=&#8221;4.27.0&#8243; _module_preset=&#8221;default&#8221; custom_button=&#8221;on&#8221; button_text_size=&#8221;16px&#8221; button_text_color=&#8221;#FFFFFF&#8221; button_bg_color=&#8221;#102736&#8243; button_border_width=&#8221;0px&#8221; button_border_radius=&#8221;0px&#8221; button_letter_spacing=&#8221;1px&#8221; button_font=&#8221;|700|||||||&#8221; global_colors_info=&#8221;{}&#8221;][\/et_pb_button][\/et_pb_column][et_pb_column type=&#8221;1_3&#8243; module_class=&#8221;ds-vertical-align&#8221; _builder_version=&#8221;4.27.0&#8243; _module_preset=&#8221;default&#8221; global_colors_info=&#8221;{}&#8221;][et_pb_social_media_follow icon_color=&#8221;#102736&#8243; use_icon_font_size=&#8221;on&#8221; icon_font_size=&#8221;14px&#8221; _builder_version=&#8221;4.27.0&#8243; _module_preset=&#8221;default&#8221; global_colors_info=&#8221;{}&#8221;][et_pb_social_media_follow_network social_network=&#8221;facebook&#8221; url=&#8221;https:\/\/web.facebook.com\/FestivaldeMusicaVisualdeLanzarote\/?_rdc=1&amp;_rdr&#8221; icon_color=&#8221;#102736&#8243; _builder_version=&#8221;4.27.0&#8243; _module_preset=&#8221;default&#8221; background_color=&#8221;#FFFFFF&#8221; background_enable_color=&#8221;on&#8221; border_radii=&#8221;on|497px|497px|497px|497px&#8221; border_width_all=&#8221;2px&#8221; border_color_all=&#8221;#102736&#8243; global_colors_info=&#8221;{}&#8221; follow_button=&#8221;off&#8221; url_new_window=&#8221;on&#8221;]facebook[\/et_pb_social_media_follow_network][et_pb_social_media_follow_network social_network=&#8221;instagram&#8221; url=&#8221;https:\/\/www.instagram.com\/festivalmusicavisuallzt\/&#8221; icon_color=&#8221;#102736&#8243; _builder_version=&#8221;4.27.0&#8243; _module_preset=&#8221;default&#8221; background_color=&#8221;#FFFFFF&#8221; background_enable_color=&#8221;on&#8221; border_radii=&#8221;on|497px|497px|497px|497px&#8221; border_width_all=&#8221;2px&#8221; border_color_all=&#8221;#102736&#8243; global_colors_info=&#8221;{}&#8221; follow_button=&#8221;off&#8221; url_new_window=&#8221;on&#8221;]instagram[\/et_pb_social_media_follow_network][\/et_pb_social_media_follow][\/et_pb_column][et_pb_column type=&#8221;1_3&#8243; module_class=&#8221;ds-vertical-align&#8221; _builder_version=&#8221;4.27.0&#8243; _module_preset=&#8221;default&#8221; global_colors_info=&#8221;{}&#8221;][et_pb_icon font_icon=&#8221;&#x45;||divi||400&#8243; icon_color=&#8221;#102736&#8243; url=&#8221;#carson&#8221; align=&#8221;right&#8221; _builder_version=&#8221;4.27.0&#8243; _module_preset=&#8221;default&#8221; position_origin_a=&#8221;bottom_right&#8221; position_origin_f=&#8221;top_center&#8221; position_origin_r=&#8221;bottom_right&#8221; global_colors_info=&#8221;{}&#8221;][\/et_pb_icon][\/et_pb_column][\/et_pb_row][\/et_pb_section]<\/p>\n","protected":false},"excerpt":{"rendered":"<p>October 9 to 199 Oct | 20.00h CABIN MUSICby James Carson Sala Bu\u00f1uel | CIC El Almac\u00e9n 3.00\u20ac 3.00\u20ac 3.00\u20ac 3.0010 Oct | 20.00h TOUCH-ME-NOT(aka Hara Alonso)visuals by Miguel G. Morales Sala Bu\u00f1uel | CIC El Almac\u00e9n 10.00\u20ac.12 Oct | 20.00h MARIO BATKOVIConly Cueva de los Verdes Auditorium 15.00\u20ac.15 Oct | 20.00h RY\u016aICHI SAKAMOTOOPUS, by [&hellip;]<\/p>\n","protected":false},"author":2,"featured_media":0,"parent":0,"menu_order":0,"comment_status":"closed","ping_status":"closed","template":"","meta":{"_et_pb_use_builder":"on","_et_pb_old_content":"","_et_gb_content_width":"","footnotes":""},"class_list":["post-6363","page","type-page","status-publish","hentry"],"yoast_head":"<!-- This site is optimized with the Yoast SEO plugin v25.3.1 - https:\/\/yoast.com\/wordpress\/plugins\/seo\/ -->\n<title>EDITION 2024 - Festival de M\u00fasica de Lanzarote<\/title>\n<meta name=\"description\" content=\"Edition n\u00ba19 of the Lanzarote Visual Music Festival: the most unique festival of Lanzarote returns on the unique stages of the CACT.\" \/>\n<meta name=\"robots\" content=\"index, follow, max-snippet:-1, max-image-preview:large, max-video-preview:-1\" \/>\n<link rel=\"canonical\" href=\"https:\/\/festivaldemusicavisualdelanzarote.com\/en\/2024-programming\/\" \/>\n<meta property=\"og:locale\" content=\"en_US\" \/>\n<meta property=\"og:type\" content=\"article\" \/>\n<meta property=\"og:title\" content=\"EDITION 2024 - Festival de M\u00fasica de Lanzarote\" \/>\n<meta property=\"og:description\" content=\"Edition n\u00ba19 of the Lanzarote Visual Music Festival: the most unique festival of Lanzarote returns on the unique stages of the CACT.\" \/>\n<meta property=\"og:url\" content=\"https:\/\/festivaldemusicavisualdelanzarote.com\/en\/2024-programming\/\" \/>\n<meta property=\"og:site_name\" content=\"Festival de M\u00fasica de Lanzarote\" \/>\n<meta property=\"article:publisher\" content=\"https:\/\/www.facebook.com\/FestivaldeMusicaVisualdeLanzarote\" \/>\n<meta property=\"article:modified_time\" content=\"2025-10-24T17:57:37+00:00\" \/>\n<meta property=\"og:image\" content=\"https:\/\/festivaldemusicavisualdelanzarote.com\/wp-content\/uploads\/2024\/07\/cine-1.jpg\" \/>\n\t<meta property=\"og:image:width\" content=\"351\" \/>\n\t<meta property=\"og:image:height\" content=\"34\" \/>\n\t<meta property=\"og:image:type\" content=\"image\/jpeg\" \/>\n<meta name=\"twitter:card\" content=\"summary_large_image\" \/>\n<meta name=\"twitter:label1\" content=\"Est. reading time\" \/>\n\t<meta name=\"twitter:data1\" content=\"57 minutes\" \/>\n<script type=\"application\/ld+json\" class=\"yoast-schema-graph\">{\"@context\":\"https:\/\/schema.org\",\"@graph\":[{\"@type\":\"WebPage\",\"@id\":\"https:\/\/festivaldemusicavisualdelanzarote.com\/en\/2024-programming\/\",\"url\":\"https:\/\/festivaldemusicavisualdelanzarote.com\/en\/2024-programming\/\",\"name\":\"EDITION 2024 - Festival de M\u00fasica de Lanzarote\",\"isPartOf\":{\"@id\":\"https:\/\/festivaldemusicavisualdelanzarote.com\/en\/#website\"},\"primaryImageOfPage\":{\"@id\":\"https:\/\/festivaldemusicavisualdelanzarote.com\/en\/2024-programming\/#primaryimage\"},\"image\":{\"@id\":\"https:\/\/festivaldemusicavisualdelanzarote.com\/en\/2024-programming\/#primaryimage\"},\"thumbnailUrl\":\"https:\/\/festivaldemusicavisualdelanzarote.com\/wp-content\/uploads\/2024\/07\/cine-1-300x29.jpg\",\"datePublished\":\"2024-06-24T15:56:38+00:00\",\"dateModified\":\"2025-10-24T17:57:37+00:00\",\"description\":\"Edition n\u00ba19 of the Lanzarote Visual Music Festival: the most unique festival of Lanzarote returns on the unique stages of the CACT.\",\"breadcrumb\":{\"@id\":\"https:\/\/festivaldemusicavisualdelanzarote.com\/en\/2024-programming\/#breadcrumb\"},\"inLanguage\":\"en-US\",\"potentialAction\":[{\"@type\":\"ReadAction\",\"target\":[\"https:\/\/festivaldemusicavisualdelanzarote.com\/en\/2024-programming\/\"]}]},{\"@type\":\"ImageObject\",\"inLanguage\":\"en-US\",\"@id\":\"https:\/\/festivaldemusicavisualdelanzarote.com\/en\/2024-programming\/#primaryimage\",\"url\":\"https:\/\/festivaldemusicavisualdelanzarote.com\/wp-content\/uploads\/2024\/07\/cine-1-300x29.jpg\",\"contentUrl\":\"https:\/\/festivaldemusicavisualdelanzarote.com\/wp-content\/uploads\/2024\/07\/cine-1-300x29.jpg\"},{\"@type\":\"BreadcrumbList\",\"@id\":\"https:\/\/festivaldemusicavisualdelanzarote.com\/en\/2024-programming\/#breadcrumb\",\"itemListElement\":[{\"@type\":\"ListItem\",\"position\":1,\"name\":\"Portada\",\"item\":\"https:\/\/festivaldemusicavisualdelanzarote.com\/en\/\"},{\"@type\":\"ListItem\",\"position\":2,\"name\":\"EDITION 2024\"}]},{\"@type\":\"WebSite\",\"@id\":\"https:\/\/festivaldemusicavisualdelanzarote.com\/en\/#website\",\"url\":\"https:\/\/festivaldemusicavisualdelanzarote.com\/en\/\",\"name\":\"Festival de M\u00fasica de Lanzarote\",\"description\":\"Festival de m\u00fasica contempor\u00e1nea en Lanzarote\",\"publisher\":{\"@id\":\"https:\/\/festivaldemusicavisualdelanzarote.com\/en\/#organization\"},\"potentialAction\":[{\"@type\":\"SearchAction\",\"target\":{\"@type\":\"EntryPoint\",\"urlTemplate\":\"https:\/\/festivaldemusicavisualdelanzarote.com\/en\/?s={search_term_string}\"},\"query-input\":{\"@type\":\"PropertyValueSpecification\",\"valueRequired\":true,\"valueName\":\"search_term_string\"}}],\"inLanguage\":\"en-US\"},{\"@type\":\"Organization\",\"@id\":\"https:\/\/festivaldemusicavisualdelanzarote.com\/en\/#organization\",\"name\":\"Festival de M\u00fasica de Lanzarote\",\"url\":\"https:\/\/festivaldemusicavisualdelanzarote.com\/en\/\",\"logo\":{\"@type\":\"ImageObject\",\"inLanguage\":\"en-US\",\"@id\":\"https:\/\/festivaldemusicavisualdelanzarote.com\/en\/#\/schema\/logo\/image\/\",\"url\":\"https:\/\/festivaldemusicavisualdelanzarote.com\/wp-content\/uploads\/2023\/07\/ELEMENTOS-WEB-1-34.png\",\"contentUrl\":\"https:\/\/festivaldemusicavisualdelanzarote.com\/wp-content\/uploads\/2023\/07\/ELEMENTOS-WEB-1-34.png\",\"width\":481,\"height\":477,\"caption\":\"Festival de M\u00fasica de Lanzarote\"},\"image\":{\"@id\":\"https:\/\/festivaldemusicavisualdelanzarote.com\/en\/#\/schema\/logo\/image\/\"},\"sameAs\":[\"https:\/\/www.facebook.com\/FestivaldeMusicaVisualdeLanzarote\",\"https:\/\/www.instagram.com\/festivalmusicavisuallzt\/\"]}]}<\/script>\n<!-- \/ Yoast SEO plugin. -->","yoast_head_json":{"title":"EDITION 2024 - Festival de M\u00fasica de Lanzarote","description":"Edition n\u00ba19 of the Lanzarote Visual Music Festival: the most unique festival of Lanzarote returns on the unique stages of the CACT.","robots":{"index":"index","follow":"follow","max-snippet":"max-snippet:-1","max-image-preview":"max-image-preview:large","max-video-preview":"max-video-preview:-1"},"canonical":"https:\/\/festivaldemusicavisualdelanzarote.com\/en\/2024-programming\/","og_locale":"en_US","og_type":"article","og_title":"EDITION 2024 - Festival de M\u00fasica de Lanzarote","og_description":"Edition n\u00ba19 of the Lanzarote Visual Music Festival: the most unique festival of Lanzarote returns on the unique stages of the CACT.","og_url":"https:\/\/festivaldemusicavisualdelanzarote.com\/en\/2024-programming\/","og_site_name":"Festival de M\u00fasica de Lanzarote","article_publisher":"https:\/\/www.facebook.com\/FestivaldeMusicaVisualdeLanzarote","article_modified_time":"2025-10-24T17:57:37+00:00","og_image":[{"width":351,"height":34,"url":"https:\/\/festivaldemusicavisualdelanzarote.com\/wp-content\/uploads\/2024\/07\/cine-1.jpg","type":"image\/jpeg"}],"twitter_card":"summary_large_image","twitter_misc":{"Est. reading time":"57 minutes"},"schema":{"@context":"https:\/\/schema.org","@graph":[{"@type":"WebPage","@id":"https:\/\/festivaldemusicavisualdelanzarote.com\/en\/2024-programming\/","url":"https:\/\/festivaldemusicavisualdelanzarote.com\/en\/2024-programming\/","name":"EDITION 2024 - Festival de M\u00fasica de Lanzarote","isPartOf":{"@id":"https:\/\/festivaldemusicavisualdelanzarote.com\/en\/#website"},"primaryImageOfPage":{"@id":"https:\/\/festivaldemusicavisualdelanzarote.com\/en\/2024-programming\/#primaryimage"},"image":{"@id":"https:\/\/festivaldemusicavisualdelanzarote.com\/en\/2024-programming\/#primaryimage"},"thumbnailUrl":"https:\/\/festivaldemusicavisualdelanzarote.com\/wp-content\/uploads\/2024\/07\/cine-1-300x29.jpg","datePublished":"2024-06-24T15:56:38+00:00","dateModified":"2025-10-24T17:57:37+00:00","description":"Edition n\u00ba19 of the Lanzarote Visual Music Festival: the most unique festival of Lanzarote returns on the unique stages of the CACT.","breadcrumb":{"@id":"https:\/\/festivaldemusicavisualdelanzarote.com\/en\/2024-programming\/#breadcrumb"},"inLanguage":"en-US","potentialAction":[{"@type":"ReadAction","target":["https:\/\/festivaldemusicavisualdelanzarote.com\/en\/2024-programming\/"]}]},{"@type":"ImageObject","inLanguage":"en-US","@id":"https:\/\/festivaldemusicavisualdelanzarote.com\/en\/2024-programming\/#primaryimage","url":"https:\/\/festivaldemusicavisualdelanzarote.com\/wp-content\/uploads\/2024\/07\/cine-1-300x29.jpg","contentUrl":"https:\/\/festivaldemusicavisualdelanzarote.com\/wp-content\/uploads\/2024\/07\/cine-1-300x29.jpg"},{"@type":"BreadcrumbList","@id":"https:\/\/festivaldemusicavisualdelanzarote.com\/en\/2024-programming\/#breadcrumb","itemListElement":[{"@type":"ListItem","position":1,"name":"Portada","item":"https:\/\/festivaldemusicavisualdelanzarote.com\/en\/"},{"@type":"ListItem","position":2,"name":"EDITION 2024"}]},{"@type":"WebSite","@id":"https:\/\/festivaldemusicavisualdelanzarote.com\/en\/#website","url":"https:\/\/festivaldemusicavisualdelanzarote.com\/en\/","name":"Festival de M\u00fasica de Lanzarote","description":"Festival de m\u00fasica contempor\u00e1nea en Lanzarote","publisher":{"@id":"https:\/\/festivaldemusicavisualdelanzarote.com\/en\/#organization"},"potentialAction":[{"@type":"SearchAction","target":{"@type":"EntryPoint","urlTemplate":"https:\/\/festivaldemusicavisualdelanzarote.com\/en\/?s={search_term_string}"},"query-input":{"@type":"PropertyValueSpecification","valueRequired":true,"valueName":"search_term_string"}}],"inLanguage":"en-US"},{"@type":"Organization","@id":"https:\/\/festivaldemusicavisualdelanzarote.com\/en\/#organization","name":"Festival de M\u00fasica de Lanzarote","url":"https:\/\/festivaldemusicavisualdelanzarote.com\/en\/","logo":{"@type":"ImageObject","inLanguage":"en-US","@id":"https:\/\/festivaldemusicavisualdelanzarote.com\/en\/#\/schema\/logo\/image\/","url":"https:\/\/festivaldemusicavisualdelanzarote.com\/wp-content\/uploads\/2023\/07\/ELEMENTOS-WEB-1-34.png","contentUrl":"https:\/\/festivaldemusicavisualdelanzarote.com\/wp-content\/uploads\/2023\/07\/ELEMENTOS-WEB-1-34.png","width":481,"height":477,"caption":"Festival de M\u00fasica de Lanzarote"},"image":{"@id":"https:\/\/festivaldemusicavisualdelanzarote.com\/en\/#\/schema\/logo\/image\/"},"sameAs":["https:\/\/www.facebook.com\/FestivaldeMusicaVisualdeLanzarote","https:\/\/www.instagram.com\/festivalmusicavisuallzt\/"]}]}},"_links":{"self":[{"href":"https:\/\/festivaldemusicavisualdelanzarote.com\/en\/wp-json\/wp\/v2\/pages\/6363","targetHints":{"allow":["GET"]}}],"collection":[{"href":"https:\/\/festivaldemusicavisualdelanzarote.com\/en\/wp-json\/wp\/v2\/pages"}],"about":[{"href":"https:\/\/festivaldemusicavisualdelanzarote.com\/en\/wp-json\/wp\/v2\/types\/page"}],"author":[{"embeddable":true,"href":"https:\/\/festivaldemusicavisualdelanzarote.com\/en\/wp-json\/wp\/v2\/users\/2"}],"replies":[{"embeddable":true,"href":"https:\/\/festivaldemusicavisualdelanzarote.com\/en\/wp-json\/wp\/v2\/comments?post=6363"}],"version-history":[{"count":40,"href":"https:\/\/festivaldemusicavisualdelanzarote.com\/en\/wp-json\/wp\/v2\/pages\/6363\/revisions"}],"predecessor-version":[{"id":8776,"href":"https:\/\/festivaldemusicavisualdelanzarote.com\/en\/wp-json\/wp\/v2\/pages\/6363\/revisions\/8776"}],"wp:attachment":[{"href":"https:\/\/festivaldemusicavisualdelanzarote.com\/en\/wp-json\/wp\/v2\/media?parent=6363"}],"curies":[{"name":"wp","href":"https:\/\/api.w.org\/{rel}","templated":true}]}}