{"id":6375,"date":"2024-06-24T17:56:38","date_gmt":"2024-06-24T15:56:38","guid":{"rendered":"https:\/\/festivaldemusicavisualdelanzarote.com\/programmation-2024\/"},"modified":"2025-06-27T16:58:27","modified_gmt":"2025-06-27T14:58:27","slug":"programmation-2024","status":"publish","type":"page","link":"https:\/\/festivaldemusicavisualdelanzarote.com\/fr\/programmation-2024\/","title":{"rendered":"EDITION 2024"},"content":{"rendered":"<p>[et_pb_section fb_built=\u00a0\u00bb1&Prime; fullwidth=\u00a0\u00bbon\u00a0\u00bb admin_label=\u00a0\u00bbSection\u00a0\u00bb _builder_version=\u00a0\u00bb4.27.0&Prime; _module_preset=\u00a0\u00bbdefault\u00a0\u00bb da_disable_devices=\u00a0\u00bboff|off|off\u00a0\u00bb global_colors_info=\u00a0\u00bb{}\u00a0\u00bb da_is_popup=\u00a0\u00bboff\u00a0\u00bb da_exit_intent=\u00a0\u00bboff\u00a0\u00bb da_has_close=\u00a0\u00bbon\u00a0\u00bb da_alt_close=\u00a0\u00bboff\u00a0\u00bb da_dark_close=\u00a0\u00bboff\u00a0\u00bb da_not_modal=\u00a0\u00bbon\u00a0\u00bb da_is_singular=\u00a0\u00bboff\u00a0\u00bb da_with_loader=\u00a0\u00bboff\u00a0\u00bb da_has_shadow=\u00a0\u00bbon\u00a0\u00bb][et_pb_fullwidth_image src=\u00a0\u00bbhttps:\/\/festivaldemusicavisualdelanzarote.com\/wp-content\/uploads\/2024\/06\/PORTADA-WEB-2024_Prancheta-1-scaled.jpg\u00a0\u00bb title_text=\u00a0\u00bbPAGE D&#039;ACCUEIL 2024-02&Prime; src_tablet=\u00a0\u00bbhttps:\/\/festivaldemusicavisualdelanzarote.com\/wp-content\/uploads\/2024\/06\/PORTADA-WEB-2024-02-scaled.jpg\u00a0\u00bb src_phone=\u00a0\u00bbhttps:\/\/festivaldemusicavisualdelanzarote.com\/wp-content\/uploads\/2024\/06\/PORTADA-WEB-2024-02-scaled.jpg\u00a0\u00bb src_last_edited=\u00a0\u00bbon|phone\u00a0\u00bb _builder_version=\u00a0\u00bb4.27.0&Prime; _module_preset=\u00a0\u00bbdefault\u00a0\u00bb box_shadow_style=\u00a0\u00bbpreset6&Prime; box_shadow_horizontal=\u00a0\u00bb-18px\u00a0\u00bb box_shadow_vertical=\u00a0\u00bb-1px\u00a0\u00bb box_shadow_blur=\u00a0\u00bb73px\u00a0\u00bb box_shadow_spread=\u00a0\u00bb52px\u00a0\u00bb box_shadow_color=\u00a0\u00bb#0e1322&Prime; global_colors_info=\u00a0\u00bb{}\u00a0\u00bb][\/et_pb_fullwidth_image][\/et_pb_section][et_pb_section fb_built=\u00a0\u00bb1&Prime; _builder_version=\u00a0\u00bb4.27.0&Prime; _module_preset=\u00a0\u00bbdefault\u00a0\u00bb background_image=\u00a0\u00bbhttps:\/\/festivaldemusicavisualdelanzarote.com\/wp-content\/uploads\/2024\/07\/bg.jpg\u00a0\u00bb background_position=\u00a0\u00bbtop_left\u00a0\u00bb custom_padding=\u00a0\u00bb||0px|||\u00a0\u00bb da_disable_devices=\u00a0\u00bboff|off|off\u00a0\u00bb global_colors_info=\u00a0\u00bb{}\u00a0\u00bb da_is_popup=\u00a0\u00bboff\u00a0\u00bb da_exit_intent=\u00a0\u00bboff\u00a0\u00bb da_has_close=\u00a0\u00bbon\u00a0\u00bb da_alt_close=\u00a0\u00bboff\u00a0\u00bb da_dark_close=\u00a0\u00bboff\u00a0\u00bb da_not_modal=\u00a0\u00bbon\u00a0\u00bb da_is_singular=\u00a0\u00bboff\u00a0\u00bb da_with_loader=\u00a0\u00bboff\u00a0\u00bb da_has_shadow=\u00a0\u00bbon\u00a0\u00bb][et_pb_row _builder_version=\u00a0\u00bb4.27.0&Prime; _module_preset=\u00a0\u00bbdefault\u00a0\u00bb global_colors_info=\u00a0\u00bb{}\u00a0\u00bb][et_pb_column type=\u00a0\u00bb4_4&Prime; _builder_version=\u00a0\u00bb4.27.0&Prime; _module_preset=\u00a0\u00bbdefault\u00a0\u00bb global_colors_info=\u00a0\u00bb{}\u00a0\u00bb][et_pb_text _builder_version=\u00a0\u00bb4.27.0&Prime; _module_preset=\u00a0\u00bbdefault\u00a0\u00bb text_font=\u00a0\u00bbAlong Black|||on|||||\u00a0\u00bb text_text_color=\u00a0\u00bb#FFFFFF\u00a0\u00bb text_font_size=\u00a0\u00bb23px\u00a0\u00bb text_orientation=\u00a0\u00bbright\u00a0\u00bb global_colors_info=\u00a0\u00bb{}\u00a0\u00bb]<\/p>\n<p>Du 9 au 19 octobre<\/p>\n<p>[\/et_pb_text][\/et_pb_column][\/et_pb_row][\/et_pb_section][et_pb_section fb_built=\u00a0\u00bb1&Prime; admin_label=\u00a0\u00bbSection\u00a0\u00bb _builder_version=\u00a0\u00bb4.27.0&Prime; _module_preset=\u00a0\u00bbdefault\u00a0\u00bb background_image=\u00a0\u00bbhttps:\/\/festivaldemusicavisualdelanzarote.com\/wp-content\/uploads\/2024\/07\/bg.jpg\u00a0\u00bb background_position=\u00a0\u00bbtop_left\u00a0\u00bb custom_padding=\u00a0\u00bb||0px|||\u00a0\u00bb da_disable_devices=\u00a0\u00bboff|off|off\u00a0\u00bb global_colors_info=\u00a0\u00bb{}\u00a0\u00bb da_is_popup=\u00a0\u00bboff\u00a0\u00bb da_exit_intent=\u00a0\u00bboff\u00a0\u00bb da_has_close=\u00a0\u00bbon\u00a0\u00bb da_alt_close=\u00a0\u00bboff\u00a0\u00bb da_dark_close=\u00a0\u00bboff\u00a0\u00bb da_not_modal=\u00a0\u00bbon\u00a0\u00bb da_is_singular=\u00a0\u00bboff\u00a0\u00bb da_with_loader=\u00a0\u00bboff\u00a0\u00bb da_has_shadow=\u00a0\u00bbon\u00a0\u00bb][et_pb_row column_structure=\u00a0\u00bb1_2,1_2&Prime; _builder_version=\u00a0\u00bb4.27.0&Prime; _module_preset=\u00a0\u00bbdefault\u00a0\u00bb global_colors_info=\u00a0\u00bb{}\u00a0\u00bb][et_pb_column type=\u00a0\u00bb1_2&Prime; _builder_version=\u00a0\u00bb4.27.0&Prime; _module_preset=\u00a0\u00bbdefault\u00a0\u00bb link_option_url=\u00a0\u00bb#carson\u00a0\u00bb global_colors_info=\u00a0\u00bb{}\u00a0\u00bb][et_pb_image src=\u00a0\u00bbhttps:\/\/festivaldemusicavisualdelanzarote.com\/wp-content\/uploads\/2024\/07\/CABIN-MUSIC.jpg\u00a0\u00bb title_text=\u00a0\u00bbCABIN-MUSIQUE\u00a0\u00bb url=\u00a0\u00bb#carson\u00a0\u00bb use_overlay=\u00a0\u00bbon\u00a0\u00bb overlay_icon_color=\u00a0\u00bb#FFFFFF\u00a0\u00bb _builder_version=\u00a0\u00bb4.27.0&Prime; _module_preset=\u00a0\u00bbdefault\u00a0\u00bb background_enable_color=\u00a0\u00bboff\u00a0\u00bb filter_brightness_last_edited=\u00a0\u00bboff|desktop\u00a0\u00bb global_colors_info=\u00a0\u00bb{}\u00a0\u00bb filter_brightness__hover_enabled=\u00a0\u00bboff|hover\u00a0\u00bb][\/et_pb_image][et_pb_text _builder_version=\u00a0\u00bb4.27.0&Prime; _module_preset=\u00a0\u00bbdefault\u00a0\u00bb text_font=\u00a0\u00bb|300|||||||\u00a0\u00bb text_text_color=\u00a0\u00bb#FFFFFF\u00a0\u00bb text_font_size=\u00a0\u00bb16px\u00a0\u00bb text_letter_spacing=\u00a0\u00bb1px\u00a0\u00bb custom_margin=\u00a0\u00bb||15px|||\u00a0\u00bb global_colors_info=\u00a0\u00bb{}\u00a0\u00bb]<\/p>\n<p><strong>9 Oct<\/strong> | 20.00h  <img loading=\"lazy\" decoding=\"async\" src=\"https:\/\/festivaldemusicavisualdelanzarote.com\/wp-content\/uploads\/2024\/07\/cine-1-300x29.jpg\" width=\"145\" height=\"14\" alt=\"\" class=\"wp-image-6669 alignnone size-medium\" srcset=\"https:\/\/festivaldemusicavisualdelanzarote.com\/wp-content\/uploads\/2024\/07\/cine-1-300x29.jpg 300w, https:\/\/festivaldemusicavisualdelanzarote.com\/wp-content\/uploads\/2024\/07\/cine-1.jpg 351w\" sizes=\"(max-width: 145px) 100vw, 145px\" \/><\/p>\n<p>[\/et_pb_text][et_pb_text _builder_version=\u00a0\u00bb4.27.0&Prime; _module_preset=\u00a0\u00bbdefault\u00a0\u00bb text_font=\u00a0\u00bbAlong Black|800||on|||||\u00a0\u00bb text_text_color=\u00a0\u00bb#FFFFFF\u00a0\u00bb text_font_size=\u00a0\u00bb50px\u00a0\u00bb text_letter_spacing=\u00a0\u00bb1px\u00a0\u00bb text_line_height=\u00a0\u00bb1.1em\u00a0\u00bb header_2_font=\u00a0\u00bbAlong Black||||||||\u00a0\u00bb header_2_text_color=\u00a0\u00bb#FFFFFF\u00a0\u00bb header_2_font_size=\u00a0\u00bb50px\u00a0\u00bb custom_margin=\u00a0\u00bb||8px|||\u00a0\u00bb header_2_font_size_tablet=\u00a0\u00bb50px\u00a0\u00bb header_2_font_size_phone=\u00a0\u00bb35px\u00a0\u00bb header_2_font_size_last_edited=\u00a0\u00bbon|phone\u00a0\u00bb global_colors_info=\u00a0\u00bb{}\u00a0\u00bb]<\/p>\n<h2>CABIN MUSIC<\/h2>\n<p>[\/et_pb_text][et_pb_text _builder_version=\u00a0\u00bb4.27.0&Prime; _module_preset=\u00a0\u00bbdefault\u00a0\u00bb text_font=\u00a0\u00bbAlong Black|800||on|||||\u00a0\u00bb text_text_color=\u00a0\u00bb#FFFFFF\u00a0\u00bb text_font_size=\u00a0\u00bb50px\u00a0\u00bb text_letter_spacing=\u00a0\u00bb1px\u00a0\u00bb text_line_height=\u00a0\u00bb1.1em\u00a0\u00bb header_2_font=\u00a0\u00bbAlong Black||||||||\u00a0\u00bb header_2_text_color=\u00a0\u00bb#FFFFFF\u00a0\u00bb header_2_font_size=\u00a0\u00bb50px\u00a0\u00bb header_3_font=\u00a0\u00bbAlong Black||||||||\u00a0\u00bb header_3_text_color=\u00a0\u00bb#FFFFFF\u00a0\u00bb header_3_font_size=\u00a0\u00bb30px\u00a0\u00bb custom_margin=\u00a0\u00bb||17px|||\u00a0\u00bb header_3_font_size_tablet=\u00a0\u00bb30px\u00a0\u00bb header_3_font_size_phone=\u00a0\u00bb20px\u00a0\u00bb header_3_font_size_last_edited=\u00a0\u00bbon|phone\u00a0\u00bb global_colors_info=\u00a0\u00bb{}\u00a0\u00bb]<\/p>\n<h3>par James Carson<\/h3>\n<p>[\/et_pb_text][et_pb_text _builder_version=\u00a0\u00bb4.27.0&Prime; _module_preset=\u00a0\u00bbdefault\u00a0\u00bb text_font=\u00a0\u00bb|300|||||||\u00a0\u00bb text_text_color=\u00a0\u00bb#FFFFFF\u00a0\u00bb text_letter_spacing=\u00a0\u00bb1px\u00a0\u00bb text_font_size_tablet=\u00a0\u00bb\u00a0\u00bb text_font_size_phone=\u00a0\u00bb10px\u00a0\u00bb text_font_size_last_edited=\u00a0\u00bbon|phone\u00a0\u00bb global_colors_info=\u00a0\u00bb{}\u00a0\u00bb]<\/p>\n<p><img loading=\"lazy\" decoding=\"async\" src=\"https:\/\/festivaldemusicavisualdelanzarote.com\/wp-content\/uploads\/2024\/07\/point-225x300.png\" width=\"15\" height=\"20\" alt=\"\" class=\"wp-image-6673 alignnone size-medium\" srcset=\"https:\/\/festivaldemusicavisualdelanzarote.com\/wp-content\/uploads\/2024\/07\/point-225x300.png 225w, https:\/\/festivaldemusicavisualdelanzarote.com\/wp-content\/uploads\/2024\/07\/point.png 384w\" sizes=\"(max-width: 15px) 100vw, 15px\" \/>  <img loading=\"lazy\" decoding=\"async\" src=\"https:\/\/festivaldemusicavisualdelanzarote.com\/wp-content\/uploads\/2024\/07\/ticket.png\" width=\"14\" height=\"21\" alt=\"\" class=\"wp-image-6677 alignnone size-full\"> S<strong>alle Bu\u00f1uel :<\/strong> CIC El Almac\u00e9n 3 <span>.00\u20ac<\/span>.<\/p>\n<p>[\/et_pb_text][\/et_pb_column][et_pb_column type=\u00a0\u00bb1_2&Prime; _builder_version=\u00a0\u00bb4.27.0&Prime; _module_preset=\u00a0\u00bbdefault\u00a0\u00bb link_option_url=\u00a0\u00bb#alonso\u00a0\u00bb global_colors_info=\u00a0\u00bb{}\u00a0\u00bb][et_pb_image src=\u00a0\u00bbhttps:\/\/festivaldemusicavisualdelanzarote.com\/wp-content\/uploads\/2024\/07\/Hara-Alonso.jpg\u00a0\u00bb title_text=\u00a0\u00bbHara-Alonso\u00a0\u00bb url=\u00a0\u00bb#\u00a0\u00bb use_overlay=\u00a0\u00bbon\u00a0\u00bb overlay_icon_color=\u00a0\u00bb#FFFFFF\u00a0\u00bb _builder_version=\u00a0\u00bb4.27.0&Prime; _module_preset=\u00a0\u00bbdefault\u00a0\u00bb background_enable_color=\u00a0\u00bboff\u00a0\u00bb filter_brightness_last_edited=\u00a0\u00bboff|desktop\u00a0\u00bb global_colors_info=\u00a0\u00bb{}\u00a0\u00bb filter_brightness__hover_enabled=\u00a0\u00bboff|hover\u00a0\u00bb][\/et_pb_image][et_pb_text _builder_version=\u00a0\u00bb4.27.0&Prime; _module_preset=\u00a0\u00bbdefault\u00a0\u00bb text_font=\u00a0\u00bb|300|||||||\u00a0\u00bb text_text_color=\u00a0\u00bb#FFFFFF\u00a0\u00bb text_font_size=\u00a0\u00bb16px\u00a0\u00bb text_letter_spacing=\u00a0\u00bb1px\u00a0\u00bb custom_margin=\u00a0\u00bb||15px|||\u00a0\u00bb global_colors_info=\u00a0\u00bb{}\u00a0\u00bb]<\/p>\n<p><strong>10 Oct<\/strong> | 20.00h  <\/p>\n<p>[\/et_pb_text][et_pb_text _builder_version=\u00a0\u00bb4.27.0&Prime; _module_preset=\u00a0\u00bbdefault\u00a0\u00bb text_font=\u00a0\u00bbAlong Black|800||on|||||\u00a0\u00bb text_text_color=\u00a0\u00bb#FFFFFF\u00a0\u00bb text_font_size=\u00a0\u00bb50px\u00a0\u00bb text_letter_spacing=\u00a0\u00bb1px\u00a0\u00bb text_line_height=\u00a0\u00bb1.1em\u00a0\u00bb header_2_font=\u00a0\u00bbAlong Black||||||||\u00a0\u00bb header_2_text_color=\u00a0\u00bb#FFFFFF\u00a0\u00bb header_2_font_size=\u00a0\u00bb30px\u00a0\u00bb custom_margin=\u00a0\u00bb||8px|||\u00a0\u00bb header_2_font_size_tablet=\u00a0\u00bb30px\u00a0\u00bb header_2_font_size_phone=\u00a0\u00bb35px\u00a0\u00bb header_2_font_size_last_edited=\u00a0\u00bbon|phone\u00a0\u00bb global_colors_info=\u00a0\u00bb{}\u00a0\u00bb]<\/p>\n<h2>TOUCH-ME-NOT<\/h2>\n<p>[\/et_pb_text][et_pb_text _builder_version=\u00a0\u00bb4.27.0&Prime; _module_preset=\u00a0\u00bbdefault\u00a0\u00bb text_font=\u00a0\u00bbAlong Black|800||on|||||\u00a0\u00bb text_text_color=\u00a0\u00bb#FFFFFF\u00a0\u00bb text_font_size=\u00a0\u00bb50px\u00a0\u00bb text_letter_spacing=\u00a0\u00bb1px\u00a0\u00bb text_line_height=\u00a0\u00bb1.1em\u00a0\u00bb header_2_font=\u00a0\u00bbAlong Black||||||||\u00a0\u00bb header_2_text_color=\u00a0\u00bb#FFFFFF\u00a0\u00bb header_2_font_size=\u00a0\u00bb50px\u00a0\u00bb header_3_font=\u00a0\u00bbAlong Black||||||||\u00a0\u00bb header_3_text_color=\u00a0\u00bb#FFFFFF\u00a0\u00bb header_3_font_size=\u00a0\u00bb30px\u00a0\u00bb custom_margin=\u00a0\u00bb||-1px|||\u00a0\u00bb header_3_font_size_tablet=\u00a0\u00bb30px\u00a0\u00bb header_3_font_size_phone=\u00a0\u00bb20px\u00a0\u00bb header_3_font_size_last_edited=\u00a0\u00bbon|phone\u00a0\u00bb global_colors_info=\u00a0\u00bb{}\u00a0\u00bb]<\/p>\n<h3>(alias Hara Alonso)<\/h3>\n<p>[\/et_pb_text][et_pb_text _builder_version=\u00a0\u00bb4.27.0&Prime; _module_preset=\u00a0\u00bbdefault\u00a0\u00bb text_font=\u00a0\u00bbAlong Black|800||on|||||\u00a0\u00bb text_text_color=\u00a0\u00bb#FFFFFF\u00a0\u00bb text_font_size=\u00a0\u00bb50px\u00a0\u00bb text_letter_spacing=\u00a0\u00bb1px\u00a0\u00bb text_line_height=\u00a0\u00bb1.1em\u00a0\u00bb header_2_font=\u00a0\u00bbAlong Black||||||||\u00a0\u00bb header_2_text_color=\u00a0\u00bb#FFFFFF\u00a0\u00bb header_2_font_size=\u00a0\u00bb50px\u00a0\u00bb header_3_font=\u00a0\u00bbAlong Black||||||||\u00a0\u00bb header_3_text_color=\u00a0\u00bb#FFFFFF\u00a0\u00bb header_3_font_size=\u00a0\u00bb25px\u00a0\u00bb custom_margin=\u00a0\u00bb||17px|||\u00a0\u00bb header_3_font_size_tablet=\u00a0\u00bb25px\u00a0\u00bb header_3_font_size_phone=\u00a0\u00bb20px\u00a0\u00bb header_3_font_size_last_edited=\u00a0\u00bbon|phone\u00a0\u00bb global_colors_info=\u00a0\u00bb{}\u00a0\u00bb]<\/p>\n<h3>visuels de Miguel G. Morales<\/h3>\n<p>[\/et_pb_text][et_pb_text _builder_version=\u00a0\u00bb4.27.0&Prime; _module_preset=\u00a0\u00bbdefault\u00a0\u00bb text_font=\u00a0\u00bb|300|||||||\u00a0\u00bb text_text_color=\u00a0\u00bb#FFFFFF\u00a0\u00bb text_letter_spacing=\u00a0\u00bb1px\u00a0\u00bb text_font_size_tablet=\u00a0\u00bb\u00a0\u00bb text_font_size_phone=\u00a0\u00bb10px\u00a0\u00bb text_font_size_last_edited=\u00a0\u00bbon|phone\u00a0\u00bb global_colors_info=\u00a0\u00bb{}\u00a0\u00bb]<\/p>\n<p><img loading=\"lazy\" decoding=\"async\" src=\"https:\/\/festivaldemusicavisualdelanzarote.com\/wp-content\/uploads\/2024\/07\/point-225x300.png\" width=\"15\" height=\"20\" alt=\"\" class=\"wp-image-6673 alignnone size-medium\" srcset=\"https:\/\/festivaldemusicavisualdelanzarote.com\/wp-content\/uploads\/2024\/07\/point-225x300.png 225w, https:\/\/festivaldemusicavisualdelanzarote.com\/wp-content\/uploads\/2024\/07\/point.png 384w\" sizes=\"(max-width: 15px) 100vw, 15px\" \/>  <img loading=\"lazy\" decoding=\"async\" src=\"https:\/\/festivaldemusicavisualdelanzarote.com\/wp-content\/uploads\/2024\/07\/ticket.png\" width=\"14\" height=\"21\" alt=\"\" class=\"wp-image-6677 alignnone size-full\"> S<strong>alle Bu\u00f1uel :<\/strong> CIC El Almac\u00e9n 10 <span>.00\u20ac<\/span>.<\/p>\n<p>[\/et_pb_text][\/et_pb_column][\/et_pb_row][et_pb_row column_structure=\u00a0\u00bb1_2,1_2&Prime; _builder_version=\u00a0\u00bb4.27.0&Prime; _module_preset=\u00a0\u00bbdefault\u00a0\u00bb global_colors_info=\u00a0\u00bb{}\u00a0\u00bb][et_pb_column type=\u00a0\u00bb1_2&Prime; _builder_version=\u00a0\u00bb4.27.0&Prime; _module_preset=\u00a0\u00bbdefault\u00a0\u00bb link_option_url=\u00a0\u00bb#mario\u00a0\u00bb global_colors_info=\u00a0\u00bb{}\u00a0\u00bb][et_pb_image src=\u00a0\u00bbhttps:\/\/festivaldemusicavisualdelanzarote.com\/wp-content\/uploads\/2024\/07\/mario.jpg\u00a0\u00bb title_text=\u00a0\u00bbmario\u00a0\u00bb url=\u00a0\u00bb#\u00a0\u00bb use_overlay=\u00a0\u00bbon\u00a0\u00bb overlay_icon_color=\u00a0\u00bb#FFFFFF\u00a0\u00bb _builder_version=\u00a0\u00bb4.27.0&Prime; _module_preset=\u00a0\u00bbdefault\u00a0\u00bb background_enable_color=\u00a0\u00bboff\u00a0\u00bb filter_brightness_last_edited=\u00a0\u00bboff|desktop\u00a0\u00bb global_colors_info=\u00a0\u00bb{}\u00a0\u00bb filter_brightness__hover_enabled=\u00a0\u00bboff|hover\u00a0\u00bb][\/et_pb_image][et_pb_text _builder_version=\u00a0\u00bb4.27.0&Prime; _module_preset=\u00a0\u00bbdefault\u00a0\u00bb text_font=\u00a0\u00bb|300|||||||\u00a0\u00bb text_text_color=\u00a0\u00bb#FFFFFF\u00a0\u00bb text_font_size=\u00a0\u00bb16px\u00a0\u00bb text_letter_spacing=\u00a0\u00bb1px\u00a0\u00bb custom_margin=\u00a0\u00bb||15px|||\u00a0\u00bb global_colors_info=\u00a0\u00bb{}\u00a0\u00bb]<\/p>\n<p><strong>12 Oct<\/strong> | 20.00h  <\/p>\n<p>[\/et_pb_text][et_pb_text _builder_version=\u00a0\u00bb4.27.0&Prime; _module_preset=\u00a0\u00bbdefault\u00a0\u00bb text_font=\u00a0\u00bbAlong Black|800||on|||||\u00a0\u00bb text_text_color=\u00a0\u00bb#FFFFFF\u00a0\u00bb text_font_size=\u00a0\u00bb50px\u00a0\u00bb text_letter_spacing=\u00a0\u00bb1px\u00a0\u00bb text_line_height=\u00a0\u00bb1.1em\u00a0\u00bb header_2_font=\u00a0\u00bbAlong Black||||||||\u00a0\u00bb header_2_text_color=\u00a0\u00bb#FFFFFF\u00a0\u00bb header_2_font_size=\u00a0\u00bb50px\u00a0\u00bb custom_margin=\u00a0\u00bb||8px|||\u00a0\u00bb header_2_font_size_tablet=\u00a0\u00bb50px\u00a0\u00bb header_2_font_size_phone=\u00a0\u00bb35px\u00a0\u00bb header_2_font_size_last_edited=\u00a0\u00bbon|phone\u00a0\u00bb global_colors_info=\u00a0\u00bb{}\u00a0\u00bb]<\/p>\n<h2><strong>MARIO BATKOVIC<\/strong><\/h2>\n<p>[\/et_pb_text][et_pb_text _builder_version=\u00a0\u00bb4.27.0&Prime; _module_preset=\u00a0\u00bbdefault\u00a0\u00bb text_font=\u00a0\u00bbAlong Black|800||on|||||\u00a0\u00bb text_text_color=\u00a0\u00bb#FFFFFF\u00a0\u00bb text_font_size=\u00a0\u00bb50px\u00a0\u00bb text_letter_spacing=\u00a0\u00bb1px\u00a0\u00bb text_line_height=\u00a0\u00bb1.1em\u00a0\u00bb header_2_font=\u00a0\u00bbAlong Black||||||||\u00a0\u00bb header_2_text_color=\u00a0\u00bb#FFFFFF\u00a0\u00bb header_2_font_size=\u00a0\u00bb50px\u00a0\u00bb header_3_font=\u00a0\u00bbAlong Black||||||||\u00a0\u00bb header_3_text_color=\u00a0\u00bb#FFFFFF\u00a0\u00bb header_3_font_size=\u00a0\u00bb30px\u00a0\u00bb custom_margin=\u00a0\u00bb||17px|||\u00a0\u00bb header_3_font_size_tablet=\u00a0\u00bb30px\u00a0\u00bb header_3_font_size_phone=\u00a0\u00bb20px\u00a0\u00bb header_3_font_size_last_edited=\u00a0\u00bbon|phone\u00a0\u00bb global_colors_info=\u00a0\u00bb{}\u00a0\u00bb]<\/p>\n<h3>seulement<\/h3>\n<p>[\/et_pb_text][et_pb_text _builder_version=\u00a0\u00bb4.27.0&Prime; _module_preset=\u00a0\u00bbdefault\u00a0\u00bb text_font=\u00a0\u00bb|300|||||||\u00a0\u00bb text_text_color=\u00a0\u00bb#FFFFFF\u00a0\u00bb text_letter_spacing=\u00a0\u00bb1px\u00a0\u00bb text_font_size_tablet=\u00a0\u00bb\u00a0\u00bb text_font_size_phone=\u00a0\u00bb10px\u00a0\u00bb text_font_size_last_edited=\u00a0\u00bbon|phone\u00a0\u00bb global_colors_info=\u00a0\u00bb{}\u00a0\u00bb]<\/p>\n<p><img loading=\"lazy\" decoding=\"async\" src=\"https:\/\/festivaldemusicavisualdelanzarote.com\/wp-content\/uploads\/2024\/07\/point-225x300.png\" width=\"15\" height=\"20\" alt=\"\" class=\"wp-image-6673 alignnone size-medium\" srcset=\"https:\/\/festivaldemusicavisualdelanzarote.com\/wp-content\/uploads\/2024\/07\/point-225x300.png 225w, https:\/\/festivaldemusicavisualdelanzarote.com\/wp-content\/uploads\/2024\/07\/point.png 384w\" sizes=\"(max-width: 15px) 100vw, 15px\" \/> <img loading=\"lazy\" decoding=\"async\" src=\"https:\/\/festivaldemusicavisualdelanzarote.com\/wp-content\/uploads\/2024\/07\/ticket.png\" width=\"14\" height=\"21\" alt=\"\" class=\"wp-image-6677 alignnone size-full\"> Auditorium Cueva de los Verdes 15 <span>.00\u20ac<\/span>.<\/p>\n<p>[\/et_pb_text][\/et_pb_column][et_pb_column type=\u00a0\u00bb1_2&Prime; _builder_version=\u00a0\u00bb4.27.0&Prime; _module_preset=\u00a0\u00bbdefault\u00a0\u00bb link_option_url=\u00a0\u00bb#neo\u00a0\u00bb global_colors_info=\u00a0\u00bb{}\u00a0\u00bb][et_pb_image src=\u00a0\u00bbhttps:\/\/festivaldemusicavisualdelanzarote.com\/wp-content\/uploads\/2024\/07\/neo.jpg\u00a0\u00bb title_text=\u00a0\u00bbn\u00e9o\u00a0\u00bb url=\u00a0\u00bb#\u00a0\u00bb use_overlay=\u00a0\u00bbon\u00a0\u00bb overlay_icon_color=\u00a0\u00bb#FFFFFF\u00a0\u00bb _builder_version=\u00a0\u00bb4.27.0&Prime; _module_preset=\u00a0\u00bbdefault\u00a0\u00bb background_enable_color=\u00a0\u00bboff\u00a0\u00bb filter_brightness_last_edited=\u00a0\u00bboff|desktop\u00a0\u00bb global_colors_info=\u00a0\u00bb{}\u00a0\u00bb filter_brightness__hover_enabled=\u00a0\u00bboff|hover\u00a0\u00bb][\/et_pb_image][et_pb_text _builder_version=\u00a0\u00bb4.27.0&Prime; _module_preset=\u00a0\u00bbdefault\u00a0\u00bb text_font=\u00a0\u00bb|300|||||||\u00a0\u00bb text_text_color=\u00a0\u00bb#FFFFFF\u00a0\u00bb text_font_size=\u00a0\u00bb16px\u00a0\u00bb text_letter_spacing=\u00a0\u00bb1px\u00a0\u00bb custom_margin=\u00a0\u00bb||15px|||\u00a0\u00bb global_colors_info=\u00a0\u00bb{}\u00a0\u00bb]<\/p>\n<p><strong>15 Oct<\/strong> | 20.00h  <img loading=\"lazy\" decoding=\"async\" src=\"https:\/\/festivaldemusicavisualdelanzarote.com\/wp-content\/uploads\/2024\/07\/cine-1-300x29.jpg\" width=\"155\" height=\"15\" alt=\"\" class=\"wp-image-6669 alignnone size-medium\" srcset=\"https:\/\/festivaldemusicavisualdelanzarote.com\/wp-content\/uploads\/2024\/07\/cine-1-300x29.jpg 300w, https:\/\/festivaldemusicavisualdelanzarote.com\/wp-content\/uploads\/2024\/07\/cine-1.jpg 351w\" sizes=\"(max-width: 155px) 100vw, 155px\" \/><\/p>\n<p>[\/et_pb_text][et_pb_text _builder_version=\u00a0\u00bb4.27.0&Prime; _module_preset=\u00a0\u00bbdefault\u00a0\u00bb text_font=\u00a0\u00bbAlong Black|800||on|||||\u00a0\u00bb text_text_color=\u00a0\u00bb#FFFFFF\u00a0\u00bb text_font_size=\u00a0\u00bb50px\u00a0\u00bb text_letter_spacing=\u00a0\u00bb1px\u00a0\u00bb text_line_height=\u00a0\u00bb1.1em\u00a0\u00bb header_2_font=\u00a0\u00bbAlong Black||||||||\u00a0\u00bb header_2_text_color=\u00a0\u00bb#FFFFFF\u00a0\u00bb header_2_font_size=\u00a0\u00bb48px\u00a0\u00bb custom_margin=\u00a0\u00bb||8px|||\u00a0\u00bb header_2_font_size_tablet=\u00a0\u00bb50px\u00a0\u00bb header_2_font_size_phone=\u00a0\u00bb35px\u00a0\u00bb header_2_font_size_last_edited=\u00a0\u00bbon|phone\u00a0\u00bb global_colors_info=\u00a0\u00bb{}\u00a0\u00bb]<\/p>\n<h2><strong>RY\u016aICHI SAKAMOTO<\/strong><\/h2>\n<p>[\/et_pb_text][et_pb_text _builder_version=\u00a0\u00bb4.27.0&Prime; _module_preset=\u00a0\u00bbdefault\u00a0\u00bb text_font=\u00a0\u00bbAlong Black|800||on|||||\u00a0\u00bb text_text_color=\u00a0\u00bb#FFFFFF\u00a0\u00bb text_font_size=\u00a0\u00bb50px\u00a0\u00bb text_letter_spacing=\u00a0\u00bb1px\u00a0\u00bb text_line_height=\u00a0\u00bb1.1em\u00a0\u00bb header_2_font=\u00a0\u00bbAlong Black||||||||\u00a0\u00bb header_2_text_color=\u00a0\u00bb#FFFFFF\u00a0\u00bb header_2_font_size=\u00a0\u00bb50px\u00a0\u00bb header_3_font=\u00a0\u00bbAlong Black||||||||\u00a0\u00bb header_3_text_color=\u00a0\u00bb#FFFFFF\u00a0\u00bb header_3_font_size=\u00a0\u00bb25px\u00a0\u00bb custom_margin=\u00a0\u00bb||17px|||\u00a0\u00bb header_3_font_size_tablet=\u00a0\u00bb25px\u00a0\u00bb header_3_font_size_phone=\u00a0\u00bb20px\u00a0\u00bb header_3_font_size_last_edited=\u00a0\u00bbon|phone\u00a0\u00bb global_colors_info=\u00a0\u00bb{}\u00a0\u00bb]<\/p>\n<h3>OPUS, par Neo Sora<\/h3>\n<p>[\/et_pb_text][et_pb_text _builder_version=\u00a0\u00bb4.27.0&Prime; _module_preset=\u00a0\u00bbdefault\u00a0\u00bb text_font=\u00a0\u00bb|300|||||||\u00a0\u00bb text_text_color=\u00a0\u00bb#FFFFFF\u00a0\u00bb text_letter_spacing=\u00a0\u00bb1px\u00a0\u00bb text_font_size_tablet=\u00a0\u00bb\u00a0\u00bb text_font_size_phone=\u00a0\u00bb10px\u00a0\u00bb text_font_size_last_edited=\u00a0\u00bbon|phone\u00a0\u00bb global_colors_info=\u00a0\u00bb{}\u00a0\u00bb]<\/p>\n<p><img loading=\"lazy\" decoding=\"async\" src=\"https:\/\/festivaldemusicavisualdelanzarote.com\/wp-content\/uploads\/2024\/07\/point-225x300.png\" width=\"15\" height=\"20\" alt=\"\" class=\"wp-image-6673 alignnone size-medium\" srcset=\"https:\/\/festivaldemusicavisualdelanzarote.com\/wp-content\/uploads\/2024\/07\/point-225x300.png 225w, https:\/\/festivaldemusicavisualdelanzarote.com\/wp-content\/uploads\/2024\/07\/point.png 384w\" sizes=\"(max-width: 15px) 100vw, 15px\" \/>  <img loading=\"lazy\" decoding=\"async\" src=\"https:\/\/festivaldemusicavisualdelanzarote.com\/wp-content\/uploads\/2024\/07\/ticket.png\" width=\"14\" height=\"21\" alt=\"\" class=\"wp-image-6677 alignnone size-full\"> S<strong>alle Bu\u00f1uel :<\/strong> CIC El Almac\u00e9n 3 <span>.00\u20ac<\/span>.<\/p>\n<p>[\/et_pb_text][\/et_pb_column][\/et_pb_row][et_pb_row column_structure=\u00a0\u00bb1_2,1_2&Prime; _builder_version=\u00a0\u00bb4.27.0&Prime; _module_preset=\u00a0\u00bbdefault\u00a0\u00bb global_colors_info=\u00a0\u00bb{}\u00a0\u00bb][et_pb_column type=\u00a0\u00bb1_2&Prime; _builder_version=\u00a0\u00bb4.27.0&Prime; _module_preset=\u00a0\u00bbdefault\u00a0\u00bb link_option_url=\u00a0\u00bb#quartet\u00a0\u00bb global_colors_info=\u00a0\u00bb{}\u00a0\u00bb][et_pb_image src=\u00a0\u00bbhttps:\/\/festivaldemusicavisualdelanzarote.com\/wp-content\/uploads\/2024\/07\/QUARTET.jpg\u00a0\u00bb title_text=\u00a0\u00bbQUARTET\u00a0\u00bb url=\u00a0\u00bb#\u00a0\u00bb use_overlay=\u00a0\u00bbon\u00a0\u00bb overlay_icon_color=\u00a0\u00bb#FFFFFF\u00a0\u00bb _builder_version=\u00a0\u00bb4.27.0&Prime; _module_preset=\u00a0\u00bbdefault\u00a0\u00bb background_enable_color=\u00a0\u00bboff\u00a0\u00bb filter_brightness_last_edited=\u00a0\u00bboff|desktop\u00a0\u00bb global_colors_info=\u00a0\u00bb{}\u00a0\u00bb filter_brightness__hover_enabled=\u00a0\u00bboff|hover\u00a0\u00bb][\/et_pb_image][et_pb_text _builder_version=\u00a0\u00bb4.27.0&Prime; _module_preset=\u00a0\u00bbdefault\u00a0\u00bb text_font=\u00a0\u00bb|300|||||||\u00a0\u00bb text_text_color=\u00a0\u00bb#FFFFFF\u00a0\u00bb text_font_size=\u00a0\u00bb16px\u00a0\u00bb text_letter_spacing=\u00a0\u00bb1px\u00a0\u00bb custom_margin=\u00a0\u00bb||15px|||\u00a0\u00bb global_colors_info=\u00a0\u00bb{}\u00a0\u00bb]<\/p>\n<p><strong>16 Oct<\/strong> | 20.00h<\/p>\n<p>[\/et_pb_text][et_pb_text _builder_version=\u00a0\u00bb4.27.0&Prime; _module_preset=\u00a0\u00bbdefault\u00a0\u00bb text_font=\u00a0\u00bbAlong Black|800||on|||||\u00a0\u00bb text_text_color=\u00a0\u00bb#FFFFFF\u00a0\u00bb text_font_size=\u00a0\u00bb50px\u00a0\u00bb text_letter_spacing=\u00a0\u00bb1px\u00a0\u00bb text_line_height=\u00a0\u00bb1.1em\u00a0\u00bb header_2_font=\u00a0\u00bbAlong Black||||||||\u00a0\u00bb header_2_text_color=\u00a0\u00bb#FFFFFF\u00a0\u00bb header_2_font_size=\u00a0\u00bb50px\u00a0\u00bb custom_margin=\u00a0\u00bb||8px|||\u00a0\u00bb header_2_font_size_tablet=\u00a0\u00bb50px\u00a0\u00bb header_2_font_size_phone=\u00a0\u00bb35px\u00a0\u00bb header_2_font_size_last_edited=\u00a0\u00bbon|phone\u00a0\u00bb global_colors_info=\u00a0\u00bb{}\u00a0\u00bb]<\/p>\n<h2><strong>ANOUAR BRAHEM<\/strong><\/h2>\n<p>[\/et_pb_text][et_pb_text _builder_version=\u00a0\u00bb4.27.0&Prime; _module_preset=\u00a0\u00bbdefault\u00a0\u00bb text_font=\u00a0\u00bbAlong Black|800||on|||||\u00a0\u00bb text_text_color=\u00a0\u00bb#FFFFFF\u00a0\u00bb text_font_size=\u00a0\u00bb50px\u00a0\u00bb text_letter_spacing=\u00a0\u00bb1px\u00a0\u00bb text_line_height=\u00a0\u00bb1.1em\u00a0\u00bb header_2_font=\u00a0\u00bbAlong Black||||||||\u00a0\u00bb header_2_text_color=\u00a0\u00bb#FFFFFF\u00a0\u00bb header_2_font_size=\u00a0\u00bb50px\u00a0\u00bb header_3_font=\u00a0\u00bbAlong Black||||||||\u00a0\u00bb header_3_text_color=\u00a0\u00bb#FFFFFF\u00a0\u00bb header_3_font_size=\u00a0\u00bb30px\u00a0\u00bb custom_margin=\u00a0\u00bb||17px|||\u00a0\u00bb header_3_font_size_tablet=\u00a0\u00bb30px\u00a0\u00bb header_3_font_size_phone=\u00a0\u00bb20px\u00a0\u00bb header_3_font_size_last_edited=\u00a0\u00bbon|phone\u00a0\u00bb global_colors_info=\u00a0\u00bb{}\u00a0\u00bb]<\/p>\n<h3>QUARTET<\/h3>\n<p>[\/et_pb_text][et_pb_text _builder_version=\u00a0\u00bb4.27.0&Prime; _module_preset=\u00a0\u00bbdefault\u00a0\u00bb text_font=\u00a0\u00bb|300|||||||\u00a0\u00bb text_text_color=\u00a0\u00bb#FFFFFF\u00a0\u00bb text_letter_spacing=\u00a0\u00bb1px\u00a0\u00bb text_font_size_tablet=\u00a0\u00bb\u00a0\u00bb text_font_size_phone=\u00a0\u00bb10px\u00a0\u00bb text_font_size_last_edited=\u00a0\u00bbon|phone\u00a0\u00bb global_colors_info=\u00a0\u00bb{}\u00a0\u00bb]<\/p>\n<p><img loading=\"lazy\" decoding=\"async\" src=\"https:\/\/festivaldemusicavisualdelanzarote.com\/wp-content\/uploads\/2024\/07\/point-225x300.png\" width=\"15\" height=\"20\" alt=\"\" class=\"wp-image-6673 alignnone size-medium\" srcset=\"https:\/\/festivaldemusicavisualdelanzarote.com\/wp-content\/uploads\/2024\/07\/point-225x300.png 225w, https:\/\/festivaldemusicavisualdelanzarote.com\/wp-content\/uploads\/2024\/07\/point.png 384w\" sizes=\"(max-width: 15px) 100vw, 15px\" \/> <img loading=\"lazy\" decoding=\"async\" src=\"https:\/\/festivaldemusicavisualdelanzarote.com\/wp-content\/uploads\/2024\/07\/ticket.png\" width=\"14\" height=\"21\" alt=\"\" class=\"wp-image-6677 alignnone size-full\"> Auditorium Jameos del Agua 20 <span>.00\u20ac<\/span>.<\/p>\n<p>[\/et_pb_text][\/et_pb_column][et_pb_column type=\u00a0\u00bb1_2&Prime; _builder_version=\u00a0\u00bb4.27.0&Prime; _module_preset=\u00a0\u00bbdefault\u00a0\u00bb link_option_url=\u00a0\u00bb#meyer\u00a0\u00bb global_colors_info=\u00a0\u00bb{}\u00a0\u00bb][et_pb_image src=\u00a0\u00bbhttps:\/\/festivaldemusicavisualdelanzarote.com\/wp-content\/uploads\/2024\/07\/MEYER.jpg\u00a0\u00bb title_text=\u00a0\u00bbMEYER\u00a0\u00bb url=\u00a0\u00bb#\u00a0\u00bb use_overlay=\u00a0\u00bbon\u00a0\u00bb overlay_icon_color=\u00a0\u00bb#FFFFFF\u00a0\u00bb _builder_version=\u00a0\u00bb4.27.0&Prime; _module_preset=\u00a0\u00bbdefault\u00a0\u00bb background_enable_color=\u00a0\u00bboff\u00a0\u00bb filter_brightness_last_edited=\u00a0\u00bboff|desktop\u00a0\u00bb global_colors_info=\u00a0\u00bb{}\u00a0\u00bb filter_brightness__hover_enabled=\u00a0\u00bboff|hover\u00a0\u00bb][\/et_pb_image][et_pb_text _builder_version=\u00a0\u00bb4.27.0&Prime; _module_preset=\u00a0\u00bbdefault\u00a0\u00bb text_font=\u00a0\u00bb|300|||||||\u00a0\u00bb text_text_color=\u00a0\u00bb#FFFFFF\u00a0\u00bb text_font_size=\u00a0\u00bb16px\u00a0\u00bb text_letter_spacing=\u00a0\u00bb1px\u00a0\u00bb custom_margin=\u00a0\u00bb||15px|||\u00a0\u00bb global_colors_info=\u00a0\u00bb{}\u00a0\u00bb]<\/p>\n<p><strong>17 Oct<\/strong> | 20.00h  <\/p>\n<p>[\/et_pb_text][et_pb_text _builder_version=\u00a0\u00bb4.27.0&Prime; _module_preset=\u00a0\u00bbdefault\u00a0\u00bb text_font=\u00a0\u00bbAlong Black|800||on|||||\u00a0\u00bb text_text_color=\u00a0\u00bb#FFFFFF\u00a0\u00bb text_font_size=\u00a0\u00bb50px\u00a0\u00bb text_letter_spacing=\u00a0\u00bb1px\u00a0\u00bb text_line_height=\u00a0\u00bb1.1em\u00a0\u00bb header_2_font=\u00a0\u00bbAlong Black||||||||\u00a0\u00bb header_2_text_color=\u00a0\u00bb#FFFFFF\u00a0\u00bb header_2_font_size=\u00a0\u00bb48px\u00a0\u00bb custom_margin=\u00a0\u00bb||8px|||\u00a0\u00bb header_2_font_size_tablet=\u00a0\u00bb50px\u00a0\u00bb header_2_font_size_phone=\u00a0\u00bb35px\u00a0\u00bb header_2_font_size_last_edited=\u00a0\u00bbon|phone\u00a0\u00bb global_colors_info=\u00a0\u00bb{}\u00a0\u00bb]<\/p>\n<h2><strong>BJ\u00d6RN MEYER<\/strong><\/h2>\n<p>[\/et_pb_text][et_pb_text _builder_version=\u00a0\u00bb4.27.0&Prime; _module_preset=\u00a0\u00bbdefault\u00a0\u00bb text_font=\u00a0\u00bbAlong Black|800||on|||||\u00a0\u00bb text_text_color=\u00a0\u00bb#FFFFFF\u00a0\u00bb text_font_size=\u00a0\u00bb50px\u00a0\u00bb text_letter_spacing=\u00a0\u00bb1px\u00a0\u00bb text_line_height=\u00a0\u00bb1.1em\u00a0\u00bb header_2_font=\u00a0\u00bbAlong Black||||||||\u00a0\u00bb header_2_text_color=\u00a0\u00bb#FFFFFF\u00a0\u00bb header_2_font_size=\u00a0\u00bb50px\u00a0\u00bb header_3_font=\u00a0\u00bbAlong Black||||||||\u00a0\u00bb header_3_text_color=\u00a0\u00bb#FFFFFF\u00a0\u00bb header_3_font_size=\u00a0\u00bb25px\u00a0\u00bb custom_margin=\u00a0\u00bb||17px|||\u00a0\u00bb header_3_font_size_tablet=\u00a0\u00bb25px\u00a0\u00bb header_3_font_size_phone=\u00a0\u00bb20px\u00a0\u00bb header_3_font_size_last_edited=\u00a0\u00bbon|phone\u00a0\u00bb global_colors_info=\u00a0\u00bb{}\u00a0\u00bb]<\/p>\n<h3>Provenance<\/h3>\n<p>[\/et_pb_text][et_pb_text _builder_version=\u00a0\u00bb4.27.0&Prime; _module_preset=\u00a0\u00bbdefault\u00a0\u00bb text_font=\u00a0\u00bb|300|||||||\u00a0\u00bb text_text_color=\u00a0\u00bb#FFFFFF\u00a0\u00bb text_letter_spacing=\u00a0\u00bb1px\u00a0\u00bb text_font_size_tablet=\u00a0\u00bb\u00a0\u00bb text_font_size_phone=\u00a0\u00bb10px\u00a0\u00bb text_font_size_last_edited=\u00a0\u00bbon|phone\u00a0\u00bb global_colors_info=\u00a0\u00bb{}\u00a0\u00bb]<\/p>\n<p><img loading=\"lazy\" decoding=\"async\" src=\"https:\/\/festivaldemusicavisualdelanzarote.com\/wp-content\/uploads\/2024\/07\/point-225x300.png\" width=\"15\" height=\"20\" alt=\"\" class=\"wp-image-6673 alignnone size-medium\" srcset=\"https:\/\/festivaldemusicavisualdelanzarote.com\/wp-content\/uploads\/2024\/07\/point-225x300.png 225w, https:\/\/festivaldemusicavisualdelanzarote.com\/wp-content\/uploads\/2024\/07\/point.png 384w\" sizes=\"(max-width: 15px) 100vw, 15px\" \/><img loading=\"lazy\" decoding=\"async\" src=\"https:\/\/festivaldemusicavisualdelanzarote.com\/wp-content\/uploads\/2024\/07\/ticket.png\" width=\"14\" height=\"21\" alt=\"\" class=\"wp-image-6677 alignnone size-full\"> Auditorium Cueva de los Verdes 15 <span>.00\u20ac<\/span>.<\/p>\n<p>[\/et_pb_text][\/et_pb_column][\/et_pb_row][et_pb_row column_structure=\u00a0\u00bb1_2,1_2&Prime; _builder_version=\u00a0\u00bb4.27.0&Prime; _module_preset=\u00a0\u00bbdefault\u00a0\u00bb global_colors_info=\u00a0\u00bb{}\u00a0\u00bb][et_pb_column type=\u00a0\u00bb1_2&Prime; _builder_version=\u00a0\u00bb4.27.0&Prime; _module_preset=\u00a0\u00bbdefault\u00a0\u00bb link_option_url=\u00a0\u00bb#urho\u00a0\u00bb global_colors_info=\u00a0\u00bb{}\u00a0\u00bb][et_pb_image src=\u00a0\u00bbhttps:\/\/festivaldemusicavisualdelanzarote.com\/wp-content\/uploads\/2024\/07\/urho.jpg\u00a0\u00bb title_text=\u00a0\u00bburho\u00a0\u00bb url=\u00a0\u00bb#\u00a0\u00bb use_overlay=\u00a0\u00bbon\u00a0\u00bb overlay_icon_color=\u00a0\u00bb#FFFFFF\u00a0\u00bb _builder_version=\u00a0\u00bb4.27.0&Prime; _module_preset=\u00a0\u00bbdefault\u00a0\u00bb background_enable_color=\u00a0\u00bboff\u00a0\u00bb filter_brightness_last_edited=\u00a0\u00bboff|desktop\u00a0\u00bb global_colors_info=\u00a0\u00bb{}\u00a0\u00bb filter_brightness__hover_enabled=\u00a0\u00bboff|hover\u00a0\u00bb][\/et_pb_image][et_pb_text _builder_version=\u00a0\u00bb4.27.0&Prime; _module_preset=\u00a0\u00bbdefault\u00a0\u00bb text_font=\u00a0\u00bb|300|||||||\u00a0\u00bb text_text_color=\u00a0\u00bb#FFFFFF\u00a0\u00bb text_font_size=\u00a0\u00bb16px\u00a0\u00bb text_letter_spacing=\u00a0\u00bb1px\u00a0\u00bb custom_margin=\u00a0\u00bb||15px|||\u00a0\u00bb global_colors_info=\u00a0\u00bb{}\u00a0\u00bb]<\/p>\n<p><strong>18 Oct<\/strong> | 20.00h<\/p>\n<p>[\/et_pb_text][et_pb_text _builder_version=\u00a0\u00bb4.27.0&Prime; _module_preset=\u00a0\u00bbdefault\u00a0\u00bb text_font=\u00a0\u00bbAlong Black|800||on|||||\u00a0\u00bb text_text_color=\u00a0\u00bb#FFFFFF\u00a0\u00bb text_font_size=\u00a0\u00bb50px\u00a0\u00bb text_letter_spacing=\u00a0\u00bb1px\u00a0\u00bb text_line_height=\u00a0\u00bb1.1em\u00a0\u00bb header_2_font=\u00a0\u00bbAlong Black||||||||\u00a0\u00bb header_2_text_color=\u00a0\u00bb#FFFFFF\u00a0\u00bb header_2_font_size=\u00a0\u00bb50px\u00a0\u00bb custom_margin=\u00a0\u00bb||8px|||\u00a0\u00bb header_2_font_size_tablet=\u00a0\u00bb50px\u00a0\u00bb header_2_font_size_phone=\u00a0\u00bb35px\u00a0\u00bb header_2_font_size_last_edited=\u00a0\u00bbon|phone\u00a0\u00bb global_colors_info=\u00a0\u00bb{}\u00a0\u00bb]<\/p>\n<h2><strong>URHO<\/strong><\/h2>\n<p>[\/et_pb_text][et_pb_text _builder_version=\u00a0\u00bb4.27.0&Prime; _module_preset=\u00a0\u00bbdefault\u00a0\u00bb text_font=\u00a0\u00bbAlong Black|800||on|||||\u00a0\u00bb text_text_color=\u00a0\u00bb#FFFFFF\u00a0\u00bb text_font_size=\u00a0\u00bb50px\u00a0\u00bb text_letter_spacing=\u00a0\u00bb1px\u00a0\u00bb text_line_height=\u00a0\u00bb1.1em\u00a0\u00bb header_2_font=\u00a0\u00bbAlong Black||||||||\u00a0\u00bb header_2_text_color=\u00a0\u00bb#FFFFFF\u00a0\u00bb header_2_font_size=\u00a0\u00bb50px\u00a0\u00bb header_3_font=\u00a0\u00bbAlong Black||||||||\u00a0\u00bb header_3_text_color=\u00a0\u00bb#FFFFFF\u00a0\u00bb header_3_font_size=\u00a0\u00bb30px\u00a0\u00bb custom_margin=\u00a0\u00bb||17px|||\u00a0\u00bb header_3_font_size_tablet=\u00a0\u00bb30px\u00a0\u00bb header_3_font_size_phone=\u00a0\u00bb20px\u00a0\u00bb header_3_font_size_last_edited=\u00a0\u00bbon|phone\u00a0\u00bb global_colors_info=\u00a0\u00bb{}\u00a0\u00bb]<\/p>\n<h3>Live A\/V<\/h3>\n<p>[\/et_pb_text][et_pb_text _builder_version=\u00a0\u00bb4.27.0&Prime; _module_preset=\u00a0\u00bbdefault\u00a0\u00bb text_font=\u00a0\u00bb|300|||||||\u00a0\u00bb text_text_color=\u00a0\u00bb#FFFFFF\u00a0\u00bb text_letter_spacing=\u00a0\u00bb1px\u00a0\u00bb text_font_size_tablet=\u00a0\u00bb\u00a0\u00bb text_font_size_phone=\u00a0\u00bb10px\u00a0\u00bb text_font_size_last_edited=\u00a0\u00bbon|phone\u00a0\u00bb global_colors_info=\u00a0\u00bb{}\u00a0\u00bb]<\/p>\n<p><img loading=\"lazy\" decoding=\"async\" src=\"https:\/\/festivaldemusicavisualdelanzarote.com\/wp-content\/uploads\/2024\/07\/point-225x300.png\" width=\"15\" height=\"20\" alt=\"\" class=\"wp-image-6673 alignnone size-medium\" srcset=\"https:\/\/festivaldemusicavisualdelanzarote.com\/wp-content\/uploads\/2024\/07\/point-225x300.png 225w, https:\/\/festivaldemusicavisualdelanzarote.com\/wp-content\/uploads\/2024\/07\/point.png 384w\" sizes=\"(max-width: 15px) 100vw, 15px\" \/> <img loading=\"lazy\" decoding=\"async\" src=\"https:\/\/festivaldemusicavisualdelanzarote.com\/wp-content\/uploads\/2024\/07\/ticket.png\" width=\"14\" height=\"21\" alt=\"\" class=\"wp-image-6677 alignnone size-full\"> S<strong>alle Bu\u00f1uel<\/strong>: CIC El Almac\u00e9n 10 <span>.00\u20ac<\/span>.<\/p>\n<p>[\/et_pb_text][\/et_pb_column][et_pb_column type=\u00a0\u00bb1_2&Prime; _builder_version=\u00a0\u00bb4.27.0&Prime; _module_preset=\u00a0\u00bbdefault\u00a0\u00bb link_option_url=\u00a0\u00bb#echo\u00a0\u00bb global_colors_info=\u00a0\u00bb{}\u00a0\u00bb][et_pb_image src=\u00a0\u00bbhttps:\/\/festivaldemusicavisualdelanzarote.com\/wp-content\/uploads\/2024\/07\/echo.jpg\u00a0\u00bb title_text=\u00a0\u00bb\u00e9cho\u00a0\u00bb url=\u00a0\u00bb#\u00a0\u00bb use_overlay=\u00a0\u00bbon\u00a0\u00bb overlay_icon_color=\u00a0\u00bb#FFFFFF\u00a0\u00bb _builder_version=\u00a0\u00bb4.27.0&Prime; _module_preset=\u00a0\u00bbdefault\u00a0\u00bb background_enable_color=\u00a0\u00bboff\u00a0\u00bb filter_brightness_last_edited=\u00a0\u00bboff|desktop\u00a0\u00bb global_colors_info=\u00a0\u00bb{}\u00a0\u00bb filter_brightness__hover_enabled=\u00a0\u00bboff|hover\u00a0\u00bb][\/et_pb_image][et_pb_text _builder_version=\u00a0\u00bb4.27.0&Prime; _module_preset=\u00a0\u00bbdefault\u00a0\u00bb text_font=\u00a0\u00bb|300|||||||\u00a0\u00bb text_text_color=\u00a0\u00bb#FFFFFF\u00a0\u00bb text_font_size=\u00a0\u00bb16px\u00a0\u00bb text_letter_spacing=\u00a0\u00bb1px\u00a0\u00bb custom_margin=\u00a0\u00bb||15px|||\u00a0\u00bb global_colors_info=\u00a0\u00bb{}\u00a0\u00bb]<\/p>\n<p><strong>19 Oct<\/strong> | 20.00h<\/p>\n<p>[\/et_pb_text][et_pb_text _builder_version=\u00a0\u00bb4.27.0&Prime; _module_preset=\u00a0\u00bbdefault\u00a0\u00bb text_font=\u00a0\u00bbAlong Black|800||on|||||\u00a0\u00bb text_text_color=\u00a0\u00bb#FFFFFF\u00a0\u00bb text_font_size=\u00a0\u00bb50px\u00a0\u00bb text_letter_spacing=\u00a0\u00bb1px\u00a0\u00bb text_line_height=\u00a0\u00bb1.1em\u00a0\u00bb header_2_font=\u00a0\u00bbAlong Black||||||||\u00a0\u00bb header_2_text_color=\u00a0\u00bb#FFFFFF\u00a0\u00bb header_2_font_size=\u00a0\u00bb48px\u00a0\u00bb custom_margin=\u00a0\u00bb||8px|||\u00a0\u00bb header_2_font_size_tablet=\u00a0\u00bb50px\u00a0\u00bb header_2_font_size_phone=\u00a0\u00bb35px\u00a0\u00bb header_2_font_size_last_edited=\u00a0\u00bbon|phone\u00a0\u00bb global_colors_info=\u00a0\u00bb{}\u00a0\u00bb]<\/p>\n<h2><strong>COLLECTIF ECHO<\/strong><\/h2>\n<p>[\/et_pb_text][et_pb_text _builder_version=\u00a0\u00bb4.27.0&Prime; _module_preset=\u00a0\u00bbdefault\u00a0\u00bb text_font=\u00a0\u00bbAlong Black|800||on|||||\u00a0\u00bb text_text_color=\u00a0\u00bb#FFFFFF\u00a0\u00bb text_font_size=\u00a0\u00bb50px\u00a0\u00bb text_letter_spacing=\u00a0\u00bb1px\u00a0\u00bb text_line_height=\u00a0\u00bb1.1em\u00a0\u00bb header_2_font=\u00a0\u00bbAlong Black||||||||\u00a0\u00bb header_2_text_color=\u00a0\u00bb#FFFFFF\u00a0\u00bb header_2_font_size=\u00a0\u00bb50px\u00a0\u00bb header_3_font=\u00a0\u00bbAlong Black||||||||\u00a0\u00bb header_3_text_color=\u00a0\u00bb#FFFFFF\u00a0\u00bb header_3_font_size=\u00a0\u00bb25px\u00a0\u00bb custom_margin=\u00a0\u00bb||17px|||\u00a0\u00bb header_3_font_size_tablet=\u00a0\u00bb25px\u00a0\u00bb header_3_font_size_phone=\u00a0\u00bb20px\u00a0\u00bb header_3_font_size_last_edited=\u00a0\u00bbon|phone\u00a0\u00bb global_colors_info=\u00a0\u00bb{}\u00a0\u00bb]<\/p>\n<h3>joue Amnesiac<\/h3>\n<p>[\/et_pb_text][et_pb_text _builder_version=\u00a0\u00bb4.27.0&Prime; _module_preset=\u00a0\u00bbdefault\u00a0\u00bb text_font=\u00a0\u00bb|300|||||||\u00a0\u00bb text_text_color=\u00a0\u00bb#FFFFFF\u00a0\u00bb text_letter_spacing=\u00a0\u00bb1px\u00a0\u00bb text_font_size_tablet=\u00a0\u00bb\u00a0\u00bb text_font_size_phone=\u00a0\u00bb10px\u00a0\u00bb text_font_size_last_edited=\u00a0\u00bbon|phone\u00a0\u00bb global_colors_info=\u00a0\u00bb{}\u00a0\u00bb]<\/p>\n<p><img loading=\"lazy\" decoding=\"async\" src=\"https:\/\/festivaldemusicavisualdelanzarote.com\/wp-content\/uploads\/2024\/07\/point-225x300.png\" width=\"15\" height=\"20\" alt=\"\" class=\"wp-image-6673 alignnone size-medium\" srcset=\"https:\/\/festivaldemusicavisualdelanzarote.com\/wp-content\/uploads\/2024\/07\/point-225x300.png 225w, https:\/\/festivaldemusicavisualdelanzarote.com\/wp-content\/uploads\/2024\/07\/point.png 384w\" sizes=\"(max-width: 15px) 100vw, 15px\" \/><img loading=\"lazy\" decoding=\"async\" src=\"https:\/\/festivaldemusicavisualdelanzarote.com\/wp-content\/uploads\/2024\/07\/ticket.png\" width=\"14\" height=\"21\" alt=\"\" class=\"wp-image-6677 alignnone size-full\"> Auditorium Jameos del Agua 15 <span>.00\u20ac<\/span>.<\/p>\n<p>[\/et_pb_text][\/et_pb_column][\/et_pb_row][et_pb_row _builder_version=\u00a0\u00bb4.27.0&Prime; _module_preset=\u00a0\u00bbdefault\u00a0\u00bb global_colors_info=\u00a0\u00bb{}\u00a0\u00bb][et_pb_column type=\u00a0\u00bb4_4&Prime; _builder_version=\u00a0\u00bb4.27.0&Prime; _module_preset=\u00a0\u00bbdefault\u00a0\u00bb global_colors_info=\u00a0\u00bb{}\u00a0\u00bb][et_pb_image src=\u00a0\u00bbhttps:\/\/festivaldemusicavisualdelanzarote.com\/wp-content\/uploads\/2024\/09\/logos-FMVL-2.png\u00a0\u00bb title_text=\u00a0\u00bblogos\u00a0\u00bb _builder_version=\u00a0\u00bb4.27.0&Prime; _module_preset=\u00a0\u00bbdefault\u00a0\u00bb hover_enabled=\u00a0\u00bb0&Prime; global_colors_info=\u00a0\u00bb{}\u00a0\u00bb sticky_enabled=\u00a0\u00bb0&Prime;][\/et_pb_image][\/et_pb_column][\/et_pb_row][\/et_pb_section][et_pb_section fb_built=\u00a0\u00bb1&Prime; admin_label=\u00a0\u00bbPopup &#8211; #carson\u00a0\u00bb module_id=\u00a0\u00bbcarson\u00a0\u00bb module_class=\u00a0\u00bbpopup single\u00a0\u00bb _builder_version=\u00a0\u00bb4.27.0&Prime; _module_preset=\u00a0\u00bbdefault\u00a0\u00bb width=\u00a0\u00bb65%\u00a0\u00bb width_tablet=\u00a0\u00bb100%\u00a0\u00bb width_phone=\u00a0\u00bb100%\u00a0\u00bb width_last_edited=\u00a0\u00bbon|phone\u00a0\u00bb da_is_popup=\u00a0\u00bbon\u00a0\u00bb da_popup_slug=\u00a0\u00bbcarson\u00a0\u00bb da_is_singular=\u00a0\u00bbon\u00a0\u00bb da_disable_devices=\u00a0\u00bboff|off|off\u00a0\u00bb border_radii=\u00a0\u00bbon|26px|26px|26px|26px\u00a0\u00bb global_colors_info=\u00a0\u00bb{}\u00a0\u00bb da_exit_intent=\u00a0\u00bboff\u00a0\u00bb da_has_close=\u00a0\u00bbon\u00a0\u00bb da_alt_close=\u00a0\u00bboff\u00a0\u00bb da_dark_close=\u00a0\u00bboff\u00a0\u00bb da_not_modal=\u00a0\u00bbon\u00a0\u00bb da_with_loader=\u00a0\u00bboff\u00a0\u00bb da_has_shadow=\u00a0\u00bbon\u00a0\u00bb][et_pb_row column_structure=\u00a0\u00bb3_4,1_4&Prime; use_custom_gutter=\u00a0\u00bbon\u00a0\u00bb gutter_width=\u00a0\u00bb2&Prime; _builder_version=\u00a0\u00bb4.21.0&Prime; _module_preset=\u00a0\u00bbdefault\u00a0\u00bb width=\u00a0\u00bb90%\u00a0\u00bb max_width=\u00a0\u00bb100%\u00a0\u00bb global_colors_info=\u00a0\u00bb{}\u00a0\u00bb][et_pb_column type=\u00a0\u00bb3_4&Prime; _builder_version=\u00a0\u00bb4.21.0&Prime; _module_preset=\u00a0\u00bbdefault\u00a0\u00bb global_colors_info=\u00a0\u00bb{}\u00a0\u00bb][et_pb_image src=\u00a0\u00bbhttps:\/\/festivaldemusicavisualdelanzarote.com\/wp-content\/uploads\/2024\/07\/CABIN-MUSIC.jpg\u00a0\u00bb title_text=\u00a0\u00bbCABIN-MUSIQUE\u00a0\u00bb _builder_version=\u00a0\u00bb4.27.0&Prime; _module_preset=\u00a0\u00bbdefault\u00a0\u00bb global_colors_info=\u00a0\u00bb{}\u00a0\u00bb][\/et_pb_image][et_pb_text _builder_version=\u00a0\u00bb4.27.0&Prime; _module_preset=\u00a0\u00bbdefault\u00a0\u00bb text_font=\u00a0\u00bb|300|||||||\u00a0\u00bb text_text_color=\u00a0\u00bb#000000&Prime; text_font_size=\u00a0\u00bb22px\u00a0\u00bb text_letter_spacing=\u00a0\u00bb1px\u00a0\u00bb global_colors_info=\u00a0\u00bb{}\u00a0\u00bb]<\/p>\n<p><strong>9 OCT |<\/strong> 20:00HS <strong>CIN\u00c9MA<\/strong><\/p>\n<p>[\/et_pb_text][et_pb_text _builder_version=\u00a0\u00bb4.27.0&Prime; _module_preset=\u00a0\u00bbdefault\u00a0\u00bb text_font=\u00a0\u00bbAlong Black|800||on|||||\u00a0\u00bb text_text_color=\u00a0\u00bb#FFFFFF\u00a0\u00bb text_font_size=\u00a0\u00bb50px\u00a0\u00bb text_letter_spacing=\u00a0\u00bb1px\u00a0\u00bb text_line_height=\u00a0\u00bb1.1em\u00a0\u00bb header_2_font=\u00a0\u00bbAlong Black||||||||\u00a0\u00bb header_2_text_color=\u00a0\u00bb#102736&Prime; header_2_font_size=\u00a0\u00bb50px\u00a0\u00bb custom_margin=\u00a0\u00bb||8px|||\u00a0\u00bb header_2_font_size_tablet=\u00a0\u00bb50px\u00a0\u00bb header_2_font_size_phone=\u00a0\u00bb35px\u00a0\u00bb header_2_font_size_last_edited=\u00a0\u00bbon|phone\u00a0\u00bb global_colors_info=\u00a0\u00bb{}\u00a0\u00bb]<\/p>\n<h2>CABIN MUSIC<\/h2>\n<p>[\/et_pb_text][et_pb_text _builder_version=\u00a0\u00bb4.27.0&Prime; _module_preset=\u00a0\u00bbdefault\u00a0\u00bb text_font=\u00a0\u00bbAlong Black|800||on|||||\u00a0\u00bb text_text_color=\u00a0\u00bb#FFFFFF\u00a0\u00bb text_font_size=\u00a0\u00bb50px\u00a0\u00bb text_letter_spacing=\u00a0\u00bb1px\u00a0\u00bb text_line_height=\u00a0\u00bb1.1em\u00a0\u00bb header_2_font=\u00a0\u00bbAlong Black||||||||\u00a0\u00bb header_2_text_color=\u00a0\u00bb#FFFFFF\u00a0\u00bb header_2_font_size=\u00a0\u00bb50px\u00a0\u00bb header_3_font=\u00a0\u00bbAlong Black||||||||\u00a0\u00bb header_3_text_color=\u00a0\u00bb#102736&Prime; header_3_font_size=\u00a0\u00bb30px\u00a0\u00bb custom_margin=\u00a0\u00bb||2px|||\u00a0\u00bb header_3_font_size_tablet=\u00a0\u00bb30px\u00a0\u00bb header_3_font_size_phone=\u00a0\u00bb20px\u00a0\u00bb header_3_font_size_last_edited=\u00a0\u00bbon|phone\u00a0\u00bb global_colors_info=\u00a0\u00bb{}\u00a0\u00bb]<\/p>\n<h3>par James Carson<\/h3>\n<p>[\/et_pb_text][et_pb_text _builder_version=\u00a0\u00bb4.27.0&Prime; _module_preset=\u00a0\u00bbdefault\u00a0\u00bb text_font=\u00a0\u00bbAlong Regular|||on|||||\u00a0\u00bb text_text_color=\u00a0\u00bb#102736&Prime; text_font_size=\u00a0\u00bb22px\u00a0\u00bb text_letter_spacing=\u00a0\u00bb1px\u00a0\u00bb text_line_height=\u00a0\u00bb1.1em\u00a0\u00bb header_2_font=\u00a0\u00bbAlong Black||||||||\u00a0\u00bb header_2_text_color=\u00a0\u00bb#FFFFFF\u00a0\u00bb header_2_font_size=\u00a0\u00bb50px\u00a0\u00bb header_3_font=\u00a0\u00bbAlong Black||||||||\u00a0\u00bb header_3_text_color=\u00a0\u00bb#102736&Prime; header_3_font_size=\u00a0\u00bb30px\u00a0\u00bb custom_margin=\u00a0\u00bb||17px|||\u00a0\u00bb text_font_size_tablet=\u00a0\u00bb22px\u00a0\u00bb text_font_size_phone=\u00a0\u00bb14px\u00a0\u00bb text_font_size_last_edited=\u00a0\u00bbon|phone\u00a0\u00bb header_3_font_size_tablet=\u00a0\u00bb30px\u00a0\u00bb header_3_font_size_phone=\u00a0\u00bb20px\u00a0\u00bb header_3_font_size_last_edited=\u00a0\u00bbon|phone\u00a0\u00bb global_colors_info=\u00a0\u00bb{}\u00a0\u00bb]<\/p>\n<p>2022 \/ USA-Canada \/ 74 minutes<\/p>\n<p>[\/et_pb_text][et_pb_text content_tablet=\u00a0\u00bb<\/p>\n<p><img src=%22https:\/\/festivaldemusicavisualdelanzarote.com\/wp-content\/uploads\/2024\/07\/point2-225x300.png%22 width=%2218%22 height=%2224%22 alt=%22%22 class=%22wp-image-6696 alignnone size-medium%22> <img src=%22https:\/\/festivaldemusicavisualdelanzarote.com\/wp-content\/uploads\/2024\/07\/ticket2.png%22 width=%2216%22 height=%2224%22 alt=%22%22 class=%22wp-image-6692 alignnone size-full%22> S<strong>alle Bu\u00f1uel :<\/strong> CIC El Almac\u00e9n 3.00\u20ac.<\/p>\n<p>\u00a0\u00bb content_phone=\u00a0\u00bb<\/p>\n<p><img src=%22https:\/\/festivaldemusicavisualdelanzarote.com\/wp-content\/uploads\/2024\/07\/point2-225x300.png%22 width=%2218%22 height=%2224%22 alt=%22%22 class=%22wp-image-6696 alignnone size-medium%22> <strong>Salle Bu\u00f1uel |<\/strong> CIC El Almac\u00e9n  <\/p>\n<p> <img src=%22https:\/\/festivaldemusicavisualdelanzarote.com\/wp-content\/uploads\/2024\/07\/ticket2.png%22 width=%2216%22 height=%2224%22 alt=%22%22 class=%22wp-image-6692 alignnone size-full%22>  3.00\u20ac<\/p>\n<p>\u00a0\u00bb content_last_edited=\u00a0\u00bboff|desktop\u00a0\u00bb _builder_version=\u00a0\u00bb4.27.0&Prime; _module_preset=\u00a0\u00bbdefault\u00a0\u00bb text_font=\u00a0\u00bb|300|||||||\u00a0\u00bb text_text_color=\u00a0\u00bb#102736&Prime; text_font_size=\u00a0\u00bb20px\u00a0\u00bb text_letter_spacing=\u00a0\u00bb1px\u00a0\u00bb text_font_size_tablet=\u00a0\u00bb20px\u00a0\u00bb text_font_size_phone=\u00a0\u00bb15px\u00a0\u00bb text_font_size_last_edited=\u00a0\u00bbon|phone\u00a0\u00bb global_colors_info=\u00a0\u00bb{}\u00a0\u00bb]<\/p>\n<p><img loading=\"lazy\" decoding=\"async\" src=\"https:\/\/festivaldemusicavisualdelanzarote.com\/wp-content\/uploads\/2024\/07\/point2-225x300.png\" width=\"18\" height=\"24\" alt=\"\" class=\"wp-image-6696 alignnone size-medium\" srcset=\"https:\/\/festivaldemusicavisualdelanzarote.com\/wp-content\/uploads\/2024\/07\/point2-225x300.png 225w, https:\/\/festivaldemusicavisualdelanzarote.com\/wp-content\/uploads\/2024\/07\/point2.png 384w\" sizes=\"(max-width: 18px) 100vw, 18px\" \/>  <strong>Salle Bu\u00f1uel |<\/strong> CIC El Almac\u00e9n  <\/p>\n<p><img loading=\"lazy\" decoding=\"async\" src=\"https:\/\/festivaldemusicavisualdelanzarote.com\/wp-content\/uploads\/2024\/07\/ticket2.png\" width=\"16\" height=\"24\" alt=\"\" class=\"wp-image-6692 alignnone size-full\">  3.00\u20ac<\/p>\n<p>[\/et_pb_text][et_pb_text _builder_version=\u00a0\u00bb4.27.0&Prime; _module_preset=\u00a0\u00bbdefault\u00a0\u00bb text_font=\u00a0\u00bbMontserrat||||||||\u00a0\u00bb text_text_color=\u00a0\u00bb#000000&Prime; global_colors_info=\u00a0\u00bb{}\u00a0\u00bb]<\/p>\n<p>Lorsqu&rsquo;une crise spirituelle l&rsquo;incite \u00e0 quitter les contraintes du conservatoire, le pianiste et cin\u00e9aste James Carson se lance dans un voyage \u00e9volutif, d\u00e9couvrant de nouveaux liens entre la musique et le monde naturel. Ses voyages, de l&rsquo;Espagne au Japon, aboutissent \u00e0 une cabane qu&rsquo;il construit dans la nature canadienne, o\u00f9 ses exp\u00e9riences se fondent en une nouvelle forme. C&rsquo;est l\u00e0, loin de tout, qu&rsquo;\u00e9merge une nouvelle forme de musique.  <\/p>\n<p>Cabin Music est une f\u00eate lyrique des sens qui d\u00e9fie les genres et t\u00e9moigne du double pouvoir transcendant de la musique et de la nature.<\/p>\n<p><strong>Prix du meilleur montage &#8211; Salem Film Fest 2023<\/strong><\/p>\n<p>[\/et_pb_text][et_pb_text _builder_version=\u00a0\u00bb4.27.0&Prime; _module_preset=\u00a0\u00bbdefault\u00a0\u00bb text_font=\u00a0\u00bb&#8211;et_global_body_font||||||||\u00a0\u00bb text_text_color=\u00a0\u00bb#000000&Prime; text_font_size=\u00a0\u00bb16px\u00a0\u00bb global_colors_info=\u00a0\u00bb{}\u00a0\u00bb]<\/p>\n<p><strong>Bande-annonce officielle<\/strong><\/p>\n<p><span><a href=\"https:\/\/www.youtube.com\/watch?v=pbICUyK_VIk\"><em>https:\/\/www.youtube.com\/watch?v=pbICUyK_VIk<\/em><\/a><\/span><\/p>\n<p><strong>\u00c9couter de la <em>musique de cabine<\/em><\/strong><\/p>\n<p><iframe title=\"Spotify Embed: Cabin Music\" style=\"border-radius: 12px\" width=\"100%\" height=\"352\" frameborder=\"0\" allowfullscreen allow=\"autoplay; clipboard-write; encrypted-media; fullscreen; picture-in-picture\" loading=\"lazy\" src=\"https:\/\/open.spotify.com\/embed\/artist\/2HjGmp3Iih5uU0CxTp2TYr?si=An_fbNMFScC4J_xvFi9P5Q&#038;utm_source=oembed\"><\/iframe><\/p>\n<p>[\/et_pb_text][\/et_pb_column][et_pb_column type=\u00a0\u00bb1_4&Prime; _builder_version=\u00a0\u00bb4.21.0&Prime; _module_preset=\u00a0\u00bbdefault\u00a0\u00bb global_colors_info=\u00a0\u00bb{}\u00a0\u00bb][et_pb_image src=\u00a0\u00bbhttps:\/\/festivaldemusicavisualdelanzarote.com\/wp-content\/uploads\/2024\/07\/logo-vertical.png\u00a0\u00bb title_text=\u00a0\u00bblogo vertical\u00a0\u00bb disabled_on=\u00a0\u00bbon|on|off\u00a0\u00bb _builder_version=\u00a0\u00bb4.27.0&Prime; _module_preset=\u00a0\u00bbdefault\u00a0\u00bb width=\u00a0\u00bb46%\u00a0\u00bb width_tablet=\u00a0\u00bb\u00a0\u00bb width_phone=\u00a0\u00bb40%\u00a0\u00bb width_last_edited=\u00a0\u00bbon|phone\u00a0\u00bb module_alignment=\u00a0\u00bbright\u00a0\u00bb global_colors_info=\u00a0\u00bb{}\u00a0\u00bb][\/et_pb_image][\/et_pb_column][\/et_pb_row][et_pb_row column_structure=\u00a0\u00bb1_3,1_3,1_3&Prime; use_custom_gutter=\u00a0\u00bbon\u00a0\u00bb gutter_width=\u00a0\u00bb2&Prime; make_equal=\u00a0\u00bbon\u00a0\u00bb _builder_version=\u00a0\u00bb4.27.0&Prime; _module_preset=\u00a0\u00bbdefault\u00a0\u00bb width=\u00a0\u00bb90%\u00a0\u00bb max_width=\u00a0\u00bb100%\u00a0\u00bb global_colors_info=\u00a0\u00bb{}\u00a0\u00bb][et_pb_column type=\u00a0\u00bb1_3&Prime; module_class=\u00a0\u00bbds-vertical-align\u00a0\u00bb _builder_version=\u00a0\u00bb4.27.0&Prime; _module_preset=\u00a0\u00bbdefault\u00a0\u00bb global_colors_info=\u00a0\u00bb{}\u00a0\u00bb][et_pb_button button_url=\u00a0\u00bbhttps:\/\/culturalanzarote.sacatuentrada.es\/es\/entradas\/cabin-music\/2024-10-09&Prime; url_new_window=\u00a0\u00bbon\u00a0\u00bb button_text=\u00a0\u00bbACHETER UN BILLET\u00a0\u00bb _builder_version=\u00a0\u00bb4.27.0&Prime; _module_preset=\u00a0\u00bbdefault\u00a0\u00bb custom_button=\u00a0\u00bbon\u00a0\u00bb button_text_size=\u00a0\u00bb16px\u00a0\u00bb button_text_color=\u00a0\u00bb#FFFFFF\u00a0\u00bb button_bg_color=\u00a0\u00bb#102736&Prime; button_border_width=\u00a0\u00bb0px\u00a0\u00bb button_border_radius=\u00a0\u00bb0px\u00a0\u00bb button_letter_spacing=\u00a0\u00bb1px\u00a0\u00bb button_font=\u00a0\u00bb|700|||||||\u00a0\u00bb global_colors_info=\u00a0\u00bb{}\u00a0\u00bb][\/et_pb_button][\/et_pb_column][et_pb_column type=\u00a0\u00bb1_3&Prime; module_class=\u00a0\u00bbds-vertical-align\u00a0\u00bb _builder_version=\u00a0\u00bb4.27.0&Prime; _module_preset=\u00a0\u00bbdefault\u00a0\u00bb global_colors_info=\u00a0\u00bb{}\u00a0\u00bb][et_pb_social_media_follow icon_color=\u00a0\u00bb#102736&Prime; use_icon_font_size=\u00a0\u00bbon\u00a0\u00bb icon_font_size=\u00a0\u00bb14px\u00a0\u00bb _builder_version=\u00a0\u00bb4.27.0&Prime; _module_preset=\u00a0\u00bbdefault\u00a0\u00bb global_colors_info=\u00a0\u00bb{}\u00a0\u00bb][et_pb_social_media_follow_network social_network=\u00a0\u00bbfacebook\u00a0\u00bb url=\u00a0\u00bbhttps:\/\/web.facebook.com\/FestivaldeMusicaVisualdeLanzarote\/?_rdc=1&amp;_rdr\u00a0\u00bb icon_color=\u00a0\u00bb#102736&Prime; _builder_version=\u00a0\u00bb4.27.0&Prime; _module_preset=\u00a0\u00bbdefault\u00a0\u00bb background_color=\u00a0\u00bb#FFFFFF\u00a0\u00bb background_enable_color=\u00a0\u00bbon\u00a0\u00bb border_radii=\u00a0\u00bbon|497px|497px|497px|497px\u00a0\u00bb border_width_all=\u00a0\u00bb2px\u00a0\u00bb border_color_all=\u00a0\u00bb#102736&Prime; global_colors_info=\u00a0\u00bb{}\u00a0\u00bb follow_button=\u00a0\u00bboff\u00a0\u00bb url_new_window=\u00a0\u00bbon\u00a0\u00bb]facebook[\/et_pb_social_media_follow_network][et_pb_social_media_follow_network social_network=\u00a0\u00bbinstagram\u00a0\u00bb url=\u00a0\u00bbhttps:\/\/www.instagram.com\/festivalmusicavisuallzt\/\u00a0\u00bb icon_color=\u00a0\u00bb#102736&Prime; _builder_version=\u00a0\u00bb4.27.0&Prime; _module_preset=\u00a0\u00bbdefault\u00a0\u00bb background_color=\u00a0\u00bb#FFFFFF\u00a0\u00bb background_enable_color=\u00a0\u00bbon\u00a0\u00bb border_radii=\u00a0\u00bbon|497px|497px|497px|497px\u00a0\u00bb border_width_all=\u00a0\u00bb2px\u00a0\u00bb border_color_all=\u00a0\u00bb#102736&Prime; global_colors_info=\u00a0\u00bb{}\u00a0\u00bb follow_button=\u00a0\u00bboff\u00a0\u00bb url_new_window=\u00a0\u00bbon\u00a0\u00bb]instagram[\/et_pb_social_media_follow_network][\/et_pb_social_media_follow][\/et_pb_column][et_pb_column type=\u00a0\u00bb1_3&Prime; module_class=\u00a0\u00bbds-vertical-align\u00a0\u00bb _builder_version=\u00a0\u00bb4.27.0&Prime; _module_preset=\u00a0\u00bbdefault\u00a0\u00bb global_colors_info=\u00a0\u00bb{}\u00a0\u00bb][et_pb_icon font_icon=\u00a0\u00bb&#x45;||divi||400&Prime; icon_color=\u00a0\u00bb#102736&Prime; url=\u00a0\u00bb#alonso\u00a0\u00bb align=\u00a0\u00bbright\u00a0\u00bb _builder_version=\u00a0\u00bb4.27.0&Prime; _module_preset=\u00a0\u00bbdefault\u00a0\u00bb position_origin_a=\u00a0\u00bbbottom_right\u00a0\u00bb position_origin_f=\u00a0\u00bbtop_center\u00a0\u00bb position_origin_r=\u00a0\u00bbbottom_right\u00a0\u00bb global_colors_info=\u00a0\u00bb{}\u00a0\u00bb][\/et_pb_icon][\/et_pb_column][\/et_pb_row][\/et_pb_section][et_pb_section fb_built=\u00a0\u00bb1&Prime; admin_label=\u00a0\u00bbPopup &#8211; #alonso\u00a0\u00bb module_id=\u00a0\u00bbalonso\u00a0\u00bb module_class=\u00a0\u00bbpopup single\u00a0\u00bb _builder_version=\u00a0\u00bb4.27.0&Prime; _module_preset=\u00a0\u00bbdefault\u00a0\u00bb width=\u00a0\u00bb65%\u00a0\u00bb width_tablet=\u00a0\u00bb100%\u00a0\u00bb width_phone=\u00a0\u00bb100%\u00a0\u00bb width_last_edited=\u00a0\u00bbon|phone\u00a0\u00bb da_is_popup=\u00a0\u00bbon\u00a0\u00bb da_popup_slug=\u00a0\u00bbalonso\u00a0\u00bb da_is_singular=\u00a0\u00bbon\u00a0\u00bb da_disable_devices=\u00a0\u00bboff|off|off\u00a0\u00bb border_radii=\u00a0\u00bbon|26px|26px|26px|26px\u00a0\u00bb global_colors_info=\u00a0\u00bb{}\u00a0\u00bb da_exit_intent=\u00a0\u00bboff\u00a0\u00bb da_has_close=\u00a0\u00bbon\u00a0\u00bb da_alt_close=\u00a0\u00bboff\u00a0\u00bb da_dark_close=\u00a0\u00bboff\u00a0\u00bb da_not_modal=\u00a0\u00bbon\u00a0\u00bb da_with_loader=\u00a0\u00bboff\u00a0\u00bb da_has_shadow=\u00a0\u00bbon\u00a0\u00bb][et_pb_row column_structure=\u00a0\u00bb3_4,1_4&Prime; use_custom_gutter=\u00a0\u00bbon\u00a0\u00bb gutter_width=\u00a0\u00bb2&Prime; _builder_version=\u00a0\u00bb4.21.0&Prime; _module_preset=\u00a0\u00bbdefault\u00a0\u00bb width=\u00a0\u00bb90%\u00a0\u00bb max_width=\u00a0\u00bb100%\u00a0\u00bb global_colors_info=\u00a0\u00bb{}\u00a0\u00bb][et_pb_column type=\u00a0\u00bb3_4&Prime; _builder_version=\u00a0\u00bb4.21.0&Prime; _module_preset=\u00a0\u00bbdefault\u00a0\u00bb global_colors_info=\u00a0\u00bb{}\u00a0\u00bb][et_pb_image src=\u00a0\u00bbhttps:\/\/festivaldemusicavisualdelanzarote.com\/wp-content\/uploads\/2024\/07\/Hara-Alonso.jpg\u00a0\u00bb title_text=\u00a0\u00bbHara-Alonso\u00a0\u00bb _builder_version=\u00a0\u00bb4.27.0&Prime; _module_preset=\u00a0\u00bbdefault\u00a0\u00bb global_colors_info=\u00a0\u00bb{}\u00a0\u00bb][\/et_pb_image][et_pb_text _builder_version=\u00a0\u00bb4.27.0&Prime; _module_preset=\u00a0\u00bbdefault\u00a0\u00bb text_font=\u00a0\u00bb|300|||||||\u00a0\u00bb text_text_color=\u00a0\u00bb#000000&Prime; text_font_size=\u00a0\u00bb22px\u00a0\u00bb text_letter_spacing=\u00a0\u00bb1px\u00a0\u00bb global_colors_info=\u00a0\u00bb{}\u00a0\u00bb]<\/p>\n<p><strong>10 OCT |<\/strong> 20:00HS<\/p>\n<p>[\/et_pb_text][et_pb_text _builder_version=\u00a0\u00bb4.27.0&Prime; _module_preset=\u00a0\u00bbdefault\u00a0\u00bb text_font=\u00a0\u00bbAlong Black|800||on|||||\u00a0\u00bb text_text_color=\u00a0\u00bb#FFFFFF\u00a0\u00bb text_font_size=\u00a0\u00bb50px\u00a0\u00bb text_letter_spacing=\u00a0\u00bb1px\u00a0\u00bb text_line_height=\u00a0\u00bb1.1em\u00a0\u00bb header_2_font=\u00a0\u00bbAlong Black||||||||\u00a0\u00bb header_2_text_color=\u00a0\u00bb#102736&Prime; header_2_font_size=\u00a0\u00bb50px\u00a0\u00bb custom_margin=\u00a0\u00bb||8px|||\u00a0\u00bb header_2_font_size_tablet=\u00a0\u00bb50px\u00a0\u00bb header_2_font_size_phone=\u00a0\u00bb35px\u00a0\u00bb header_2_font_size_last_edited=\u00a0\u00bbon|phone\u00a0\u00bb global_colors_info=\u00a0\u00bb{}\u00a0\u00bb]<\/p>\n<h2><strong>TOUCH-ME-NOT  <\/strong><\/h2>\n<p>[\/et_pb_text][et_pb_text _builder_version=\u00a0\u00bb4.27.0&Prime; _module_preset=\u00a0\u00bbdefault\u00a0\u00bb text_font=\u00a0\u00bbAlong Black|800||on|||||\u00a0\u00bb text_text_color=\u00a0\u00bb#FFFFFF\u00a0\u00bb text_font_size=\u00a0\u00bb50px\u00a0\u00bb text_letter_spacing=\u00a0\u00bb1px\u00a0\u00bb text_line_height=\u00a0\u00bb1.1em\u00a0\u00bb header_2_font=\u00a0\u00bbAlong Black||||||||\u00a0\u00bb header_2_text_color=\u00a0\u00bb#FFFFFF\u00a0\u00bb header_2_font_size=\u00a0\u00bb50px\u00a0\u00bb header_3_font=\u00a0\u00bbAlong Black||||||||\u00a0\u00bb header_3_text_color=\u00a0\u00bb#102736&Prime; header_3_font_size=\u00a0\u00bb30px\u00a0\u00bb custom_margin=\u00a0\u00bb||2px|||\u00a0\u00bb header_3_font_size_tablet=\u00a0\u00bb30px\u00a0\u00bb header_3_font_size_phone=\u00a0\u00bb20px\u00a0\u00bb header_3_font_size_last_edited=\u00a0\u00bbon|phone\u00a0\u00bb global_colors_info=\u00a0\u00bb{}\u00a0\u00bb]<\/p>\n<h3><strong>(alias Hara Alonso)<\/strong><\/h3>\n<h3><strong>visuels de Miguel G. Morales<\/strong><\/h3>\n<p>[\/et_pb_text][et_pb_text _builder_version=\u00a0\u00bb4.27.0&Prime; _module_preset=\u00a0\u00bbdefault\u00a0\u00bb text_font=\u00a0\u00bbAlong Regular|||on|||||\u00a0\u00bb text_text_color=\u00a0\u00bb#102736&Prime; text_font_size=\u00a0\u00bb22px\u00a0\u00bb text_letter_spacing=\u00a0\u00bb1px\u00a0\u00bb text_line_height=\u00a0\u00bb1.1em\u00a0\u00bb header_2_font=\u00a0\u00bbAlong Black||||||||\u00a0\u00bb header_2_text_color=\u00a0\u00bb#FFFFFF\u00a0\u00bb header_2_font_size=\u00a0\u00bb50px\u00a0\u00bb header_3_font=\u00a0\u00bbAlong Black||||||||\u00a0\u00bb header_3_text_color=\u00a0\u00bb#102736&Prime; header_3_font_size=\u00a0\u00bb30px\u00a0\u00bb custom_margin=\u00a0\u00bb||17px|||\u00a0\u00bb text_font_size_tablet=\u00a0\u00bb22px\u00a0\u00bb text_font_size_phone=\u00a0\u00bb14px\u00a0\u00bb text_font_size_last_edited=\u00a0\u00bbon|phone\u00a0\u00bb header_3_font_size_tablet=\u00a0\u00bb30px\u00a0\u00bb header_3_font_size_phone=\u00a0\u00bb20px\u00a0\u00bb header_3_font_size_last_edited=\u00a0\u00bbon|phone\u00a0\u00bb global_colors_info=\u00a0\u00bb{}\u00a0\u00bb]<\/p>\n<p>[&#8230;] \u00e9lectris\u00e9s par le d\u00e9sir pour qu&rsquo;ils se touchent sans se toucher\u00a0\u00bb.<\/p>\n<p>Anne Carson, La douce-am\u00e8re<\/p>\n<p>[\/et_pb_text][et_pb_text content_tablet=\u00a0\u00bb<\/p>\n<p><img src=%22https:\/\/festivaldemusicavisualdelanzarote.com\/wp-content\/uploads\/2024\/07\/point2-225x300.png%22 width=%2218%22 height=%2224%22 alt=%22%22 class=%22wp-image-6696 alignnone size-medium%22> <img src=%22https:\/\/festivaldemusicavisualdelanzarote.com\/wp-content\/uploads\/2024\/07\/ticket2.png%22 width=%2216%22 height=%2224%22 alt=%22%22 class=%22wp-image-6692 alignnone size-full%22> S<strong>alle Bu\u00f1uel :<\/strong> CIC El Almac\u00e9n 10.00\u20ac.<\/p>\n<p>\u00a0\u00bb content_phone=\u00a0\u00bb<\/p>\n<p><img src=%22https:\/\/festivaldemusicavisualdelanzarote.com\/wp-content\/uploads\/2024\/07\/point2-225x300.png%22 width=%2218%22 height=%2224%22 alt=%22%22 class=%22wp-image-6696 alignnone size-medium%22> <strong>Salle Bu\u00f1uel |<\/strong> CIC El Almac\u00e9n  <\/p>\n<p> <img src=%22https:\/\/festivaldemusicavisualdelanzarote.com\/wp-content\/uploads\/2024\/07\/ticket2.png%22 width=%2216%22 height=%2224%22 alt=%22%22 class=%22wp-image-6692 alignnone size-full%22>  3.00\u20ac<\/p>\n<p>\u00a0\u00bb content_last_edited=\u00a0\u00bboff|desktop\u00a0\u00bb _builder_version=\u00a0\u00bb4.27.0&Prime; _module_preset=\u00a0\u00bbdefault\u00a0\u00bb text_font=\u00a0\u00bb|300|||||||\u00a0\u00bb text_text_color=\u00a0\u00bb#102736&Prime; text_font_size=\u00a0\u00bb20px\u00a0\u00bb text_letter_spacing=\u00a0\u00bb1px\u00a0\u00bb text_font_size_tablet=\u00a0\u00bb20px\u00a0\u00bb text_font_size_phone=\u00a0\u00bb15px\u00a0\u00bb text_font_size_last_edited=\u00a0\u00bbon|phone\u00a0\u00bb global_colors_info=\u00a0\u00bb{}\u00a0\u00bb]<\/p>\n<p><img loading=\"lazy\" decoding=\"async\" src=\"https:\/\/festivaldemusicavisualdelanzarote.com\/wp-content\/uploads\/2024\/07\/point2-225x300.png\" width=\"18\" height=\"24\" alt=\"\" class=\"wp-image-6696 alignnone size-medium\" srcset=\"https:\/\/festivaldemusicavisualdelanzarote.com\/wp-content\/uploads\/2024\/07\/point2-225x300.png 225w, https:\/\/festivaldemusicavisualdelanzarote.com\/wp-content\/uploads\/2024\/07\/point2.png 384w\" sizes=\"(max-width: 18px) 100vw, 18px\" \/>  <strong>Salle Bu\u00f1uel |<\/strong> CIC El Almac\u00e9n  <\/p>\n<p><img loading=\"lazy\" decoding=\"async\" src=\"https:\/\/festivaldemusicavisualdelanzarote.com\/wp-content\/uploads\/2024\/07\/ticket2.png\" width=\"16\" height=\"24\" alt=\"\" class=\"wp-image-6692 alignnone size-full\">  10.00\u20ac<\/p>\n<p>[\/et_pb_text][et_pb_text _builder_version=\u00a0\u00bb4.27.0&Prime; _module_preset=\u00a0\u00bbdefault\u00a0\u00bb text_font=\u00a0\u00bbMontserrat||||||||\u00a0\u00bb text_text_color=\u00a0\u00bb#000000&Prime; global_colors_info=\u00a0\u00bb{}\u00a0\u00bb]<\/p>\n<p><strong><em>toucher<\/em><\/strong><strong><em>-me-not<\/em><\/strong> na\u00eet d&rsquo;une r\u00e9flexion sur la relation entre la peau et ce qui l&rsquo;entoure : une surface, l&rsquo;oc\u00e9an, une fleur s\u00e9ch\u00e9e. En exp\u00e9rimentant le son comme une mati\u00e8re qui impr\u00e8gne le corps sous forme de poids et de texture, la peau devient un transducteur. \u00c0 travers une exp\u00e9rience d&rsquo;\u00e9coute profonde, Hara Alonso pr\u00e9sente au public un collage d&rsquo;enregistrements de terrain, d&rsquo;ASMR, de piano et de synth\u00e9tiseurs nostalgiques, oscillant entre une intimit\u00e9 hypersensible et des couches \u00e9motionnelles denses.  <\/p>\n<p><strong>Hara Alonso<\/strong> est une pianiste, compositrice et artiste sonore bas\u00e9e \u00e0 Stockholm. Son processus de composition est bas\u00e9 sur l&rsquo;exp\u00e9rience corporelle, explorant les pratiques multisensorielles, la m\u00e9moire, l&rsquo;espace et l&rsquo;imagination comme instruments de cr\u00e9ation sonore. Sa musique a \u00e9t\u00e9 pr\u00e9sent\u00e9e dans de nombreux festivals en tant qu&rsquo;ensemble, soliste, installation sonore et musique \u00e9lectroacoustique.  <\/p>\n<p><strong>Miguel G. Morales<\/strong> est un cin\u00e9aste ind\u00e9pendant. Son travail se situe \u00e0 la p\u00e9riph\u00e9rie de la non-fiction, avec un fort caract\u00e8re documentaire, d&rsquo;investigation et d&rsquo;essai. <\/p>\n<p><strong>Hara Alonso<\/strong>: Piano et \u00e9lectronique<\/p>\n<p><strong>Miguel G. Morales<\/strong>: Visuels<\/p>\n<p><strong>Ellen Soderhult :<\/strong> Voix<\/p>\n<p><em><\/em><\/p>\n<p>[\/et_pb_text][et_pb_text _builder_version=\u00a0\u00bb4.27.0&Prime; _module_preset=\u00a0\u00bbdefault\u00a0\u00bb text_font=\u00a0\u00bb&#8211;et_global_body_font||||||||\u00a0\u00bb text_text_color=\u00a0\u00bb#000000&Prime; text_font_size=\u00a0\u00bb16px\u00a0\u00bb global_colors_info=\u00a0\u00bb{}\u00a0\u00bb]<\/p>\n<p><strong>Web<\/strong><\/p>\n<p><span><a href=\"https:\/\/haraalonso.com\/\">https:\/\/haraalonso.com\/<\/a><\/span><\/p>\n<p><strong>Vid\u00e9os<\/strong><\/p>\n<p><span><a href=\"https:\/\/www.youtube.com\/watch?v=mDVLr93p4os\">https:\/\/www.youtube.com\/watch?v=mDVLr93p4os<\/a><\/span><\/p>\n<p><strong>\u00c9couter<\/strong> <em>Hara Alonso<\/em><\/p>\n<p><span><a href=\"https:\/\/open.spotify.com\/artist\/4eQRBa0rDiIn1qsWegcM1i?si=BacaTCH8SWmNnA7LPh5Dvw\">https:\/\/open.spotify.com\/artist\/4eQRBa0rDiIn1qsWegcM1i?si=BacaTCH8SWmNnA7LPh5Dvw<\/a><\/span><\/p>\n<p>[\/et_pb_text][\/et_pb_column][et_pb_column type=\u00a0\u00bb1_4&Prime; _builder_version=\u00a0\u00bb4.21.0&Prime; _module_preset=\u00a0\u00bbdefault\u00a0\u00bb global_colors_info=\u00a0\u00bb{}\u00a0\u00bb][et_pb_image src=\u00a0\u00bbhttps:\/\/festivaldemusicavisualdelanzarote.com\/wp-content\/uploads\/2024\/07\/logo-vertical.png\u00a0\u00bb title_text=\u00a0\u00bblogo vertical\u00a0\u00bb disabled_on=\u00a0\u00bbon|on|off\u00a0\u00bb _builder_version=\u00a0\u00bb4.27.0&Prime; _module_preset=\u00a0\u00bbdefault\u00a0\u00bb width=\u00a0\u00bb46%\u00a0\u00bb width_tablet=\u00a0\u00bb\u00a0\u00bb width_phone=\u00a0\u00bb40%\u00a0\u00bb width_last_edited=\u00a0\u00bbon|phone\u00a0\u00bb module_alignment=\u00a0\u00bbright\u00a0\u00bb global_colors_info=\u00a0\u00bb{}\u00a0\u00bb][\/et_pb_image][\/et_pb_column][\/et_pb_row][et_pb_row column_structure=\u00a0\u00bb1_3,1_3,1_3&Prime; use_custom_gutter=\u00a0\u00bbon\u00a0\u00bb gutter_width=\u00a0\u00bb2&Prime; make_equal=\u00a0\u00bbon\u00a0\u00bb _builder_version=\u00a0\u00bb4.27.0&Prime; _module_preset=\u00a0\u00bbdefault\u00a0\u00bb width=\u00a0\u00bb90%\u00a0\u00bb max_width=\u00a0\u00bb100%\u00a0\u00bb global_colors_info=\u00a0\u00bb{}\u00a0\u00bb][et_pb_column type=\u00a0\u00bb1_3&Prime; module_class=\u00a0\u00bbds-vertical-align\u00a0\u00bb _builder_version=\u00a0\u00bb4.27.0&Prime; _module_preset=\u00a0\u00bbdefault\u00a0\u00bb global_colors_info=\u00a0\u00bb{}\u00a0\u00bb][et_pb_button button_url=\u00a0\u00bbhttps:\/\/culturalanzarote.sacatuentrada.es\/es\/entradas\/touch-me-not-aka-hara-alonso-\/2024-10-10&Prime; url_new_window=\u00a0\u00bbon\u00a0\u00bb button_text=\u00a0\u00bbACHETER UN BILLET\u00a0\u00bb _builder_version=\u00a0\u00bb4.27.0&Prime; _module_preset=\u00a0\u00bbdefault\u00a0\u00bb custom_button=\u00a0\u00bbon\u00a0\u00bb button_text_size=\u00a0\u00bb16px\u00a0\u00bb button_text_color=\u00a0\u00bb#FFFFFF\u00a0\u00bb button_bg_color=\u00a0\u00bb#102736&Prime; button_border_width=\u00a0\u00bb0px\u00a0\u00bb button_border_radius=\u00a0\u00bb0px\u00a0\u00bb button_letter_spacing=\u00a0\u00bb1px\u00a0\u00bb button_font=\u00a0\u00bb|700|||||||\u00a0\u00bb global_colors_info=\u00a0\u00bb{}\u00a0\u00bb][\/et_pb_button][\/et_pb_column][et_pb_column type=\u00a0\u00bb1_3&Prime; module_class=\u00a0\u00bbds-vertical-align\u00a0\u00bb _builder_version=\u00a0\u00bb4.27.0&Prime; _module_preset=\u00a0\u00bbdefault\u00a0\u00bb global_colors_info=\u00a0\u00bb{}\u00a0\u00bb][et_pb_social_media_follow icon_color=\u00a0\u00bb#102736&Prime; use_icon_font_size=\u00a0\u00bbon\u00a0\u00bb icon_font_size=\u00a0\u00bb14px\u00a0\u00bb _builder_version=\u00a0\u00bb4.27.0&Prime; _module_preset=\u00a0\u00bbdefault\u00a0\u00bb global_colors_info=\u00a0\u00bb{}\u00a0\u00bb][et_pb_social_media_follow_network social_network=\u00a0\u00bbfacebook\u00a0\u00bb url=\u00a0\u00bbhttps:\/\/web.facebook.com\/FestivaldeMusicaVisualdeLanzarote\/?_rdc=1&amp;_rdr\u00a0\u00bb icon_color=\u00a0\u00bb#102736&Prime; _builder_version=\u00a0\u00bb4.27.0&Prime; _module_preset=\u00a0\u00bbdefault\u00a0\u00bb background_color=\u00a0\u00bb#FFFFFF\u00a0\u00bb background_enable_color=\u00a0\u00bbon\u00a0\u00bb border_radii=\u00a0\u00bbon|497px|497px|497px|497px\u00a0\u00bb border_width_all=\u00a0\u00bb2px\u00a0\u00bb border_color_all=\u00a0\u00bb#102736&Prime; global_colors_info=\u00a0\u00bb{}\u00a0\u00bb follow_button=\u00a0\u00bboff\u00a0\u00bb url_new_window=\u00a0\u00bbon\u00a0\u00bb]facebook[\/et_pb_social_media_follow_network][et_pb_social_media_follow_network social_network=\u00a0\u00bbinstagram\u00a0\u00bb url=\u00a0\u00bbhttps:\/\/www.instagram.com\/festivalmusicavisuallzt\/\u00a0\u00bb icon_color=\u00a0\u00bb#102736&Prime; _builder_version=\u00a0\u00bb4.27.0&Prime; _module_preset=\u00a0\u00bbdefault\u00a0\u00bb background_color=\u00a0\u00bb#FFFFFF\u00a0\u00bb background_enable_color=\u00a0\u00bbon\u00a0\u00bb border_radii=\u00a0\u00bbon|497px|497px|497px|497px\u00a0\u00bb border_width_all=\u00a0\u00bb2px\u00a0\u00bb border_color_all=\u00a0\u00bb#102736&Prime; global_colors_info=\u00a0\u00bb{}\u00a0\u00bb follow_button=\u00a0\u00bboff\u00a0\u00bb url_new_window=\u00a0\u00bbon\u00a0\u00bb]instagram[\/et_pb_social_media_follow_network][\/et_pb_social_media_follow][\/et_pb_column][et_pb_column type=\u00a0\u00bb1_3&Prime; module_class=\u00a0\u00bbds-vertical-align\u00a0\u00bb _builder_version=\u00a0\u00bb4.27.0&Prime; _module_preset=\u00a0\u00bbdefault\u00a0\u00bb global_colors_info=\u00a0\u00bb{}\u00a0\u00bb][et_pb_icon font_icon=\u00a0\u00bb&#x45;||divi||400&Prime; icon_color=\u00a0\u00bb#102736&Prime; url=\u00a0\u00bb#mario\u00a0\u00bb align=\u00a0\u00bbright\u00a0\u00bb _builder_version=\u00a0\u00bb4.27.0&Prime; _module_preset=\u00a0\u00bbdefault\u00a0\u00bb position_origin_a=\u00a0\u00bbbottom_right\u00a0\u00bb position_origin_f=\u00a0\u00bbtop_center\u00a0\u00bb position_origin_r=\u00a0\u00bbbottom_right\u00a0\u00bb global_colors_info=\u00a0\u00bb{}\u00a0\u00bb][\/et_pb_icon][\/et_pb_column][\/et_pb_row][\/et_pb_section][et_pb_section fb_built=\u00a0\u00bb1&Prime; admin_label=\u00a0\u00bbPopup &#8211; #mario\u00a0\u00bb module_id=\u00a0\u00bbmario\u00a0\u00bb module_class=\u00a0\u00bbpopup single\u00a0\u00bb _builder_version=\u00a0\u00bb4.27.0&Prime; _module_preset=\u00a0\u00bbdefault\u00a0\u00bb width=\u00a0\u00bb65%\u00a0\u00bb width_tablet=\u00a0\u00bb100%\u00a0\u00bb width_phone=\u00a0\u00bb100%\u00a0\u00bb width_last_edited=\u00a0\u00bbon|phone\u00a0\u00bb da_is_popup=\u00a0\u00bbon\u00a0\u00bb da_popup_slug=\u00a0\u00bbmario\u00a0\u00bb da_is_singular=\u00a0\u00bbon\u00a0\u00bb da_disable_devices=\u00a0\u00bboff|off|off\u00a0\u00bb border_radii=\u00a0\u00bbon|26px|26px|26px|26px\u00a0\u00bb global_colors_info=\u00a0\u00bb{}\u00a0\u00bb da_exit_intent=\u00a0\u00bboff\u00a0\u00bb da_has_close=\u00a0\u00bbon\u00a0\u00bb da_alt_close=\u00a0\u00bboff\u00a0\u00bb da_dark_close=\u00a0\u00bboff\u00a0\u00bb da_not_modal=\u00a0\u00bbon\u00a0\u00bb da_with_loader=\u00a0\u00bboff\u00a0\u00bb da_has_shadow=\u00a0\u00bbon\u00a0\u00bb][et_pb_row column_structure=\u00a0\u00bb3_4,1_4&Prime; use_custom_gutter=\u00a0\u00bbon\u00a0\u00bb gutter_width=\u00a0\u00bb2&Prime; _builder_version=\u00a0\u00bb4.21.0&Prime; _module_preset=\u00a0\u00bbdefault\u00a0\u00bb width=\u00a0\u00bb90%\u00a0\u00bb max_width=\u00a0\u00bb100%\u00a0\u00bb global_colors_info=\u00a0\u00bb{}\u00a0\u00bb][et_pb_column type=\u00a0\u00bb3_4&Prime; _builder_version=\u00a0\u00bb4.21.0&Prime; _module_preset=\u00a0\u00bbdefault\u00a0\u00bb global_colors_info=\u00a0\u00bb{}\u00a0\u00bb][et_pb_image src=\u00a0\u00bbhttps:\/\/festivaldemusicavisualdelanzarote.com\/wp-content\/uploads\/2024\/07\/mario-1.jpg\u00a0\u00bb title_text=\u00a0\u00bbmario\u00a0\u00bb _builder_version=\u00a0\u00bb4.27.0&Prime; _module_preset=\u00a0\u00bbdefault\u00a0\u00bb global_colors_info=\u00a0\u00bb{}\u00a0\u00bb][\/et_pb_image][et_pb_text _builder_version=\u00a0\u00bb4.27.0&Prime; _module_preset=\u00a0\u00bbdefault\u00a0\u00bb text_font=\u00a0\u00bb|300|||||||\u00a0\u00bb text_text_color=\u00a0\u00bb#000000&Prime; text_font_size=\u00a0\u00bb22px\u00a0\u00bb text_letter_spacing=\u00a0\u00bb1px\u00a0\u00bb global_colors_info=\u00a0\u00bb{}\u00a0\u00bb]<\/p>\n<p><strong>12 OCT |<\/strong> 20:00HS<\/p>\n<p>[\/et_pb_text][et_pb_text _builder_version=\u00a0\u00bb4.27.0&Prime; _module_preset=\u00a0\u00bbdefault\u00a0\u00bb text_font=\u00a0\u00bbAlong Black|800||on|||||\u00a0\u00bb text_text_color=\u00a0\u00bb#FFFFFF\u00a0\u00bb text_font_size=\u00a0\u00bb50px\u00a0\u00bb text_letter_spacing=\u00a0\u00bb1px\u00a0\u00bb text_line_height=\u00a0\u00bb1.1em\u00a0\u00bb header_2_font=\u00a0\u00bbAlong Black||||||||\u00a0\u00bb header_2_text_color=\u00a0\u00bb#102736&Prime; header_2_font_size=\u00a0\u00bb50px\u00a0\u00bb custom_margin=\u00a0\u00bb||8px|||\u00a0\u00bb header_2_font_size_tablet=\u00a0\u00bb50px\u00a0\u00bb header_2_font_size_phone=\u00a0\u00bb35px\u00a0\u00bb header_2_font_size_last_edited=\u00a0\u00bbon|phone\u00a0\u00bb global_colors_info=\u00a0\u00bb{}\u00a0\u00bb]<\/p>\n<h2><strong>MARIO BATKOVIC<\/strong><\/h2>\n<p>[\/et_pb_text][et_pb_text _builder_version=\u00a0\u00bb4.27.0&Prime; _module_preset=\u00a0\u00bbdefault\u00a0\u00bb text_font=\u00a0\u00bbAlong Black|800||on|||||\u00a0\u00bb text_text_color=\u00a0\u00bb#FFFFFF\u00a0\u00bb text_font_size=\u00a0\u00bb50px\u00a0\u00bb text_letter_spacing=\u00a0\u00bb1px\u00a0\u00bb text_line_height=\u00a0\u00bb1.1em\u00a0\u00bb header_2_font=\u00a0\u00bbAlong Black||||||||\u00a0\u00bb header_2_text_color=\u00a0\u00bb#FFFFFF\u00a0\u00bb header_2_font_size=\u00a0\u00bb50px\u00a0\u00bb header_3_font=\u00a0\u00bbAlong Black||||||||\u00a0\u00bb header_3_text_color=\u00a0\u00bb#102736&Prime; header_3_font_size=\u00a0\u00bb30px\u00a0\u00bb custom_margin=\u00a0\u00bb||2px|||\u00a0\u00bb header_3_font_size_tablet=\u00a0\u00bb30px\u00a0\u00bb header_3_font_size_phone=\u00a0\u00bb20px\u00a0\u00bb header_3_font_size_last_edited=\u00a0\u00bbon|phone\u00a0\u00bb global_colors_info=\u00a0\u00bb{}\u00a0\u00bb]<\/p>\n<h3>seulement<\/h3>\n<p>[\/et_pb_text][et_pb_text content_tablet=\u00a0\u00bb<\/p>\n<p><img src=%22https:\/\/festivaldemusicavisualdelanzarote.com\/wp-content\/uploads\/2024\/07\/point2-225x300.png%22 width=%2218%22 height=%2224%22 alt=%22%22 class=%22wp-image-6696 alignnone size-medium%22> <img src=%22https:\/\/festivaldemusicavisualdelanzarote.com\/wp-content\/uploads\/2024\/07\/ticket2.png%22 width=%2216%22 height=%2224%22 alt=%22%22 class=%22wp-image-6692 alignnone size-full%22> S<strong>alle Bu\u00f1uel :<\/strong> CIC El Almac\u00e9n 10.00\u20ac.<\/p>\n<p>\u00a0\u00bb content_phone=\u00a0\u00bb<\/p>\n<p><img src=%22https:\/\/festivaldemusicavisualdelanzarote.com\/wp-content\/uploads\/2024\/07\/point2-225x300.png%22 width=%2218%22 height=%2224%22 alt=%22%22 class=%22wp-image-6696 alignnone size-medium%22> <strong>Salle Bu\u00f1uel |<\/strong> CIC El Almac\u00e9n  <\/p>\n<p> <img src=%22https:\/\/festivaldemusicavisualdelanzarote.com\/wp-content\/uploads\/2024\/07\/ticket2.png%22 width=%2216%22 height=%2224%22 alt=%22%22 class=%22wp-image-6692 alignnone size-full%22>  3.00\u20ac<\/p>\n<p>\u00a0\u00bb content_last_edited=\u00a0\u00bboff|desktop\u00a0\u00bb _builder_version=\u00a0\u00bb4.27.0&Prime; _module_preset=\u00a0\u00bbdefault\u00a0\u00bb text_font=\u00a0\u00bb|300|||||||\u00a0\u00bb text_text_color=\u00a0\u00bb#102736&Prime; text_font_size=\u00a0\u00bb20px\u00a0\u00bb text_letter_spacing=\u00a0\u00bb1px\u00a0\u00bb text_font_size_tablet=\u00a0\u00bb20px\u00a0\u00bb text_font_size_phone=\u00a0\u00bb15px\u00a0\u00bb text_font_size_last_edited=\u00a0\u00bbon|phone\u00a0\u00bb global_colors_info=\u00a0\u00bb{}\u00a0\u00bb]<\/p>\n<p><img loading=\"lazy\" decoding=\"async\" src=\"https:\/\/festivaldemusicavisualdelanzarote.com\/wp-content\/uploads\/2024\/07\/point2-225x300.png\" width=\"18\" height=\"24\" alt=\"\" class=\"wp-image-6696 alignnone size-medium\" srcset=\"https:\/\/festivaldemusicavisualdelanzarote.com\/wp-content\/uploads\/2024\/07\/point2-225x300.png 225w, https:\/\/festivaldemusicavisualdelanzarote.com\/wp-content\/uploads\/2024\/07\/point2.png 384w\" sizes=\"(max-width: 18px) 100vw, 18px\" \/>  Auditorium de Cueva de los Verdes  <\/p>\n<p><img loading=\"lazy\" decoding=\"async\" src=\"https:\/\/festivaldemusicavisualdelanzarote.com\/wp-content\/uploads\/2024\/07\/ticket2.png\" width=\"16\" height=\"24\" alt=\"\" class=\"wp-image-6692 alignnone size-full\">  15.00\u20ac<\/p>\n<p>[\/et_pb_text][et_pb_text _builder_version=\u00a0\u00bb4.27.0&Prime; _module_preset=\u00a0\u00bbdefault\u00a0\u00bb text_font=\u00a0\u00bbMontserrat||||||||\u00a0\u00bb text_text_color=\u00a0\u00bb#000000&Prime; global_colors_info=\u00a0\u00bb{}\u00a0\u00bb]<\/p>\n<p>M\u00ealant sonorit\u00e9s classiques et contemporaines, le compositeur Mario Batkovic cherche \u00e0 explorer les possibilit\u00e9s sonores de l&rsquo;accord\u00e9on, sans effets ni boucles, \u00e0 travers une relation symbiotique mutualiste entre l&rsquo;homme et l&rsquo;instrument. D\u00e9fiant, hypnotique et grandiose ; la vision symphonique de Batkovic est unique et a \u00e9t\u00e9 largement salu\u00e9e par la critique, notamment par le magazine Rolling Stone, qui a inclus son premier album \u00e9ponyme dans le Top 10 des meilleurs albums Vanguard de 2017. <\/p>\n<p>Batkovic est un esth\u00e8te, comme en t\u00e9moigne la qualit\u00e9 de son \u00e9criture et de ses arrangements. D\u00e9fiante, exp\u00e9rimentale et toujours envo\u00fbtante, sa musique transcende les fronti\u00e8res conventionnelles. En tant que compositeur, producteur et interpr\u00e8te, il combine diverses disciplines musicales, amenant l&rsquo;accord\u00e9on \u00e0 de nouveaux niveaux.  <\/p>\n<p>Leur dernier album, \u00ab\u00a0INTROSPECTIO\u00a0\u00bb, est une remise en question de la soci\u00e9t\u00e9 et de la signification du son, qui emm\u00e8ne l&rsquo;auditeur dans un voyage \u00e0 travers des univers sonores infinis. Il comprend des collaborations avec le magicien de l&rsquo;\u00e9lectronique James Holden et l&rsquo;ancien membre de BEAK&gt; Matthew Williams aka MXLX, ainsi qu&rsquo;avec le batteur Clive Deamer (Radiohead\/Portishead\/Robert Plant\/Roni Size), le saxophoniste Colin Stetson et le ch\u0153ur de concert Cantus Domus. <\/p>\n<p>Batkovic a fait le tour du monde et s&rsquo;est produit dans des festivals et des salles tels que Bushfire (Afrique du Sud), Supersonic (Royaume-Uni), Le Guess Who (Pays-Bas), Montreux Jazz Festival (Suisse), Elbphilharmonie Hamburg, Fondation Cartier (Paris) et Berghain (Berlin). Il a contribu\u00e9 \u00e0 la composition de films et de jeux vid\u00e9o tels que Die Schwalbe (2016), Neighbours (2021) et Red Dead Redemption II (2018). <\/p>\n<p>&nbsp;<\/p>\n<p>Mario Batkovic : Accord\u00e9on  <\/p>\n<p>Ildefonso Aguilar : <em>Visuels <\/em> <\/p>\n<p><em><\/em><\/p>\n<p>[\/et_pb_text][et_pb_text _builder_version=\u00a0\u00bb4.27.0&Prime; _module_preset=\u00a0\u00bbdefault\u00a0\u00bb text_font=\u00a0\u00bb&#8211;et_global_body_font||||||||\u00a0\u00bb text_text_color=\u00a0\u00bb#000000&Prime; text_font_size=\u00a0\u00bb16px\u00a0\u00bb global_colors_info=\u00a0\u00bb{}\u00a0\u00bb]<\/p>\n<p><strong>Web<\/strong><\/p>\n<p><span><a href=\"https:\/\/www.batkovic.com\/\">https:\/\/www.batkovic.com\/<\/a><\/span><\/p>\n<p><strong>Vid\u00e9o<\/strong><\/p>\n<p><span><a href=\"https:\/\/www.youtube.com\/watch?v=lDJ6tBkvbh4\">https:\/\/www.youtube.com\/watch?v=lDJ6tBkvbh4<\/a><\/span><\/p>\n<p><strong>\u00c9coutez <em>Mario Batkovic<\/em><\/strong><\/p>\n<p><span><a href=\"https:\/\/open.spotify.com\/album\/0ZksCv8u4BDFRzKCRyIa3U?si=xiQKbAGSRrOWc8QuRt8V9Q\">https:\/\/open.spotify.com\/album\/0ZksCv8u4BDFRzKCRyIa3U?si=xiQKbAGSRrOWc8QuRt8V9Q<\/a><\/span><\/p>\n<p>[\/et_pb_text][\/et_pb_column][et_pb_column type=\u00a0\u00bb1_4&Prime; _builder_version=\u00a0\u00bb4.21.0&Prime; _module_preset=\u00a0\u00bbdefault\u00a0\u00bb global_colors_info=\u00a0\u00bb{}\u00a0\u00bb][et_pb_image src=\u00a0\u00bbhttps:\/\/festivaldemusicavisualdelanzarote.com\/wp-content\/uploads\/2024\/07\/logo-vertical.png\u00a0\u00bb title_text=\u00a0\u00bblogo vertical\u00a0\u00bb disabled_on=\u00a0\u00bbon|on|off\u00a0\u00bb _builder_version=\u00a0\u00bb4.27.0&Prime; _module_preset=\u00a0\u00bbdefault\u00a0\u00bb width=\u00a0\u00bb46%\u00a0\u00bb width_tablet=\u00a0\u00bb\u00a0\u00bb width_phone=\u00a0\u00bb40%\u00a0\u00bb width_last_edited=\u00a0\u00bbon|phone\u00a0\u00bb module_alignment=\u00a0\u00bbright\u00a0\u00bb global_colors_info=\u00a0\u00bb{}\u00a0\u00bb][\/et_pb_image][\/et_pb_column][\/et_pb_row][et_pb_row column_structure=\u00a0\u00bb1_3,1_3,1_3&Prime; use_custom_gutter=\u00a0\u00bbon\u00a0\u00bb gutter_width=\u00a0\u00bb2&Prime; make_equal=\u00a0\u00bbon\u00a0\u00bb _builder_version=\u00a0\u00bb4.27.0&Prime; _module_preset=\u00a0\u00bbdefault\u00a0\u00bb width=\u00a0\u00bb90%\u00a0\u00bb max_width=\u00a0\u00bb100%\u00a0\u00bb global_colors_info=\u00a0\u00bb{}\u00a0\u00bb][et_pb_column type=\u00a0\u00bb1_3&Prime; module_class=\u00a0\u00bbds-vertical-align\u00a0\u00bb _builder_version=\u00a0\u00bb4.27.0&Prime; _module_preset=\u00a0\u00bbdefault\u00a0\u00bb global_colors_info=\u00a0\u00bb{}\u00a0\u00bb][et_pb_button button_url=\u00a0\u00bbhttps:\/\/culturalanzarote.sacatuentrada.es\/es\/entradas\/mario-batkovic-solo\/2024-10-12&Prime; url_new_window=\u00a0\u00bbon\u00a0\u00bb button_text=\u00a0\u00bbACHETER UN BILLET\u00a0\u00bb _builder_version=\u00a0\u00bb4.27.0&Prime; _module_preset=\u00a0\u00bbdefault\u00a0\u00bb custom_button=\u00a0\u00bbon\u00a0\u00bb button_text_size=\u00a0\u00bb16px\u00a0\u00bb button_text_color=\u00a0\u00bb#FFFFFF\u00a0\u00bb button_bg_color=\u00a0\u00bb#102736&Prime; button_border_width=\u00a0\u00bb0px\u00a0\u00bb button_border_radius=\u00a0\u00bb0px\u00a0\u00bb button_letter_spacing=\u00a0\u00bb1px\u00a0\u00bb button_font=\u00a0\u00bb|700|||||||\u00a0\u00bb global_colors_info=\u00a0\u00bb{}\u00a0\u00bb][\/et_pb_button][\/et_pb_column][et_pb_column type=\u00a0\u00bb1_3&Prime; module_class=\u00a0\u00bbds-vertical-align\u00a0\u00bb _builder_version=\u00a0\u00bb4.27.0&Prime; _module_preset=\u00a0\u00bbdefault\u00a0\u00bb global_colors_info=\u00a0\u00bb{}\u00a0\u00bb][et_pb_social_media_follow icon_color=\u00a0\u00bb#102736&Prime; use_icon_font_size=\u00a0\u00bbon\u00a0\u00bb icon_font_size=\u00a0\u00bb14px\u00a0\u00bb _builder_version=\u00a0\u00bb4.27.0&Prime; _module_preset=\u00a0\u00bbdefault\u00a0\u00bb global_colors_info=\u00a0\u00bb{}\u00a0\u00bb][et_pb_social_media_follow_network social_network=\u00a0\u00bbfacebook\u00a0\u00bb url=\u00a0\u00bbhttps:\/\/web.facebook.com\/FestivaldeMusicaVisualdeLanzarote\/?_rdc=1&amp;_rdr\u00a0\u00bb icon_color=\u00a0\u00bb#102736&Prime; _builder_version=\u00a0\u00bb4.27.0&Prime; _module_preset=\u00a0\u00bbdefault\u00a0\u00bb background_color=\u00a0\u00bb#FFFFFF\u00a0\u00bb background_enable_color=\u00a0\u00bbon\u00a0\u00bb border_radii=\u00a0\u00bbon|497px|497px|497px|497px\u00a0\u00bb border_width_all=\u00a0\u00bb2px\u00a0\u00bb border_color_all=\u00a0\u00bb#102736&Prime; global_colors_info=\u00a0\u00bb{}\u00a0\u00bb follow_button=\u00a0\u00bboff\u00a0\u00bb url_new_window=\u00a0\u00bbon\u00a0\u00bb]facebook[\/et_pb_social_media_follow_network][et_pb_social_media_follow_network social_network=\u00a0\u00bbinstagram\u00a0\u00bb url=\u00a0\u00bbhttps:\/\/www.instagram.com\/festivalmusicavisuallzt\/\u00a0\u00bb icon_color=\u00a0\u00bb#102736&Prime; _builder_version=\u00a0\u00bb4.27.0&Prime; _module_preset=\u00a0\u00bbdefault\u00a0\u00bb background_color=\u00a0\u00bb#FFFFFF\u00a0\u00bb background_enable_color=\u00a0\u00bbon\u00a0\u00bb border_radii=\u00a0\u00bbon|497px|497px|497px|497px\u00a0\u00bb border_width_all=\u00a0\u00bb2px\u00a0\u00bb border_color_all=\u00a0\u00bb#102736&Prime; global_colors_info=\u00a0\u00bb{}\u00a0\u00bb follow_button=\u00a0\u00bboff\u00a0\u00bb url_new_window=\u00a0\u00bbon\u00a0\u00bb]instagram[\/et_pb_social_media_follow_network][\/et_pb_social_media_follow][\/et_pb_column][et_pb_column type=\u00a0\u00bb1_3&Prime; module_class=\u00a0\u00bbds-vertical-align\u00a0\u00bb _builder_version=\u00a0\u00bb4.27.0&Prime; _module_preset=\u00a0\u00bbdefault\u00a0\u00bb global_colors_info=\u00a0\u00bb{}\u00a0\u00bb][et_pb_icon font_icon=\u00a0\u00bb&#x45;||divi||400&Prime; icon_color=\u00a0\u00bb#102736&Prime; url=\u00a0\u00bb#neo\u00a0\u00bb align=\u00a0\u00bbright\u00a0\u00bb _builder_version=\u00a0\u00bb4.27.0&Prime; _module_preset=\u00a0\u00bbdefault\u00a0\u00bb position_origin_a=\u00a0\u00bbbottom_right\u00a0\u00bb position_origin_f=\u00a0\u00bbtop_center\u00a0\u00bb position_origin_r=\u00a0\u00bbbottom_right\u00a0\u00bb global_colors_info=\u00a0\u00bb{}\u00a0\u00bb][\/et_pb_icon][\/et_pb_column][\/et_pb_row][\/et_pb_section][et_pb_section fb_built=\u00a0\u00bb1&Prime; admin_label=\u00a0\u00bbPopup &#8211; #neo\u00a0\u00bb module_id=\u00a0\u00bbn\u00e9o\u00a0\u00bb module_class=\u00a0\u00bbpopup single\u00a0\u00bb _builder_version=\u00a0\u00bb4.27.0&Prime; _module_preset=\u00a0\u00bbdefault\u00a0\u00bb width=\u00a0\u00bb65%\u00a0\u00bb width_tablet=\u00a0\u00bb100%\u00a0\u00bb width_phone=\u00a0\u00bb100%\u00a0\u00bb width_last_edited=\u00a0\u00bbon|phone\u00a0\u00bb da_is_popup=\u00a0\u00bbon\u00a0\u00bb da_popup_slug=\u00a0\u00bbneo\u00a0\u00bb da_is_singular=\u00a0\u00bbon\u00a0\u00bb da_disable_devices=\u00a0\u00bboff|off|off\u00a0\u00bb border_radii=\u00a0\u00bbon|26px|26px|26px|26px\u00a0\u00bb global_colors_info=\u00a0\u00bb{}\u00a0\u00bb da_exit_intent=\u00a0\u00bboff\u00a0\u00bb da_has_close=\u00a0\u00bbon\u00a0\u00bb da_alt_close=\u00a0\u00bboff\u00a0\u00bb da_dark_close=\u00a0\u00bboff\u00a0\u00bb da_not_modal=\u00a0\u00bbon\u00a0\u00bb da_with_loader=\u00a0\u00bboff\u00a0\u00bb da_has_shadow=\u00a0\u00bbon\u00a0\u00bb][et_pb_row column_structure=\u00a0\u00bb3_4,1_4&Prime; use_custom_gutter=\u00a0\u00bbon\u00a0\u00bb gutter_width=\u00a0\u00bb2&Prime; _builder_version=\u00a0\u00bb4.21.0&Prime; _module_preset=\u00a0\u00bbdefault\u00a0\u00bb width=\u00a0\u00bb90%\u00a0\u00bb max_width=\u00a0\u00bb100%\u00a0\u00bb global_colors_info=\u00a0\u00bb{}\u00a0\u00bb][et_pb_column type=\u00a0\u00bb3_4&Prime; _builder_version=\u00a0\u00bb4.21.0&Prime; _module_preset=\u00a0\u00bbdefault\u00a0\u00bb global_colors_info=\u00a0\u00bb{}\u00a0\u00bb][et_pb_image src=\u00a0\u00bbhttps:\/\/festivaldemusicavisualdelanzarote.com\/wp-content\/uploads\/2024\/07\/neo.jpg\u00a0\u00bb title_text=\u00a0\u00bbn\u00e9o\u00a0\u00bb _builder_version=\u00a0\u00bb4.27.0&Prime; _module_preset=\u00a0\u00bbdefault\u00a0\u00bb global_colors_info=\u00a0\u00bb{}\u00a0\u00bb][\/et_pb_image][et_pb_text _builder_version=\u00a0\u00bb4.27.0&Prime; _module_preset=\u00a0\u00bbdefault\u00a0\u00bb text_font=\u00a0\u00bb|300|||||||\u00a0\u00bb text_text_color=\u00a0\u00bb#000000&Prime; text_font_size=\u00a0\u00bb22px\u00a0\u00bb text_letter_spacing=\u00a0\u00bb1px\u00a0\u00bb global_colors_info=\u00a0\u00bb{}\u00a0\u00bb]<\/p>\n<p><strong>15 OCT |<\/strong> 20:00HS <strong>CIN\u00c9MA<\/strong><\/p>\n<p>[\/et_pb_text][et_pb_text _builder_version=\u00a0\u00bb4.27.0&Prime; _module_preset=\u00a0\u00bbdefault\u00a0\u00bb text_font=\u00a0\u00bbAlong Black|800||on|||||\u00a0\u00bb text_text_color=\u00a0\u00bb#FFFFFF\u00a0\u00bb text_font_size=\u00a0\u00bb50px\u00a0\u00bb text_letter_spacing=\u00a0\u00bb1px\u00a0\u00bb text_line_height=\u00a0\u00bb1.1em\u00a0\u00bb header_2_font=\u00a0\u00bbAlong Black||||||||\u00a0\u00bb header_2_text_color=\u00a0\u00bb#102736&Prime; header_2_font_size=\u00a0\u00bb50px\u00a0\u00bb custom_margin=\u00a0\u00bb||8px|||\u00a0\u00bb header_2_font_size_tablet=\u00a0\u00bb50px\u00a0\u00bb header_2_font_size_phone=\u00a0\u00bb35px\u00a0\u00bb header_2_font_size_last_edited=\u00a0\u00bbon|phone\u00a0\u00bb global_colors_info=\u00a0\u00bb{}\u00a0\u00bb]<\/p>\n<h2><strong>RY\u016aICHI SAKAMOTO<\/strong><\/h2>\n<p>[\/et_pb_text][et_pb_text _builder_version=\u00a0\u00bb4.27.0&Prime; _module_preset=\u00a0\u00bbdefault\u00a0\u00bb text_font=\u00a0\u00bbAlong Black|800||on|||||\u00a0\u00bb text_text_color=\u00a0\u00bb#FFFFFF\u00a0\u00bb text_font_size=\u00a0\u00bb50px\u00a0\u00bb text_letter_spacing=\u00a0\u00bb1px\u00a0\u00bb text_line_height=\u00a0\u00bb1.1em\u00a0\u00bb header_2_font=\u00a0\u00bbAlong Black||||||||\u00a0\u00bb header_2_text_color=\u00a0\u00bb#FFFFFF\u00a0\u00bb header_2_font_size=\u00a0\u00bb50px\u00a0\u00bb header_3_font=\u00a0\u00bbAlong Black||||||||\u00a0\u00bb header_3_text_color=\u00a0\u00bb#102736&Prime; header_3_font_size=\u00a0\u00bb30px\u00a0\u00bb custom_margin=\u00a0\u00bb||2px|||\u00a0\u00bb header_3_font_size_tablet=\u00a0\u00bb30px\u00a0\u00bb header_3_font_size_phone=\u00a0\u00bb20px\u00a0\u00bb header_3_font_size_last_edited=\u00a0\u00bbon|phone\u00a0\u00bb global_colors_info=\u00a0\u00bb{}\u00a0\u00bb]<\/p>\n<h3>OPUS, PAR NEO SORA<\/h3>\n<p>[\/et_pb_text][et_pb_text _builder_version=\u00a0\u00bb4.27.0&Prime; _module_preset=\u00a0\u00bbdefault\u00a0\u00bb text_font=\u00a0\u00bbAlong Regular|||on|||||\u00a0\u00bb text_text_color=\u00a0\u00bb#102736&Prime; text_font_size=\u00a0\u00bb22px\u00a0\u00bb text_letter_spacing=\u00a0\u00bb1px\u00a0\u00bb text_line_height=\u00a0\u00bb1.1em\u00a0\u00bb header_2_font=\u00a0\u00bbAlong Black||||||||\u00a0\u00bb header_2_text_color=\u00a0\u00bb#FFFFFF\u00a0\u00bb header_2_font_size=\u00a0\u00bb50px\u00a0\u00bb header_3_font=\u00a0\u00bbAlong Black||||||||\u00a0\u00bb header_3_text_color=\u00a0\u00bb#102736&Prime; header_3_font_size=\u00a0\u00bb30px\u00a0\u00bb custom_margin=\u00a0\u00bb||17px|||\u00a0\u00bb text_font_size_tablet=\u00a0\u00bb22px\u00a0\u00bb text_font_size_phone=\u00a0\u00bb14px\u00a0\u00bb text_font_size_last_edited=\u00a0\u00bbon|phone\u00a0\u00bb header_3_font_size_tablet=\u00a0\u00bb30px\u00a0\u00bb header_3_font_size_phone=\u00a0\u00bb20px\u00a0\u00bb header_3_font_size_last_edited=\u00a0\u00bbon|phone\u00a0\u00bb global_colors_info=\u00a0\u00bb{}\u00a0\u00bb]<\/p>\n<p>2023 \/ Japon \/ 103 minutes<\/p>\n<p>[\/et_pb_text][et_pb_text content_tablet=\u00a0\u00bb<\/p>\n<p><img src=%22https:\/\/festivaldemusicavisualdelanzarote.com\/wp-content\/uploads\/2024\/07\/point2-225x300.png%22 width=%2218%22 height=%2224%22 alt=%22%22 class=%22wp-image-6696 alignnone size-medium%22> <img src=%22https:\/\/festivaldemusicavisualdelanzarote.com\/wp-content\/uploads\/2024\/07\/ticket2.png%22 width=%2216%22 height=%2224%22 alt=%22%22 class=%22wp-image-6692 alignnone size-full%22> S<strong>alle Bu\u00f1uel :<\/strong> CIC El Almac\u00e9n 10.00\u20ac.<\/p>\n<p>\u00a0\u00bb content_phone=\u00a0\u00bb<\/p>\n<p><img src=%22https:\/\/festivaldemusicavisualdelanzarote.com\/wp-content\/uploads\/2024\/07\/point2-225x300.png%22 width=%2218%22 height=%2224%22 alt=%22%22 class=%22wp-image-6696 alignnone size-medium%22> <strong>Salle Bu\u00f1uel |<\/strong> CIC El Almac\u00e9n  <\/p>\n<p> <img src=%22https:\/\/festivaldemusicavisualdelanzarote.com\/wp-content\/uploads\/2024\/07\/ticket2.png%22 width=%2216%22 height=%2224%22 alt=%22%22 class=%22wp-image-6692 alignnone size-full%22>  3.00\u20ac<\/p>\n<p>\u00a0\u00bb content_last_edited=\u00a0\u00bboff|desktop\u00a0\u00bb _builder_version=\u00a0\u00bb4.27.0&Prime; _module_preset=\u00a0\u00bbdefault\u00a0\u00bb text_font=\u00a0\u00bb|300|||||||\u00a0\u00bb text_text_color=\u00a0\u00bb#102736&Prime; text_font_size=\u00a0\u00bb20px\u00a0\u00bb text_letter_spacing=\u00a0\u00bb1px\u00a0\u00bb text_font_size_tablet=\u00a0\u00bb20px\u00a0\u00bb text_font_size_phone=\u00a0\u00bb15px\u00a0\u00bb text_font_size_last_edited=\u00a0\u00bbon|phone\u00a0\u00bb global_colors_info=\u00a0\u00bb{}\u00a0\u00bb]<\/p>\n<p><img loading=\"lazy\" decoding=\"async\" src=\"https:\/\/festivaldemusicavisualdelanzarote.com\/wp-content\/uploads\/2024\/07\/point2-225x300.png\" width=\"18\" height=\"24\" alt=\"\" class=\"wp-image-6696 alignnone size-medium\" srcset=\"https:\/\/festivaldemusicavisualdelanzarote.com\/wp-content\/uploads\/2024\/07\/point2-225x300.png 225w, https:\/\/festivaldemusicavisualdelanzarote.com\/wp-content\/uploads\/2024\/07\/point2.png 384w\" sizes=\"(max-width: 18px) 100vw, 18px\" \/> <strong>Salle Bu\u00f1uel<\/strong><span> CIC El Almac\u00e9n<\/span>  <\/p>\n<p><img loading=\"lazy\" decoding=\"async\" src=\"https:\/\/festivaldemusicavisualdelanzarote.com\/wp-content\/uploads\/2024\/07\/ticket2.png\" width=\"16\" height=\"24\" alt=\"\" class=\"wp-image-6692 alignnone size-full\">  3.00\u20ac<\/p>\n<p>[\/et_pb_text][et_pb_text _builder_version=\u00a0\u00bb4.27.0&Prime; _module_preset=\u00a0\u00bbdefault\u00a0\u00bb text_font=\u00a0\u00bbMontserrat||||||||\u00a0\u00bb text_text_color=\u00a0\u00bb#000000&Prime; global_colors_info=\u00a0\u00bb{}\u00a0\u00bb]<\/p>\n<p>Le compositeur japonais Ry\u016bichi Sakamoto, auteur de bandes originales m\u00e9morables telles que <em>Le dernier empereur<\/em> ou  <em>Joyeux No\u00ebl, M. Lawrence <\/em>offre sa derni\u00e8re prestation dans ce concert \u00e9mouvant, film\u00e9 par son fils, peu avant sa mort. Avec pour seule pr\u00e9sence son piano et sans public, il fait le point sur sa carri\u00e8re \u00e0 travers vingt morceaux sp\u00e9cialement choisis, dans un film impressionnant qui \u00e9voque le passage du temps. <\/p>\n<p>[\/et_pb_text][et_pb_text _builder_version=\u00a0\u00bb4.27.0&Prime; _module_preset=\u00a0\u00bbdefault\u00a0\u00bb text_font=\u00a0\u00bb&#8211;et_global_body_font||||||||\u00a0\u00bb text_text_color=\u00a0\u00bb#000000&Prime; text_font_size=\u00a0\u00bb16px\u00a0\u00bb global_colors_info=\u00a0\u00bb{}\u00a0\u00bb]<\/p>\n<p><strong><em>Bande-annonce officielle<\/em><\/strong><\/p>\n<p><span><em><a href=\"https:\/\/www.youtube.com\/watch?v=QepuoHnrO5\">https:\/\/www.youtube.com\/watch?v=QepuoHnrO5<\/a><a href=\"https:\/\/www.youtube.com\/watch?v=QepuoHnrO5Y\"><\/a><\/em><\/span><em> <\/em><\/p>\n<p><strong>\u00c9coutez <\/strong><strong><em>Ry\u016bichi Sakamoto<\/em><\/strong><\/p>\n<p><span><a href=\"https:\/\/open.spotify.com\/artist\/1tcgfoMTT1szjUeaikxRjA?si=OcWdtIYYQEyv06_VeR-cGw\"><em>https:\/\/open.spotify.com\/artist\/1tcgfoMTT1szjUeaikxRjA?si=OcWdtIYYQEyv06_VeR-cGw<\/em><\/a><\/span><\/p>\n<p>[\/et_pb_text][\/et_pb_column][et_pb_column type=\u00a0\u00bb1_4&Prime; _builder_version=\u00a0\u00bb4.21.0&Prime; _module_preset=\u00a0\u00bbdefault\u00a0\u00bb global_colors_info=\u00a0\u00bb{}\u00a0\u00bb][et_pb_image src=\u00a0\u00bbhttps:\/\/festivaldemusicavisualdelanzarote.com\/wp-content\/uploads\/2024\/07\/logo-vertical.png\u00a0\u00bb title_text=\u00a0\u00bblogo vertical\u00a0\u00bb disabled_on=\u00a0\u00bbon|on|off\u00a0\u00bb _builder_version=\u00a0\u00bb4.27.0&Prime; _module_preset=\u00a0\u00bbdefault\u00a0\u00bb width=\u00a0\u00bb46%\u00a0\u00bb width_tablet=\u00a0\u00bb\u00a0\u00bb width_phone=\u00a0\u00bb40%\u00a0\u00bb width_last_edited=\u00a0\u00bbon|phone\u00a0\u00bb module_alignment=\u00a0\u00bbright\u00a0\u00bb global_colors_info=\u00a0\u00bb{}\u00a0\u00bb][\/et_pb_image][\/et_pb_column][\/et_pb_row][et_pb_row column_structure=\u00a0\u00bb1_3,1_3,1_3&Prime; use_custom_gutter=\u00a0\u00bbon\u00a0\u00bb gutter_width=\u00a0\u00bb2&Prime; make_equal=\u00a0\u00bbon\u00a0\u00bb _builder_version=\u00a0\u00bb4.27.0&Prime; _module_preset=\u00a0\u00bbdefault\u00a0\u00bb width=\u00a0\u00bb90%\u00a0\u00bb max_width=\u00a0\u00bb100%\u00a0\u00bb global_colors_info=\u00a0\u00bb{}\u00a0\u00bb][et_pb_column type=\u00a0\u00bb1_3&Prime; module_class=\u00a0\u00bbds-vertical-align\u00a0\u00bb _builder_version=\u00a0\u00bb4.27.0&Prime; _module_preset=\u00a0\u00bbdefault\u00a0\u00bb global_colors_info=\u00a0\u00bb{}\u00a0\u00bb][et_pb_button button_url=\u00a0\u00bbhttps:\/\/culturalanzarote.sacatuentrada.es\/es\/entradas\/ry\u016bichi-sakamoto-opus-3\/2024-10-15&Prime; url_new_window=\u00a0\u00bbon\u00a0\u00bb button_text=\u00a0\u00bbACHETER UN BILLET\u00a0\u00bb _builder_version=\u00a0\u00bb4.27.0&Prime; _module_preset=\u00a0\u00bbdefault\u00a0\u00bb custom_button=\u00a0\u00bbon\u00a0\u00bb button_text_size=\u00a0\u00bb16px\u00a0\u00bb button_text_color=\u00a0\u00bb#FFFFFF\u00a0\u00bb button_bg_color=\u00a0\u00bb#102736&Prime; button_border_width=\u00a0\u00bb0px\u00a0\u00bb button_border_radius=\u00a0\u00bb0px\u00a0\u00bb button_letter_spacing=\u00a0\u00bb1px\u00a0\u00bb button_font=\u00a0\u00bb|700|||||||\u00a0\u00bb global_colors_info=\u00a0\u00bb{}\u00a0\u00bb][\/et_pb_button][\/et_pb_column][et_pb_column type=\u00a0\u00bb1_3&Prime; module_class=\u00a0\u00bbds-vertical-align\u00a0\u00bb _builder_version=\u00a0\u00bb4.27.0&Prime; _module_preset=\u00a0\u00bbdefault\u00a0\u00bb global_colors_info=\u00a0\u00bb{}\u00a0\u00bb][et_pb_social_media_follow icon_color=\u00a0\u00bb#102736&Prime; use_icon_font_size=\u00a0\u00bbon\u00a0\u00bb icon_font_size=\u00a0\u00bb14px\u00a0\u00bb _builder_version=\u00a0\u00bb4.27.0&Prime; _module_preset=\u00a0\u00bbdefault\u00a0\u00bb global_colors_info=\u00a0\u00bb{}\u00a0\u00bb][et_pb_social_media_follow_network social_network=\u00a0\u00bbfacebook\u00a0\u00bb url=\u00a0\u00bbhttps:\/\/web.facebook.com\/FestivaldeMusicaVisualdeLanzarote\/?_rdc=1&amp;_rdr\u00a0\u00bb icon_color=\u00a0\u00bb#102736&Prime; _builder_version=\u00a0\u00bb4.27.0&Prime; _module_preset=\u00a0\u00bbdefault\u00a0\u00bb background_color=\u00a0\u00bb#FFFFFF\u00a0\u00bb background_enable_color=\u00a0\u00bbon\u00a0\u00bb border_radii=\u00a0\u00bbon|497px|497px|497px|497px\u00a0\u00bb border_width_all=\u00a0\u00bb2px\u00a0\u00bb border_color_all=\u00a0\u00bb#102736&Prime; global_colors_info=\u00a0\u00bb{}\u00a0\u00bb follow_button=\u00a0\u00bboff\u00a0\u00bb url_new_window=\u00a0\u00bbon\u00a0\u00bb]facebook[\/et_pb_social_media_follow_network][et_pb_social_media_follow_network social_network=\u00a0\u00bbinstagram\u00a0\u00bb url=\u00a0\u00bbhttps:\/\/www.instagram.com\/festivalmusicavisuallzt\/\u00a0\u00bb icon_color=\u00a0\u00bb#102736&Prime; _builder_version=\u00a0\u00bb4.27.0&Prime; _module_preset=\u00a0\u00bbdefault\u00a0\u00bb background_color=\u00a0\u00bb#FFFFFF\u00a0\u00bb background_enable_color=\u00a0\u00bbon\u00a0\u00bb border_radii=\u00a0\u00bbon|497px|497px|497px|497px\u00a0\u00bb border_width_all=\u00a0\u00bb2px\u00a0\u00bb border_color_all=\u00a0\u00bb#102736&Prime; global_colors_info=\u00a0\u00bb{}\u00a0\u00bb follow_button=\u00a0\u00bboff\u00a0\u00bb url_new_window=\u00a0\u00bbon\u00a0\u00bb]instagram[\/et_pb_social_media_follow_network][\/et_pb_social_media_follow][\/et_pb_column][et_pb_column type=\u00a0\u00bb1_3&Prime; module_class=\u00a0\u00bbds-vertical-align\u00a0\u00bb _builder_version=\u00a0\u00bb4.27.0&Prime; _module_preset=\u00a0\u00bbdefault\u00a0\u00bb global_colors_info=\u00a0\u00bb{}\u00a0\u00bb][et_pb_icon font_icon=\u00a0\u00bb&#x45;||divi||400&Prime; icon_color=\u00a0\u00bb#102736&Prime; url=\u00a0\u00bb#quartet\u00a0\u00bb align=\u00a0\u00bbright\u00a0\u00bb _builder_version=\u00a0\u00bb4.27.0&Prime; _module_preset=\u00a0\u00bbdefault\u00a0\u00bb position_origin_a=\u00a0\u00bbbottom_right\u00a0\u00bb position_origin_f=\u00a0\u00bbtop_center\u00a0\u00bb position_origin_r=\u00a0\u00bbbottom_right\u00a0\u00bb global_colors_info=\u00a0\u00bb{}\u00a0\u00bb][\/et_pb_icon][\/et_pb_column][\/et_pb_row][\/et_pb_section][et_pb_section fb_built=\u00a0\u00bb1&Prime; admin_label=\u00a0\u00bbPopup &#8211; #quartet\u00a0\u00bb module_id=\u00a0\u00bbquatuor\u00a0\u00bb module_class=\u00a0\u00bbpopup single\u00a0\u00bb _builder_version=\u00a0\u00bb4.27.0&Prime; _module_preset=\u00a0\u00bbdefault\u00a0\u00bb width=\u00a0\u00bb65%\u00a0\u00bb width_tablet=\u00a0\u00bb100%\u00a0\u00bb width_phone=\u00a0\u00bb100%\u00a0\u00bb width_last_edited=\u00a0\u00bbon|phone\u00a0\u00bb da_is_popup=\u00a0\u00bbon\u00a0\u00bb da_popup_slug=\u00a0\u00bbquartet\u00a0\u00bb da_is_singular=\u00a0\u00bbon\u00a0\u00bb da_disable_devices=\u00a0\u00bboff|off|off\u00a0\u00bb border_radii=\u00a0\u00bbon|26px|26px|26px|26px\u00a0\u00bb global_colors_info=\u00a0\u00bb{}\u00a0\u00bb da_exit_intent=\u00a0\u00bboff\u00a0\u00bb da_has_close=\u00a0\u00bbon\u00a0\u00bb da_alt_close=\u00a0\u00bboff\u00a0\u00bb da_dark_close=\u00a0\u00bboff\u00a0\u00bb da_not_modal=\u00a0\u00bbon\u00a0\u00bb da_with_loader=\u00a0\u00bboff\u00a0\u00bb da_has_shadow=\u00a0\u00bbon\u00a0\u00bb][et_pb_row column_structure=\u00a0\u00bb3_4,1_4&Prime; use_custom_gutter=\u00a0\u00bbon\u00a0\u00bb gutter_width=\u00a0\u00bb2&Prime; _builder_version=\u00a0\u00bb4.21.0&Prime; _module_preset=\u00a0\u00bbdefault\u00a0\u00bb width=\u00a0\u00bb90%\u00a0\u00bb max_width=\u00a0\u00bb100%\u00a0\u00bb global_colors_info=\u00a0\u00bb{}\u00a0\u00bb][et_pb_column type=\u00a0\u00bb3_4&Prime; _builder_version=\u00a0\u00bb4.21.0&Prime; _module_preset=\u00a0\u00bbdefault\u00a0\u00bb global_colors_info=\u00a0\u00bb{}\u00a0\u00bb][et_pb_image src=\u00a0\u00bbhttps:\/\/festivaldemusicavisualdelanzarote.com\/wp-content\/uploads\/2024\/07\/QUARTET.jpg\u00a0\u00bb title_text=\u00a0\u00bbQUARTET\u00a0\u00bb _builder_version=\u00a0\u00bb4.27.0&Prime; _module_preset=\u00a0\u00bbdefault\u00a0\u00bb global_colors_info=\u00a0\u00bb{}\u00a0\u00bb][\/et_pb_image][et_pb_text _builder_version=\u00a0\u00bb4.27.0&Prime; _module_preset=\u00a0\u00bbdefault\u00a0\u00bb text_font=\u00a0\u00bb|300|||||||\u00a0\u00bb text_text_color=\u00a0\u00bb#000000&Prime; text_font_size=\u00a0\u00bb22px\u00a0\u00bb text_letter_spacing=\u00a0\u00bb1px\u00a0\u00bb global_colors_info=\u00a0\u00bb{}\u00a0\u00bb]<\/p>\n<p><strong>16 OCT |<\/strong> 20:00HS  <\/p>\n<p>[\/et_pb_text][et_pb_text _builder_version=\u00a0\u00bb4.27.0&Prime; _module_preset=\u00a0\u00bbdefault\u00a0\u00bb text_font=\u00a0\u00bbAlong Black|800||on|||||\u00a0\u00bb text_text_color=\u00a0\u00bb#FFFFFF\u00a0\u00bb text_font_size=\u00a0\u00bb50px\u00a0\u00bb text_letter_spacing=\u00a0\u00bb1px\u00a0\u00bb text_line_height=\u00a0\u00bb1.1em\u00a0\u00bb header_2_font=\u00a0\u00bbAlong Black||||||||\u00a0\u00bb header_2_text_color=\u00a0\u00bb#102736&Prime; header_2_font_size=\u00a0\u00bb50px\u00a0\u00bb custom_margin=\u00a0\u00bb||8px|||\u00a0\u00bb header_2_font_size_tablet=\u00a0\u00bb50px\u00a0\u00bb header_2_font_size_phone=\u00a0\u00bb35px\u00a0\u00bb header_2_font_size_last_edited=\u00a0\u00bbon|phone\u00a0\u00bb global_colors_info=\u00a0\u00bb{}\u00a0\u00bb]<\/p>\n<h2><strong>ANOUAR BRAHEM QUARTET<\/strong><\/h2>\n<p>[\/et_pb_text][et_pb_text content_tablet=\u00a0\u00bb<\/p>\n<p><img src=%22https:\/\/festivaldemusicavisualdelanzarote.com\/wp-content\/uploads\/2024\/07\/point2-225x300.png%22 width=%2218%22 height=%2224%22 alt=%22%22 class=%22wp-image-6696 alignnone size-medium%22> <img src=%22https:\/\/festivaldemusicavisualdelanzarote.com\/wp-content\/uploads\/2024\/07\/ticket2.png%22 width=%2216%22 height=%2224%22 alt=%22%22 class=%22wp-image-6692 alignnone size-full%22> S<strong>alle Bu\u00f1uel :<\/strong> CIC El Almac\u00e9n 10.00\u20ac.<\/p>\n<p>\u00a0\u00bb content_phone=\u00a0\u00bb<\/p>\n<p><img src=%22https:\/\/festivaldemusicavisualdelanzarote.com\/wp-content\/uploads\/2024\/07\/point2-225x300.png%22 width=%2218%22 height=%2224%22 alt=%22%22 class=%22wp-image-6696 alignnone size-medium%22> <strong>Salle Bu\u00f1uel |<\/strong> CIC El Almac\u00e9n  <\/p>\n<p> <img src=%22https:\/\/festivaldemusicavisualdelanzarote.com\/wp-content\/uploads\/2024\/07\/ticket2.png%22 width=%2216%22 height=%2224%22 alt=%22%22 class=%22wp-image-6692 alignnone size-full%22>  3.00\u20ac<\/p>\n<p>\u00a0\u00bb content_last_edited=\u00a0\u00bboff|desktop\u00a0\u00bb _builder_version=\u00a0\u00bb4.27.0&Prime; _module_preset=\u00a0\u00bbdefault\u00a0\u00bb text_font=\u00a0\u00bb|300|||||||\u00a0\u00bb text_text_color=\u00a0\u00bb#102736&Prime; text_font_size=\u00a0\u00bb20px\u00a0\u00bb text_letter_spacing=\u00a0\u00bb1px\u00a0\u00bb text_font_size_tablet=\u00a0\u00bb20px\u00a0\u00bb text_font_size_phone=\u00a0\u00bb15px\u00a0\u00bb text_font_size_last_edited=\u00a0\u00bbon|phone\u00a0\u00bb global_colors_info=\u00a0\u00bb{}\u00a0\u00bb]<\/p>\n<p><img loading=\"lazy\" decoding=\"async\" src=\"https:\/\/festivaldemusicavisualdelanzarote.com\/wp-content\/uploads\/2024\/07\/point2-225x300.png\" width=\"18\" height=\"24\" alt=\"\" class=\"wp-image-6696 alignnone size-medium\" srcset=\"https:\/\/festivaldemusicavisualdelanzarote.com\/wp-content\/uploads\/2024\/07\/point2-225x300.png 225w, https:\/\/festivaldemusicavisualdelanzarote.com\/wp-content\/uploads\/2024\/07\/point2.png 384w\" sizes=\"(max-width: 18px) 100vw, 18px\" \/>  Auditorium Jameos del Agua  <\/p>\n<p><img loading=\"lazy\" decoding=\"async\" src=\"https:\/\/festivaldemusicavisualdelanzarote.com\/wp-content\/uploads\/2024\/07\/ticket2.png\" width=\"16\" height=\"24\" alt=\"\" class=\"wp-image-6692 alignnone size-full\">  20.00\u20ac<\/p>\n<p>[\/et_pb_text][et_pb_text _builder_version=\u00a0\u00bb4.27.0&Prime; _module_preset=\u00a0\u00bbdefault\u00a0\u00bb text_font=\u00a0\u00bbMontserrat||||||||\u00a0\u00bb text_text_color=\u00a0\u00bb#000000&Prime; global_colors_info=\u00a0\u00bb{}\u00a0\u00bb]<\/p>\n<p>Depuis pr\u00e8s de quarante ans et avec une discographie riche de pas moins de 11 albums sur le label ECM, Anouar Brahem n&rsquo;a cess\u00e9 de placer la tradition s\u00e9culaire de la musique arabe, \u00e0 travers son luth et sa superbe finesse, dans diff\u00e9rentes situations o\u00f9 il la met en contraste non seulement avec le jazz moderne, mais aussi avec les harmonies sophistiqu\u00e9es de la tradition compositionnelle \u00e9rudite de l&rsquo;Occident et les formes raffin\u00e9es d&rsquo;autres anciennes traditions culturelles de l&rsquo;Orient.<\/p>\n<p>A cette occasion, Anouar a r\u00e9uni le quartet cr\u00e9\u00e9 en 2009 pour l&rsquo;album <em>The Astounding Eyes of Rita<\/em>, dans un projet qui revisite son ancien espace sonore \u00e0 travers un r\u00e9pertoire qui combine plusieurs des th\u00e8mes habituels de ce quartet, ainsi que quelques pi\u00e8ces extraites des albums pr\u00e9c\u00e9dents<em>(Conte de l&rsquo;incroyable amour<\/em>, <em>Madar<\/em>, <em>Thimar<\/em>, <em>Astrakan Caf\u00e9<\/em>&#8230;).<\/p>\n<p>A la t\u00eate de ce groupe, plus vivant et cr\u00e9atif que jamais apr\u00e8s dix ans d&rsquo;\u00e9troite relation entre lui et ses musiciens, Anouar Brahem pose aujourd&rsquo;hui un nouveau regard sur son univers musical, ouvrant de nouveaux horizons sonores.<\/p>\n<p>Anouar Brahem est l&rsquo;artiste qui a particip\u00e9 le plus souvent \u00e0 notre Festival. C&rsquo;est la troisi\u00e8me fois que le musicien tunisien prend part au programme du festival, apr\u00e8s sa participation en 1996 et en 2000. <\/p>\n<p><strong>Anouar Brahem<\/strong>: luth<\/p>\n<p><strong>Klaus Gesing<\/strong>: clarinette basse, saxophone soprano  <\/p>\n<p><strong>Bj\u00f6rn Meyer<\/strong>: guitare basse<\/p>\n<p><strong>Khaled Yassine<\/strong>: percussions<\/p>\n<p><strong>Ildefonso Aguilar<\/strong>: <em>Visuels<\/em><\/p>\n<p><em><\/em><\/p>\n<p>[\/et_pb_text][et_pb_text _builder_version=\u00a0\u00bb4.27.0&Prime; _module_preset=\u00a0\u00bbdefault\u00a0\u00bb text_font=\u00a0\u00bb&#8211;et_global_body_font||||||||\u00a0\u00bb text_text_color=\u00a0\u00bb#000000&Prime; text_font_size=\u00a0\u00bb16px\u00a0\u00bb global_colors_info=\u00a0\u00bb{}\u00a0\u00bb]<\/p>\n<p><strong>Web<\/strong><\/p>\n<p><span><a href=\"https:\/\/www.anouarbrahem.com\">https:\/\/www.anouarbrahem.com<\/a><\/span><\/p>\n<p><strong>Vid\u00e9os<\/strong><\/p>\n<p><span><a href=\"https:\/\/www.youtube.com\/watch?v=E3KBT8hBSVM\">https:\/\/www.youtube.com\/watch?v=E3KBT8hBSVM<\/a><\/span><\/p>\n<p><span><a href=\"https:\/\/www.youtube.com\/watch?v=s9P_XcotkbI\">https:\/\/www.youtube.com\/watch?v=s9P_XcotkbI<\/a><\/span><\/p>\n<p><strong>\u00c9couter<\/strong> <em>Anouar Brahem Quartet<\/em><\/p>\n<p><span><a href=\"https:\/\/open.spotify.com\/album\/23xoWiWxu8SmDFXwoBsLLw?si=-3xsOLz1QnyoO4A0Bd-AoA\">https:\/\/open.spotify.com\/album\/23xoWiWxu8SmDFXwoBsLLw?si=-3xsOLz1QnyoO4A0Bd-AoA<\/a><\/span><\/p>\n<p>[\/et_pb_text][\/et_pb_column][et_pb_column type=\u00a0\u00bb1_4&Prime; _builder_version=\u00a0\u00bb4.21.0&Prime; _module_preset=\u00a0\u00bbdefault\u00a0\u00bb global_colors_info=\u00a0\u00bb{}\u00a0\u00bb][et_pb_image src=\u00a0\u00bbhttps:\/\/festivaldemusicavisualdelanzarote.com\/wp-content\/uploads\/2024\/07\/logo-vertical.png\u00a0\u00bb title_text=\u00a0\u00bblogo vertical\u00a0\u00bb disabled_on=\u00a0\u00bbon|on|off\u00a0\u00bb _builder_version=\u00a0\u00bb4.27.0&Prime; _module_preset=\u00a0\u00bbdefault\u00a0\u00bb width=\u00a0\u00bb46%\u00a0\u00bb width_tablet=\u00a0\u00bb\u00a0\u00bb width_phone=\u00a0\u00bb40%\u00a0\u00bb width_last_edited=\u00a0\u00bbon|phone\u00a0\u00bb module_alignment=\u00a0\u00bbright\u00a0\u00bb global_colors_info=\u00a0\u00bb{}\u00a0\u00bb][\/et_pb_image][\/et_pb_column][\/et_pb_row][et_pb_row column_structure=\u00a0\u00bb1_3,1_3,1_3&Prime; use_custom_gutter=\u00a0\u00bbon\u00a0\u00bb gutter_width=\u00a0\u00bb2&Prime; make_equal=\u00a0\u00bbon\u00a0\u00bb _builder_version=\u00a0\u00bb4.27.0&Prime; _module_preset=\u00a0\u00bbdefault\u00a0\u00bb width=\u00a0\u00bb90%\u00a0\u00bb max_width=\u00a0\u00bb100%\u00a0\u00bb global_colors_info=\u00a0\u00bb{}\u00a0\u00bb][et_pb_column type=\u00a0\u00bb1_3&Prime; module_class=\u00a0\u00bbds-vertical-align\u00a0\u00bb _builder_version=\u00a0\u00bb4.27.0&Prime; _module_preset=\u00a0\u00bbdefault\u00a0\u00bb global_colors_info=\u00a0\u00bb{}\u00a0\u00bb][et_pb_button button_url=\u00a0\u00bbhttps:\/\/culturalanzarote.sacatuentrada.es\/es\/entradas\/anouar-brahem-quartet\/2024-10-16&Prime; url_new_window=\u00a0\u00bbon\u00a0\u00bb button_text=\u00a0\u00bbACHETER UN BILLET\u00a0\u00bb _builder_version=\u00a0\u00bb4.27.0&Prime; _module_preset=\u00a0\u00bbdefault\u00a0\u00bb custom_button=\u00a0\u00bbon\u00a0\u00bb button_text_size=\u00a0\u00bb16px\u00a0\u00bb button_text_color=\u00a0\u00bb#FFFFFF\u00a0\u00bb button_bg_color=\u00a0\u00bb#102736&Prime; button_border_width=\u00a0\u00bb0px\u00a0\u00bb button_border_radius=\u00a0\u00bb0px\u00a0\u00bb button_letter_spacing=\u00a0\u00bb1px\u00a0\u00bb button_font=\u00a0\u00bb|700|||||||\u00a0\u00bb global_colors_info=\u00a0\u00bb{}\u00a0\u00bb][\/et_pb_button][\/et_pb_column][et_pb_column type=\u00a0\u00bb1_3&Prime; module_class=\u00a0\u00bbds-vertical-align\u00a0\u00bb _builder_version=\u00a0\u00bb4.27.0&Prime; _module_preset=\u00a0\u00bbdefault\u00a0\u00bb global_colors_info=\u00a0\u00bb{}\u00a0\u00bb][et_pb_social_media_follow icon_color=\u00a0\u00bb#102736&Prime; use_icon_font_size=\u00a0\u00bbon\u00a0\u00bb icon_font_size=\u00a0\u00bb14px\u00a0\u00bb _builder_version=\u00a0\u00bb4.27.0&Prime; _module_preset=\u00a0\u00bbdefault\u00a0\u00bb global_colors_info=\u00a0\u00bb{}\u00a0\u00bb][et_pb_social_media_follow_network social_network=\u00a0\u00bbfacebook\u00a0\u00bb url=\u00a0\u00bbhttps:\/\/web.facebook.com\/FestivaldeMusicaVisualdeLanzarote\/?_rdc=1&amp;_rdr\u00a0\u00bb icon_color=\u00a0\u00bb#102736&Prime; _builder_version=\u00a0\u00bb4.27.0&Prime; _module_preset=\u00a0\u00bbdefault\u00a0\u00bb background_color=\u00a0\u00bb#FFFFFF\u00a0\u00bb background_enable_color=\u00a0\u00bbon\u00a0\u00bb border_radii=\u00a0\u00bbon|497px|497px|497px|497px\u00a0\u00bb border_width_all=\u00a0\u00bb2px\u00a0\u00bb border_color_all=\u00a0\u00bb#102736&Prime; global_colors_info=\u00a0\u00bb{}\u00a0\u00bb follow_button=\u00a0\u00bboff\u00a0\u00bb url_new_window=\u00a0\u00bbon\u00a0\u00bb]facebook[\/et_pb_social_media_follow_network][et_pb_social_media_follow_network social_network=\u00a0\u00bbinstagram\u00a0\u00bb url=\u00a0\u00bbhttps:\/\/www.instagram.com\/festivalmusicavisuallzt\/\u00a0\u00bb icon_color=\u00a0\u00bb#102736&Prime; _builder_version=\u00a0\u00bb4.27.0&Prime; _module_preset=\u00a0\u00bbdefault\u00a0\u00bb background_color=\u00a0\u00bb#FFFFFF\u00a0\u00bb background_enable_color=\u00a0\u00bbon\u00a0\u00bb border_radii=\u00a0\u00bbon|497px|497px|497px|497px\u00a0\u00bb border_width_all=\u00a0\u00bb2px\u00a0\u00bb border_color_all=\u00a0\u00bb#102736&Prime; global_colors_info=\u00a0\u00bb{}\u00a0\u00bb follow_button=\u00a0\u00bboff\u00a0\u00bb url_new_window=\u00a0\u00bbon\u00a0\u00bb]instagram[\/et_pb_social_media_follow_network][\/et_pb_social_media_follow][\/et_pb_column][et_pb_column type=\u00a0\u00bb1_3&Prime; module_class=\u00a0\u00bbds-vertical-align\u00a0\u00bb _builder_version=\u00a0\u00bb4.27.0&Prime; _module_preset=\u00a0\u00bbdefault\u00a0\u00bb global_colors_info=\u00a0\u00bb{}\u00a0\u00bb][et_pb_icon font_icon=\u00a0\u00bb&#x45;||divi||400&Prime; icon_color=\u00a0\u00bb#102736&Prime; url=\u00a0\u00bb#meyer\u00a0\u00bb align=\u00a0\u00bbright\u00a0\u00bb _builder_version=\u00a0\u00bb4.27.0&Prime; _module_preset=\u00a0\u00bbdefault\u00a0\u00bb position_origin_a=\u00a0\u00bbbottom_right\u00a0\u00bb position_origin_f=\u00a0\u00bbtop_center\u00a0\u00bb position_origin_r=\u00a0\u00bbbottom_right\u00a0\u00bb global_colors_info=\u00a0\u00bb{}\u00a0\u00bb][\/et_pb_icon][\/et_pb_column][\/et_pb_row][\/et_pb_section][et_pb_section fb_built=\u00a0\u00bb1&Prime; admin_label=\u00a0\u00bbPopup &#8211; #meyer\u00a0\u00bb module_id=\u00a0\u00bbmeyer\u00a0\u00bb module_class=\u00a0\u00bbpopup single\u00a0\u00bb _builder_version=\u00a0\u00bb4.27.0&Prime; _module_preset=\u00a0\u00bbdefault\u00a0\u00bb width=\u00a0\u00bb65%\u00a0\u00bb width_tablet=\u00a0\u00bb100%\u00a0\u00bb width_phone=\u00a0\u00bb100%\u00a0\u00bb width_last_edited=\u00a0\u00bbon|phone\u00a0\u00bb da_is_popup=\u00a0\u00bbon\u00a0\u00bb da_popup_slug=\u00a0\u00bbmeyer\u00a0\u00bb da_is_singular=\u00a0\u00bbon\u00a0\u00bb da_disable_devices=\u00a0\u00bboff|off|off\u00a0\u00bb border_radii=\u00a0\u00bbon|26px|26px|26px|26px\u00a0\u00bb global_colors_info=\u00a0\u00bb{}\u00a0\u00bb da_exit_intent=\u00a0\u00bboff\u00a0\u00bb da_has_close=\u00a0\u00bbon\u00a0\u00bb da_alt_close=\u00a0\u00bboff\u00a0\u00bb da_dark_close=\u00a0\u00bboff\u00a0\u00bb da_not_modal=\u00a0\u00bbon\u00a0\u00bb da_with_loader=\u00a0\u00bboff\u00a0\u00bb da_has_shadow=\u00a0\u00bbon\u00a0\u00bb][et_pb_row column_structure=\u00a0\u00bb3_4,1_4&Prime; use_custom_gutter=\u00a0\u00bbon\u00a0\u00bb gutter_width=\u00a0\u00bb2&Prime; _builder_version=\u00a0\u00bb4.21.0&Prime; _module_preset=\u00a0\u00bbdefault\u00a0\u00bb width=\u00a0\u00bb90%\u00a0\u00bb max_width=\u00a0\u00bb100%\u00a0\u00bb global_colors_info=\u00a0\u00bb{}\u00a0\u00bb][et_pb_column type=\u00a0\u00bb3_4&Prime; _builder_version=\u00a0\u00bb4.21.0&Prime; _module_preset=\u00a0\u00bbdefault\u00a0\u00bb global_colors_info=\u00a0\u00bb{}\u00a0\u00bb][et_pb_image src=\u00a0\u00bbhttps:\/\/festivaldemusicavisualdelanzarote.com\/wp-content\/uploads\/2024\/07\/MEYER.jpg\u00a0\u00bb title_text=\u00a0\u00bbMEYER\u00a0\u00bb _builder_version=\u00a0\u00bb4.27.0&Prime; _module_preset=\u00a0\u00bbdefault\u00a0\u00bb global_colors_info=\u00a0\u00bb{}\u00a0\u00bb][\/et_pb_image][et_pb_text _builder_version=\u00a0\u00bb4.27.0&Prime; _module_preset=\u00a0\u00bbdefault\u00a0\u00bb text_font=\u00a0\u00bb|300|||||||\u00a0\u00bb text_text_color=\u00a0\u00bb#000000&Prime; text_font_size=\u00a0\u00bb22px\u00a0\u00bb text_letter_spacing=\u00a0\u00bb1px\u00a0\u00bb global_colors_info=\u00a0\u00bb{}\u00a0\u00bb]<\/p>\n<p><strong>17 OCT |<\/strong> 20:00HS<\/p>\n<p>[\/et_pb_text][et_pb_text _builder_version=\u00a0\u00bb4.27.0&Prime; _module_preset=\u00a0\u00bbdefault\u00a0\u00bb text_font=\u00a0\u00bbAlong Black|800||on|||||\u00a0\u00bb text_text_color=\u00a0\u00bb#FFFFFF\u00a0\u00bb text_font_size=\u00a0\u00bb50px\u00a0\u00bb text_letter_spacing=\u00a0\u00bb1px\u00a0\u00bb text_line_height=\u00a0\u00bb1.1em\u00a0\u00bb header_2_font=\u00a0\u00bbAlong Black||||||||\u00a0\u00bb header_2_text_color=\u00a0\u00bb#102736&Prime; header_2_font_size=\u00a0\u00bb50px\u00a0\u00bb custom_margin=\u00a0\u00bb||8px|||\u00a0\u00bb header_2_font_size_tablet=\u00a0\u00bb50px\u00a0\u00bb header_2_font_size_phone=\u00a0\u00bb35px\u00a0\u00bb header_2_font_size_last_edited=\u00a0\u00bbon|phone\u00a0\u00bb global_colors_info=\u00a0\u00bb{}\u00a0\u00bb]<\/p>\n<h2><strong>BJ\u00d6RN MEYER, Provenance<\/strong><\/h2>\n<p>[\/et_pb_text][et_pb_text content_tablet=\u00a0\u00bb<\/p>\n<p><img src=%22https:\/\/festivaldemusicavisualdelanzarote.com\/wp-content\/uploads\/2024\/07\/point2-225x300.png%22 width=%2218%22 height=%2224%22 alt=%22%22 class=%22wp-image-6696 alignnone size-medium%22> <img src=%22https:\/\/festivaldemusicavisualdelanzarote.com\/wp-content\/uploads\/2024\/07\/ticket2.png%22 width=%2216%22 height=%2224%22 alt=%22%22 class=%22wp-image-6692 alignnone size-full%22> S<strong>alle Bu\u00f1uel :<\/strong> CIC El Almac\u00e9n 10.00\u20ac.<\/p>\n<p>\u00a0\u00bb content_phone=\u00a0\u00bb<\/p>\n<p><img src=%22https:\/\/festivaldemusicavisualdelanzarote.com\/wp-content\/uploads\/2024\/07\/point2-225x300.png%22 width=%2218%22 height=%2224%22 alt=%22%22 class=%22wp-image-6696 alignnone size-medium%22> <strong>Salle Bu\u00f1uel |<\/strong> CIC El Almac\u00e9n  <\/p>\n<p> <img src=%22https:\/\/festivaldemusicavisualdelanzarote.com\/wp-content\/uploads\/2024\/07\/ticket2.png%22 width=%2216%22 height=%2224%22 alt=%22%22 class=%22wp-image-6692 alignnone size-full%22>  3.00\u20ac<\/p>\n<p>\u00a0\u00bb content_last_edited=\u00a0\u00bboff|desktop\u00a0\u00bb _builder_version=\u00a0\u00bb4.27.0&Prime; _module_preset=\u00a0\u00bbdefault\u00a0\u00bb text_font=\u00a0\u00bb|300|||||||\u00a0\u00bb text_text_color=\u00a0\u00bb#102736&Prime; text_font_size=\u00a0\u00bb20px\u00a0\u00bb text_letter_spacing=\u00a0\u00bb1px\u00a0\u00bb text_font_size_tablet=\u00a0\u00bb20px\u00a0\u00bb text_font_size_phone=\u00a0\u00bb15px\u00a0\u00bb text_font_size_last_edited=\u00a0\u00bbon|phone\u00a0\u00bb global_colors_info=\u00a0\u00bb{}\u00a0\u00bb]<\/p>\n<p><img loading=\"lazy\" decoding=\"async\" src=\"https:\/\/festivaldemusicavisualdelanzarote.com\/wp-content\/uploads\/2024\/07\/point2-225x300.png\" width=\"18\" height=\"24\" alt=\"\" class=\"wp-image-6696 alignnone size-medium\" srcset=\"https:\/\/festivaldemusicavisualdelanzarote.com\/wp-content\/uploads\/2024\/07\/point2-225x300.png 225w, https:\/\/festivaldemusicavisualdelanzarote.com\/wp-content\/uploads\/2024\/07\/point2.png 384w\" sizes=\"(max-width: 18px) 100vw, 18px\" \/>  Auditorium de Cueva de los Verdes  <\/p>\n<p><img loading=\"lazy\" decoding=\"async\" src=\"https:\/\/festivaldemusicavisualdelanzarote.com\/wp-content\/uploads\/2024\/07\/ticket2.png\" width=\"16\" height=\"24\" alt=\"\" class=\"wp-image-6692 alignnone size-full\">  15.00\u20ac<\/p>\n<p>[\/et_pb_text][et_pb_text _builder_version=\u00a0\u00bb4.27.0&Prime; _module_preset=\u00a0\u00bbdefault\u00a0\u00bb text_font=\u00a0\u00bbMontserrat||||||||\u00a0\u00bb text_text_color=\u00a0\u00bb#000000&Prime; global_colors_info=\u00a0\u00bb{}\u00a0\u00bb]<\/p>\n<p>Faire l&rsquo;exp\u00e9rience d&rsquo;un concert solo de Bj\u00f6rn Meyer n&rsquo;est pas sans cons\u00e9quences. Vous \u00eates invit\u00e9 \u00e0 appr\u00e9cier un univers sonore irr\u00e9sistible qui red\u00e9finit ce qu&rsquo;une basse \u00e9lectrique peut faire en tant qu&rsquo;instrument solo. Ambiances profondes et pulsantes, sonorit\u00e9s du monde ext\u00e9rieur, chants folkloriques d&rsquo;inspiration nordique, hymnes aux sonorit\u00e9s archa\u00efques, explosions d&rsquo;\u00e9nergie et structures de motifs minimales, le tout fusionn\u00e9 en une unit\u00e9 solide.  <\/p>\n<p>Le son unique de Meyer t\u00e9moigne de son incessante curiosit\u00e9. Son travail d\u00e9fie toute cat\u00e9gorisation, fusionnant l&rsquo;acoustique et l&rsquo;\u00e9lectrique, le compos\u00e9 et l&rsquo;improvis\u00e9, et les influences occidentales et orientales. <\/p>\n<p>Au-del\u00e0 de sa carri\u00e8re de soliste, Bj\u00f6rn Meyer a nou\u00e9 des collaborations importantes et durables dans divers paysages musicaux. On notera en particulier sa collaboration avec le ma\u00eetre du luth tunisien Anouar Brahem, avec lequel il participe \u00e9galement \u00e0 cette \u00e9dition du festival. <\/p>\n<p>Bj\u00f6rn Meyer a commenc\u00e9 son parcours musical dans la banlieue de Stockholm par le piano, le chant choral, la trompette et la guitare grunge avant de d\u00e9couvrir la basse \u00e9lectrique peu avant son 18e anniversaire. Quelques notes, jou\u00e9es sur un instrument abandonn\u00e9, ont allum\u00e9 une passion \u00e0 vie qui a profond\u00e9ment influenc\u00e9 sa vie. Depuis la sortie en 2017 de son premier album solo \u00ab\u00a0Provenance\u00a0\u00bb sur le label ECM, Meyer a captiv\u00e9 le public avec des concerts en solo \u00e0 travers l&rsquo;Europe, le Japon et l&rsquo;Iran. Il s&rsquo;est produit dans des salles de concert, des clubs, des festivals, des \u00e9glises et des studios de t\u00e9l\u00e9vision. Elbphilharmonie \u00e0 Hambourg, Ronnie Scott&rsquo;s \u00e0 Londres, Pit Inn \u00e0 Tokyo pour n&rsquo;en citer que quelques-uns.    <\/p>\n<p>Bj\u00f6rn Meyer : guitare basse \u00e9lectrique \u00e0 six cordes  <\/p>\n<p>Ildefonso Aguilar : Visuels  <\/p>\n<p>&nbsp;<\/p>\n<p><em><\/em><\/p>\n<p>[\/et_pb_text][et_pb_text _builder_version=\u00a0\u00bb4.27.0&Prime; _module_preset=\u00a0\u00bbdefault\u00a0\u00bb text_font=\u00a0\u00bb&#8211;et_global_body_font||||||||\u00a0\u00bb text_text_color=\u00a0\u00bb#000000&Prime; text_font_size=\u00a0\u00bb16px\u00a0\u00bb global_colors_info=\u00a0\u00bb{}\u00a0\u00bb]<\/p>\n<p><strong>Web<\/strong><\/p>\n<p><span><a href=\"https:\/\/www.bjornmeyer.com\/\">https:\/\/www.bjornmeyer.com\/<\/a><\/span><\/p>\n<p><strong>Vid\u00e9os<\/strong><\/p>\n<p><span><a href=\"https:\/\/www.youtube.com\/watch?v=oMRwdEqOnG8\">https:\/\/www.youtube.com\/watch?v=oMRwdEqOnG8<\/a><\/span><\/p>\n<p><strong>\u00c9coutez<\/strong><em> Bj\u00f6rn Meyer<\/em><\/p>\n<p><a href=\"https:\/\/open.spotify.com\/intl-es\/album\/4GUldwVIDwkiaTX4jJxNnf?si=IIB9HELFRDeffcfT2t59aw\">https:\/\/open.spotify.com\/intl-es\/album\/4GUldwVIDwkiaTX4jJxNnf?si=IIB9HELFRDeffcfT2t59aw<\/a><\/p>\n<p>[\/et_pb_text][\/et_pb_column][et_pb_column type=\u00a0\u00bb1_4&Prime; _builder_version=\u00a0\u00bb4.21.0&Prime; _module_preset=\u00a0\u00bbdefault\u00a0\u00bb global_colors_info=\u00a0\u00bb{}\u00a0\u00bb][et_pb_image src=\u00a0\u00bbhttps:\/\/festivaldemusicavisualdelanzarote.com\/wp-content\/uploads\/2024\/07\/logo-vertical.png\u00a0\u00bb title_text=\u00a0\u00bblogo vertical\u00a0\u00bb disabled_on=\u00a0\u00bbon|on|off\u00a0\u00bb _builder_version=\u00a0\u00bb4.27.0&Prime; _module_preset=\u00a0\u00bbdefault\u00a0\u00bb width=\u00a0\u00bb46%\u00a0\u00bb width_tablet=\u00a0\u00bb\u00a0\u00bb width_phone=\u00a0\u00bb40%\u00a0\u00bb width_last_edited=\u00a0\u00bbon|phone\u00a0\u00bb module_alignment=\u00a0\u00bbright\u00a0\u00bb global_colors_info=\u00a0\u00bb{}\u00a0\u00bb][\/et_pb_image][\/et_pb_column][\/et_pb_row][et_pb_row column_structure=\u00a0\u00bb1_3,1_3,1_3&Prime; use_custom_gutter=\u00a0\u00bbon\u00a0\u00bb gutter_width=\u00a0\u00bb2&Prime; make_equal=\u00a0\u00bbon\u00a0\u00bb _builder_version=\u00a0\u00bb4.27.0&Prime; _module_preset=\u00a0\u00bbdefault\u00a0\u00bb width=\u00a0\u00bb90%\u00a0\u00bb max_width=\u00a0\u00bb100%\u00a0\u00bb global_colors_info=\u00a0\u00bb{}\u00a0\u00bb][et_pb_column type=\u00a0\u00bb1_3&Prime; module_class=\u00a0\u00bbds-vertical-align\u00a0\u00bb _builder_version=\u00a0\u00bb4.27.0&Prime; _module_preset=\u00a0\u00bbdefault\u00a0\u00bb global_colors_info=\u00a0\u00bb{}\u00a0\u00bb][et_pb_button button_url=\u00a0\u00bbhttps:\/\/culturalanzarote.sacatuentrada.es\/es\/entradas\/bjorn-meyer-provenance\/2024-10-17&Prime; url_new_window=\u00a0\u00bbon\u00a0\u00bb button_text=\u00a0\u00bbACHETER UN BILLET\u00a0\u00bb _builder_version=\u00a0\u00bb4.27.0&Prime; _module_preset=\u00a0\u00bbdefault\u00a0\u00bb custom_button=\u00a0\u00bbon\u00a0\u00bb button_text_size=\u00a0\u00bb16px\u00a0\u00bb button_text_color=\u00a0\u00bb#FFFFFF\u00a0\u00bb button_bg_color=\u00a0\u00bb#102736&Prime; button_border_width=\u00a0\u00bb0px\u00a0\u00bb button_border_radius=\u00a0\u00bb0px\u00a0\u00bb button_letter_spacing=\u00a0\u00bb1px\u00a0\u00bb button_font=\u00a0\u00bb|700|||||||\u00a0\u00bb global_colors_info=\u00a0\u00bb{}\u00a0\u00bb][\/et_pb_button][\/et_pb_column][et_pb_column type=\u00a0\u00bb1_3&Prime; module_class=\u00a0\u00bbds-vertical-align\u00a0\u00bb _builder_version=\u00a0\u00bb4.27.0&Prime; _module_preset=\u00a0\u00bbdefault\u00a0\u00bb global_colors_info=\u00a0\u00bb{}\u00a0\u00bb][et_pb_social_media_follow icon_color=\u00a0\u00bb#102736&Prime; use_icon_font_size=\u00a0\u00bbon\u00a0\u00bb icon_font_size=\u00a0\u00bb14px\u00a0\u00bb _builder_version=\u00a0\u00bb4.27.0&Prime; _module_preset=\u00a0\u00bbdefault\u00a0\u00bb global_colors_info=\u00a0\u00bb{}\u00a0\u00bb][et_pb_social_media_follow_network social_network=\u00a0\u00bbfacebook\u00a0\u00bb url=\u00a0\u00bbhttps:\/\/web.facebook.com\/FestivaldeMusicaVisualdeLanzarote\/?_rdc=1&amp;_rdr\u00a0\u00bb icon_color=\u00a0\u00bb#102736&Prime; _builder_version=\u00a0\u00bb4.27.0&Prime; _module_preset=\u00a0\u00bbdefault\u00a0\u00bb background_color=\u00a0\u00bb#FFFFFF\u00a0\u00bb background_enable_color=\u00a0\u00bbon\u00a0\u00bb border_radii=\u00a0\u00bbon|497px|497px|497px|497px\u00a0\u00bb border_width_all=\u00a0\u00bb2px\u00a0\u00bb border_color_all=\u00a0\u00bb#102736&Prime; global_colors_info=\u00a0\u00bb{}\u00a0\u00bb follow_button=\u00a0\u00bboff\u00a0\u00bb url_new_window=\u00a0\u00bbon\u00a0\u00bb]facebook[\/et_pb_social_media_follow_network][et_pb_social_media_follow_network social_network=\u00a0\u00bbinstagram\u00a0\u00bb url=\u00a0\u00bbhttps:\/\/www.instagram.com\/festivalmusicavisuallzt\/\u00a0\u00bb icon_color=\u00a0\u00bb#102736&Prime; _builder_version=\u00a0\u00bb4.27.0&Prime; _module_preset=\u00a0\u00bbdefault\u00a0\u00bb background_color=\u00a0\u00bb#FFFFFF\u00a0\u00bb background_enable_color=\u00a0\u00bbon\u00a0\u00bb border_radii=\u00a0\u00bbon|497px|497px|497px|497px\u00a0\u00bb border_width_all=\u00a0\u00bb2px\u00a0\u00bb border_color_all=\u00a0\u00bb#102736&Prime; global_colors_info=\u00a0\u00bb{}\u00a0\u00bb follow_button=\u00a0\u00bboff\u00a0\u00bb url_new_window=\u00a0\u00bbon\u00a0\u00bb]instagram[\/et_pb_social_media_follow_network][\/et_pb_social_media_follow][\/et_pb_column][et_pb_column type=\u00a0\u00bb1_3&Prime; module_class=\u00a0\u00bbds-vertical-align\u00a0\u00bb _builder_version=\u00a0\u00bb4.27.0&Prime; _module_preset=\u00a0\u00bbdefault\u00a0\u00bb global_colors_info=\u00a0\u00bb{}\u00a0\u00bb][et_pb_icon font_icon=\u00a0\u00bb&#x45;||divi||400&Prime; icon_color=\u00a0\u00bb#102736&Prime; url=\u00a0\u00bb#urho\u00a0\u00bb align=\u00a0\u00bbright\u00a0\u00bb _builder_version=\u00a0\u00bb4.27.0&Prime; _module_preset=\u00a0\u00bbdefault\u00a0\u00bb position_origin_a=\u00a0\u00bbbottom_right\u00a0\u00bb position_origin_f=\u00a0\u00bbtop_center\u00a0\u00bb position_origin_r=\u00a0\u00bbbottom_right\u00a0\u00bb global_colors_info=\u00a0\u00bb{}\u00a0\u00bb][\/et_pb_icon][\/et_pb_column][\/et_pb_row][\/et_pb_section][et_pb_section fb_built=\u00a0\u00bb1&Prime; admin_label=\u00a0\u00bbPopup &#8211; #urho\u00a0\u00bb module_id=\u00a0\u00bburho\u00a0\u00bb module_class=\u00a0\u00bbpopup single\u00a0\u00bb _builder_version=\u00a0\u00bb4.27.0&Prime; _module_preset=\u00a0\u00bbdefault\u00a0\u00bb width=\u00a0\u00bb65%\u00a0\u00bb width_tablet=\u00a0\u00bb100%\u00a0\u00bb width_phone=\u00a0\u00bb100%\u00a0\u00bb width_last_edited=\u00a0\u00bbon|phone\u00a0\u00bb da_is_popup=\u00a0\u00bbon\u00a0\u00bb da_popup_slug=\u00a0\u00bburho\u00a0\u00bb da_is_singular=\u00a0\u00bbon\u00a0\u00bb da_disable_devices=\u00a0\u00bboff|off|off\u00a0\u00bb border_radii=\u00a0\u00bbon|26px|26px|26px|26px\u00a0\u00bb global_colors_info=\u00a0\u00bb{}\u00a0\u00bb da_exit_intent=\u00a0\u00bboff\u00a0\u00bb da_has_close=\u00a0\u00bbon\u00a0\u00bb da_alt_close=\u00a0\u00bboff\u00a0\u00bb da_dark_close=\u00a0\u00bboff\u00a0\u00bb da_not_modal=\u00a0\u00bbon\u00a0\u00bb da_with_loader=\u00a0\u00bboff\u00a0\u00bb da_has_shadow=\u00a0\u00bbon\u00a0\u00bb][et_pb_row column_structure=\u00a0\u00bb3_4,1_4&Prime; use_custom_gutter=\u00a0\u00bbon\u00a0\u00bb gutter_width=\u00a0\u00bb2&Prime; _builder_version=\u00a0\u00bb4.21.0&Prime; _module_preset=\u00a0\u00bbdefault\u00a0\u00bb width=\u00a0\u00bb90%\u00a0\u00bb max_width=\u00a0\u00bb100%\u00a0\u00bb global_colors_info=\u00a0\u00bb{}\u00a0\u00bb][et_pb_column type=\u00a0\u00bb3_4&Prime; _builder_version=\u00a0\u00bb4.21.0&Prime; _module_preset=\u00a0\u00bbdefault\u00a0\u00bb global_colors_info=\u00a0\u00bb{}\u00a0\u00bb][et_pb_image src=\u00a0\u00bbhttps:\/\/festivaldemusicavisualdelanzarote.com\/wp-content\/uploads\/2024\/07\/urho.jpg\u00a0\u00bb title_text=\u00a0\u00bburho\u00a0\u00bb _builder_version=\u00a0\u00bb4.27.0&Prime; _module_preset=\u00a0\u00bbdefault\u00a0\u00bb global_colors_info=\u00a0\u00bb{}\u00a0\u00bb][\/et_pb_image][et_pb_text _builder_version=\u00a0\u00bb4.27.0&Prime; _module_preset=\u00a0\u00bbdefault\u00a0\u00bb text_font=\u00a0\u00bb|300|||||||\u00a0\u00bb text_text_color=\u00a0\u00bb#000000&Prime; text_font_size=\u00a0\u00bb22px\u00a0\u00bb text_letter_spacing=\u00a0\u00bb1px\u00a0\u00bb global_colors_info=\u00a0\u00bb{}\u00a0\u00bb]<\/p>\n<p><strong>18 OCT |<\/strong> 20:00HS<\/p>\n<p>[\/et_pb_text][et_pb_text _builder_version=\u00a0\u00bb4.27.0&Prime; _module_preset=\u00a0\u00bbdefault\u00a0\u00bb text_font=\u00a0\u00bbAlong Black|800||on|||||\u00a0\u00bb text_text_color=\u00a0\u00bb#FFFFFF\u00a0\u00bb text_font_size=\u00a0\u00bb50px\u00a0\u00bb text_letter_spacing=\u00a0\u00bb1px\u00a0\u00bb text_line_height=\u00a0\u00bb1.1em\u00a0\u00bb header_2_font=\u00a0\u00bbAlong Black||||||||\u00a0\u00bb header_2_text_color=\u00a0\u00bb#102736&Prime; header_2_font_size=\u00a0\u00bb50px\u00a0\u00bb custom_margin=\u00a0\u00bb||8px|||\u00a0\u00bb header_2_font_size_tablet=\u00a0\u00bb50px\u00a0\u00bb header_2_font_size_phone=\u00a0\u00bb35px\u00a0\u00bb header_2_font_size_last_edited=\u00a0\u00bbon|phone\u00a0\u00bb global_colors_info=\u00a0\u00bb{}\u00a0\u00bb]<\/p>\n<h2><strong>URHO<br \/>\nLive A\/V<\/strong><\/h2>\n<p>[\/et_pb_text][et_pb_text content_tablet=\u00a0\u00bb<\/p>\n<p><img src=%22https:\/\/festivaldemusicavisualdelanzarote.com\/wp-content\/uploads\/2024\/07\/point2-225x300.png%22 width=%2218%22 height=%2224%22 alt=%22%22 class=%22wp-image-6696 alignnone size-medium%22> <img src=%22https:\/\/festivaldemusicavisualdelanzarote.com\/wp-content\/uploads\/2024\/07\/ticket2.png%22 width=%2216%22 height=%2224%22 alt=%22%22 class=%22wp-image-6692 alignnone size-full%22> S<strong>alle Bu\u00f1uel :<\/strong> CIC El Almac\u00e9n 10.00\u20ac.<\/p>\n<p>\u00a0\u00bb content_phone=\u00a0\u00bb<\/p>\n<p><img src=%22https:\/\/festivaldemusicavisualdelanzarote.com\/wp-content\/uploads\/2024\/07\/point2-225x300.png%22 width=%2218%22 height=%2224%22 alt=%22%22 class=%22wp-image-6696 alignnone size-medium%22> <strong>Salle Bu\u00f1uel |<\/strong> CIC El Almac\u00e9n  <\/p>\n<p> <img src=%22https:\/\/festivaldemusicavisualdelanzarote.com\/wp-content\/uploads\/2024\/07\/ticket2.png%22 width=%2216%22 height=%2224%22 alt=%22%22 class=%22wp-image-6692 alignnone size-full%22>  3.00\u20ac<\/p>\n<p>\u00a0\u00bb content_last_edited=\u00a0\u00bboff|desktop\u00a0\u00bb _builder_version=\u00a0\u00bb4.27.0&Prime; _module_preset=\u00a0\u00bbdefault\u00a0\u00bb text_font=\u00a0\u00bb|300|||||||\u00a0\u00bb text_text_color=\u00a0\u00bb#102736&Prime; text_font_size=\u00a0\u00bb20px\u00a0\u00bb text_letter_spacing=\u00a0\u00bb1px\u00a0\u00bb text_font_size_tablet=\u00a0\u00bb20px\u00a0\u00bb text_font_size_phone=\u00a0\u00bb15px\u00a0\u00bb text_font_size_last_edited=\u00a0\u00bbon|phone\u00a0\u00bb global_colors_info=\u00a0\u00bb{}\u00a0\u00bb]<\/p>\n<p><img loading=\"lazy\" decoding=\"async\" src=\"https:\/\/festivaldemusicavisualdelanzarote.com\/wp-content\/uploads\/2024\/07\/point2-225x300.png\" width=\"18\" height=\"24\" alt=\"\" class=\"wp-image-6696 alignnone size-medium\" srcset=\"https:\/\/festivaldemusicavisualdelanzarote.com\/wp-content\/uploads\/2024\/07\/point2-225x300.png 225w, https:\/\/festivaldemusicavisualdelanzarote.com\/wp-content\/uploads\/2024\/07\/point2.png 384w\" sizes=\"(max-width: 18px) 100vw, 18px\" \/> <strong>Salle Bu\u00f1uel<\/strong> | CIC El Almac\u00e9n  <\/p>\n<p><img loading=\"lazy\" decoding=\"async\" src=\"https:\/\/festivaldemusicavisualdelanzarote.com\/wp-content\/uploads\/2024\/07\/ticket2.png\" width=\"16\" height=\"24\" alt=\"\" class=\"wp-image-6692 alignnone size-full\">  10.00\u20ac<\/p>\n<p>[\/et_pb_text][et_pb_text _builder_version=\u00a0\u00bb4.27.0&Prime; _module_preset=\u00a0\u00bbdefault\u00a0\u00bb text_font=\u00a0\u00bbMontserrat||||||||\u00a0\u00bb text_text_color=\u00a0\u00bb#000000&Prime; global_colors_info=\u00a0\u00bb{}\u00a0\u00bb]<\/p>\n<p>URHO est un projet performatif bas\u00e9 sur le son et les images enregistr\u00e9s par l&rsquo;artiste audiovisuel Iv\u00e1n Torres Hdez \u00e0 bord du brise-glace du m\u00eame nom, fleuron de la flotte finlandaise. Le son complexe et profond des enregistrements de terrain constitue la base d&rsquo;un paysage sonore interpr\u00e9t\u00e9 en direct par le musicien et artiste sonore Xo\u00e1n-Xil L\u00f3pez et par Iv\u00e1n Torres lui-m\u00eame, \u00e0 l&rsquo;aide de synth\u00e9tiseurs et de syst\u00e8mes radio auxquels s&rsquo;ajoutent des instruments construits par Xo\u00e1n-Xil. La pi\u00e8ce a un caract\u00e8re d&rsquo;improvisation et de dialogue entre les deux artistes qui r\u00e9agissent aux visuels o\u00f9 des images de style documentaire sont m\u00e9lang\u00e9es \u00e0 des animations sur cellulo\u00efd.  <\/p>\n<p>La pr\u00e9sence impassible de l&rsquo;\u00e9quipage contraste avec le mouvement constant et le bruit assourdissant du brise-glace qui se fraye un chemin dans la mer Baltique gel\u00e9e, entour\u00e9e d&rsquo;un paysage presque lunaire.<\/p>\n<p><strong><em>Ivan Torres<\/em><\/strong><em>  Hdez est un artiste audiovisuel bas\u00e9 entre la Finlande et la Galice. Son travail performatif m\u00e9lange les images de ses projets cin\u00e9matographiques avec de la musique exp\u00e9rimentale et de l&rsquo;art sonore. <\/em><\/p>\n<p><strong><em>Xo\u00e1n-Xil<\/em><\/strong><em> est un artiste sonore et un chercheur dont le travail s&rsquo;articule autour de la pratique phonographique (field recording) et de l&rsquo;exp\u00e9rimentation sonore sous la forme d&rsquo;installations, de situations d&rsquo;\u00e9coute immersives, de compositions, de performances et de textes.<\/em><\/p>\n<p><strong>Iv\u00e1n Torres<\/strong>: Electr\u00f3nica y visuales \/ <em>Electronics and visuals<\/em><\/p>\n<p><strong>Xo\u00e1n-Xil L\u00f3pez<\/strong>: Sintes y electr\u00f3nica \/ <em>Synths and electronics<\/em><\/p>\n<p><strong> <\/strong><\/p>\n<p>[\/et_pb_text][et_pb_text _builder_version=\u00a0\u00bb4.27.0&Prime; _module_preset=\u00a0\u00bbdefault\u00a0\u00bb text_font=\u00a0\u00bb&#8211;et_global_body_font||||||||\u00a0\u00bb text_text_color=\u00a0\u00bb#000000&Prime; text_font_size=\u00a0\u00bb16px\u00a0\u00bb global_colors_info=\u00a0\u00bb{}\u00a0\u00bb]<\/p>\n<p><strong>Web<\/strong><\/p>\n<p><span><a href=\"https:\/\/ivantorreshdez.com\/Urho\">https:\/\/ivantorreshdez.com\/Urho<\/a><\/span><\/p>\n<p><strong>Vid\u00e9os<\/strong><\/p>\n<p><span><a href=\"https:\/\/vimeo.com\/832231716\">https:\/\/vimeo.com\/832231716<\/a><\/span><\/p>\n<p>[\/et_pb_text][\/et_pb_column][et_pb_column type=\u00a0\u00bb1_4&Prime; _builder_version=\u00a0\u00bb4.21.0&Prime; _module_preset=\u00a0\u00bbdefault\u00a0\u00bb global_colors_info=\u00a0\u00bb{}\u00a0\u00bb][et_pb_image src=\u00a0\u00bbhttps:\/\/festivaldemusicavisualdelanzarote.com\/wp-content\/uploads\/2024\/07\/logo-vertical.png\u00a0\u00bb title_text=\u00a0\u00bblogo vertical\u00a0\u00bb disabled_on=\u00a0\u00bbon|on|off\u00a0\u00bb _builder_version=\u00a0\u00bb4.27.0&Prime; _module_preset=\u00a0\u00bbdefault\u00a0\u00bb width=\u00a0\u00bb46%\u00a0\u00bb width_tablet=\u00a0\u00bb\u00a0\u00bb width_phone=\u00a0\u00bb40%\u00a0\u00bb width_last_edited=\u00a0\u00bbon|phone\u00a0\u00bb module_alignment=\u00a0\u00bbright\u00a0\u00bb global_colors_info=\u00a0\u00bb{}\u00a0\u00bb][\/et_pb_image][\/et_pb_column][\/et_pb_row][et_pb_row column_structure=\u00a0\u00bb1_3,1_3,1_3&Prime; use_custom_gutter=\u00a0\u00bbon\u00a0\u00bb gutter_width=\u00a0\u00bb2&Prime; make_equal=\u00a0\u00bbon\u00a0\u00bb _builder_version=\u00a0\u00bb4.27.0&Prime; _module_preset=\u00a0\u00bbdefault\u00a0\u00bb width=\u00a0\u00bb90%\u00a0\u00bb max_width=\u00a0\u00bb100%\u00a0\u00bb global_colors_info=\u00a0\u00bb{}\u00a0\u00bb][et_pb_column type=\u00a0\u00bb1_3&Prime; module_class=\u00a0\u00bbds-vertical-align\u00a0\u00bb _builder_version=\u00a0\u00bb4.27.0&Prime; _module_preset=\u00a0\u00bbdefault\u00a0\u00bb global_colors_info=\u00a0\u00bb{}\u00a0\u00bb][et_pb_button button_url=\u00a0\u00bbhttps:\/\/culturalanzarote.sacatuentrada.es\/es\/entradas\/urho-live-a-v\/2024-10-18&Prime; url_new_window=\u00a0\u00bbon\u00a0\u00bb button_text=\u00a0\u00bbACHETER UN BILLET\u00a0\u00bb _builder_version=\u00a0\u00bb4.27.0&Prime; _module_preset=\u00a0\u00bbdefault\u00a0\u00bb custom_button=\u00a0\u00bbon\u00a0\u00bb button_text_size=\u00a0\u00bb16px\u00a0\u00bb button_text_color=\u00a0\u00bb#FFFFFF\u00a0\u00bb button_bg_color=\u00a0\u00bb#102736&Prime; button_border_width=\u00a0\u00bb0px\u00a0\u00bb button_border_radius=\u00a0\u00bb0px\u00a0\u00bb button_letter_spacing=\u00a0\u00bb1px\u00a0\u00bb button_font=\u00a0\u00bb|700|||||||\u00a0\u00bb global_colors_info=\u00a0\u00bb{}\u00a0\u00bb][\/et_pb_button][\/et_pb_column][et_pb_column type=\u00a0\u00bb1_3&Prime; module_class=\u00a0\u00bbds-vertical-align\u00a0\u00bb _builder_version=\u00a0\u00bb4.27.0&Prime; _module_preset=\u00a0\u00bbdefault\u00a0\u00bb global_colors_info=\u00a0\u00bb{}\u00a0\u00bb][et_pb_social_media_follow icon_color=\u00a0\u00bb#102736&Prime; use_icon_font_size=\u00a0\u00bbon\u00a0\u00bb icon_font_size=\u00a0\u00bb14px\u00a0\u00bb _builder_version=\u00a0\u00bb4.27.0&Prime; _module_preset=\u00a0\u00bbdefault\u00a0\u00bb global_colors_info=\u00a0\u00bb{}\u00a0\u00bb][et_pb_social_media_follow_network social_network=\u00a0\u00bbfacebook\u00a0\u00bb url=\u00a0\u00bbhttps:\/\/web.facebook.com\/FestivaldeMusicaVisualdeLanzarote\/?_rdc=1&amp;_rdr\u00a0\u00bb icon_color=\u00a0\u00bb#102736&Prime; _builder_version=\u00a0\u00bb4.27.0&Prime; _module_preset=\u00a0\u00bbdefault\u00a0\u00bb background_color=\u00a0\u00bb#FFFFFF\u00a0\u00bb background_enable_color=\u00a0\u00bbon\u00a0\u00bb border_radii=\u00a0\u00bbon|497px|497px|497px|497px\u00a0\u00bb border_width_all=\u00a0\u00bb2px\u00a0\u00bb border_color_all=\u00a0\u00bb#102736&Prime; global_colors_info=\u00a0\u00bb{}\u00a0\u00bb follow_button=\u00a0\u00bboff\u00a0\u00bb url_new_window=\u00a0\u00bbon\u00a0\u00bb]facebook[\/et_pb_social_media_follow_network][et_pb_social_media_follow_network social_network=\u00a0\u00bbinstagram\u00a0\u00bb url=\u00a0\u00bbhttps:\/\/www.instagram.com\/festivalmusicavisuallzt\/\u00a0\u00bb icon_color=\u00a0\u00bb#102736&Prime; _builder_version=\u00a0\u00bb4.27.0&Prime; _module_preset=\u00a0\u00bbdefault\u00a0\u00bb background_color=\u00a0\u00bb#FFFFFF\u00a0\u00bb background_enable_color=\u00a0\u00bbon\u00a0\u00bb border_radii=\u00a0\u00bbon|497px|497px|497px|497px\u00a0\u00bb border_width_all=\u00a0\u00bb2px\u00a0\u00bb border_color_all=\u00a0\u00bb#102736&Prime; global_colors_info=\u00a0\u00bb{}\u00a0\u00bb follow_button=\u00a0\u00bboff\u00a0\u00bb url_new_window=\u00a0\u00bbon\u00a0\u00bb]instagram[\/et_pb_social_media_follow_network][\/et_pb_social_media_follow][\/et_pb_column][et_pb_column type=\u00a0\u00bb1_3&Prime; module_class=\u00a0\u00bbds-vertical-align\u00a0\u00bb _builder_version=\u00a0\u00bb4.27.0&Prime; _module_preset=\u00a0\u00bbdefault\u00a0\u00bb global_colors_info=\u00a0\u00bb{}\u00a0\u00bb][et_pb_icon font_icon=\u00a0\u00bb&#x45;||divi||400&Prime; icon_color=\u00a0\u00bb#102736&Prime; url=\u00a0\u00bb#echo\u00a0\u00bb align=\u00a0\u00bbright\u00a0\u00bb _builder_version=\u00a0\u00bb4.27.0&Prime; _module_preset=\u00a0\u00bbdefault\u00a0\u00bb position_origin_a=\u00a0\u00bbbottom_right\u00a0\u00bb position_origin_f=\u00a0\u00bbtop_center\u00a0\u00bb position_origin_r=\u00a0\u00bbbottom_right\u00a0\u00bb global_colors_info=\u00a0\u00bb{}\u00a0\u00bb][\/et_pb_icon][\/et_pb_column][\/et_pb_row][\/et_pb_section][et_pb_section fb_built=\u00a0\u00bb1&Prime; admin_label=\u00a0\u00bbPopup &#8211; #echo\u00a0\u00bb module_id=\u00a0\u00bb\u00e9cho\u00a0\u00bb module_class=\u00a0\u00bbpopup single\u00a0\u00bb _builder_version=\u00a0\u00bb4.27.0&Prime; _module_preset=\u00a0\u00bbdefault\u00a0\u00bb width=\u00a0\u00bb65%\u00a0\u00bb width_tablet=\u00a0\u00bb100%\u00a0\u00bb width_phone=\u00a0\u00bb100%\u00a0\u00bb width_last_edited=\u00a0\u00bbon|phone\u00a0\u00bb da_is_popup=\u00a0\u00bbon\u00a0\u00bb da_popup_slug=\u00a0\u00bbecho\u00a0\u00bb da_is_singular=\u00a0\u00bbon\u00a0\u00bb da_disable_devices=\u00a0\u00bboff|off|off\u00a0\u00bb border_radii=\u00a0\u00bbon|26px|26px|26px|26px\u00a0\u00bb global_colors_info=\u00a0\u00bb{}\u00a0\u00bb da_exit_intent=\u00a0\u00bboff\u00a0\u00bb da_has_close=\u00a0\u00bbon\u00a0\u00bb da_alt_close=\u00a0\u00bboff\u00a0\u00bb da_dark_close=\u00a0\u00bboff\u00a0\u00bb da_not_modal=\u00a0\u00bbon\u00a0\u00bb da_with_loader=\u00a0\u00bboff\u00a0\u00bb da_has_shadow=\u00a0\u00bbon\u00a0\u00bb][et_pb_row column_structure=\u00a0\u00bb3_4,1_4&Prime; use_custom_gutter=\u00a0\u00bbon\u00a0\u00bb gutter_width=\u00a0\u00bb2&Prime; _builder_version=\u00a0\u00bb4.21.0&Prime; _module_preset=\u00a0\u00bbdefault\u00a0\u00bb width=\u00a0\u00bb90%\u00a0\u00bb max_width=\u00a0\u00bb100%\u00a0\u00bb global_colors_info=\u00a0\u00bb{}\u00a0\u00bb][et_pb_column type=\u00a0\u00bb3_4&Prime; _builder_version=\u00a0\u00bb4.21.0&Prime; _module_preset=\u00a0\u00bbdefault\u00a0\u00bb global_colors_info=\u00a0\u00bb{}\u00a0\u00bb][et_pb_image src=\u00a0\u00bbhttps:\/\/festivaldemusicavisualdelanzarote.com\/wp-content\/uploads\/2024\/07\/echo.jpg\u00a0\u00bb title_text=\u00a0\u00bb\u00e9cho\u00a0\u00bb _builder_version=\u00a0\u00bb4.27.0&Prime; _module_preset=\u00a0\u00bbdefault\u00a0\u00bb global_colors_info=\u00a0\u00bb{}\u00a0\u00bb][\/et_pb_image][et_pb_text _builder_version=\u00a0\u00bb4.27.0&Prime; _module_preset=\u00a0\u00bbdefault\u00a0\u00bb text_font=\u00a0\u00bb|300|||||||\u00a0\u00bb text_text_color=\u00a0\u00bb#000000&Prime; text_font_size=\u00a0\u00bb22px\u00a0\u00bb text_letter_spacing=\u00a0\u00bb1px\u00a0\u00bb global_colors_info=\u00a0\u00bb{}\u00a0\u00bb]<\/p>\n<p><strong>19 OCT |<\/strong> 20:00HS<\/p>\n<p>[\/et_pb_text][et_pb_text _builder_version=\u00a0\u00bb4.27.0&Prime; _module_preset=\u00a0\u00bbdefault\u00a0\u00bb text_font=\u00a0\u00bbAlong Black|800||on|||||\u00a0\u00bb text_text_color=\u00a0\u00bb#FFFFFF\u00a0\u00bb text_font_size=\u00a0\u00bb50px\u00a0\u00bb text_letter_spacing=\u00a0\u00bb1px\u00a0\u00bb text_line_height=\u00a0\u00bb1.1em\u00a0\u00bb header_2_font=\u00a0\u00bbAlong Black||||||||\u00a0\u00bb header_2_text_color=\u00a0\u00bb#102736&Prime; header_2_font_size=\u00a0\u00bb50px\u00a0\u00bb custom_margin=\u00a0\u00bb||8px|||\u00a0\u00bb header_2_font_size_tablet=\u00a0\u00bb50px\u00a0\u00bb header_2_font_size_phone=\u00a0\u00bb35px\u00a0\u00bb header_2_font_size_last_edited=\u00a0\u00bbon|phone\u00a0\u00bb global_colors_info=\u00a0\u00bb{}\u00a0\u00bb]<\/p>\n<h2><strong>ECHO COLLECTIVE<br \/>\njoue Amnesiac<\/strong><\/h2>\n<p>[\/et_pb_text][et_pb_text content_tablet=\u00a0\u00bb<\/p>\n<p><img src=%22https:\/\/festivaldemusicavisualdelanzarote.com\/wp-content\/uploads\/2024\/07\/point2-225x300.png%22 width=%2218%22 height=%2224%22 alt=%22%22 class=%22wp-image-6696 alignnone size-medium%22>Auditorium Jameos del Agua<\/p>\n<p> <img src=%22https:\/\/festivaldemusicavisualdelanzarote.com\/wp-content\/uploads\/2024\/07\/ticket2.png%22 width=%2216%22 height=%2224%22 alt=%22%22 class=%22wp-image-6692 alignnone size-full%22>  15.00\u20ac<\/p>\n<p>\u00a0\u00bb content_phone=\u00a0\u00bb<\/p>\n<p><img src=%22https:\/\/festivaldemusicavisualdelanzarote.com\/wp-content\/uploads\/2024\/07\/point2-225x300.png%22 width=%2218%22 height=%2224%22 alt=%22%22 class=%22wp-image-6696 alignnone size-medium%22>Auditorium Jameos del Agua<\/p>\n<p><img src=%22https:\/\/festivaldemusicavisualdelanzarote.com\/wp-content\/uploads\/2024\/07\/ticket2.png%22 width=%2216%22 height=%2224%22 alt=%22%22 class=%22wp-image-6692 alignnone size-full%22>  15.00\u20ac<\/p>\n<p>\u00a0\u00bb content_last_edited=\u00a0\u00bbon|desktop\u00a0\u00bb _builder_version=\u00a0\u00bb4.27.0&Prime; _module_preset=\u00a0\u00bbdefault\u00a0\u00bb text_font=\u00a0\u00bb|300|||||||\u00a0\u00bb text_text_color=\u00a0\u00bb#102736&Prime; text_font_size=\u00a0\u00bb20px\u00a0\u00bb text_letter_spacing=\u00a0\u00bb1px\u00a0\u00bb text_font_size_tablet=\u00a0\u00bb20px\u00a0\u00bb text_font_size_phone=\u00a0\u00bb15px\u00a0\u00bb text_font_size_last_edited=\u00a0\u00bbon|phone\u00a0\u00bb global_colors_info=\u00a0\u00bb{}\u00a0\u00bb content__hover_enabled=\u00a0\u00bboff|desktop\u00a0\u00bb]<\/p>\n<p><img loading=\"lazy\" decoding=\"async\" src=\"https:\/\/festivaldemusicavisualdelanzarote.com\/wp-content\/uploads\/2024\/07\/point2-225x300.png\" width=\"18\" height=\"24\" alt=\"\" class=\"wp-image-6696 alignnone size-medium\" srcset=\"https:\/\/festivaldemusicavisualdelanzarote.com\/wp-content\/uploads\/2024\/07\/point2-225x300.png 225w, https:\/\/festivaldemusicavisualdelanzarote.com\/wp-content\/uploads\/2024\/07\/point2.png 384w\" sizes=\"(max-width: 18px) 100vw, 18px\" \/>  Auditorium Jameos del Agua<\/p>\n<p><img loading=\"lazy\" decoding=\"async\" src=\"https:\/\/festivaldemusicavisualdelanzarote.com\/wp-content\/uploads\/2024\/07\/ticket2.png\" width=\"16\" height=\"24\" alt=\"\" class=\"wp-image-6692 alignnone size-full\">  15.00\u20ac<\/p>\n<p>[\/et_pb_text][et_pb_text _builder_version=\u00a0\u00bb4.27.0&Prime; _module_preset=\u00a0\u00bbdefault\u00a0\u00bb text_font=\u00a0\u00bbMontserrat||||||||\u00a0\u00bb text_text_color=\u00a0\u00bb#000000&Prime; global_colors_info=\u00a0\u00bb{}\u00a0\u00bb]En collaboration avec le Festival Contempor\u00e1neo del Festival Internacional de M\u00fasica de Canarias du gouvernement des \u00eeles Canaries, l&rsquo;\u00e9dition de cette ann\u00e9e sera cl\u00f4tur\u00e9e par le groupe orchestral Echo Collective, qui interpr\u00e9tera sa version tr\u00e8s personnelle du c\u00e9l\u00e8bre projet de Radiohead, Amnesiac.<\/p>\n<p>Il n&rsquo;est pas facile de r\u00e9interpr\u00e9ter un album d&rsquo;une mani\u00e8re nouvelle et diff\u00e9rente tout en conservant une attitude respectueuse de l&rsquo;original. Encore moins lorsque l&rsquo;album en question est aussi c\u00e9l\u00e8bre et appr\u00e9ci\u00e9 qu&rsquo;Amnesiac du c\u00e9l\u00e8bre Radiohead. Mais le groupe n\u00e9oclassique belge Echo Collective n&rsquo;est pas \u00e9tranger \u00e0 ces d\u00e9fis. Le groupe orchestral form\u00e9 autour de Neil Leiter et Margaret Hermant, collaborateurs r\u00e9guliers sur A Winged Victory For The Sullen, Stars Of The Lid, Dustin O&rsquo;Halloran et J\u00f3hann J\u00f3hannsson (qu&rsquo;ils ont accompagn\u00e9 lors de leur prestation de 2017 \u00e0 ce m\u00eame Festival), a surpris avec sa reprise d&rsquo;un album de black metal du tristement c\u00e9l\u00e8bre Burzum. Le directeur artistique de la principale salle de concert de Bruxelles, l&rsquo;Ancienne Belgique, n&rsquo;a pas tard\u00e9 \u00e0 commander au \u00ab\u00a0house band\u00a0\u00bb de reprendre \u00e9galement Amnesiac.    <\/p>\n<p>Le r\u00e9sultat a d\u00e9pass\u00e9 toutes les attentes. L&rsquo;un des plus grands albums de tous les temps, arrang\u00e9 pour trio \u00e0 cordes, harpe, piano, basson\/contrebasson, clarinette\/clarinette basse\/saxophone baryton et percussions orchestrales, s&rsquo;est vu offrir une nouvelle vie. Le groupe de virtuoses a pr\u00e9serv\u00e9 les nuances et la d\u00e9licatesse de l&rsquo;original, tout en lui conf\u00e9rant une renomm\u00e9e et une grandeur classiques. Echo Collective prouvera une fois de plus \u00e0 Lanzarote qu&rsquo;il est loin d&rsquo;\u00eatre un p\u00e2le \u00e9cho ou une copie bon march\u00e9, mais plut\u00f4t un projet postclassique spectaculaire \u00e0 part enti\u00e8re.   <\/p>\n<p>Margaret Hermant : violon et harpe<\/p>\n<p>Amalija Kokeza : alto<\/p>\n<p>Corentin Dellicoiur : violoncelle<\/p>\n<p>Gary De Cart : piano<\/p>\n<p>Helene Elst : basson<\/p>\n<p>Antoine Dandoy : percussions<\/p>\n<p>Yann Lecollaire : clarinette et saxophone<\/p>\n<p>Ildefonso Aguilar: Effets visuels<\/p>\n<p>&nbsp;[\/et_pb_text][et_pb_text _builder_version=\u00a0\u00bb4.27.0&Prime; _module_preset=\u00a0\u00bbdefault\u00a0\u00bb text_font=\u00a0\u00bb&#8211;et_global_body_font||||||||\u00a0\u00bb text_text_color=\u00a0\u00bb#000000&Prime; text_font_size=\u00a0\u00bb16px\u00a0\u00bb global_colors_info=\u00a0\u00bb{}\u00a0\u00bb]<\/p>\n<p><strong>Web<\/strong><\/p>\n<p><span><a href=\"https:\/\/www.echocollective.be\/\">https:\/\/www.echocollective.be\/<\/a><\/span><\/p>\n<p><strong>Vid\u00e9os<\/strong><\/p>\n<p><span><a href=\"https:\/\/www.youtube.com\/watch?v=9jhRqNbm4Bo\">https:\/\/www.youtube.com\/watch?v=9jhRqNbm4Bo<\/a><\/span><\/p>\n<p><span><a href=\"https:\/\/youtu.be\/CM6cAEVAiMA\">https:\/\/youtu.be\/CM6cAEVAiMA<\/a><\/span><\/p>\n<p><strong>\u00c9couter <\/strong><strong><em>Echo Collective joue Amnesiac<\/em><\/strong><\/p>\n<p><span><a href=\"https:\/\/open.spotify.com\/album\/6ny0Z5uEQtUdNYPmvHCNAI?si=Ey05p5hpRBCQxeaKhcnkkw\">https:\/\/open.spotify.com\/album\/6ny0Z5uEQtUdNYPmvHCNAI?si=Ey05p5hpRBCQxeaKhcnkkw<\/a><\/span><\/p>\n<p>[\/et_pb_text][\/et_pb_column][et_pb_column type=\u00a0\u00bb1_4&Prime; _builder_version=\u00a0\u00bb4.21.0&Prime; _module_preset=\u00a0\u00bbdefault\u00a0\u00bb global_colors_info=\u00a0\u00bb{}\u00a0\u00bb][et_pb_image src=\u00a0\u00bbhttps:\/\/festivaldemusicavisualdelanzarote.com\/wp-content\/uploads\/2024\/07\/logo-vertical.png\u00a0\u00bb title_text=\u00a0\u00bblogo vertical\u00a0\u00bb disabled_on=\u00a0\u00bbon|on|off\u00a0\u00bb _builder_version=\u00a0\u00bb4.27.0&Prime; _module_preset=\u00a0\u00bbdefault\u00a0\u00bb width=\u00a0\u00bb46%\u00a0\u00bb width_tablet=\u00a0\u00bb\u00a0\u00bb width_phone=\u00a0\u00bb40%\u00a0\u00bb width_last_edited=\u00a0\u00bbon|phone\u00a0\u00bb module_alignment=\u00a0\u00bbright\u00a0\u00bb global_colors_info=\u00a0\u00bb{}\u00a0\u00bb][\/et_pb_image][\/et_pb_column][\/et_pb_row][et_pb_row column_structure=\u00a0\u00bb1_3,1_3,1_3&Prime; use_custom_gutter=\u00a0\u00bbon\u00a0\u00bb gutter_width=\u00a0\u00bb2&Prime; make_equal=\u00a0\u00bbon\u00a0\u00bb _builder_version=\u00a0\u00bb4.27.0&Prime; _module_preset=\u00a0\u00bbdefault\u00a0\u00bb width=\u00a0\u00bb90%\u00a0\u00bb max_width=\u00a0\u00bb100%\u00a0\u00bb global_colors_info=\u00a0\u00bb{}\u00a0\u00bb][et_pb_column type=\u00a0\u00bb1_3&Prime; module_class=\u00a0\u00bbds-vertical-align\u00a0\u00bb _builder_version=\u00a0\u00bb4.27.0&Prime; _module_preset=\u00a0\u00bbdefault\u00a0\u00bb global_colors_info=\u00a0\u00bb{}\u00a0\u00bb][et_pb_button button_url=\u00a0\u00bbhttps:\/\/culturalanzarote.sacatuentrada.es\/es\/entradas\/echo-collective-plays-amnesiac\/2024-10-19&Prime; url_new_window=\u00a0\u00bbon\u00a0\u00bb button_text=\u00a0\u00bbACHETER UN BILLET\u00a0\u00bb _builder_version=\u00a0\u00bb4.27.0&Prime; _module_preset=\u00a0\u00bbdefault\u00a0\u00bb custom_button=\u00a0\u00bbon\u00a0\u00bb button_text_size=\u00a0\u00bb16px\u00a0\u00bb button_text_color=\u00a0\u00bb#FFFFFF\u00a0\u00bb button_bg_color=\u00a0\u00bb#102736&Prime; button_border_width=\u00a0\u00bb0px\u00a0\u00bb button_border_radius=\u00a0\u00bb0px\u00a0\u00bb button_letter_spacing=\u00a0\u00bb1px\u00a0\u00bb button_font=\u00a0\u00bb|700|||||||\u00a0\u00bb global_colors_info=\u00a0\u00bb{}\u00a0\u00bb][\/et_pb_button][\/et_pb_column][et_pb_column type=\u00a0\u00bb1_3&Prime; module_class=\u00a0\u00bbds-vertical-align\u00a0\u00bb _builder_version=\u00a0\u00bb4.27.0&Prime; _module_preset=\u00a0\u00bbdefault\u00a0\u00bb global_colors_info=\u00a0\u00bb{}\u00a0\u00bb][et_pb_social_media_follow icon_color=\u00a0\u00bb#102736&Prime; use_icon_font_size=\u00a0\u00bbon\u00a0\u00bb icon_font_size=\u00a0\u00bb14px\u00a0\u00bb _builder_version=\u00a0\u00bb4.27.0&Prime; _module_preset=\u00a0\u00bbdefault\u00a0\u00bb global_colors_info=\u00a0\u00bb{}\u00a0\u00bb][et_pb_social_media_follow_network social_network=\u00a0\u00bbfacebook\u00a0\u00bb url=\u00a0\u00bbhttps:\/\/web.facebook.com\/FestivaldeMusicaVisualdeLanzarote\/?_rdc=1&amp;_rdr\u00a0\u00bb icon_color=\u00a0\u00bb#102736&Prime; _builder_version=\u00a0\u00bb4.27.0&Prime; _module_preset=\u00a0\u00bbdefault\u00a0\u00bb background_color=\u00a0\u00bb#FFFFFF\u00a0\u00bb background_enable_color=\u00a0\u00bbon\u00a0\u00bb border_radii=\u00a0\u00bbon|497px|497px|497px|497px\u00a0\u00bb border_width_all=\u00a0\u00bb2px\u00a0\u00bb border_color_all=\u00a0\u00bb#102736&Prime; global_colors_info=\u00a0\u00bb{}\u00a0\u00bb follow_button=\u00a0\u00bboff\u00a0\u00bb url_new_window=\u00a0\u00bbon\u00a0\u00bb]facebook[\/et_pb_social_media_follow_network][et_pb_social_media_follow_network social_network=\u00a0\u00bbinstagram\u00a0\u00bb url=\u00a0\u00bbhttps:\/\/www.instagram.com\/festivalmusicavisuallzt\/\u00a0\u00bb icon_color=\u00a0\u00bb#102736&Prime; _builder_version=\u00a0\u00bb4.27.0&Prime; _module_preset=\u00a0\u00bbdefault\u00a0\u00bb background_color=\u00a0\u00bb#FFFFFF\u00a0\u00bb background_enable_color=\u00a0\u00bbon\u00a0\u00bb border_radii=\u00a0\u00bbon|497px|497px|497px|497px\u00a0\u00bb border_width_all=\u00a0\u00bb2px\u00a0\u00bb border_color_all=\u00a0\u00bb#102736&Prime; global_colors_info=\u00a0\u00bb{}\u00a0\u00bb follow_button=\u00a0\u00bboff\u00a0\u00bb url_new_window=\u00a0\u00bbon\u00a0\u00bb]instagram[\/et_pb_social_media_follow_network][\/et_pb_social_media_follow][\/et_pb_column][et_pb_column type=\u00a0\u00bb1_3&Prime; module_class=\u00a0\u00bbds-vertical-align\u00a0\u00bb _builder_version=\u00a0\u00bb4.27.0&Prime; _module_preset=\u00a0\u00bbdefault\u00a0\u00bb global_colors_info=\u00a0\u00bb{}\u00a0\u00bb][et_pb_icon font_icon=\u00a0\u00bb&#x45;||divi||400&Prime; icon_color=\u00a0\u00bb#102736&Prime; url=\u00a0\u00bb#carson\u00a0\u00bb align=\u00a0\u00bbright\u00a0\u00bb _builder_version=\u00a0\u00bb4.27.0&Prime; _module_preset=\u00a0\u00bbdefault\u00a0\u00bb position_origin_a=\u00a0\u00bbbottom_right\u00a0\u00bb position_origin_f=\u00a0\u00bbtop_center\u00a0\u00bb position_origin_r=\u00a0\u00bbbottom_right\u00a0\u00bb global_colors_info=\u00a0\u00bb{}\u00a0\u00bb][\/et_pb_icon][\/et_pb_column][\/et_pb_row][\/et_pb_section]<\/p>\n","protected":false},"excerpt":{"rendered":"<p>Du 9 au 19 octobre9 Oct | 20.00h CABIN MUSICpar James Carson Salle Bu\u00f1uel : CIC El Almac\u00e9n 3 .00\u20ac.10 Oct | 20.00h TOUCH-ME-NOT(alias Hara Alonso)visuels de Miguel G. Morales Salle Bu\u00f1uel : CIC El Almac\u00e9n 10 .00\u20ac.12 Oct | 20.00h MARIO BATKOVICseulement Auditorium Cueva de los Verdes 15 .00\u20ac.15 Oct | 20.00h RY\u016aICHI SAKAMOTOOPUS, [&hellip;]<\/p>\n","protected":false},"author":2,"featured_media":0,"parent":0,"menu_order":0,"comment_status":"closed","ping_status":"closed","template":"","meta":{"_et_pb_use_builder":"on","_et_pb_old_content":"","_et_gb_content_width":"","footnotes":""},"class_list":["post-6375","page","type-page","status-publish","hentry"],"yoast_head":"<!-- This site is optimized with the Yoast SEO plugin v25.3.1 - https:\/\/yoast.com\/wordpress\/plugins\/seo\/ -->\n<title>EDITION 2024 - Festival de M\u00fasica de Lanzarote<\/title>\n<meta name=\"description\" content=\"19e \u00e9dition du festival de musique visuelle de Lanzarote : le festival le plus singulier de Lanzarote revient sur les sc\u00e8nes uniques du CACT.\" \/>\n<meta name=\"robots\" content=\"index, follow, max-snippet:-1, max-image-preview:large, max-video-preview:-1\" \/>\n<link rel=\"canonical\" href=\"https:\/\/festivaldemusicavisualdelanzarote.com\/fr\/programmation-2024\/\" \/>\n<meta property=\"og:locale\" content=\"fr_FR\" \/>\n<meta property=\"og:type\" content=\"article\" \/>\n<meta property=\"og:title\" content=\"EDITION 2024 - Festival de M\u00fasica de Lanzarote\" \/>\n<meta property=\"og:description\" content=\"19e \u00e9dition du festival de musique visuelle de Lanzarote : le festival le plus singulier de Lanzarote revient sur les sc\u00e8nes uniques du CACT.\" \/>\n<meta property=\"og:url\" content=\"https:\/\/festivaldemusicavisualdelanzarote.com\/fr\/programmation-2024\/\" \/>\n<meta property=\"og:site_name\" content=\"Festival de M\u00fasica de Lanzarote\" \/>\n<meta property=\"article:publisher\" content=\"https:\/\/www.facebook.com\/FestivaldeMusicaVisualdeLanzarote\" \/>\n<meta property=\"article:modified_time\" content=\"2025-06-27T14:58:27+00:00\" \/>\n<meta property=\"og:image\" content=\"https:\/\/festivaldemusicavisualdelanzarote.com\/wp-content\/uploads\/2024\/07\/cine-1.jpg\" \/>\n\t<meta property=\"og:image:width\" content=\"351\" \/>\n\t<meta property=\"og:image:height\" content=\"34\" \/>\n\t<meta property=\"og:image:type\" content=\"image\/jpeg\" \/>\n<meta name=\"twitter:card\" content=\"summary_large_image\" \/>\n<meta name=\"twitter:label1\" content=\"Dur\u00e9e de lecture estim\u00e9e\" \/>\n\t<meta name=\"twitter:data1\" content=\"59 minutes\" \/>\n<script type=\"application\/ld+json\" class=\"yoast-schema-graph\">{\"@context\":\"https:\/\/schema.org\",\"@graph\":[{\"@type\":\"WebPage\",\"@id\":\"https:\/\/festivaldemusicavisualdelanzarote.com\/fr\/programmation-2024\/\",\"url\":\"https:\/\/festivaldemusicavisualdelanzarote.com\/fr\/programmation-2024\/\",\"name\":\"EDITION 2024 - Festival de M\u00fasica de Lanzarote\",\"isPartOf\":{\"@id\":\"https:\/\/festivaldemusicavisualdelanzarote.com\/fr\/#website\"},\"primaryImageOfPage\":{\"@id\":\"https:\/\/festivaldemusicavisualdelanzarote.com\/fr\/programmation-2024\/#primaryimage\"},\"image\":{\"@id\":\"https:\/\/festivaldemusicavisualdelanzarote.com\/fr\/programmation-2024\/#primaryimage\"},\"thumbnailUrl\":\"https:\/\/festivaldemusicavisualdelanzarote.com\/wp-content\/uploads\/2024\/07\/cine-1-300x29.jpg\",\"datePublished\":\"2024-06-24T15:56:38+00:00\",\"dateModified\":\"2025-06-27T14:58:27+00:00\",\"description\":\"19e \u00e9dition du festival de musique visuelle de Lanzarote : le festival le plus singulier de Lanzarote revient sur les sc\u00e8nes uniques du CACT.\",\"breadcrumb\":{\"@id\":\"https:\/\/festivaldemusicavisualdelanzarote.com\/fr\/programmation-2024\/#breadcrumb\"},\"inLanguage\":\"fr-FR\",\"potentialAction\":[{\"@type\":\"ReadAction\",\"target\":[\"https:\/\/festivaldemusicavisualdelanzarote.com\/fr\/programmation-2024\/\"]}]},{\"@type\":\"ImageObject\",\"inLanguage\":\"fr-FR\",\"@id\":\"https:\/\/festivaldemusicavisualdelanzarote.com\/fr\/programmation-2024\/#primaryimage\",\"url\":\"https:\/\/festivaldemusicavisualdelanzarote.com\/wp-content\/uploads\/2024\/07\/cine-1-300x29.jpg\",\"contentUrl\":\"https:\/\/festivaldemusicavisualdelanzarote.com\/wp-content\/uploads\/2024\/07\/cine-1-300x29.jpg\"},{\"@type\":\"BreadcrumbList\",\"@id\":\"https:\/\/festivaldemusicavisualdelanzarote.com\/fr\/programmation-2024\/#breadcrumb\",\"itemListElement\":[{\"@type\":\"ListItem\",\"position\":1,\"name\":\"Portada\",\"item\":\"https:\/\/festivaldemusicavisualdelanzarote.com\/fr\/\"},{\"@type\":\"ListItem\",\"position\":2,\"name\":\"EDITION 2024\"}]},{\"@type\":\"WebSite\",\"@id\":\"https:\/\/festivaldemusicavisualdelanzarote.com\/fr\/#website\",\"url\":\"https:\/\/festivaldemusicavisualdelanzarote.com\/fr\/\",\"name\":\"Festival de M\u00fasica de Lanzarote\",\"description\":\"Festival de m\u00fasica contempor\u00e1nea en Lanzarote\",\"publisher\":{\"@id\":\"https:\/\/festivaldemusicavisualdelanzarote.com\/fr\/#organization\"},\"potentialAction\":[{\"@type\":\"SearchAction\",\"target\":{\"@type\":\"EntryPoint\",\"urlTemplate\":\"https:\/\/festivaldemusicavisualdelanzarote.com\/fr\/?s={search_term_string}\"},\"query-input\":{\"@type\":\"PropertyValueSpecification\",\"valueRequired\":true,\"valueName\":\"search_term_string\"}}],\"inLanguage\":\"fr-FR\"},{\"@type\":\"Organization\",\"@id\":\"https:\/\/festivaldemusicavisualdelanzarote.com\/fr\/#organization\",\"name\":\"Festival de M\u00fasica de Lanzarote\",\"url\":\"https:\/\/festivaldemusicavisualdelanzarote.com\/fr\/\",\"logo\":{\"@type\":\"ImageObject\",\"inLanguage\":\"fr-FR\",\"@id\":\"https:\/\/festivaldemusicavisualdelanzarote.com\/fr\/#\/schema\/logo\/image\/\",\"url\":\"https:\/\/festivaldemusicavisualdelanzarote.com\/wp-content\/uploads\/2023\/07\/ELEMENTOS-WEB-1-34.png\",\"contentUrl\":\"https:\/\/festivaldemusicavisualdelanzarote.com\/wp-content\/uploads\/2023\/07\/ELEMENTOS-WEB-1-34.png\",\"width\":481,\"height\":477,\"caption\":\"Festival de M\u00fasica de Lanzarote\"},\"image\":{\"@id\":\"https:\/\/festivaldemusicavisualdelanzarote.com\/fr\/#\/schema\/logo\/image\/\"},\"sameAs\":[\"https:\/\/www.facebook.com\/FestivaldeMusicaVisualdeLanzarote\",\"https:\/\/www.instagram.com\/festivalmusicavisuallzt\/\"]}]}<\/script>\n<!-- \/ Yoast SEO plugin. -->","yoast_head_json":{"title":"EDITION 2024 - Festival de M\u00fasica de Lanzarote","description":"19e \u00e9dition du festival de musique visuelle de Lanzarote : le festival le plus singulier de Lanzarote revient sur les sc\u00e8nes uniques du CACT.","robots":{"index":"index","follow":"follow","max-snippet":"max-snippet:-1","max-image-preview":"max-image-preview:large","max-video-preview":"max-video-preview:-1"},"canonical":"https:\/\/festivaldemusicavisualdelanzarote.com\/fr\/programmation-2024\/","og_locale":"fr_FR","og_type":"article","og_title":"EDITION 2024 - Festival de M\u00fasica de Lanzarote","og_description":"19e \u00e9dition du festival de musique visuelle de Lanzarote : le festival le plus singulier de Lanzarote revient sur les sc\u00e8nes uniques du CACT.","og_url":"https:\/\/festivaldemusicavisualdelanzarote.com\/fr\/programmation-2024\/","og_site_name":"Festival de M\u00fasica de Lanzarote","article_publisher":"https:\/\/www.facebook.com\/FestivaldeMusicaVisualdeLanzarote","article_modified_time":"2025-06-27T14:58:27+00:00","og_image":[{"width":351,"height":34,"url":"https:\/\/festivaldemusicavisualdelanzarote.com\/wp-content\/uploads\/2024\/07\/cine-1.jpg","type":"image\/jpeg"}],"twitter_card":"summary_large_image","twitter_misc":{"Dur\u00e9e de lecture estim\u00e9e":"59 minutes"},"schema":{"@context":"https:\/\/schema.org","@graph":[{"@type":"WebPage","@id":"https:\/\/festivaldemusicavisualdelanzarote.com\/fr\/programmation-2024\/","url":"https:\/\/festivaldemusicavisualdelanzarote.com\/fr\/programmation-2024\/","name":"EDITION 2024 - Festival de M\u00fasica de Lanzarote","isPartOf":{"@id":"https:\/\/festivaldemusicavisualdelanzarote.com\/fr\/#website"},"primaryImageOfPage":{"@id":"https:\/\/festivaldemusicavisualdelanzarote.com\/fr\/programmation-2024\/#primaryimage"},"image":{"@id":"https:\/\/festivaldemusicavisualdelanzarote.com\/fr\/programmation-2024\/#primaryimage"},"thumbnailUrl":"https:\/\/festivaldemusicavisualdelanzarote.com\/wp-content\/uploads\/2024\/07\/cine-1-300x29.jpg","datePublished":"2024-06-24T15:56:38+00:00","dateModified":"2025-06-27T14:58:27+00:00","description":"19e \u00e9dition du festival de musique visuelle de Lanzarote : le festival le plus singulier de Lanzarote revient sur les sc\u00e8nes uniques du CACT.","breadcrumb":{"@id":"https:\/\/festivaldemusicavisualdelanzarote.com\/fr\/programmation-2024\/#breadcrumb"},"inLanguage":"fr-FR","potentialAction":[{"@type":"ReadAction","target":["https:\/\/festivaldemusicavisualdelanzarote.com\/fr\/programmation-2024\/"]}]},{"@type":"ImageObject","inLanguage":"fr-FR","@id":"https:\/\/festivaldemusicavisualdelanzarote.com\/fr\/programmation-2024\/#primaryimage","url":"https:\/\/festivaldemusicavisualdelanzarote.com\/wp-content\/uploads\/2024\/07\/cine-1-300x29.jpg","contentUrl":"https:\/\/festivaldemusicavisualdelanzarote.com\/wp-content\/uploads\/2024\/07\/cine-1-300x29.jpg"},{"@type":"BreadcrumbList","@id":"https:\/\/festivaldemusicavisualdelanzarote.com\/fr\/programmation-2024\/#breadcrumb","itemListElement":[{"@type":"ListItem","position":1,"name":"Portada","item":"https:\/\/festivaldemusicavisualdelanzarote.com\/fr\/"},{"@type":"ListItem","position":2,"name":"EDITION 2024"}]},{"@type":"WebSite","@id":"https:\/\/festivaldemusicavisualdelanzarote.com\/fr\/#website","url":"https:\/\/festivaldemusicavisualdelanzarote.com\/fr\/","name":"Festival de M\u00fasica de Lanzarote","description":"Festival de m\u00fasica contempor\u00e1nea en Lanzarote","publisher":{"@id":"https:\/\/festivaldemusicavisualdelanzarote.com\/fr\/#organization"},"potentialAction":[{"@type":"SearchAction","target":{"@type":"EntryPoint","urlTemplate":"https:\/\/festivaldemusicavisualdelanzarote.com\/fr\/?s={search_term_string}"},"query-input":{"@type":"PropertyValueSpecification","valueRequired":true,"valueName":"search_term_string"}}],"inLanguage":"fr-FR"},{"@type":"Organization","@id":"https:\/\/festivaldemusicavisualdelanzarote.com\/fr\/#organization","name":"Festival de M\u00fasica de Lanzarote","url":"https:\/\/festivaldemusicavisualdelanzarote.com\/fr\/","logo":{"@type":"ImageObject","inLanguage":"fr-FR","@id":"https:\/\/festivaldemusicavisualdelanzarote.com\/fr\/#\/schema\/logo\/image\/","url":"https:\/\/festivaldemusicavisualdelanzarote.com\/wp-content\/uploads\/2023\/07\/ELEMENTOS-WEB-1-34.png","contentUrl":"https:\/\/festivaldemusicavisualdelanzarote.com\/wp-content\/uploads\/2023\/07\/ELEMENTOS-WEB-1-34.png","width":481,"height":477,"caption":"Festival de M\u00fasica de Lanzarote"},"image":{"@id":"https:\/\/festivaldemusicavisualdelanzarote.com\/fr\/#\/schema\/logo\/image\/"},"sameAs":["https:\/\/www.facebook.com\/FestivaldeMusicaVisualdeLanzarote","https:\/\/www.instagram.com\/festivalmusicavisuallzt\/"]}]}},"_links":{"self":[{"href":"https:\/\/festivaldemusicavisualdelanzarote.com\/fr\/wp-json\/wp\/v2\/pages\/6375","targetHints":{"allow":["GET"]}}],"collection":[{"href":"https:\/\/festivaldemusicavisualdelanzarote.com\/fr\/wp-json\/wp\/v2\/pages"}],"about":[{"href":"https:\/\/festivaldemusicavisualdelanzarote.com\/fr\/wp-json\/wp\/v2\/types\/page"}],"author":[{"embeddable":true,"href":"https:\/\/festivaldemusicavisualdelanzarote.com\/fr\/wp-json\/wp\/v2\/users\/2"}],"replies":[{"embeddable":true,"href":"https:\/\/festivaldemusicavisualdelanzarote.com\/fr\/wp-json\/wp\/v2\/comments?post=6375"}],"version-history":[{"count":37,"href":"https:\/\/festivaldemusicavisualdelanzarote.com\/fr\/wp-json\/wp\/v2\/pages\/6375\/revisions"}],"predecessor-version":[{"id":7671,"href":"https:\/\/festivaldemusicavisualdelanzarote.com\/fr\/wp-json\/wp\/v2\/pages\/6375\/revisions\/7671"}],"wp:attachment":[{"href":"https:\/\/festivaldemusicavisualdelanzarote.com\/fr\/wp-json\/wp\/v2\/media?parent=6375"}],"curies":[{"name":"wp","href":"https:\/\/api.w.org\/{rel}","templated":true}]}}